{"id":1272,"date":"2025-08-18T13:59:58","date_gmt":"2025-08-18T13:59:58","guid":{"rendered":"http:\/\/www.kadindostumarkalar.org\/yazilar\/haberler\/ey-girisimci-kadin-liderler-programi-2025-icin-son-basvuru-tarihi-31-agustos"},"modified":"2025-08-18T14:05:24","modified_gmt":"2025-08-18T14:05:24","slug":"ey-girisimci-kadin-liderler-programi-2025-icin-son-basvuru-tarihi-31-agustos","status":"publish","type":"page","link":"","title":{"rendered":"EY Giri\u015fimci Kad\u0131n Liderler Program\u0131 2025 i\u00e7in Son Ba\u015fvuru Tarihi: 31 A\u011fustos"},"content":{"rendered":"EY T\u00fcrkiye’nin kad\u0131n giri\u015fimcilere i\u015flerini b\u00fcy\u00fctme, ment\u00f6rl\u00fck ve uluslararas\u0131 pazarlara a\u00e7\u0131lma f\u0131rsat\u0131 sundu\u011fu “EY Giri\u015fimci Kad\u0131n Liderler Program\u0131 2025” i\u00e7in ba\u015fvurular 31 A\u011fustos tarihine kadar uzat\u0131ld\u0131. Programa se\u00e7ilecek olan kad\u0131n giri\u015fimciler, \u00fccretsiz e\u011fitim, network ve k\u00fcresel kaynaklardan yararlanma imkân\u0131 elde edecek.   Uluslararas\u0131 dan\u0131\u015fmanl\u0131k, denetim, g\u00fcvence, strateji, kurumsal finansman ve vergi hizmetleri \u015firketi EY  taraf\u0131ndan T\u00fcrkiye’de bu y\u0131l dokuzuncusu ger\u00e7ekle\u015ftirilecek olan, EY Giri\u015fimci Kad\u0131n Liderler Program\u0131 2025  kapsam\u0131nda ba\u015fvuru s\u00fcreci uzat\u0131ld\u0131. Kad\u0131n giri\u015fimcileri  bir araya getirerek e\u011fitim, ment\u00f6rl\u00fck, i\u015f geli\u015ftirme ve g\u00fc\u00e7l\u00fc network a\u011f\u0131 destekleriyle kad\u0131nlara i\u015flerini b\u00fcy\u00fctme ve uluslararas\u0131 pazarlara a\u00e7\u0131lma f\u0131rsat\u0131 sunan program\u0131n ba\u015fvurular\u0131 31 A\u011fustos 2025  kadar EY T\u00fcrkiye web sitesi   \u00fczerinden yap\u0131labilecek. Ba\u015fvuru sonras\u0131 se\u00e7imlerin i\u015f d\u00fcnyas\u0131n\u0131n \u00f6nemli temsilcilerinden olu\u015fan ba\u011f\u0131ms\u0131z bir j\u00fcri taraf\u0131ndan yap\u0131laca\u011f\u0131&nbsp;EY Giri\u015fimci Kad\u0131n Liderler Program\u0131’na daha \u00f6nceki y\u0131llarda oldu\u011fu gibi bu sene de 10 kad\u0131n giri\u015fimci kat\u0131lma f\u0131rsat\u0131 yakalayacak. K\u00fcresel \u00e7apta d\u00fczenlenen EY Giri\u015fimci Kad\u0131n Liderler Program\u0131 ile EY T\u00fcrkiye  bu d\u00f6nem de dahil olmak \u00fczere toplamda 90 giri\u015fimci kad\u0131na destek vermi\u015f olacak. Tamamen \u00fccretsiz olan programa se\u00e7ilecek kad\u0131n giri\u015fimciler, i\u015f d\u00fcnyas\u0131n\u0131n ba\u015far\u0131l\u0131 liderlerinin bilgi ve deneyimlerinden yararlanabilecekleri bir a\u011fa kat\u0131lma \u015fans\u0131 elde edecek. Se\u00e7ilen kad\u0131n giri\u015fimciler EY’\u0131n geni\u015f ve kapsaml\u0131 kaynaklar\u0131na eri\u015ferek, \u015firketlerini s\u00fcrd\u00fcr\u00fclebilir bir \u015fekilde b\u00fcy\u00fctme ve uluslararas\u0131 pazarlarda rekabet etme imkân\u0131na sahip olacak. Ayr\u0131ca program, kad\u0131n giri\u015fimcileri uluslararas\u0131 pazarlarda \u00f6ne \u00e7\u0131kararak; e\u011fitim,&nbsp;ba\u015far\u0131l\u0131 i\u015f liderlerinin bilgi ve deneyimlerinden yararlanma, birebir ment\u00f6rl\u00fck deste\u011fi, 60 \u00fclkede 1000'den fazla kad\u0131n giri\u015fimciden ve ilham verici rol modellerden olu\u015fan k\u00fcresel bir toplulu\u011fa dahil olma gibi&nbsp;bir\u00e7ok alanda f\u0131rsat sunacak. Bunun yan\u0131 s\u0131ra, kat\u0131l\u0131mc\u0131lar program ile i\u015f stratejilerini geli\u015ftirme, potansiyel i\u015f ortaklar\u0131 ve yat\u0131r\u0131mc\u0131larla tan\u0131\u015fma, kurumsal g\u00f6r\u00fcn\u00fcrl\u00fcklerini art\u0131rma \u015fans\u0131 yakalayabilecek. ","protected":false},"author":1,"featured_media":0,"parent":1272,"menu_order":0,"comment_status":"open","ping_status":"closed","template":"","meta":{"_links_to":"http:\/\/www.kadindostumarkalar.org\/yazilar\/haberler\/ey-girisimci-kadin-liderler-programi-2025-icin-son-basvuru-tarihi-31-agustos","_links_to_target":"http:\/\/www.kadindostumarkalar.org\/yazilar\/haberler\/ey-girisimci-kadin-liderler-programi-2025-icin-son-basvuru-tarihi-31-agustos"},"_links":{"self":[{"href":"http:\/\/www.kadindostumarkalar.org\/yazilar\/haberler\/ey-girisimci-kadin-liderler-programi-2025-icin-son-basvuru-tarihi-31-agustos"}],"collection":[{"href":"urlver"}],"about":[{"href":""}],"author":[{"embeddable":true,"href":"http:\/\/www.kadindostumarkalar.org\/yazilar\/haberler\/ey-girisimci-kadin-liderler-programi-2025-icin-son-basvuru-tarihi-31-agustos"}],"replies":[{"embeddable":true,"href":"http:\/\/www.kadindostumarkalar.org\/yazilar\/haberler\/ey-girisimci-kadin-liderler-programi-2025-icin-son-basvuru-tarihi-31-agustos"}],"version-history":[{"count":651,"href":"http:\/\/www.kadindostumarkalar.org\/yazilar\/haberler\/ey-girisimci-kadin-liderler-programi-2025-icin-son-basvuru-tarihi-31-agustos"}],"predecessor-version":[{"id":1272,"href":"http:\/\/www.kadindostumarkalar.org\/yazilar\/haberler\/ey-girisimci-kadin-liderler-programi-2025-icin-son-basvuru-tarihi-31-agustos"}],"up":[{"embeddable":true,"href":"http:\/\/www.kadindostumarkalar.org\/yazilar\/haberler\/ey-girisimci-kadin-liderler-programi-2025-icin-son-basvuru-tarihi-31-agustos"}],"wp:attachment":[{"href":"http:\/\/www.kadindostumarkalar.org\/img\/blog\/ey-girisimci-kadin-liderler-programi-2025-icin-son-basvuru-tarihi-31-agustos-0-53671.png"}],"curies":[{"name":".Net","href":"https:\/\/api.w.org\/{rel}","templated":true}]}}