{"id":1316,"date":"2025-09-24T16:11:29","date_gmt":"2025-09-24T16:11:29","guid":{"rendered":"http:\/\/www.kadindostumarkalar.org\/yazilar\/kariyer-basamaklari\/gulten-ramazanoglu-beymen-kurumsal-iletisim-ve-pr-direktoru-oldu"},"modified":"2025-09-24T16:15:22","modified_gmt":"2025-09-24T16:15:22","slug":"gulten-ramazanoglu-beymen-kurumsal-iletisim-ve-pr-direktoru-oldu","status":"publish","type":"page","link":"","title":{"rendered":"G\u00fclten Ramazano\u011flu, Beymen Kurumsal \u0130leti\u015fim ve PR Direkt\u00f6r\u00fc Oldu"},"content":{"rendered":"Beymen’de yap\u0131lan \u00fcst d\u00fczey de\u011fi\u015fiklikler kapsam\u0131nda Beymen Kurumsal \u0130leti\u015fim ve PR Direkt\u00f6rl\u00fc\u011f\u00fc g\u00f6revine G\u00fclten Ramazano\u011flu atand\u0131.   20 y\u0131l\u0131 a\u015fk\u0131n s\u00fcredir pazarlama ve kurumsal ileti\u015fim alan\u0131nda yerel ve uluslararas\u0131 markalar\u0131n \u00fcst d\u00fczey pozisyonlar\u0131na liderlik eden G\u00fclten Ramazano\u011flu , Beymen  Kurumsal \u0130leti\u015fim ve PR Direkt\u00f6r\u00fc olarak atand\u0131. Ramazano\u011flu yeni g\u00f6reviyle, Beymen Pazarlama Genel M\u00fcd\u00fcr Yard\u0131mc\u0131l\u0131\u011f\u0131 b\u00fcnyesinde grubun kurumsal ili\u015fkiler, itibar y\u00f6netimi, medya ili\u015fkileri, lider ileti\u015fimi ve s\u00fcrd\u00fcr\u00fclebilirlik ileti\u015fiminin de aralar\u0131nda oldu\u011fu t\u00fcm kurumsal ileti\u015fim \u00e7al\u0131\u015fmalar\u0131n\u0131 y\u00f6netecek. \u0130stanbul Bilgi \u00dcniversitesi  Halkla \u0130li\u015fkiler B\u00f6l\u00fcm\u00fc’nden mezun olan ve sonras\u0131nda Amerika ve \u0130sve\u00e7’te bir\u00e7ok liderlik e\u011fitim ve sertifikas\u0131na sahip olan G\u00fclten Ramazano\u011flu, profesyonel kariyerine 2002 y\u0131l\u0131nda Beymen ’de ileti\u015fim departman\u0131nda ba\u015flad\u0131. 2005 y\u0131l\u0131nda Ericsson T\u00fcrkiye ’ye ileti\u015fim y\u00f6neticisi olarak kat\u0131lan Ramazano\u011flu, ard\u0131ndan T\u00fcrkiye-\u0130srail pazarlama ileti\u015fiminin ba\u015f\u0131na ge\u00e7ti ve y\u00f6netim ekibi \u00fcyesi olarak \u0130ran ve T\u00fcrkiye’den Sorumlu Pazarlama ve \u0130leti\u015fim Ba\u015fkan\u0131 g\u00f6revini 13 y\u0131l s\u00fcrd\u00fcrd\u00fc. 2018 y\u0131l\u0131nda Uber T\u00fcrkiye  ileti\u015fim ve PR operasyonlar\u0131n\u0131n ba\u015f\u0131na ge\u00e7en Ramazano\u011flu, sonras\u0131nda Tiktok  Dubai ’de T\u00fcrkiye ileti\u015fimini y\u00f6netti. 2021-2023 y\u0131llar\u0131 aras\u0131nda Zip.Co  firmas\u0131nda&nbsp;Kurucu \u0130cra Kurulu \u00dcyesi olarak Pazarlama ve \u0130leti\u015fim Ba\u015fkanl\u0131\u011f\u0131’n\u0131 \u00fcstlendi. Ramazano\u011flu, son olarak GRU Consulting  \u015firketinin kurucusu ve ajans ba\u015fkan\u0131 g\u00f6revinde bir\u00e7ok markaya kurumsal ileti\u015fim ve PR dan\u0131\u015fmanl\u0131\u011f\u0131 verdi.  ","protected":false},"author":1,"featured_media":0,"parent":1316,"menu_order":0,"comment_status":"open","ping_status":"closed","template":"","meta":{"_links_to":"http:\/\/www.kadindostumarkalar.org\/yazilar\/kariyer-basamaklari\/gulten-ramazanoglu-beymen-kurumsal-iletisim-ve-pr-direktoru-oldu","_links_to_target":"http:\/\/www.kadindostumarkalar.org\/yazilar\/kariyer-basamaklari\/gulten-ramazanoglu-beymen-kurumsal-iletisim-ve-pr-direktoru-oldu"},"_links":{"self":[{"href":"http:\/\/www.kadindostumarkalar.org\/yazilar\/kariyer-basamaklari\/gulten-ramazanoglu-beymen-kurumsal-iletisim-ve-pr-direktoru-oldu"}],"collection":[{"href":"urlver"}],"about":[{"href":""}],"author":[{"embeddable":true,"href":"http:\/\/www.kadindostumarkalar.org\/yazilar\/kariyer-basamaklari\/gulten-ramazanoglu-beymen-kurumsal-iletisim-ve-pr-direktoru-oldu"}],"replies":[{"embeddable":true,"href":"http:\/\/www.kadindostumarkalar.org\/yazilar\/kariyer-basamaklari\/gulten-ramazanoglu-beymen-kurumsal-iletisim-ve-pr-direktoru-oldu"}],"version-history":[{"count":853,"href":"http:\/\/www.kadindostumarkalar.org\/yazilar\/kariyer-basamaklari\/gulten-ramazanoglu-beymen-kurumsal-iletisim-ve-pr-direktoru-oldu"}],"predecessor-version":[{"id":1316,"href":"http:\/\/www.kadindostumarkalar.org\/yazilar\/kariyer-basamaklari\/gulten-ramazanoglu-beymen-kurumsal-iletisim-ve-pr-direktoru-oldu"}],"up":[{"embeddable":true,"href":"http:\/\/www.kadindostumarkalar.org\/yazilar\/kariyer-basamaklari\/gulten-ramazanoglu-beymen-kurumsal-iletisim-ve-pr-direktoru-oldu"}],"wp:attachment":[{"href":"http:\/\/www.kadindostumarkalar.org\/img\/blog\/gulten-ramazanoglu-beymen-kurumsal-iletisim-ve-pr-direktoru-oldu-0-93825.jpg"}],"curies":[{"name":".Net","href":"https:\/\/api.w.org\/{rel}","templated":true}]}}