{"id":811,"date":"2024-10-02T20:32:53","date_gmt":"2024-10-02T20:32:53","guid":{"rendered":"http:\/\/www.kadindostumarkalar.org\/yazilar\/haberler\/memorial-pembe-ayna-projesine-devam-ediyor"},"modified":"2024-10-02T20:49:27","modified_gmt":"2024-10-02T20:49:27","slug":"memorial-pembe-ayna-projesine-devam-ediyor","status":"publish","type":"page","link":"","title":{"rendered":"Memorial, “Pembe Ayna” Projesine Devam Ediyor"},"content":{"rendered":"Memorial Sa\u011fl\u0131k Grubu, “1-31 Ekim Meme Kanseri Fark\u0131ndal\u0131k Ay\u0131” kapsam\u0131nda hayata ge\u00e7irdi\u011fi “Pembe Ayna” projesine bu y\u0131l da devam ediyor.Pembe Ayna, ekim ay\u0131 boyunca T\u00fcrkiye’nin d\u00f6rt bir yan\u0131nda, meme kanserine kar\u015f\u0131 kendi kendine muayenenin \u00f6nemine dikkat \u00e7ekecek.   Memorial Sa\u011fl\u0131k Grubu ilk kez 2020 y\u0131l\u0131nda hayata ge\u00e7irdi\u011fi Pembe Ayna  projesini, bu y\u0131l d\u00f6rd\u00fcnc\u00fc kez d\u00fczenleyecek. Proje kapsam\u0131nda, T\u00fcrkiye’nin farkl\u0131 \u015fehirleri ve \u00e7e\u015fitli lokasyonlar\u0131nda meme kanseri ne kar\u015f\u0131 kendi kendine muayenenin \u00f6nemine dikkat \u00e7ekilecek. Pembe Ayna Memorial Ankara,  Antalya,  Ata\u015fehir,  Bah\u00e7elievler  ve \u015ei\u015fli Hastaneleri 'nin lobi alanlar\u0131nda 1-15 Ekim tarihleri aras\u0131nda sergilenecek. Kat\u0131l\u0131mc\u0131lar, sosyal medyada foto\u011fraflar\u0131n\u0131 payla\u015farak ayna kar\u015f\u0131s\u0131nda 5 dakika meme muayenesi  yapman\u0131n hayat kurtar\u0131c\u0131 etkisine dikkat \u00e7ekecek. Pembe Ayna’n\u0131n Meme Kanseri Fark\u0131ndal\u0131k Ay\u0131  boyunca yer alaca\u011f\u0131 di\u011fer lokasyonlar aras\u0131nda; Ankara Esenbo\u011fa Havaliman\u0131  (14-31 Ekim) ve \u0130stanbul Havaliman\u0131  (16-31 Ekim) bulunuyor. Zorlu Performans Sanatlar\u0131 Merkezi  (7-12 Ekim) , Volkswagen Arena  (21-24 Ekim),UNIQ \u0130stanbul  (16-24 Ekim), Ayhan \u015eahenk Spor Salonu  (25-27 Ekim), Koru Park  Family Fest  (4-6 Ekim), Antalya T\u00fcrkan \u015eoray K\u00fclt\u00fcr Merkezi  (1 Ekim) ve Antalya Stadyumu  (19 Ekim) projenin di\u011fer duraklar\u0131 aras\u0131nda yer alacak.  Ayna Kar\u015f\u0131s\u0131nda Ge\u00e7irilen 5 Dakika Hayati \u00d6nem Ta\u015f\u0131yor  Memorial Sa\u011fl\u0131k Grubu CEO’su Bora Ulud\u00fcz,  Pembe Ayna projesinin meme kanseri ile m\u00fccadeledeki rol\u00fcne dair a\u00e7\u0131klamalarda bulundu. Ulud\u00fcz, \u00fclkemizde 40 ya\u015f alt\u0131 kad\u0131nlar da en \u00e7ok g\u00f6r\u00fclen kanser t\u00fcr\u00fc olan meme kanserine kar\u015f\u0131 erken te\u015fhis bilincini art\u0131rmay\u0131 en b\u00fcy\u00fck misyonlar\u0131ndan biri olarak g\u00f6rd\u00fcklerinden bahsetti. Meme Kanseri Fark\u0131ndal\u0131k Ay\u0131 kapsam\u0131nda hayata ge\u00e7irdikleri Pembe Ayna ile bu y\u0131l d\u00f6rd\u00fcnc\u00fc kez T\u00fcrkiye’nin farkl\u0131 noktalar\u0131nda kad\u0131nlarla bulu\u015facaklar\u0131n\u0131 dile getirdi. Ulud\u00fcz konu\u015fmas\u0131n\u0131n devam\u0131nda, ” Ayna kar\u015f\u0131s\u0131nda ge\u00e7irilecek be\u015f dakikan\u0131n hayati \u00f6nemi ile d\u00fczenli sa\u011fl\u0131k kontrollerinin ihmal edilmemesi konusunda fark\u0131ndal\u0131\u011f\u0131n artmas\u0131 ve hep birlikte bu kampanyay\u0131 b\u00fcy\u00fcterek daha fazla kad\u0131na ula\u015f\u0131lmas\u0131 i\u00e7in var g\u00fcc\u00fcm\u00fczle \u00e7al\u0131\u015faca\u011f\u0131z.” ifadelerine yer verdi. ","protected":false},"author":1,"featured_media":0,"parent":811,"menu_order":0,"comment_status":"open","ping_status":"closed","template":"","meta":{"_links_to":"http:\/\/www.kadindostumarkalar.org\/yazilar\/haberler\/memorial-pembe-ayna-projesine-devam-ediyor","_links_to_target":"http:\/\/www.kadindostumarkalar.org\/yazilar\/haberler\/memorial-pembe-ayna-projesine-devam-ediyor"},"_links":{"self":[{"href":"http:\/\/www.kadindostumarkalar.org\/yazilar\/haberler\/memorial-pembe-ayna-projesine-devam-ediyor"}],"collection":[{"href":"urlver"}],"about":[{"href":""}],"author":[{"embeddable":true,"href":"http:\/\/www.kadindostumarkalar.org\/yazilar\/haberler\/memorial-pembe-ayna-projesine-devam-ediyor"}],"replies":[{"embeddable":true,"href":"http:\/\/www.kadindostumarkalar.org\/yazilar\/haberler\/memorial-pembe-ayna-projesine-devam-ediyor"}],"version-history":[{"count":912,"href":"http:\/\/www.kadindostumarkalar.org\/yazilar\/haberler\/memorial-pembe-ayna-projesine-devam-ediyor"}],"predecessor-version":[{"id":811,"href":"http:\/\/www.kadindostumarkalar.org\/yazilar\/haberler\/memorial-pembe-ayna-projesine-devam-ediyor"}],"up":[{"embeddable":true,"href":"http:\/\/www.kadindostumarkalar.org\/yazilar\/haberler\/memorial-pembe-ayna-projesine-devam-ediyor"}],"wp:attachment":[{"href":"http:\/\/www.kadindostumarkalar.org\/img\/blog\/memorial-pembe-ayna-projesine-devam-ediyor-0-74110.jpg"}],"curies":[{"name":".Net","href":"https:\/\/api.w.org\/{rel}","templated":true}]}}