{"id":343,"date":"2021-10-18T00:00:00","date_gmt":"2021-10-18T00:00:00","guid":{"rendered":"https:\/\/www.kadindostumarkalar.org\/yazilar\/genel\/11-ekim-dunya-kiz-cocuklari-gunu-konferansi-gerceklestirildi"},"modified":"2022-06-07T08:12:40","modified_gmt":"2022-06-07T08:12:40","slug":"11-ekim-dunya-kiz-cocuklari-gunu-konferansi-gerceklestirildi","status":"publish","type":"page","link":"","title":{"rendered":"11 EK\u0130M D\u00dcNYA KIZ \u00c7OCUKLARI G\u00dcN\u00dc KONFERANSI GER\u00c7EKLE\u015eT\u0130R\u0130LD\u0130"},"content":{"rendered":"Ayd\u0131n Do\u011fan Vakf\u0131 ve Birle\u015fmi\u015f Milletler kurulu\u015flar\u0131 UNICEF, UNFPA ve UN Women i\u015f birli\u011fiyle 11 Ekim D\u00fcnya K\u0131z \u00c7ocuklar\u0131 G\u00fcn\u00fc Konferans\u0131’n\u0131n yedincisi, “Art\u0131k Zaman\u0131 Geldi! Dijital \u00c7a\u011fda K\u0131z \u00c7ocuklar\u0131n\u0131n Liderli\u011fi’ temas\u0131yla ger\u00e7ekle\u015ftirildi.   T\u00fcrkiye’de k\u0131z \u00e7ocuklar\u0131 n\u0131n t\u00fcm potansiyellerine ula\u015fmalar\u0131n\u0131n \u00f6n\u00fcndeki engellere dikkat \u00e7ekmeyi ama\u00e7layan 11 Ekim D\u00fcnya K\u0131z \u00c7ocuklar\u0131 G\u00fcn\u00fc Konferans\u0131 ’n\u0131n yedincisi, ‘Art\u0131k Zaman\u0131 Geldi! Dijital \u00c7a\u011fda K\u0131z \u00c7ocuklar\u0131n\u0131n Liderli\u011fi ’ temas\u0131yla ger\u00e7ekle\u015ftirildi. \u00d6zge Uzun’un sunumuyla ger\u00e7ekle\u015fen konferans\u0131n ana konu\u015fmac\u0131s\u0131, UNICEF  Avrupa ve Orta Asya B\u00f6lge Direkt\u00f6r\u00fc Afshan Khan  oldu. Khan , k\u0131z \u00e7ocuklar\u0131 ve kad\u0131nlar\u0131n g\u00fc\u00e7lenmesi , pandemi  s\u0131ras\u0131nda dijital platformlar\u0131n kullan\u0131m\u0131, toplumsal cinsiyet e\u015fitsizli\u011fi  ve di\u011fer e\u015fitsizliklerin derinle\u015fmesi konular\u0131na de\u011findi. “K\u0131z \u00e7ocuklar\u0131n\u0131n dijital d\u00fcnyada liderlik etmesi s\u00fcrecini desteklemeliyiz.”  Ayd\u0131n Do\u011fan Vakf\u0131 Y\u00f6netim Kurulu Ba\u015fkan Vekili Vuslat Do\u011fan Sabanc\u0131,  konferans\u0131n a\u00e7\u0131l\u0131\u015f\u0131nda yapt\u0131\u011f\u0131 konu\u015fmada, gen\u00e7 k\u0131zlar\u0131n e\u011fitiminin Vakf\u0131n ana misyonu oldu\u011funu, k\u0131z \u00e7ocuklar\u0131n\u0131n g\u00fc\u00e7lendi\u011fi ve her konuda liderlik yapabilece\u011fi bir d\u00fcnyay\u0131 hedeflediklerini belirtti. K\u0131z \u00e7ocuklar\u0131n\u0131n hâlâ bilim, teknoloji, m\u00fchendislik ve matematik alanlar\u0131nda yeteri kadar temsil edilemedi\u011fini, d\u00fcnya genelinde internet kullan\u0131m\u0131nda y\u00fczde 17’lik bir cinsiyet fark\u0131 oldu\u011funu s\u00f6yleyerek gittik\u00e7e daha fazla dijital beceri ve bilgi talep eden i\u015fg\u00fcc\u00fc  piyasas\u0131nda bu teknolojik e\u015fitsizli\u011fin  ciddi bir sorun olu\u015fturdu\u011funu s\u00f6yledi. Devletlerin, sivil toplumun, bireylerin \u00e7abalar\u0131yla gen\u00e7 k\u0131zlar\u0131n ve kad\u0131nlar\u0131n e\u015fitlik haklar\u0131n\u0131 koruma konusunda son y\u0131llarda ilerlemeler kaydedilmesine kar\u015f\u0131n d\u00fcnyan\u0131n pek \u00e7ok yerinde bir\u00e7ok konuda k\u0131z \u00e7ocuklar\u0131na y\u00f6nelik \u00f6nyarg\u0131 ve e\u015fitsizliklerin devam etti\u011fine de\u011finen Do\u011fan Sabanc\u0131 , bu alanlardan en fazla dikkat \u00e7ekenlerden birinin ise i\u00e7inde bulundu\u011fumuz \u00e7a\u011f i\u00e7in hayati olan ‘dijital e\u015fitsizlik’ oldu\u011funu vurgulad\u0131. D\u00fc\u015f\u00fck ve orta gelirli \u00fclkelerde, erkeklere g\u00f6re \u00fc\u00e7 y\u00fcz milyon daha az kad\u0131n\u0131n mobil internete eri\u015fimi oldu\u011fu bilgisini de aktaran Do\u011fan Sabanc\u0131, bu dijital u\u00e7urumun, kad\u0131nlar\u0131n ve gen\u00e7 k\u0131zlar\u0131n e\u011fitim, sa\u011fl\u0131k ve finansal kat\u0131l\u0131m gibi ya\u015fam\u0131 iyile\u015ftiren hizmetlere eri\u015fimini giderek daha fazla zora soktu\u011funu ifade etti. Teknolojinin b\u00f6l\u00fcc\u00fc olmaktan daha \u00e7ok b\u00fcy\u00fck bir e\u015fitleyici haline gelmesini sa\u011flayacak stratejiler kurman\u0131n \u00e7ok \u00f6nemli oldu\u011funu da belirten Do\u011fan Sabanc\u0131 s\u00f6zlerine \u015fu \u015fekilde devam etti: “CRISPR teknolojisi geli\u015ftiren Jennifer Doudna  ya da ilk ve \u015fimdiye kadarki en iyi COVID-19  a\u015f\u0131s\u0131n\u0131 geli\u015ftiren \u00d6zlem T\u00fcreci  olmasayd\u0131 hepimizin ya\u015famlar\u0131 daha yoksun olurdu. MIT \u00dcniversitesi ’nde yap\u0131lan ara\u015ft\u0131rmalar kad\u0131nlar\u0131n aktif olarak karar s\u00fcre\u00e7lerine kat\u0131ld\u0131klar\u0131 kurumlar\u0131n \u00e7ok daha ba\u015far\u0131l\u0131 oldu\u011funu g\u00f6steriyor. Bunun \u00e7ok say\u0131da nedeni var ama bir kritik neden, kad\u0131nlar\u0131n duygusal zekalar\u0131 sayesinde gruplardaki sorunlar\u0131 erken tespit etme ve grubun iyi niyet \u00fcretebilmesi \u00f6n\u00fcndeki engelleri kald\u0131rma becerileri. Duygusal zekan\u0131n en \u00f6nemli bile\u015feni kar\u015f\u0131ndakini can kula\u011f\u0131yla dinleyebilme becerisidir. Can kula\u011f\u0131yla dinleme becerisi bug\u00fcn pandemiden iklim krizine, ak\u0131l sa\u011fl\u0131\u011f\u0131ndan cinsiyet e\u015fitsizli\u011fine kadar kar\u015f\u0131 kar\u015f\u0131ya kald\u0131\u011f\u0131m\u0131z bir\u00e7ok sorunun \u00e7\u00f6z\u00fcm\u00fc i\u00e7in olmazsa olmazd\u0131r. Ben gen\u00e7 k\u0131zlar\u0131n ve kad\u0131nlar\u0131n  duygusal zekalar\u0131yla can kula\u011f\u0131yla dinleme alan\u0131na getirecekleri katk\u0131lar\u0131n\u0131n heyecan\u0131n\u0131 en derinden hissediyorum.” “ Her \u00e7ocuk i\u00e7in toplumsal cinsiyet e\u015fitli\u011fini sa\u011flamak \u00fczere birlikte \u00e7al\u0131\u015fmaya devam etmeliyiz.”  K\u0131z \u00e7ocuklar\u0131na ve kad\u0131nlara, onlar\u0131n g\u00fc\u00e7lenmesini ve e\u015fit kat\u0131l\u0131mlar\u0131n\u0131 sa\u011flayacak ara\u00e7lar temin ederek, yaln\u0131zca bireylere yat\u0131r\u0131m yapmad\u0131klar\u0131n\u0131, ayn\u0131 zamanda daha g\u00fc\u00e7l\u00fc toplumlar olu\u015fturmaya katk\u0131da bulunduklar\u0131n\u0131 dile getiren UNICEF  Avrupa ve Orta Asya B\u00f6lge Direkt\u00f6r\u00fc Afshan Khan , “COVID-19 salg\u0131n\u0131 s\u0131ras\u0131nda ba\u011flant\u0131 kurmak, kat\u0131l\u0131m haklar\u0131m\u0131zdan yararlanmak ve \u00f6\u011frenmek i\u00e7in dijital platformlar\u0131 daha fazla kullanmaya ba\u015flad\u0131k. Ancak k\u00fcresel salg\u0131n bize b\u00f6ylesi zorlu zamanlarda toplumsal cinsiyet e\u015fitsizlikleri de dahil olmak \u00fczere her t\u00fcrl\u00fc e\u015fitsizli\u011fin derinle\u015fti\u011fini g\u00f6sterdi. Bu e\u015fitsizlikler yoksulluk, kaynak eksikli\u011fi ve sosyal normlarla kesi\u015fti\u011finde, kad\u0131nlar\u0131n ve k\u0131z \u00e7ocuklar\u0131n\u0131n dijital alana tam olarak kat\u0131lmalar\u0131n\u0131 daha da g\u00fc\u00e7le\u015ftiriyor. H\u00fck\u00fcmetler, uluslararas\u0131 toplum, \u00f6zel sekt\u00f6r, uzmanlar, ebeveynler, \u00f6\u011fretmenler, topluluk \u00fcyeleri ve k\u0131z ve erkek \u00e7ocuklar\u0131 olarak hepimiz harekete ge\u00e7meliyiz. Ergenlik \u00e7a\u011f\u0131ndaki k\u0131z \u00e7ocuklar\u0131n\u0131n toplumsal cinsiyet e\u015fitli\u011finin hayata ge\u00e7irilmesi s\u00fcrecine g\u00fcvenli ve anlaml\u0131 kat\u0131l\u0131m\u0131na y\u00f6nelik deste\u011fimizi h\u0131zland\u0131rmal\u0131y\u0131z. Gen\u00e7 kad\u0131nlar\u0131 ve k\u0131z \u00e7ocuklar\u0131n\u0131; becerilerini, liderlik kapasitelerini geli\u015ftirmeleri ve \u00f6zellikle daha dijital bir d\u00fcnyada toplumsal cinsiyet e\u015fitli\u011finin \u015fampiyonlar\u0131 olmalar\u0131 i\u00e7in desteklemenin zaman\u0131 geldi. Her \u00e7ocuk i\u00e7in toplumsal cinsiyet e\u015fitli\u011fini sa\u011flamak \u00fczere birlikte \u00e7al\u0131\u015fmaya devam etmeliyiz.” dedi. K\u0131z \u00c7ocuklar\u0131n\u0131n ve Kad\u0131nlar\u0131n Liderli\u011fi alan\u0131ndaki \u00d6nc\u00fclerle \u00d6zel Sohbet  Af\u015fin Yurdakul ‘un moderat\u00f6rl\u00fc\u011f\u00fcn\u00fc \u00fcstlendi\u011fi “K\u0131z \u00c7ocuklar\u0131n\u0131n ve Kad\u0131nlar\u0131n Liderli\u011fi Alan\u0131ndaki \u00d6nc\u00fclerle \u00d6zel Sohbet”te Ayd\u0131n Do\u011fan Vakf\u0131 Ba\u015fkan\u0131 ve Hepsiburada  kurucusu ve Y\u00f6netim Kurulu Ba\u015fkan\u0131 Hanzade Do\u011fan,  UNICEF Genel Direkt\u00f6r\u00fc Henrietta Fore  ve Nasdaq  Ba\u015fkan\u0131 ve CEO’su Adena Friedman  g\u00f6r\u00fc\u015flerini payla\u015ft\u0131lar. COVID-19 salg\u0131n\u0131n\u0131n k\u0131z \u00e7ocuklar\u0131n\u0131n \u00e7evrimi\u00e7i e\u011fitime, ara\u00e7lara ve ba\u011flant\u0131 kurma olanaklar\u0131na eri\u015fimini daha da k\u0131s\u0131tlad\u0131\u011f\u0131n\u0131 belirten UNICEF  Genel Direkt\u00f6r\u00fc Henrietta Fore  bu durumun \u00f6zellikle toplumdan d\u0131\u015flanmakta olan veya eri\u015filmesi zor topluluklarda ya\u015fayan k\u0131z \u00e7ocuklar\u0131 ile m\u00fclteci ve g\u00f6\u00e7men stat\u00fcs\u00fcnde ya\u015fayan k\u0131z \u00e7ocuklar\u0131 i\u00e7in ge\u00e7erli oldu\u011funu dile getirdi. \u0130\u015fte bu y\u00fczden e\u011fitim politikalar\u0131n\u0131n hem k\u0131z hem erkek \u00e7ocuklar\u0131 i\u00e7in dijital beceriler konusunun vurgulanmas\u0131 gerekti\u011fini belirten Fore, ayr\u0131ca dijital \u00fcr\u00fcnler ve hizmetler geli\u015ftirilirken k\u0131z \u00e7ocuklar\u0131n\u0131n sesini duyman\u0131n ve onlar\u0131n \u00e7\u00f6z\u00fcm \u00f6nerilerini dahil etmenin gerekli oldu\u011funu s\u00f6yledi. K\u0131z \u00e7ocuklar\u0131n\u0131n ve kad\u0131nlar\u0131n hayallerini payla\u015fman\u0131n sadece ekonominin g\u00fc\u00e7lenmesi de\u011fil, daha dengeli bir toplum i\u00e7in de \u00f6nemli oldu\u011funu vurgulayan Nasdaq  Ba\u015fkan\u0131 ve CEO’su Adena Friedman  rol modellerin kritik oldu\u011funa da de\u011findi. Ekonomik kalk\u0131nman\u0131n desteklenmesi, inovasyonun toplumu gelece\u011fe g\u00f6t\u00fcrmesi i\u00e7in e\u015fitli\u011fin \u00e7ok \u00f6nemli oldu\u011funu belirten Friedman , “Babam benim i\u00e7in \u00f6nemli bir rol modeldi. Bu sayede i\u015fini nas\u0131l y\u00f6netti\u011fini, finansal piyasalar\u0131n nas\u0131l oldu\u011funu \u00f6\u011frendim. Ben 9 ya\u015f\u0131ndayken annem avukat oldu, onun yolculu\u011funu izlemek benim i\u00e7in ilham verici oldu. Bilimi, matemati\u011fi anlamak i\u00e7in bizi te\u015fvik eden \u00f6\u011fretmenlerim de rol modellerimdi.” dedi. Ayd\u0131n Do\u011fan Vakf\u0131 Ba\u015fkan\u0131, Hepsiburada kurucusu ve Y\u00f6netim Kurulu Ba\u015fkan\u0131 Hanzade Do\u011fan,  bilimsel ve teknolojik de\u011fi\u015fimin e\u015fi\u011finde oldu\u011fumuzun alt\u0131n\u0131 \u00e7izerek s\u00f6zlerini \u015f\u00f6yle s\u00fcrd\u00fcrd\u00fc: “Bu de\u011fi\u015fim o kadar g\u00fc\u00e7l\u00fc ki, kad\u0131nlar\u0131n geli\u015fimini e\u015fit \u015fekilde sa\u011flamazsak bu bir tehdit haline d\u00f6ner. STEM (Bilim, Teknoloji, M\u00fchendislik ve Matematik)’te e\u015fit olarak sa\u011flayabilirsek, toplumsal geli\u015fimde kuantum s\u0131\u00e7ramas\u0131 ger\u00e7ekle\u015fir. Ayd\u0131n Do\u011fan Vakf\u0131, 25 y\u0131ld\u0131r bu i\u015fe g\u00f6n\u00fcl verdi. Burslardan yurt in\u015fas\u0131na, mentorluk program\u0131ndan STEM program\u0131na uzanan \u00e7al\u0131\u015fmalar yap\u0131yoruz, bilimin ve fennin erkeklerin tekelinde olmad\u0131\u011f\u0131n\u0131 anlat\u0131yoruz. K\u00fclt\u00fcrel yap\u0131 \u00f6nemli, toplumsal cinsiyete dayal\u0131 kal\u0131p yarg\u0131lar  ve \u00f6n yarg\u0131lar k\u0131zlar\u0131n matematikte, fende geli\u015fmesine engel oluyor. K\u0131zlara, \u00f6zg\u00fcvenlerini geli\u015ftirmelerini, kendilerine negatif \u015feyler s\u00f6yleyen ki\u015filere odaklanmamalar\u0131n\u0131 tavsiye ediyorum. Anne-babalar\u0131, \u00f6\u011fretmenleri ya da akrabalar\u0131n\u0131n, k\u0131z oldu\u011fu i\u00e7in daha az ba\u015far\u0131l\u0131 olaca\u011f\u0131n\u0131 hissettirmelerine izin vermesinler. E\u011fer k\u0131zlar\u0131n \u00f6n\u00fcndeki k\u00fclt\u00fcrel dahil olmak \u00fczere engelleri y\u0131kmazsak toplumsal cinsiyet e\u015fitli\u011fi  konusunda emeklerimiz bo\u015fa gidebilir.” “ Dijital d\u00fcnya, k\u0131z \u00e7ocuklar\u0131n\u0131n \u00e7evrimi\u00e7i etkile\u015fim ve \u00f6\u011frenme s\u00fcrecinin \u00f6nemli bir par\u00e7as\u0131.”  Panelin a\u00e7\u0131l\u0131\u015f konu\u015fmas\u0131n\u0131 yapan ve herkesin, dijital d\u00fcnya n\u0131n aktif \u00fcyeleri olduklar\u0131 i\u00e7in k\u0131z \u00e7ocuklar\u0131n\u0131n \u00e7evrimi\u00e7i etkile\u015fim ve \u00f6\u011frenme s\u00fcrecinin \u00f6nemli bir par\u00e7as\u0131 oldu\u011funun fark\u0131nda oldu\u011funun alt\u0131n\u0131 \u00e7izen UNFPA  T\u00fcrkiye Temsilcisi Hassan Mohtashami, “K \u0131z \u00e7ocuklar\u0131n\u0131n geli\u015fim \u00e7a\u011f\u0131nda, art\u0131k \u00e7evrimi\u00e7i ortamla daha \u00e7ok i\u00e7 i\u00e7e olarak ya\u015fad\u0131klar\u0131 deneyimlerin psikolojik etkisinin de, ya\u015famlar\u0131 boyunca onlara e\u015flik edece\u011fini biliyoruz. Bu nedenle ergen k\u0131zlar\u0131n dijital d\u00fcnyada haklar\u0131n\u0131 \u00f6\u011frenmeleri, \u00e7evrimi\u00e7i ortamda s\u00f6z ve liderlik sahibi olmalar\u0131 ve kendi bedenleri \u00fczerinde karar verme hakk\u0131n\u0131 talep edebilmeleri \u00e7ok kritik. UNFPA olarak dijital \u00e7a\u011fda da kad\u0131nlar\u0131n ve k\u0131z \u00e7ocuklar\u0131n\u0131n cinsel sa\u011fl\u0131k ve \u00fcreme sa\u011fl\u0131\u011f\u0131 haklar\u0131n\u0131 savunmaya devam edece\u011fiz ve kimseyi geride b\u0131rakmayaca\u011f\u0131z.” \u015feklinde konu\u015ftu. K\u0131z \u00e7ocuklar\u0131 i\u00e7in f\u0131rsatlar ve zorluklar panelde ele al\u0131nd\u0131  \u015eirin Payz\u0131n’\u0131n  moderat\u00f6rl\u00fc\u011f\u00fcnde ger\u00e7ekle\u015fen “ Dijital \u00c7a\u011fda K\u0131z \u00c7ocuklar\u0131n\u0131n G\u00fc\u00e7lenmesi: F\u0131rsatlar ve Zorluklar” panelinde akademisyen ve aktivistler bir araya geldi. Birle\u015fik Krall\u0131k ‘tan konferansa ba\u011flanan London Schools of Economics  akademisyeni Sonia Livingstone,  2 milyar gencin internete eri\u015fiminin bulunmad\u0131\u011f\u0131, erkeklerin internet eri\u015fiminin k\u0131zlara oranla daha y\u00fcksek oldu\u011fu bilgisini verdi. Livingstone \u015f\u00f6yle devam etti: “Kamusal alanda da evde de dijital olanaklar sa\u011flanaca\u011f\u0131 zaman erkek \u00e7ocuklara daha fazla destek veriliyor. K\u0131z \u00e7ocuklar\u0131n\u0131n yar\u0131s\u0131ndan fazlas\u0131n\u0131n \u00e7evrimi\u00e7i tacize maruz kald\u0131\u011f\u0131n\u0131 g\u00f6r\u00fcyoruz. Onlar\u0131n hayat\u0131n\u0131 k\u0131s\u0131tlamak yerine onlara yolcuklar\u0131n\u0131 nas\u0131l devam ettireceklerini \u00f6\u011frenmeleri i\u00e7in destek olmam\u0131z gerekiyor.” Akran dayan\u0131\u015fmas\u0131n\u0131n \u00f6nemine de\u011finen Ukraynal\u0131  aktivist, Teenergizer  Kurucusu Yana Panfilova,  pandemi d\u00f6neminde \u00f6zellikle gen\u00e7 k\u0131zlar\u0131n anksiyete ve depresyondan \u015fikayet\u00e7i oldu\u011funu, ruhsal travmalarla ve sosyal mesafeyle ba\u015fa \u00e7\u0131kmakta zorland\u0131\u011f\u0131n\u0131 belirtti. Panfilova, “Bu co\u011frafyada konu\u015fabilmek, duygular\u0131 payla\u015fabilmek kolay de\u011fil. Ergen k\u0131zlar\u0131, gen\u00e7 kad\u0131nlar\u0131 dinlememiz, sa\u011fl\u0131klar\u0131yla ilgili karar alacaklar\u0131 zaman onlar\u0131 desteklememiz gerekiyor. \u00c7evrimi\u00e7i ve d\u0131\u015f\u0131 iyi bir psikolojik destek sa\u011flayabilirsek kendilerine yard\u0131m\u0131m\u0131z dokunur.” diyerek s\u00f6zlerini sonland\u0131rd\u0131. Pandemiyle birlikte k\u0131z \u00e7ocuklar\u0131na y\u00f6nelik siber \u015fiddet  ve tacizde art\u0131\u015f g\u00f6zlendi\u011fini belirten Toplumsal Cinsiyet E\u015fitli\u011fi ve  HeForShe  aktivisti, \u00f6\u011frenci Selin \u00d6z\u00fcnald\u0131m, Z ku\u015fa\u011f\u0131 n\u0131n internetin rol\u00fcn\u00fcn fark\u0131nda oldu\u011funu s\u00f6yleyerek “Gen\u00e7 k\u0131zlar\u0131n teknoloji d\u00fcnyas\u0131nda e\u015fitli\u011fe sahip olmas\u0131n\u0131n \u00f6nemi yads\u0131namaz. Toplumun bilin\u00e7lenmesi i\u00e7in devletin, sivil toplum kurulu\u015flar\u0131n ve \u00f6zel \u015firketlerin bir arada \u00e7al\u0131\u015fmas\u0131 gerekiyor.” dedi. Siber \u015fiddet konusunda k\u0131z \u00e7ocuklar\u0131n\u0131n kar\u015f\u0131 kar\u015f\u0131ya kald\u0131\u011f\u0131 zorluklarla m\u00fccadele edilmesi gerekti\u011fine vurgu yapan K\u0131z Ba\u015f\u0131na Platformu  Koordinat\u00f6r\u00fc \u0130layda I\u015f\u0131k  ise “ Her birimiz bir dijital d\u00f6n\u00fc\u015f\u00fcm\u00fcn i\u00e7indeyiz. Her \u015fey dijitale ta\u015f\u0131nd\u0131\u011f\u0131 gibi, e\u015fitsizlik, nefret s\u00f6ylemi ve \u015fiddet de dijitale ta\u015f\u0131nd\u0131. Bu \u015fiddetin hepsinin fark\u0131nda de\u011filiz. Filtre balonu i\u00e7inde ya\u015f\u0131yoruz. Ayn\u0131 d\u00fc\u015f\u00fcnce ve yakla\u015f\u0131m i\u00e7inde oldu\u011fumuz gruplarla bir arada bulunuyoruz. Sosyal medya  algoritmalar\u0131 bunu bu \u015fekilde ayarl\u0131yor.” dedi. Gen\u00e7lerin fikirlerinden, yeteneklerinden ve enerjilerinden faydalanmam\u0131z gerekiyor.”  Her k\u0131z \u00e7ocu\u011funun dijital teknolojilere eri\u015fime ve daha e\u015fit, s\u00fcrd\u00fcr\u00fclebilir ve teknoloji odakl\u0131 bir gelece\u011fi \u015fekillendirmede rol oynamaya hakk\u0131 oldu\u011fu belirten UN Women  T\u00fcrkiye \u00dclke Direkt\u00f6r\u00fc Asya Varbanova , g\u00fcn\u00fcm\u00fcz\u00fcn karma\u015f\u0131k sorunlar\u0131yla m\u00fccadele etmek ve S\u00fcrd\u00fcr\u00fclebilir Kalk\u0131nma  Ama\u00e7lar\u0131na (SKA) eri\u015fmek i\u00e7in, dijital alanlar\u0131n kazan\u0131mlar\u0131n\u0131 kullanarak gen\u00e7 kad\u0131nlar ve k\u0131z \u00e7ocuklar\u0131  ba\u015fta olmak \u00fczere gen\u00e7lerin fikirlerinden, yeteneklerinden ve enerjilerinden faydalanmak gerekti\u011fini ifade etti. Toplumsal cinsiyet e\u015fitli\u011fini geli\u015ftirmek i\u00e7in gereken dijital alan ve beceriler konu\u015fuldu  “Toplumsal Cinsiyet E\u015fitli\u011fini Geli\u015ftirmeye y\u00f6nelik Dijital Alan ve Beceriler” panelinde ilk s\u00f6z\u00fc alan Do\u011fan Holding  ve Zorlu Holding  Y\u00f6netim Kurulu \u00dcyesi Ay\u015feg\u00fcl \u0130ldeniz  teknolojinin herkesi e\u015fitleyici ve \u00f6zg\u00fcrle\u015ftirici bir \u00f6zelli\u011fe sahip oldu\u011funa inand\u0131\u011f\u0131n\u0131 belirterek hem T\u00fcrkiye’de hem Silikon Vadisi’nde hayat\u0131n\u0131 teknolojiyle de\u011fi\u015ftiren kad\u0131nlar\u0131n \u00f6yk\u00fcleriyle kar\u015f\u0131la\u015ft\u0131\u011f\u0131n\u0131 ve teknolojinin herkesi e\u015fitleyici ve \u00f6zg\u00fcrle\u015ftirici \u00f6zelli\u011fe sahip oldu\u011funa inand\u0131\u011f\u0131n\u0131 dile getirdi. K\u0131z ve erkek \u00e7ocuklar\u0131na e\u015fit davran\u0131lmas\u0131 gerekti\u011fini s\u00f6yleyen Ayd\u0131n Do\u011fan Vakf\u0131, Proje Ekibi \u00dcyesi ve Bo\u011fazi\u00e7i \u00dcniversitesi  Bilgisayar M\u00fchendisli\u011fi \u00f6\u011frencisi Buse Tolunay , k\u00fc\u00e7\u00fck ya\u015fta k\u0131z \u00e7ocuklar\u0131n\u0131n ev i\u015flerine yard\u0131m ederken, erkek \u00e7ocuklar\u0131n\u0131n bilgisayar oyunu oynad\u0131\u011f\u0131na de\u011findi. K\u0131zlar\u0131n da k\u00fc\u00e7\u00fck ya\u015flarda bilgisayara a\u015fina olmas\u0131 gerekti\u011fini ve ayr\u0131ca medyada STEM alan\u0131nda \u00e7al\u0131\u015fan kad\u0131nlar\u0131n g\u00f6r\u00fcn\u00fcrl\u00fc\u011f\u00fcn\u00fcn d\u00fc\u015f\u00fck oldu\u011funu s\u00f6yledi. Kad\u0131nlar\u0131n liderli\u011fi konusunda sosyal medyan\u0131n \u00f6nemine de\u011finen Avrupa Gen\u00e7 Feminist  Platformu Kurucusu Xenia Kellner,  kad\u0131n liderli\u011fi nin, hiyerar\u015fide \u00fcst basamaklara kad\u0131nlar\u0131n gelmesi demek olmad\u0131\u011f\u0131n\u0131 vurgulayarak “Kad\u0131n liderli\u011fi dedi\u011fimiz zaman ilk etapta daha fazla kad\u0131n\u0131n hiyerar\u015fik yap\u0131lara getirilmesinden bahsetmedi\u011fimizi belirtmek laz\u0131m. E\u015fitsizlikleri sadece g\u00fc\u00e7 dengesizli\u011fi olarak alg\u0131lamamak laz\u0131m. Gen\u00e7lerin liderlik etti\u011fi mecralar olu\u015fturmak, buralar\u0131n g\u00fcvenli alanlar olmas\u0131 \u00f6nemli.” dedi. Orta Asya’da k\u0131z \u00e7ocuklar\u0131n\u0131n e\u011fitimine yat\u0131r\u0131m yapma konusunda durumun k\u00f6t\u00fcle\u015fti\u011fini anlatan Oxus Orta Asya \u00c7al\u0131\u015fmalar\u0131 Derne\u011fi,  Ara\u015ft\u0131rma ve Geli\u015ftirme Asistan\u0131 Elvira Kalmurzaeva K\u0131rg\u0131zistan ‘da bir k\u00f6yde ya\u015fayan 15 ya\u015f\u0131ndaki k\u0131z \u00e7ocu\u011fu G\u00fclizar’\u0131n medya okur-yazarl\u0131\u011f\u0131yla gelen ba\u015far\u0131 \u00f6yk\u00fcs\u00fcn\u00fc payla\u015ft\u0131. Kalmurzaeva kad\u0131nlar\u0131n yoksullu\u011funun, kamusal hizmetlere eri\u015fimlerini olumsuz etkiledi\u011fini belirtti ve dijital teknolojilerin, e\u015fitli\u011fi tesis edecek platformlar oldu\u011funu d\u00fc\u015f\u00fcnd\u00fcklerini s\u00f6yledi. Gen\u00e7ler ve \u00e7ocuklar bildiri yay\u0131mlayarak isteklerini a\u00e7\u0131klad\u0131  UNICEF, UNFPA, UN Women ve Ayd\u0131n Do\u011fan Vakf\u0131 taraf\u0131ndan her y\u0131l d\u00fczenlenen D\u00fcnya K\u0131z \u00c7ocuklar\u0131 G\u00fcn\u00fc Konferans\u0131 kapsam\u0131nda, Temmuz ay\u0131ndan bu yana “Her Alanda Cinsiyet E\u015fitli\u011finin Liderli\u011fini K\u0131z \u00c7ocuklar\u0131 Yap\u0131yor” mottosunu benimseyerek \u00e7al\u0131\u015fan 114 \u00e7ocuk ve gen\u00e7 d\u00fc\u015f\u00fcncelerini, ele\u015ftirilerini ve \u00f6nerilerini kaleme ald\u0131klar\u0131 bir bildiri yay\u0131mlad\u0131. Bildiride, her yerde oldu\u011fu gibi dijital alanlarda da toplumsal cinsiyet e\u015fitli\u011fine ihtiya\u00e7 oldu\u011fu vurgulan\u0131rken, mesleklerin cinsiyeti olmad\u0131\u011f\u0131n\u0131n alt\u0131 \u00e7izildi ve sosyal medyada, reklamlarda, dizilerde hatta okul kitaplar\u0131nda yer alan toplumsal cinsiyet e\u015fitsizli\u011fi mesajlar\u0131n\u0131n de\u011fi\u015fmesi istendi. K\u0131z \u00e7ocuklar\u0131 ve kad\u0131nlar\u0131n \u00e7evrimi\u00e7i ortamlar\u0131 g\u00fcvenle kullanabilmesi i\u00e7in herkesin sorumluluk almas\u0131 talep edilerek; spor, sanat, bilim ve e\u011fitim alan\u0131nda k\u0131z \u00e7ocuklar\u0131n\u0131n destek alabilecekleri fonlar\u0131n say\u0131lar\u0131n\u0131n art\u0131r\u0131labilece\u011fi belirtildi. Konferans\u0131n kapan\u0131\u015f\u0131n\u0131 yapan gen\u00e7 liderler Zeynep Bet\u00fcl Demirses  ve Dominique  Ogreanu  ise siyasi liderlere, \u00f6zel sekt\u00f6r y\u00f6neticilerine, sivil topluma, ailelere ve gen\u00e7lere \u015f\u00f6yle seslendiler: “Bir ba\u015fka k\u0131z \u00e7ocu\u011fu daha \u00e7evrimi\u00e7i ortamda istismara dayal\u0131 bir i\u00e7eri\u011fe maruz b\u0131rak\u0131lmadan, bir gen\u00e7 kad\u0131n daha cinsiyeti nedeniyle i\u015fsiz kalmadan, bir \u00f6\u011frenci daha gelecek hayallerinden vazge\u00e7meden harekete ge\u00e7in. K\u0131z \u00e7ocuklar\u0131n\u0131n toplumunuzdaki ihtiya\u00e7lar\u0131n\u0131 kar\u015f\u0131lamak i\u00e7in bu y\u0131l bir giri\u015fim ba\u015flat\u0131n, kapsay\u0131c\u0131 bir politika geli\u015ftirin, bir komite kurun veya sivil toplumla i\u015f birli\u011fi yap\u0131n. Haydi hep beraber 11 Ekim 2021’i, k\u0131z \u00e7ocuklar\u0131n\u0131n g\u00fc\u00e7lenmesini ve liderlik etmesini sa\u011flamak i\u00e7in b\u00fcy\u00fck bir ad\u0131m att\u0131\u011f\u0131m\u0131z g\u00fcn olarak tarihe yazal\u0131m.” ","protected":false},"author":1,"featured_media":0,"parent":343,"menu_order":0,"comment_status":"open","ping_status":"closed","template":"","meta":{"_links_to":"https:\/\/www.kadindostumarkalar.org\/yazilar\/genel\/11-ekim-dunya-kiz-cocuklari-gunu-konferansi-gerceklestirildi","_links_to_target":"https:\/\/www.kadindostumarkalar.org\/yazilar\/genel\/11-ekim-dunya-kiz-cocuklari-gunu-konferansi-gerceklestirildi"},"_links":{"self":[{"href":"https:\/\/www.kadindostumarkalar.org\/yazilar\/genel\/11-ekim-dunya-kiz-cocuklari-gunu-konferansi-gerceklestirildi"}],"collection":[{"href":"urlver"}],"about":[{"href":""}],"author":[{"embeddable":true,"href":"https:\/\/www.kadindostumarkalar.org\/yazilar\/genel\/11-ekim-dunya-kiz-cocuklari-gunu-konferansi-gerceklestirildi"}],"replies":[{"embeddable":true,"href":"https:\/\/www.kadindostumarkalar.org\/yazilar\/genel\/11-ekim-dunya-kiz-cocuklari-gunu-konferansi-gerceklestirildi"}],"version-history":[{"count":1063,"href":"https:\/\/www.kadindostumarkalar.org\/yazilar\/genel\/11-ekim-dunya-kiz-cocuklari-gunu-konferansi-gerceklestirildi"}],"predecessor-version":[{"id":343,"href":"https:\/\/www.kadindostumarkalar.org\/yazilar\/genel\/11-ekim-dunya-kiz-cocuklari-gunu-konferansi-gerceklestirildi"}],"up":[{"embeddable":true,"href":"https:\/\/www.kadindostumarkalar.org\/yazilar\/genel\/11-ekim-dunya-kiz-cocuklari-gunu-konferansi-gerceklestirildi"}],"wp:attachment":[{"href":"https:\/\/www.kadindostumarkalar.org\/img\/blog\/1634196256-afsin-yurdakul--aysegul-ildeniz--xenia-kellner--buse-tolunay-scaled.jpg"}],"curies":[{"name":".Net","href":"https:\/\/api.w.org\/{rel}","templated":true}]}}