{"id":429,"date":"2022-10-05T20:26:24","date_gmt":"2022-10-05T20:26:24","guid":{"rendered":"https:\/\/www.kadindostumarkalar.org\/yazilar\/etkinlik-takvimi\/19-kasim-esitlige-inanan-ve-guclendiren-erkekler-gunu"},"modified":"2022-10-05T20:27:34","modified_gmt":"2022-10-05T20:27:34","slug":"19-kasim-esitlige-inanan-ve-guclendiren-erkekler-gunu","status":"publish","type":"page","link":"","title":{"rendered":"19 KASIM E\u015e\u0130TL\u0130\u011eE \u0130NANAN VE G\u00dc\u00c7LEND\u0130REN ERKEKLER G\u00dcN\u00dc"},"content":{"rendered":" Birle\u015fmi\u015f Milletler’in “D\u00fcnya Erkekler G\u00fcn\u00fc”  olarak kabul etti\u011fi, \u00fclkemizde ilk defa Kad\u0131n Dostu Markalar Platformu  \u00f6nc\u00fcl\u00fc\u011f\u00fcnde kutlanacak olan 19 Kas\u0131m g\u00fcn\u00fcn\u00fcn ad\u0131n\u0131 ve i\u00e7eri\u011fini, inand\u0131\u011f\u0131m\u0131z  ve temel ald\u0131\u011f\u0131m\u0131z “e\u015fitlik, \u00e7e\u015fitlilik ve kapsay\u0131c\u0131l\u0131k”  de\u011ferlerimiz \u0131\u015f\u0131\u011f\u0131nda “19 Kas\u0131m E\u015fitli\u011fe \u0130nanan ve G\u00fc\u00e7lendiren Erkekler G\u00fcn\u00fc ” olarak yeniledik ve bu g\u00fcne \u00f6zel bir program haz\u0131rlad\u0131k.  Bu \u00f6nemli program\u0131m\u0131z\u0131n 1. y\u0131l\u0131nda \u00e7ok \u00f6zel isimleri, payla\u015fmaya de\u011fer sunum ve anlat\u0131mlar\u0131yla RAFFLES OTEL \/ ZORLU ’da ger\u00e7ekle\u015fecek bu \u00f6zel etkinlik kapsam\u0131nda a\u011f\u0131rl\u0131yoruz.  E\u015fitli\u011fe inanan ve g\u00fc\u00e7lendiren 10 \u00f6zel konu\u015fmac\u0131n\u0131n sahne alaca\u011f\u0131 programda, e\u015fitlik, \u00e7e\u015fitlilik ve kapsay\u0131c\u0131l\u0131k ba\u015fl\u0131klar\u0131 alt\u0131nda&nbsp;birbirinden&nbsp;de\u011ferli sunumlar ve payla\u015f\u0131mlar yap\u0131lacakt\u0131r. Tamam\u0131nda toplumsal cinsiyet e\u015fitli\u011finin savunucusu ve kad\u0131n -erkek e\u015fitli\u011fini destekleyen \u00f6nc\u00fc projelere liderlik eden erkek liderleri \u00f6zel payla\u015f\u0131mlar\u0131yla a\u011f\u0131rlayaca\u011f\u0131z. Sunumlar\u0131n\u0131n&nbsp;– payla\u015f\u0131mlar\u0131n\u0131n ard\u0131ndan&nbsp;her y\u0131l sadece 10 \u00f6zel isme verilecek olan, \u00f6zel bir plaket –&nbsp;sembol&nbsp;\u00f6d\u00fcl takdimi&nbsp;ger\u00e7ekle\u015fecektir.&nbsp;   &nbsp;  ","protected":false},"author":1,"featured_media":0,"parent":429,"menu_order":0,"comment_status":"open","ping_status":"closed","template":"","meta":{"_links_to":"https:\/\/www.kadindostumarkalar.org\/yazilar\/etkinlik-takvimi\/19-kasim-esitlige-inanan-ve-guclendiren-erkekler-gunu","_links_to_target":"https:\/\/www.kadindostumarkalar.org\/yazilar\/etkinlik-takvimi\/19-kasim-esitlige-inanan-ve-guclendiren-erkekler-gunu"},"_links":{"self":[{"href":"https:\/\/www.kadindostumarkalar.org\/yazilar\/etkinlik-takvimi\/19-kasim-esitlige-inanan-ve-guclendiren-erkekler-gunu"}],"collection":[{"href":"urlver"}],"about":[{"href":""}],"author":[{"embeddable":true,"href":"https:\/\/www.kadindostumarkalar.org\/yazilar\/etkinlik-takvimi\/19-kasim-esitlige-inanan-ve-guclendiren-erkekler-gunu"}],"replies":[{"embeddable":true,"href":"https:\/\/www.kadindostumarkalar.org\/yazilar\/etkinlik-takvimi\/19-kasim-esitlige-inanan-ve-guclendiren-erkekler-gunu"}],"version-history":[{"count":2141,"href":"https:\/\/www.kadindostumarkalar.org\/yazilar\/etkinlik-takvimi\/19-kasim-esitlige-inanan-ve-guclendiren-erkekler-gunu"}],"predecessor-version":[{"id":429,"href":"https:\/\/www.kadindostumarkalar.org\/yazilar\/etkinlik-takvimi\/19-kasim-esitlige-inanan-ve-guclendiren-erkekler-gunu"}],"up":[{"embeddable":true,"href":"https:\/\/www.kadindostumarkalar.org\/yazilar\/etkinlik-takvimi\/19-kasim-esitlige-inanan-ve-guclendiren-erkekler-gunu"}],"wp:attachment":[{"href":"https:\/\/www.kadindostumarkalar.org\/img\/blog\/19-kasim-esitlige-inanan-ve-guclendiren-erkekler-gunu-0-80960.jpg"}],"curies":[{"name":".Net","href":"https:\/\/api.w.org\/{rel}","templated":true}]}}