{"id":541,"date":"2022-11-25T00:26:08","date_gmt":"2022-11-25T00:26:08","guid":{"rendered":"https:\/\/www.kadindostumarkalar.org\/yazilar\/haberler\/25-kasim-kadina-yonelik-siddete-karsi-mucadele-gunu"},"modified":"2022-11-25T00:27:25","modified_gmt":"2022-11-25T00:27:25","slug":"25-kasim-kadina-yonelik-siddete-karsi-mucadele-gunu","status":"publish","type":"page","link":"","title":{"rendered":"25 KASIM KADINA Y\u00d6NEL\u0130K \u015e\u0130DDETE KAR\u015eI M\u00dcCADELE G\u00dcN\u00dc"},"content":{"rendered":"25 Kas\u0131m Kad\u0131na Y\u00f6nelik \u015eiddete Kar\u015f\u0131 Uluslararas\u0131 M\u00fccadele G\u00fcn\u00fc  (International Day for the Elimination of Violence  against Women ), 1999 y\u0131l\u0131nda kad\u0131na y\u00f6nelik \u015fiddete kar\u015f\u0131 toplumda fark\u0131ndal\u0131k yaratmak amac\u0131yla Birle\u015fmi\u015f Milletler  Genel Kurul karar\u0131 ile ilan edilmi\u015f g\u00fcnd\u00fcr. Bu g\u00fcn\u00fcn 25 Kas\u0131m olarak belirlenmesinin nedeni 1960 y\u0131l\u0131nda Dominik Cumhuriyeti'nde meydana gelen ve diktat\u00f6r Rafael Trujillo'ya kar\u015f\u0131tl\u0131\u011f\u0131yla bilinen Mirabal Karde\u015fler  adl\u0131 \u00fc\u00e7 k\u0131z karde\u015fin \u00f6ld\u00fcr\u00fclmesi olay\u0131na dayan\u0131r. Birle\u015fmi\u015f Milletler taraf\u0131ndan haz\u0131rlanan ve ge\u00e7ti\u011fimiz sene d\u00fcnyada her saat 5’ten fazla kad\u0131n veya k\u0131z \u00e7ocu\u011funun yak\u0131nlar\u0131 taraf\u0131ndan \u00f6ld\u00fcr\u00fcld\u00fc\u011f\u00fcn\u00fcn belirtildi\u011fi “Cinsiyete Dayal\u0131 Kad\u0131n ve K\u0131z \u00c7ocu\u011fu Cinayetleri” ba\u015fl\u0131\u011f\u0131yla haz\u0131rlanan rapor, 25 Kas\u0131m Kad\u0131na Y\u00f6nelik \u015eiddetle Uluslararas\u0131 M\u00fccadele G\u00fcn\u00fc \u00f6ncesi yay\u0131nland\u0131.  Raporda kad\u0131n ve k\u0131z \u00e7ocuklar\u0131na y\u00f6nelik \u015fiddetin d\u00fcnya \u00e7ap\u0131nda en yayg\u0131n insan haklar\u0131  ihlallerinden biri oldu\u011funa vurgu yap\u0131larak kad\u0131n ve k\u0131z \u00e7ocuklar\u0131n\u0131n evlerinde \u00f6ld\u00fcr\u00fclme konusunda daha fazla risk alt\u0131nda olduklar\u0131 belirtilmekte. Ge\u00e7en y\u0131l d\u00fcnyada cinayete kurban giden 81 bin kad\u0131n ve k\u0131z \u00e7ocu\u011fundan 45 bininin, yani yakla\u015f\u0131k y\u00fczde 56’s\u0131n\u0131n e\u015fleri ya da di\u011fer aile \u00fcyeleri taraf\u0131ndan \u00f6ld\u00fcr\u00fcld\u00fc\u011f\u00fc ifade edilen bu raporda, bir\u00e7ok kad\u0131n ve k\u0131z \u00e7ocu\u011funun evlerinde g\u00fcvende olmad\u0131\u011f\u0131na dikkat \u00e7ekilmekte. Toplumsal cinsiyete dayal\u0131 cinayetler dahil kad\u0131n ve k\u0131z \u00e7ocuklar\u0131na kar\u015f\u0131 i\u015flenen hi\u00e7bir \u015fiddet eyleminin \u00f6nlenemez olmad\u0131\u011f\u0131na vurgu yap\u0131lan raporda, bunun i\u00e7in \u015fiddet ma\u011fduru kad\u0131nlar\u0131n  en k\u0131sa s\u00fcrede tespit edilerek desteklenmesi ve koruma alt\u0131na al\u0131nmas\u0131 gerekti\u011fi aktar\u0131lmakta. Raporda sorunun temel nedenlerine y\u00f6nelik olarak toplumdaki yap\u0131sal cinsiyet e\u015fitsizliklerinin ortadan kald\u0131r\u0131lmas\u0131 ve zararl\u0131 erkek davran\u0131\u015flar\u0131na engel olunarak buna yol a\u00e7an sosyal kurallar\u0131n d\u00f6n\u00fc\u015ft\u00fcr\u00fclmesi tavsiye edilmekte. ","protected":false},"author":1,"featured_media":0,"parent":541,"menu_order":0,"comment_status":"open","ping_status":"closed","template":"","meta":{"_links_to":"https:\/\/www.kadindostumarkalar.org\/yazilar\/haberler\/25-kasim-kadina-yonelik-siddete-karsi-mucadele-gunu","_links_to_target":"https:\/\/www.kadindostumarkalar.org\/yazilar\/haberler\/25-kasim-kadina-yonelik-siddete-karsi-mucadele-gunu"},"_links":{"self":[{"href":"https:\/\/www.kadindostumarkalar.org\/yazilar\/haberler\/25-kasim-kadina-yonelik-siddete-karsi-mucadele-gunu"}],"collection":[{"href":"urlver"}],"about":[{"href":""}],"author":[{"embeddable":true,"href":"https:\/\/www.kadindostumarkalar.org\/yazilar\/haberler\/25-kasim-kadina-yonelik-siddete-karsi-mucadele-gunu"}],"replies":[{"embeddable":true,"href":"https:\/\/www.kadindostumarkalar.org\/yazilar\/haberler\/25-kasim-kadina-yonelik-siddete-karsi-mucadele-gunu"}],"version-history":[{"count":1311,"href":"https:\/\/www.kadindostumarkalar.org\/yazilar\/haberler\/25-kasim-kadina-yonelik-siddete-karsi-mucadele-gunu"}],"predecessor-version":[{"id":541,"href":"https:\/\/www.kadindostumarkalar.org\/yazilar\/haberler\/25-kasim-kadina-yonelik-siddete-karsi-mucadele-gunu"}],"up":[{"embeddable":true,"href":"https:\/\/www.kadindostumarkalar.org\/yazilar\/haberler\/25-kasim-kadina-yonelik-siddete-karsi-mucadele-gunu"}],"wp:attachment":[{"href":"https:\/\/www.kadindostumarkalar.org\/img\/blog\/25-kasim-kadina-yonelik-siddete-karsi-mucadele-gunu-0-95390.jpg"}],"curies":[{"name":".Net","href":"https:\/\/api.w.org\/{rel}","templated":true}]}}