{"id":1627,"date":"2026-03-03T13:48:33","date_gmt":"2026-03-03T13:48:33","guid":{"rendered":"https:\/\/www.kadindostumarkalar.org\/yazilar\/haberler\/6-uluslararasi-kadin-dostu-markalar-farkindalik-odulleri-icin-geri-sayim-basladi"},"modified":"2026-03-03T13:54:41","modified_gmt":"2026-03-03T13:54:41","slug":"6-uluslararasi-kadin-dostu-markalar-farkindalik-odulleri-icin-geri-sayim-basladi","status":"publish","type":"page","link":"","title":{"rendered":"6. Uluslararas\u0131 Kad\u0131n Dostu Markalar Fark\u0131ndal\u0131k \u00d6d\u00fclleri \u0130\u00e7in Geri Say\u0131m Ba\u015flad\u0131!"},"content":{"rendered":"Kad\u0131n Dostu Markalar Platformu taraf\u0131ndan d\u00fczenlenen 6. Uluslararas\u0131 Kad\u0131n Dostu Markalar Fark\u0131ndal\u0131k \u00d6d\u00fclleri, 5 Mart 2026’da \u0130\u015f Sanat K\u00fclt\u00fcr Merkezi’nde ger\u00e7ekle\u015ftirilecek. Zirve’de toplumsal cinsiyet e\u015fitli\u011fi odakl\u0131 projeleriyle \u00f6ne \u00e7\u0131kan markalar, 8 ayr\u0131 kategoride toplam 30 farkl\u0131 \u00f6d\u00fclle onurland\u0131r\u0131lacak. Etkinlik i\u015f d\u00fcnyas\u0131ndan sivil topluma ve medyaya uzanan g\u00fc\u00e7l\u00fc isimleri ayn\u0131 sahnede bulu\u015fturacak.  Online Davetiye \u0130\u00e7in T\u0131klay\u0131n   Kad\u0131n Dostu Markalar Platformu  taraf\u0131ndan bu y\u0131l alt\u0131nc\u0131s\u0131 d\u00fczenlenecek olan Uluslararas\u0131 Kad\u0131n Dostu Markalar Fark\u0131ndal\u0131k \u00d6d\u00fclleri T\u00f6reni &amp; Zirvesi , 5 Mart 2026  tarihinde \u0130\u015f Sanat K\u00fclt\u00fcr Merkezi ’nde ger\u00e7ekle\u015ftirilecek. Sunuculu\u011funu ba\u015far\u0131l\u0131 oyuncu ve televizyon sunucusu Ceyda D\u00fcvenci ’nin \u00fcstlenece\u011fi zirvede; toplumsal cinsiyet e\u015fitli\u011fi odakl\u0131 projeleriyle \u00f6ne \u00e7\u0131kan markalara 8 ayr\u0131 kategoride toplam 30 farkl\u0131 \u00f6d\u00fcl verilecek. “\u0130nsana, Gezegene ve Gelece\u011fe De\u011fer”  temas\u0131yla g\u00fcn boyunca d\u00fczenlenecek \u00f6zel oturumlarda i\u015f ve sanat d\u00fcnyas\u0131n\u0131n \u00f6nde gelen isimleri ile uluslararas\u0131 konu\u015fmac\u0131lar, gelece\u011fin d\u00fcnyas\u0131nda kad\u0131n\u0131n rol\u00fcn\u00fc \u00e7ok boyutlu bir perspektifle ele alacak. E\u015fitlik, kapsay\u0131c\u0131l\u0131k ve s\u00fcrd\u00fcr\u00fclebilirlik oda\u011f\u0131nda geli\u015ftirilen projeler sahnede g\u00f6r\u00fcn\u00fcrl\u00fck kazanacak. Program kapsam\u0131nda ayr\u0131ca \u00f6zel \u00f6d\u00fcller de sahiplerini bulacak. G\u00fclben Ergen ’e Sivil Toplum Lideri \u00d6zel \u00d6d\u00fcl\u00fc, K\u0131z\u0131lc\u0131k \u015eerbeti Dizi Ekibi ’ne Medyada Etki Yaratan Yap\u0131m \u00d6zel \u00d6d\u00fcl\u00fc ve Nilay \u00d6rnek ’e Etki Yaratan Yazar \u00d6d\u00fcl\u00fc takdim edilecek. \u00d6te yandan online davetiye sat\u0131\u015f\u0131ndan elde edilen gelir ise Koruncuk Vakf\u0131  i\u00e7in olu\u015fturulan k\u0131z \u00f6\u011frenci burs fonuna aktar\u0131lacak. B\u00f6ylece zirve, toplumsal cinsiyet e\u015fitli\u011fi oda\u011f\u0131ndaki mesaj\u0131n\u0131 somut bir sosyal katk\u0131yla da desteklemi\u015f olacak. 6. Uluslararas\u0131 Kad\u0131n Dostu Markalar Fark\u0131ndal\u0131k \u00d6d\u00fclleri, i\u015f d\u00fcnyas\u0131ndan sivil topluma uzanan geni\u015f kat\u0131l\u0131mla, sosyal etki ekosisteminin \u00f6nemli akt\u00f6rlerini ayn\u0131 sahnede bulu\u015fturmaya haz\u0131rlan\u0131yor. ","protected":false},"author":1,"featured_media":0,"parent":1627,"menu_order":0,"comment_status":"open","ping_status":"closed","template":"","meta":{"_links_to":"https:\/\/www.kadindostumarkalar.org\/yazilar\/haberler\/6-uluslararasi-kadin-dostu-markalar-farkindalik-odulleri-icin-geri-sayim-basladi","_links_to_target":"https:\/\/www.kadindostumarkalar.org\/yazilar\/haberler\/6-uluslararasi-kadin-dostu-markalar-farkindalik-odulleri-icin-geri-sayim-basladi"},"_links":{"self":[{"href":"https:\/\/www.kadindostumarkalar.org\/yazilar\/haberler\/6-uluslararasi-kadin-dostu-markalar-farkindalik-odulleri-icin-geri-sayim-basladi"}],"collection":[{"href":"urlver"}],"about":[{"href":""}],"author":[{"embeddable":true,"href":"https:\/\/www.kadindostumarkalar.org\/yazilar\/haberler\/6-uluslararasi-kadin-dostu-markalar-farkindalik-odulleri-icin-geri-sayim-basladi"}],"replies":[{"embeddable":true,"href":"https:\/\/www.kadindostumarkalar.org\/yazilar\/haberler\/6-uluslararasi-kadin-dostu-markalar-farkindalik-odulleri-icin-geri-sayim-basladi"}],"version-history":[{"count":718,"href":"https:\/\/www.kadindostumarkalar.org\/yazilar\/haberler\/6-uluslararasi-kadin-dostu-markalar-farkindalik-odulleri-icin-geri-sayim-basladi"}],"predecessor-version":[{"id":1627,"href":"https:\/\/www.kadindostumarkalar.org\/yazilar\/haberler\/6-uluslararasi-kadin-dostu-markalar-farkindalik-odulleri-icin-geri-sayim-basladi"}],"up":[{"embeddable":true,"href":"https:\/\/www.kadindostumarkalar.org\/yazilar\/haberler\/6-uluslararasi-kadin-dostu-markalar-farkindalik-odulleri-icin-geri-sayim-basladi"}],"wp:attachment":[{"href":"https:\/\/www.kadindostumarkalar.org\/img\/blog\/6-uluslararasi-kadin-dostu-markalar-farkindalik-odulleri-icin-geri-sayim-basladi-0-50244.jpg"}],"curies":[{"name":".Net","href":"https:\/\/api.w.org\/{rel}","templated":true}]}}