{"id":317,"date":"2021-10-18T00:00:00","date_gmt":"2021-10-18T00:00:00","guid":{"rendered":"https:\/\/www.kadindostumarkalar.org\/yazilar\/yesil-donusum\/7-istanbul-karbon-e-zirvesi-iklim-dostu-oldu"},"modified":"2022-06-06T13:10:14","modified_gmt":"2022-06-06T13:10:14","slug":"7-istanbul-karbon-e-zirvesi-iklim-dostu-oldu","status":"publish","type":"page","link":"","title":{"rendered":"7. \u0130STANBUL KARBON E-Z\u0130RVES\u0130 \u0130KL\u0130M DOSTU OLDU"},"content":{"rendered":"S\u00dcT-D ve \u0130STA\u00c7 28 Eyl\u00fcl 2021’de ger\u00e7ekle\u015ftirilen 7. \u0130stanbul Karbon E-Zirvesi’nde sebep olunan 31,80 ton karbondioksit e\u015fde\u011feri sera gaz\u0131n\u0131, \u00e7\u00f6p gaz\u0131 karbon kredisiyle s\u0131f\u0131rlayarak iklim dostu etkinli\u011fi ba\u015fard\u0131lar  \u00c7evre ve \u015eehircilik Bakanl\u0131\u011f\u0131 ve \u0130stanbul Teknik \u00dcniversitesi (\u0130T\u00dc ) ana deste\u011finde S\u00fcrd\u00fcr\u00fclebilir \u00dcretim ve T\u00fcketim Derne\u011fi’nin \u00e7evrimi\u00e7i ger\u00e7ekle\u015ftirdi\u011fi 7. \u0130stanbul Karbon E-Zirvesi Dijital etkinli\u011finin \u00f6ncesinde ve etkinlik s\u00fcresince elektrik t\u00fcketimi kaynakl\u0131 sebep olunan sera gaz\u0131 miktar\u0131n\u0131 saptamak i\u00e7in S\u00dcT-D Zirve Kurulu ve \u0130STA\u00c7 Karbon Dengeleme Ekibi \u00e7al\u0131\u015ft\u0131. E-posta trafi\u011fi, dijital platform tasar\u0131m\u0131, web sitesi \u00e7al\u0131\u015fmalar\u0131, etkinlik firmas\u0131 ve Zirve Kurulu faaliyetleri i\u00e7in elektrik t\u00fcketimlerine kar\u015f\u0131l\u0131k gelen sera gaz\u0131 sal\u0131m miktarlar\u0131 hesaplanarak, 31,80 ton karbondioksit e\u015fde\u011feri sera gaz\u0131na sebep olundu\u011fu, bu emisyonun %99,6’s\u0131n\u0131n ise etkinlik \u00f6ncesinde veri i\u00e7in t\u00fcketilen elektrikten kaynakland\u0131\u011f\u0131 saptand\u0131. K\u00fcresel s\u0131cakl\u0131k art\u0131\u015f\u0131na neden olan bu emisyon, \u0130STA\u00c7  \u00c7\u00f6p Gaz\u0131 ndan Elektrik \u00dcretim  Tesisi’nden elde edilen karbon kredisi ile s\u0131f\u0131rlanarak, Do\u011frulanm\u0131\u015f Emisyon Azalt\u0131m Sertifikas\u0131 (VER)  ile 7. \u0130stanbul Karbon E-Zirvesi iklim dostu  oldu. “Ye\u015filin b\u00f6ylesi bizlere, \u0130stanbul’umuza pek yak\u0131\u015ft\u0131.”  “S\u00dcT-D’nin kurulu\u015f hedefi ile T\u00fcrkiye’de karbon  y\u00f6netimi kapasitesinin art\u0131r\u0131lmas\u0131 i\u00e7in \u00e7al\u0131\u015ft\u0131\u011f\u0131na ve yayg\u0131n etki i\u00e7in ilkleri ba\u015fard\u0131\u011f\u0131na dikkat \u00e7eken \u0130T\u00dc  \u00d6\u011fretim \u00dcyesi ve S\u00dcT-D  Ba\u015fkan\u0131 Prof. Dr. Filiz Karaosmano\u011flu , T\u00fcrkiye’nin ilk ve tek ISO 20121 S\u00fcrd\u00fcr\u00fclebilir  Etkinlik Y\u00f6netim Sistemi belgesine 2015 y\u0131l\u0131nda hayata ge\u00e7irdikleri zirve i\u00e7in sahip olduklar\u0131n\u0131 da belirtti. Karaosmano\u011flu  konu\u015fmas\u0131n\u0131 \u015fu \u015fekilde tamamlad\u0131: “Dijital zirvemizde de m\u00fchim bir ilki, ad\u0131nda \u0130stanbul olan zirvemizin karbon n\u00f6tr olmas\u0131n\u0131, ad\u0131nda \u0130stanbul olan, \u0130stanbul’umuzun \u00e7\u00f6p\u00fcne de\u011fer katan \u0130STA\u00c7  ile ba\u015fard\u0131k. Ye\u015filin b\u00f6ylesi bizlere, \u0130stanbul’umuza pek yak\u0131\u015ft\u0131. Kurulu\u015funun ilk g\u00fcn\u00fcnden beri yak\u0131n i\u015f birli\u011finde oldu\u011fum \u0130STA\u00c7  \u0130T\u00dc mezunumuza emanet. Genel M\u00fcd\u00fcr M. Aslan De\u011firmenci \u00f6zelinde \u0130STA\u00c7 Karbon Dengeleme  Ekibi’ni kutluyor ve iklim dostu  karbon y\u00f6netimindeki at\u0131k yolculu\u011fumuz i\u00e7in te\u015fekk\u00fcr ediyorum.” At\u0131ktan Enerji \u00dcretimi ile \u0130klim Dostu \u0130STA\u00c7  \u0130stanbul Karbon E-Zirve Kurulu ve \u0130STA\u00c7 Karbon Dengeleme Ekibi aras\u0131nda yap\u0131lan toplant\u0131lar sonucunda, E-Zirvede emisyon kayna\u011f\u0131 olarak yaln\u0131zca elektrik kullan\u0131m\u0131 oldu\u011fu tespit edildi\u011fini s\u00f6yleyen \u0130STA\u00c7 Genel M\u00fcd\u00fcr\u00fc M. Aslan De\u011firmenci , elektrik kullan\u0131m\u0131n tespit edildi\u011fi alanlar\u0131n e-posta trafi\u011fi, dijital platform tasar\u0131m\u0131, web sitesi \u00e7al\u0131\u015fmalar\u0131, etkinlik firmas\u0131 ve zirve kurulu \u00e7al\u0131\u015fmalar\u0131 oldu\u011funu a\u00e7\u0131klad\u0131. Hesaplamalarda g\u00fcvenli tarafta kalmak i\u00e7in maksimum hesaplanan emisyon de\u011feri olan 31,80 ton karbondioksit e\u015fde\u011feri emisyonunu, \u0130STA\u00c7 \u00c7\u00f6p Gaz\u0131ndan Elektrik Enerjisi \u00dcretim Tesisi’nde elde etti\u011fimiz karbon kredileriyle s\u0131f\u0131rlayarak do\u011fay\u0131 koruduklar\u0131n\u0131 belirten De\u011firmenci  “Gelecek nesillere ya\u015fanabilir \u015fehirler miras b\u0131rakma misyonumuz ile faaliyet alanlar\u0131m\u0131z\u0131 geni\u015fletiyoruz ve s\u00fcrd\u00fcr\u00fclebilir  bir gelecek i\u00e7in \u00e7al\u0131\u015f\u0131yoruz. \u0130klim de\u011fi\u015fikli\u011fi  \u00e7al\u0131\u015fmalar\u0131n\u0131n yo\u011fun oldu\u011fu bu d\u00f6nemde karbon ayak izi ni s\u0131f\u0131rlad\u0131\u011f\u0131m\u0131z 7. \u0130stanbul Karbon E-Zirvesi’nde ‘Seram\u0131z\u0131n Is\u0131s\u0131 At\u0131\u011f\u0131m\u0131z\u0131n G\u00fcc\u00fcnden’ projemizle 2021 S\u00dcT-D D\u00fc\u015f\u00fck Karbon Kahraman\u0131 \u00d6d\u00fcl\u00fc’n\u00fc almaktan mutluluk duyuyoruz. Projemizde at\u0131klardan elde edilen enerji ile seram\u0131z\u0131 \u0131s\u0131t\u0131yor ve her y\u0131l yeti\u015ftirdi\u011fimiz yakla\u015f\u0131k 7 milyon fideyi \u0130stanbullu \u00e7ift\u00e7ilerimize \u00fccretsiz olarak da\u011f\u0131t\u0131yoruz. Seram\u0131zda do\u011fal gaz  kullanmayarak karbon ayak izimizi azalt\u0131yor, do\u011fa m\u0131z\u0131 koruyoruz. B\u00f6ylece ya\u015fam i\u00e7in d\u00f6n\u00fc\u015ft\u00fcr\u00fcyoruz. \u0130STA\u00c7 ailesi olarak karbon n\u00f6tr  bir d\u00fcnya i\u00e7in t\u00fcm g\u00fcc\u00fcm\u00fczle \u00e7al\u0131\u015fmaya devam edece\u011fiz.&#8221; dedi. ","protected":false},"author":1,"featured_media":0,"parent":317,"menu_order":0,"comment_status":"open","ping_status":"closed","template":"","meta":{"_links_to":"https:\/\/www.kadindostumarkalar.org\/yazilar\/yesil-donusum\/7-istanbul-karbon-e-zirvesi-iklim-dostu-oldu","_links_to_target":"https:\/\/www.kadindostumarkalar.org\/yazilar\/yesil-donusum\/7-istanbul-karbon-e-zirvesi-iklim-dostu-oldu"},"_links":{"self":[{"href":"https:\/\/www.kadindostumarkalar.org\/yazilar\/yesil-donusum\/7-istanbul-karbon-e-zirvesi-iklim-dostu-oldu"}],"collection":[{"href":"urlver"}],"about":[{"href":""}],"author":[{"embeddable":true,"href":"https:\/\/www.kadindostumarkalar.org\/yazilar\/yesil-donusum\/7-istanbul-karbon-e-zirvesi-iklim-dostu-oldu"}],"replies":[{"embeddable":true,"href":"https:\/\/www.kadindostumarkalar.org\/yazilar\/yesil-donusum\/7-istanbul-karbon-e-zirvesi-iklim-dostu-oldu"}],"version-history":[{"count":1138,"href":"https:\/\/www.kadindostumarkalar.org\/yazilar\/yesil-donusum\/7-istanbul-karbon-e-zirvesi-iklim-dostu-oldu"}],"predecessor-version":[{"id":317,"href":"https:\/\/www.kadindostumarkalar.org\/yazilar\/yesil-donusum\/7-istanbul-karbon-e-zirvesi-iklim-dostu-oldu"}],"up":[{"embeddable":true,"href":"https:\/\/www.kadindostumarkalar.org\/yazilar\/yesil-donusum\/7-istanbul-karbon-e-zirvesi-iklim-dostu-oldu"}],"wp:attachment":[{"href":"https:\/\/www.kadindostumarkalar.org\/img\/blog\/1633610964-adobestock-199331282-scaled.jpeg"}],"curies":[{"name":".Net","href":"https:\/\/api.w.org\/{rel}","templated":true}]}}