{"id":472,"date":"2022-10-09T14:55:39","date_gmt":"2022-10-09T14:55:39","guid":{"rendered":"https:\/\/www.kadindostumarkalar.org\/yazilar\/spor\/7deniz-kizi-kadin-yelken-kupasi"},"modified":"2022-10-09T14:58:05","modified_gmt":"2022-10-09T14:58:05","slug":"7deniz-kizi-kadin-yelken-kupasi","status":"publish","type":"page","link":"","title":{"rendered":"7.DEN\u0130Z KIZI KADIN YELKEN KUPASI"},"content":{"rendered":"T\u00fcrkiye’de kad\u0131nlara y\u00f6nelik ilk yelken kupas\u0131 olma \u00f6zelli\u011fini ta\u015f\u0131yan Deniz K\u0131z\u0131 Kad\u0131n Yelken Kupas\u0131’n\u0131n yedincisi bu y\u0131l 3-4 Eyl\u00fcl tarihlerinde ger\u00e7ekle\u015fti.  Deniz tutkunu kad\u0131n yelkencilerden olu\u015fan 21 tak\u0131m\u0131n yar\u0131\u015ft\u0131\u011f\u0131 7. Deniz K\u0131z\u0131 Kad\u0131n Yelken Kupas\u0131’n\u0131n IRC I ve IRC II S\u0131n\u0131flar\u0131 Overall Birincisi Eti Alize Kad\u0131n Yelken Tak\u0131m\u0131, IRC III - IRC IV – Destek S\u0131n\u0131flar\u0131 Overall Birincisi Polat Enerji Kad\u0131n Yelken Tak\u0131m\u0131 oldu. Deniz K\u0131z\u0131 Kad\u0131n Yelken Kupas\u0131 birbirinden ba\u015far\u0131l\u0131 kad\u0131n yelkencilerin co\u015fkulu m\u00fccadelesine ev sahipli\u011fi yapt\u0131. \u0130stanbul Yelken Kul\u00fcb\u00fc i\u015f birli\u011fiyle d\u00fczenlenen ve 2 g\u00fcn s\u00fcren Deniz K\u0131z\u0131 Kad\u0131n Yelken Kupas\u0131 Caddebostan-Fenerbah\u00e7e-Adalar parkurunda ger\u00e7ekle\u015fti. Organizasyon Komite \u00dcyeleri; Diana Misim, Arzu \u00c7ekirge Paksoy ve Serap G\u00f6k\u00e7ebay’\u0131n  2016 y\u0131l\u0131nda kad\u0131nlar\u0131n yelken sporuna olan ilgisini artt\u0131rmay\u0131 ama\u00e7layarak hayata ge\u00e7irdikleri Deniz K\u0131z\u0131 Kad\u0131n Yelken Kupas\u0131 her sene oldu\u011fu gibi bu sene de sosyal sorumluluk boyutuyla \u00f6ne \u00e7\u0131kt\u0131. Kupadan elde edilen gelir A\u00c7EV ve TOG’a ba\u011f\u0131\u015fland\u0131. Kupa ile ilgili detayl\u0131 bilgi ve sonu\u00e7lara www.denizkiziyelkenkupasi.com  adresinden ula\u015fabilirsiniz. ","protected":false},"author":1,"featured_media":0,"parent":472,"menu_order":0,"comment_status":"open","ping_status":"closed","template":"","meta":{"_links_to":"https:\/\/www.kadindostumarkalar.org\/yazilar\/spor\/7deniz-kizi-kadin-yelken-kupasi","_links_to_target":"https:\/\/www.kadindostumarkalar.org\/yazilar\/spor\/7deniz-kizi-kadin-yelken-kupasi"},"_links":{"self":[{"href":"https:\/\/www.kadindostumarkalar.org\/yazilar\/spor\/7deniz-kizi-kadin-yelken-kupasi"}],"collection":[{"href":"urlver"}],"about":[{"href":""}],"author":[{"embeddable":true,"href":"https:\/\/www.kadindostumarkalar.org\/yazilar\/spor\/7deniz-kizi-kadin-yelken-kupasi"}],"replies":[{"embeddable":true,"href":"https:\/\/www.kadindostumarkalar.org\/yazilar\/spor\/7deniz-kizi-kadin-yelken-kupasi"}],"version-history":[{"count":984,"href":"https:\/\/www.kadindostumarkalar.org\/yazilar\/spor\/7deniz-kizi-kadin-yelken-kupasi"}],"predecessor-version":[{"id":472,"href":"https:\/\/www.kadindostumarkalar.org\/yazilar\/spor\/7deniz-kizi-kadin-yelken-kupasi"}],"up":[{"embeddable":true,"href":"https:\/\/www.kadindostumarkalar.org\/yazilar\/spor\/7deniz-kizi-kadin-yelken-kupasi"}],"wp:attachment":[{"href":"https:\/\/www.kadindostumarkalar.org\/img\/blog\/7deniz-kizi-kadin-yelken-kupasi-0-80738.jpg"}],"curies":[{"name":".Net","href":"https:\/\/api.w.org\/{rel}","templated":true}]}}