{"id":624,"date":"2023-09-14T14:59:20","date_gmt":"2023-09-14T14:59:20","guid":{"rendered":"https:\/\/www.kadindostumarkalar.org\/yazilar\/spor\/8-deniz-kizi-uluslararasi-kadin-yelken-kupasi"},"modified":"2023-09-14T15:01:06","modified_gmt":"2023-09-14T15:01:06","slug":"8-deniz-kizi-uluslararasi-kadin-yelken-kupasi","status":"publish","type":"page","link":"","title":{"rendered":"8. DEN\u0130Z KIZI ULUSLARARASI KADIN YELKEN KUPASI"},"content":{"rendered":"T\u00fcrkiye’de kad\u0131nlara y\u00f6nelik d\u00fczenlenen ilk yelken kupas\u0131 olan Deniz K\u0131z\u0131 Uluslararas\u0131 Kad\u0131n Yelken Kupas\u0131’n\u0131n sekizincisi bu sene 2 - 3 Eyl\u00fcl tarihlerinde ger\u00e7ekle\u015fti. Medya sponsorlu\u011funu T\u00fcrk Medya ve Kaps\u00fcl’\u00fcn \u00fcstlendi\u011fi 8. Deniz K\u0131z\u0131 Uluslararas\u0131 Kad\u0131n Yelken Kupas\u0131’n\u0131n IRC I ve IRC II S\u0131n\u0131flar\u0131 Overall Birincisi Eti Kad\u0131n Yelken Tak\u0131m\u0131, IRC III ve IRC IV S\u0131n\u0131flar\u0131 Overall Birincisi Eker Sailing Team oldu.  T\u00fcrkiye Yelken Federasyonu  himayesinde, \u0130stanbul A\u00e7\u0131kdeniz Yat Yar\u0131\u015f Kul\u00fcb\u00fc (IAYYK ) i\u015f birli\u011finde d\u00fczenlenen Kupa Moda – Adalar Parkuru’nda ger\u00e7ekle\u015fti. Kurumsal, bireysel ve \u00fcniversite kad\u0131n yelken tak\u0131mlar\u0131n\u0131n kat\u0131ld\u0131\u011f\u0131 Kupa’ya bu y\u0131l&nbsp;Anadolu Hayat Emeklilik, Bah\u00e7e\u015fehir \u00dcniversitesi, Burgan Bank, Borusan Racing, Do\u011fu\u015f \u00dcniversitesi, Eti Alize, Eker, \u0130stanbul \u00dcniversitesi, Ino Sailing Team, Kotex  – Gelece\u011fe Yelken A\u00e7\u0131yoruz, Logo Yaz\u0131l\u0131m,  Media Markt, Nissan T\u00fcrkiye, Organik Kimya, Samsun Yelken Kul\u00fcb\u00fc, Sahibinden.com  ve T\u00fcpra\u015f  kad\u0131n yelken tak\u0131mlar\u0131 kat\u0131ld\u0131lar.  8 y\u0131l \u00f6nce \u00fclkemizdeki yelkenci kad\u0131n  say\u0131s\u0131n\u0131 art\u0131rmak ve mevcut kad\u0131n yelkencileri motive etmek amac\u0131yla yola \u00e7\u0131kt\u0131lar\u0131n\u0131 belirten Organizasyon Komitesi \u00dcyeleri Diana Misim, Serap G\u00f6k\u00e7ebay ve Arzu \u00c7ekirge Paksoy , Deniz K\u0131z\u0131 Kad\u0131n Yelken Kupas\u0131’nda bug\u00fcne kadar yar\u0131\u015fan 800’e yak\u0131n sporcunun %90’\u0131n\u0131n yelken sporu ile ilk kez tan\u0131\u015ft\u0131\u011f\u0131n\u0131 ifade ettiler. Bu orana bakt\u0131klar\u0131nda kad\u0131n yelkenci say\u0131s\u0131n\u0131n art\u0131\u015f\u0131 ile yelken sporunun ekosistemine katk\u0131 sa\u011flad\u0131klar\u0131 i\u00e7in \u00e7ok mutlu olduklar\u0131n\u0131 vurgulayan Komite \u00dcyeleri, “Kupa’m\u0131z\u0131n iyilik misyonuyla bu y\u0131l Kad\u0131n Eme\u011fini De\u011ferlendirme Vakf\u0131’na destek sa\u011flayaca\u011f\u0131z.&nbsp;26 Ekim’de d\u00fczenleyece\u011fimiz Deniz K\u0131z\u0131 Cumhuriyet Kupas\u0131  ile kad\u0131nlara laik, demokratik, \u00e7a\u011fda\u015f  ve \u00f6zg\u00fcr bir ya\u015fam hakk\u0131 sunan, her yerde var olmas\u0131n\u0131 ve s\u00f6z sahibi olmas\u0131n\u0131 sa\u011flayan Cumhuriyet’imizin 100’\u00fcnc\u00fc y\u0131l\u0131n\u0131 co\u015fkuyla kutlamay\u0131 hedefliyor, t\u00fcm kad\u0131n yelken tak\u0131mlar\u0131n\u0131 Deniz K\u0131z\u0131 Cumhuriyet Kupas\u0131’na davet ediyoruz” \u015feklinde konu\u015ftular.  8. DEN\u0130Z KIZI ULUSLARARASI KADIN YELKEN KUPASI SONU\u00c7LARI  OVERALL YARI\u015e SONU\u00c7LARI  IRC I – IRC II SINIFLARI   Birinci: Eti Kad\u0131n Yelken Tak\u0131m\u0131  \u0130kinci: Borusan Racing  \u00dc\u00e7\u00fcnc\u00fc: T\u00fcpra\u015f Kad\u0131n Yelken Tak\u0131m\u0131     IRC III – IRC IV SINIFLARI   Birinci: Eker Sailing Team  \u0130kinci: Samsun Yelken Kul\u00fcb\u00fc Kad\u0131n Yelken Tak\u0131m\u0131  \u00dc\u00e7\u00fcnc\u00fc:      sahibinden.com Kad\u0131n Yelken      Tak\u0131m\u0131   &nbsp;IRC VE DESTEK(GEZG\u0130N) SINIFLARI D\u0130V\u0130ZYON SONU\u00c7LARI  IRC I   Birinci: Borusan Racing \u0130kinci: Logo Yaz\u0131l\u0131m Kad\u0131n Yelken Tak\u0131m\u0131 \u00dc\u00e7\u00fcnc\u00fc: Nissan Kad\u0131n Yelken Tak\u0131m\u0131   IRC II   Birinci: Eti Kad\u0131n Yelken Tak\u0131m\u0131 \u0130kinci: T\u00fcpra\u015f Kad\u0131n Yelken Tak\u0131m\u0131 \u00dc\u00e7\u00fcnc\u00fc: Media Markt Kad\u0131n Yelken Tak\u0131m\u0131   IRC III   Birinci: Eker Sailing Team  \u0130kinci: Organik Kimya Kad\u0131n Yelken Tak\u0131m\u0131 \u00dc\u00e7\u00fcnc\u00fc: Do\u011fu\u015f \u00dcniversitesi Kad\u0131n Yelken Tak\u0131m\u0131   IRC IV   Birinci: Samsun Yelken Kul\u00fcb\u00fc Kad\u0131n Yelken Tak\u0131m\u0131 \u0130kinci: sahibinden.com Kad\u0131n Yelken Tak\u0131m\u0131 \u00dc\u00e7\u00fcnc\u00fc:      Anadolu Hayat Emeklilik Kad\u0131n Yelken      Tak\u0131m\u0131   DESTEK (GEZG\u0130N)   Birinci: \u0130stanbul      \u00dcniversitesi Kad\u0131n Yelken Tak\u0131m\u0131  ","protected":false},"author":1,"featured_media":0,"parent":624,"menu_order":0,"comment_status":"open","ping_status":"closed","template":"","meta":{"_links_to":"https:\/\/www.kadindostumarkalar.org\/yazilar\/spor\/8-deniz-kizi-uluslararasi-kadin-yelken-kupasi","_links_to_target":"https:\/\/www.kadindostumarkalar.org\/yazilar\/spor\/8-deniz-kizi-uluslararasi-kadin-yelken-kupasi"},"_links":{"self":[{"href":"https:\/\/www.kadindostumarkalar.org\/yazilar\/spor\/8-deniz-kizi-uluslararasi-kadin-yelken-kupasi"}],"collection":[{"href":"urlver"}],"about":[{"href":""}],"author":[{"embeddable":true,"href":"https:\/\/www.kadindostumarkalar.org\/yazilar\/spor\/8-deniz-kizi-uluslararasi-kadin-yelken-kupasi"}],"replies":[{"embeddable":true,"href":"https:\/\/www.kadindostumarkalar.org\/yazilar\/spor\/8-deniz-kizi-uluslararasi-kadin-yelken-kupasi"}],"version-history":[{"count":1147,"href":"https:\/\/www.kadindostumarkalar.org\/yazilar\/spor\/8-deniz-kizi-uluslararasi-kadin-yelken-kupasi"}],"predecessor-version":[{"id":624,"href":"https:\/\/www.kadindostumarkalar.org\/yazilar\/spor\/8-deniz-kizi-uluslararasi-kadin-yelken-kupasi"}],"up":[{"embeddable":true,"href":"https:\/\/www.kadindostumarkalar.org\/yazilar\/spor\/8-deniz-kizi-uluslararasi-kadin-yelken-kupasi"}],"wp:attachment":[{"href":"https:\/\/www.kadindostumarkalar.org\/img\/blog\/8-deniz-kizi-uluslararasi-kadin-yelken-kupasi-0-95852.jpg"}],"curies":[{"name":".Net","href":"https:\/\/api.w.org\/{rel}","templated":true}]}}