{"id":578,"date":"2023-03-08T13:02:19","date_gmt":"2023-03-08T13:02:19","guid":{"rendered":"https:\/\/www.kadindostumarkalar.org\/yazilar\/haberler\/8-mart-dunya-kadinlar-gununuz-kutlu-olsun"},"modified":"2023-03-08T13:06:41","modified_gmt":"2023-03-08T13:06:41","slug":"8-mart-dunya-kadinlar-gununuz-kutlu-olsun","status":"publish","type":"page","link":"","title":{"rendered":"8 MART D\u00dcNYA KADINLAR G\u00dcN\u00dcN\u00dcZ KUTLU OLSUN!"},"content":{"rendered":" 8 Mart 1857 ’de ABD’nin New York kentindeki bir tekstil fabrikas\u0131nda haklar\u0131n\u0131 almak i\u00e7in greve \u00e7\u0131kan i\u015f\u00e7i kad\u0131nlar\u0131n i\u00e7eriye kilitlenmesi ve bu s\u0131rada \u00e7\u0131kan yang\u0131n ve bu yang\u0131nda alevlerin i\u00e7inde kalan kad\u0131n i\u015f\u00e7ilerin \u00e7\u0131\u011fl\u0131\u011f\u0131, bu g\u00fcn\u00fcn me\u015falesini yakan olay oldu. Bu yang\u0131nda 120 kad\u0131n i\u015f\u00e7i ya\u015fam\u0131n\u0131 yitirdi. D\u00fcnyada ses getiren bu olay\u0131n ard\u0131ndan 26-27 A\u011fustos 1910’da Danimarka’n\u0131n Kopenhang kentinde 2’nci Enternasyonale ba\u011fl\u0131 kad\u0131nlar toplant\u0131s\u0131nda Almanya Sosyal Demokrat Partisi liderlerinden Clara Zetkin  ve Rosa Luxemburg  bir \u00f6neri sundu. 8 Mart 1857 tarihindeki tekstil fabrikas\u0131  yang\u0131n\u0131nda \u00f6len kad\u0131n i\u015f\u00e7iler an\u0131s\u0131na 8 Mart’\u0131n D\u00fcnya Kad\u0131nlar G\u00fcn\u00fc olarak an\u0131lmas\u0131 \u00f6nerisi bu toplant\u0131da oybirli\u011fiyle kabul edildi.  Daha sonra Moskova’da ger\u00e7ekle\u015fen 3. Uluslararas\u0131 Kad\u0131nlar Konferans\u0131’nda ise 8 Mart tarihi kesinle\u015firken bu g\u00fcn\u00fcn ad\u0131 “D\u00fcnya Emek\u00e7i Kad\u0131nlar G\u00fcn\u00fc ” olarak de\u011fi\u015ftirildi. Epeyce bir s\u00fcre bat\u0131l\u0131 \u00fclkelerde yasaklanm\u0131\u015f olan D\u00fcnya Kad\u0131nlar G\u00fcn\u00fc, 1960’l\u0131 y\u0131llar\u0131n sonunda ABD’deki g\u00f6sterilerde an\u0131lmaya ba\u015flan\u0131nca bat\u0131 toplumlar\u0131nda daha g\u00fc\u00e7l\u00fc bir \u015fekilde g\u00fcndeme geldi. Bunun \u00fczerine Birle\u015fmi\u015f Milletler Genel Kurulu, 16 Aral\u0131k 1977 tarihinde 8 Mart’\u0131n “D\u00fcnya Kad\u0131nlar G\u00fcn\u00fc” olarak an\u0131lmas\u0131n\u0131 kabul etti. Biz de, Kad\u0131n Dostu Markalar Platformu olarak, depremde yitirdi\u011fimiz canlar\u0131n ac\u0131s\u0131n\u0131 t\u00fcm benli\u011fimizde hissetti\u011fimiz bug\u00fcnlerde t\u00fcm kad\u0131nlar\u0131m\u0131z\u0131n 8 Mart D\u00fcnya Kad\u0131nlar G\u00fcn\u00fc’ n\u00fc kutluyoruz.  ","protected":false},"author":1,"featured_media":0,"parent":578,"menu_order":0,"comment_status":"open","ping_status":"closed","template":"","meta":{"_links_to":"https:\/\/www.kadindostumarkalar.org\/yazilar\/haberler\/8-mart-dunya-kadinlar-gununuz-kutlu-olsun","_links_to_target":"https:\/\/www.kadindostumarkalar.org\/yazilar\/haberler\/8-mart-dunya-kadinlar-gununuz-kutlu-olsun"},"_links":{"self":[{"href":"https:\/\/www.kadindostumarkalar.org\/yazilar\/haberler\/8-mart-dunya-kadinlar-gununuz-kutlu-olsun"}],"collection":[{"href":"urlver"}],"about":[{"href":""}],"author":[{"embeddable":true,"href":"https:\/\/www.kadindostumarkalar.org\/yazilar\/haberler\/8-mart-dunya-kadinlar-gununuz-kutlu-olsun"}],"replies":[{"embeddable":true,"href":"https:\/\/www.kadindostumarkalar.org\/yazilar\/haberler\/8-mart-dunya-kadinlar-gununuz-kutlu-olsun"}],"version-history":[{"count":2398,"href":"https:\/\/www.kadindostumarkalar.org\/yazilar\/haberler\/8-mart-dunya-kadinlar-gununuz-kutlu-olsun"}],"predecessor-version":[{"id":578,"href":"https:\/\/www.kadindostumarkalar.org\/yazilar\/haberler\/8-mart-dunya-kadinlar-gununuz-kutlu-olsun"}],"up":[{"embeddable":true,"href":"https:\/\/www.kadindostumarkalar.org\/yazilar\/haberler\/8-mart-dunya-kadinlar-gununuz-kutlu-olsun"}],"wp:attachment":[{"href":"https:\/\/www.kadindostumarkalar.org\/img\/blog\/8-mart-dunya-kadinlar-gununuz-kutlu-olsun-0-54459.jpg"}],"curies":[{"name":".Net","href":"https:\/\/api.w.org\/{rel}","templated":true}]}}