{"id":646,"date":"2024-01-07T16:27:57","date_gmt":"2024-01-07T16:27:57","guid":{"rendered":"https:\/\/www.kadindostumarkalar.org\/yazilar\/kimya\/abdi-ibrahim-firsat-esitligi-modeli-sertifikasi-sahibi-oldu"},"modified":"2024-01-07T16:27:57","modified_gmt":"2024-01-07T16:27:57","slug":"abdi-ibrahim-firsat-esitligi-modeli-sertifikasi-sahibi-oldu","status":"publish","type":"page","link":"","title":{"rendered":"ABD\u0130 \u0130BRAH\u0130M ‘FIRSAT E\u015e\u0130TL\u0130\u011e\u0130 MODEL\u0130’ SERT\u0130F\u0130KASI SAH\u0130B\u0130 OLDU"},"content":{"rendered":"Abdi \u0130brahim, KAG\u0130DER’in i\u015f ya\u015fam\u0131nda toplumsal cinsiyet e\u015fitli\u011fini te\u015fvik etmek ve kad\u0131n\u0131n \u00fcretkenli\u011fini art\u0131rmak i\u00e7in D\u00fcnya Bankas\u0131 teknik deste\u011fi ile geli\u015ftirdi\u011fi ‘F\u0131rsat E\u015fitli\u011fi Modeli’ (FEM) sertifikas\u0131n\u0131 almaya hak kazand\u0131.   T\u00fcrkiye’nin iyile\u015ftiren g\u00fcc\u00fc olarak kendini tan\u0131mlayan Abdi \u0130brahim, sadece \u00fcr\u00fcnleriyle de\u011fil insan kayna\u011f\u0131na yapt\u0131\u011f\u0131 yat\u0131r\u0131mlar ve kapsay\u0131c\u0131l\u0131k alan\u0131ndaki \u00e7al\u0131\u015fmalar\u0131yla da sekt\u00f6r\u00fcne \u00f6rnek olmaya devam ediyor. Toplumsal cinsiyet e\u015fitli\u011fi  hedefine katk\u0131 sunan politikalar benimseyerek istihdamda kad\u0131n g\u00fc\u00e7lenmesine \u00f6ncelik veren Abdi \u0130brahim, son olarak kad\u0131n istihdam\u0131 n\u0131 te\u015fvik etmek i\u00e7in KAG\u0130DER ’in D\u00fcnya Bankas\u0131 teknik deste\u011fi, PricewaterhouseCoopers ve EY i\u015f birli\u011fi ile geli\u015ftirdi\u011fi “F\u0131rsat E\u015fitli\u011fi Modeli” (FEM)  sertifikas\u0131n\u0131 almaya da hak kazand\u0131.&nbsp; \u00c7\u0131k\u0131\u015f noktas\u0131; i\u015fe al\u0131m, e\u011fitim, kariyer planlama ve geli\u015ftirme gibi s\u00fcre\u00e7lerdeki e\u015fitsizlikleri saptamak ve i\u015f ya\u015fam\u0131nda cinsiyet ayr\u0131mc\u0131l\u0131\u011f\u0131na dayal\u0131 yakla\u015f\u0131mlar\u0131n \u00f6n\u00fcne ge\u00e7mek olan FEM, 2012 y\u0131l\u0131ndan bu yana veriliyor. FEM sertifikas\u0131, i\u015f ya\u015fam\u0131nda toplumsal cinsiyet e\u015fitli\u011fini te\u015fvik etmek \u00fczere \u00f6zel sekt\u00f6re destek olurken, istihdam ve kazan\u00e7larda e\u015fitli\u011fi destekleyerek i\u015f g\u00fcc\u00fcnde kad\u0131n\u0131n \u00fcretkenli\u011fini art\u0131rmay\u0131 ama\u00e7l\u0131yor. Abdi \u0130brahim Genel M\u00fcd\u00fcrl\u00fck binas\u0131nda d\u00fczenlenen sertifika teslim t\u00f6renine&nbsp;Abdi \u0130brahim \u0130nsan ve K\u00fclt\u00fcr Grup Ba\u015fkan\u0131 Deniz Daver,  Abdi \u0130brahim Kurumsal \u0130li\u015fkiler, S\u00fcrd\u00fcr\u00fclebilirlik ve \u0130leti\u015fim Direkt\u00f6r\u00fc Dr. M. O\u011fuzcan B\u00fclb\u00fcl,  KAG\u0130DER Y\u00f6netim Kurulu \u00dcyeleri Ne\u015fecan \u00c7ekici, \u00d6zlem Demirci Duyarlar &nbsp;kat\u0131ld\u0131. Abdi \u0130brahim, FEM sertifikas\u0131 alan 57. kurum oldu.  “Ya\u015fad\u0131\u011f\u0131m\u0131z d\u00fcnyay\u0131 ve toplumu ayn\u0131 mercek i\u00e7inde ele al\u0131yoruz”   Abdi \u0130brahim olarak, gelecek hedeflerine y\u00fcr\u00fcrken insana sayg\u0131l\u0131, kapsay\u0131c\u0131, etik ve sorumlu bir yakla\u015f\u0131mla hareket etmeyi ilke edindiklerini vurgulayarak s\u00f6zlerine ba\u015flayan Abdi \u0130brahim \u0130nsan ve K\u00fclt\u00fcr Grup Ba\u015fkan\u0131&nbsp;Deniz Daver, toplumsal cinsiyet e\u015fitli\u011fine ve istihdamda kad\u0131n\u0131n g\u00fc\u00e7lenmesine b\u00fcy\u00fck \u00f6nem ve \u00f6ncelik verdiklerini dile getirdi. \u0130stihdam\u0131, i\u015f hedeflerini, i\u00e7inde ya\u015fad\u0131\u011f\u0131m\u0131z d\u00fcnyay\u0131 ve toplumu ayn\u0131 mercek i\u00e7inde ele ald\u0131klar\u0131n\u0131 belirten Daver, lider ve lider aday\u0131 kadrolar\u0131na sunduklar\u0131 t\u00fcm geli\u015ftirme programlar\u0131nda kad\u0131n \u00e7al\u0131\u015fan kat\u0131l\u0131m\u0131n\u0131 en \u00fcst seviyede tutmak i\u00e7in te\u015fvik edici, \u00f6zendirici bir yakla\u015f\u0131m sergilediklerinden bahsetti. Markalar\u0131n bu alandaki duyarl\u0131 yakla\u015f\u0131mlar\u0131n\u0131n, ulusal ve uluslararas\u0131 kamuoyu nezdinde tescil edilmesini sa\u011flayan FEM sertifikas\u0131’n\u0131n, Abdi \u0130brahim’in kapsay\u0131c\u0131l\u0131k vizyonunu yans\u0131tan \u00f6nemli bir g\u00f6stergesi oldu\u011funu s\u00f6yleyen Daver, son olarak; “Biz FEM sertifikas\u0131n\u0131, bu alandaki kararl\u0131 ve devaml\u0131 \u00e7abam\u0131z\u0131n \u00f6d\u00fcl\u00fc olarak g\u00f6r\u00fcyoruz” \u015feklinde konu\u015ftu. T\u00f6rende yapt\u0131\u011f\u0131 konu\u015fmada, FEM sertifikas\u0131 program\u0131n\u0131n; T\u00fcrkiye’de i\u015f d\u00fcnyas\u0131nda toplumsal cinsiyet e\u015fitli\u011finin sa\u011flanmas\u0131, bu konuda fark\u0131ndal\u0131k  olu\u015fmas\u0131 i\u00e7in \u00f6rnek bir model oldu\u011funu belirten KAG\u0130DER Y\u00f6netim Kurulu \u00dcyesi&nbsp;Ne\u015fecan \u00c7ekici , FEM sertifikas\u0131 alan kurumlar\u0131n say\u0131s\u0131n\u0131n artmas\u0131ndan duyduklar\u0131 memnuniyeti dile getirirken de Abdi \u0130brahim’e bu konudaki duyarl\u0131l\u0131\u011f\u0131 i\u00e7in te\u015fekk\u00fcr etti. KAG\u0130DER Y\u00f6netim Kurulu \u00dcyesi&nbsp;\u00d6zlem Demirci Duyarlar &nbsp;ise&nbsp;her alanda olmas\u0131 gerekti\u011fi gibi i\u015f hayat\u0131nda da kad\u0131nlar\u0131n g\u00fc\u00e7lenmesini destekleyen e\u015fitlik\u00e7i politikalar\u0131n,&nbsp;T\u00fcrkiye’yi daha da ileri ta\u015f\u0131yaca\u011f\u0131na inand\u0131klar\u0131n\u0131 belirterek,&nbsp; “FEM sertifikas\u0131 alan kurumlar\u0131n say\u0131s\u0131 artt\u0131k\u00e7a e\u015fit bir d\u00fcnya hayalimize daha \u00e7ok yakla\u015f\u0131yoruz” &nbsp; dedi.&nbsp;  ","protected":false},"author":1,"featured_media":0,"parent":646,"menu_order":0,"comment_status":"open","ping_status":"closed","template":"","meta":{"_links_to":"https:\/\/www.kadindostumarkalar.org\/yazilar\/kimya\/abdi-ibrahim-firsat-esitligi-modeli-sertifikasi-sahibi-oldu","_links_to_target":"https:\/\/www.kadindostumarkalar.org\/yazilar\/kimya\/abdi-ibrahim-firsat-esitligi-modeli-sertifikasi-sahibi-oldu"},"_links":{"self":[{"href":"https:\/\/www.kadindostumarkalar.org\/yazilar\/kimya\/abdi-ibrahim-firsat-esitligi-modeli-sertifikasi-sahibi-oldu"}],"collection":[{"href":"urlver"}],"about":[{"href":""}],"author":[{"embeddable":true,"href":"https:\/\/www.kadindostumarkalar.org\/yazilar\/kimya\/abdi-ibrahim-firsat-esitligi-modeli-sertifikasi-sahibi-oldu"}],"replies":[{"embeddable":true,"href":"https:\/\/www.kadindostumarkalar.org\/yazilar\/kimya\/abdi-ibrahim-firsat-esitligi-modeli-sertifikasi-sahibi-oldu"}],"version-history":[{"count":1321,"href":"https:\/\/www.kadindostumarkalar.org\/yazilar\/kimya\/abdi-ibrahim-firsat-esitligi-modeli-sertifikasi-sahibi-oldu"}],"predecessor-version":[{"id":646,"href":"https:\/\/www.kadindostumarkalar.org\/yazilar\/kimya\/abdi-ibrahim-firsat-esitligi-modeli-sertifikasi-sahibi-oldu"}],"up":[{"embeddable":true,"href":"https:\/\/www.kadindostumarkalar.org\/yazilar\/kimya\/abdi-ibrahim-firsat-esitligi-modeli-sertifikasi-sahibi-oldu"}],"wp:attachment":[{"href":"https:\/\/www.kadindostumarkalar.org\/img\/blog\/kapakkk.jpg-7581.jpg"}],"curies":[{"name":".Net","href":"https:\/\/api.w.org\/{rel}","templated":true}]}}