{"id":551,"date":"2022-12-03T13:27:02","date_gmt":"2022-12-03T13:27:02","guid":{"rendered":"https:\/\/www.kadindostumarkalar.org\/yazilar\/kimya\/abdi-ibrahim-sampiyon-yuzucu-merve-tuncelin-sponsoru"},"modified":"2022-12-03T13:29:00","modified_gmt":"2022-12-03T13:29:00","slug":"abdi-ibrahim-sampiyon-yuzucu-merve-tuncelin-sponsoru","status":"publish","type":"page","link":"","title":{"rendered":"ABD\u0130 \u0130BRAH\u0130M, \u015eAMP\u0130YON Y\u00dcZ\u00dcC\u00dc MERVE TUNCEL’\u0130N SPONSORU"},"content":{"rendered":"110 y\u0131ld\u0131r ila\u00e7 sekt\u00f6r\u00fcnde faaliyet g\u00f6steren Abdi \u0130brahim, d\u00fcnya rekortmeni y\u00fcz\u00fcc\u00fc Emre Sakc\u0131’dan sonra bir ba\u015fka \u015fampiyon y\u00fcz\u00fcc\u00fcn\u00fcn daha sponsoru oldu.  T\u00fcrk ila\u00e7 sekt\u00f6r\u00fcn\u00fcn  20 y\u0131ld\u0131r kesintisiz lideri Abdi \u0130brahim , HEAL2030  s\u00fcrd\u00fcr\u00fclebilirlik stratejisinin en \u00f6nemli bile\u015fenlerinden toplumsal yat\u0131r\u0131m programlar\u0131 \u00e7er\u00e7evesinde \u00f6nemli bir ad\u0131m daha att\u0131. Sa\u011fl\u0131k  ve spor  ba\u015fl\u0131\u011f\u0131 alt\u0131nda, toplum ve \u00f6zellikle de gen\u00e7ler  i\u00e7in pozitif de\u011fer yaratacak projeleri hayata ge\u00e7iren Abdi \u0130brahim, serbest stilde Avrupa ve D\u00fcnya \u015fampiyonluklar\u0131 bulunan mili y\u00fcz\u00fcc\u00fc Merve Tuncel  ile 2 y\u0131ll\u0131k sponsorluk anla\u015fmas\u0131 imzalad\u0131. \u0130mza t\u00f6reni, Abdi \u0130brahim Y\u00f6netim Kurulu \u00fcyelerinin kat\u0131l\u0131m\u0131yla Abdi \u0130brahim’in Maslak’taki genel merkezinde ger\u00e7ekle\u015fti. Burada yapt\u0131\u011f\u0131 konu\u015fmada kad\u0131nlar\u0131n her alanda oldu\u011fu gibi sporda da desteklenmesinin b\u00fcy\u00fck \u00f6nem ta\u015f\u0131d\u0131\u011f\u0131n\u0131n alt\u0131n\u0131 \u00e7izen Nesrin Barut Esirtgen  s\u00f6zlerine \u015f\u00f6yle devam etti: “Merve Tuncel ile olan sponsorluk anla\u015fmam\u0131z, sporda kad\u0131n\u0131n yerinin kuvvetlenmesi ad\u0131na da anlam ta\u015f\u0131yor. Kad\u0131n sporcular\u0131m\u0131z\u0131n daha aktif olmas\u0131, sporun her alan\u0131nda faaliyet g\u00f6stermesi son derece k\u0131ymetli. En b\u00fcy\u00fck temennimiz hem Emre hem de Merve’nin uluslararas\u0131 yar\u0131\u015flarda k\u00fcrs\u00fcye \u00e7\u0131kmas\u0131 ve \u00fclkemize bu gururu ya\u015fatmalar\u0131. Abdi \u0130brahim olarak, gen\u00e7 sporcular\u0131m\u0131za zirveye giden yolda gereken her t\u00fcrl\u00fc maddi ve manevi deste\u011fi vermeye haz\u0131r\u0131z. Toplumsal sorumluluklar\u0131m\u0131z\u0131n bilinciyle spora ve gen\u00e7li\u011fe y\u00f6nelik projelere imza atmaya devam edece\u011fiz.” Merve Tuncel, T\u00fcrk ila\u00e7 sekt\u00f6r\u00fcn\u00fcn lideri Abdi \u0130brahim’in kendisine sponsor olmas\u0131ndan gurur ve mutluluk duydu\u011funu belirterek \u015f\u00f6yle dedi: “Geride kalan 13 y\u0131lda kazand\u0131\u011f\u0131m her ba\u015far\u0131da ailem ve antren\u00f6r\u00fcm\u00fcn deste\u011fini her daim yan\u0131mda hissettim. Art\u0131k kariyer yolculu\u011fumda yeni ve \u00e7ok g\u00fc\u00e7l\u00fc bir destek\u00e7im daha var: Abdi \u0130brahim. Kendi sekt\u00f6r\u00fcnde lider ve b\u00f6ylesine k\u00f6kl\u00fc bir markan\u0131n bana inanmas\u0131 gurur verici. Benim gibi kariyerinin hen\u00fcz ba\u015f\u0131ndaki gen\u00e7 sporculara duyulan g\u00fcven ve sa\u011flanan destekler, yeni ba\u015far\u0131lar  i\u00e7in bizleri olduk\u00e7a motive ediyor. Ayn\u0131 zamanda uluslararas\u0131 arenada rekabet g\u00fcc\u00fcm\u00fcz\u00fc de art\u0131r\u0131yor. T\u0131pk\u0131 Abdi \u0130brahim gibi ben de T\u00fcrkiye’yi en iyi \u015fekilde temsil etmek ve yapt\u0131\u011f\u0131m i\u015fte en iyisi olmak hedefiyle ilerliyor, bu ama\u00e7 i\u00e7in var g\u00fcc\u00fcmle \u00e7al\u0131\u015f\u0131yorum. \u015eahs\u0131ma g\u00f6sterdikleri ilgi ve gen\u00e7 sporculara verdikleri destek i\u00e7in Say\u0131n Nesrin Barut Esirtgen ve Say\u0131n Nezih Barut ’a ve onlar\u0131n nezdinde t\u00fcm Abdi \u0130brahim ailesine sonsuz te\u015fekk\u00fcrlerimi sunuyorum.” ","protected":false},"author":1,"featured_media":0,"parent":551,"menu_order":0,"comment_status":"open","ping_status":"closed","template":"","meta":{"_links_to":"https:\/\/www.kadindostumarkalar.org\/yazilar\/kimya\/abdi-ibrahim-sampiyon-yuzucu-merve-tuncelin-sponsoru","_links_to_target":"https:\/\/www.kadindostumarkalar.org\/yazilar\/kimya\/abdi-ibrahim-sampiyon-yuzucu-merve-tuncelin-sponsoru"},"_links":{"self":[{"href":"https:\/\/www.kadindostumarkalar.org\/yazilar\/kimya\/abdi-ibrahim-sampiyon-yuzucu-merve-tuncelin-sponsoru"}],"collection":[{"href":"urlver"}],"about":[{"href":""}],"author":[{"embeddable":true,"href":"https:\/\/www.kadindostumarkalar.org\/yazilar\/kimya\/abdi-ibrahim-sampiyon-yuzucu-merve-tuncelin-sponsoru"}],"replies":[{"embeddable":true,"href":"https:\/\/www.kadindostumarkalar.org\/yazilar\/kimya\/abdi-ibrahim-sampiyon-yuzucu-merve-tuncelin-sponsoru"}],"version-history":[{"count":1457,"href":"https:\/\/www.kadindostumarkalar.org\/yazilar\/kimya\/abdi-ibrahim-sampiyon-yuzucu-merve-tuncelin-sponsoru"}],"predecessor-version":[{"id":551,"href":"https:\/\/www.kadindostumarkalar.org\/yazilar\/kimya\/abdi-ibrahim-sampiyon-yuzucu-merve-tuncelin-sponsoru"}],"up":[{"embeddable":true,"href":"https:\/\/www.kadindostumarkalar.org\/yazilar\/kimya\/abdi-ibrahim-sampiyon-yuzucu-merve-tuncelin-sponsoru"}],"wp:attachment":[{"href":"https:\/\/www.kadindostumarkalar.org\/img\/blog\/abdi-ibrahim-sampiyon-yuzucu-merve-tuncelin-sponsoru-0-25505.jpg"}],"curies":[{"name":".Net","href":"https:\/\/api.w.org\/{rel}","templated":true}]}}