{"id":509,"date":"2022-10-26T12:23:58","date_gmt":"2022-10-26T12:23:58","guid":{"rendered":"https:\/\/www.kadindostumarkalar.org\/yazilar\/kariyer-basamaklari\/adidas-turkiyede-ust-duzey-iki-atama"},"modified":"2022-10-26T12:25:03","modified_gmt":"2022-10-26T12:25:03","slug":"adidas-turkiyede-ust-duzey-iki-atama","status":"publish","type":"page","link":"","title":{"rendered":"adidas T\u00dcRK\u0130YE’DE \u00dcST D\u00dcZEY \u0130K\u0130 ATAMA"},"content":{"rendered":"adidas T\u00fcrkiye iki \u00f6nemli g\u00f6rev i\u00e7in iki \u00fcst d\u00fczey atama ger\u00e7ekle\u015ftirdi.   adidas T\u00fcrkiye  \u0130nsan Kaynaklar\u0131 Direkt\u00f6r\u00fc olarak \u00e7al\u0131\u015fmakta olan Duygu G\u00fcnel , adidas Orta Do\u011fu ve Kuzey Afrika (MENA ) B\u00f6lgesinden Sorumlu K\u0131demli \u0130nsan Kaynaklar\u0131 Direkt\u00f6r\u00fc olarak atand\u0131. Yeni rol\u00fcnde Duygu G\u00fcnel, MENA liderlik ekibinin bir \u00fcyesi olarak b\u00f6lgenin insan kaynaklar\u0131 strateji s\u00fcre\u00e7lerinin sorumlulu\u011funu \u00fcstlenecek. \u0130nsan Kaynaklar\u0131 alan\u0131nda T\u00fcrkiye ve farkl\u0131 \u00fclkelerde olmak \u00fczere 18 y\u0131ll\u0131k deneyime sahip G\u00fcnel, adidas'a kat\u0131lmadan \u00f6nce Mars Inc  ve Avon 'da \u00e7al\u0131\u015ft\u0131. Mevcut g\u00f6revinde, son 4 y\u0131lda adidas T\u00fcrkiye'de \u0130K'y\u0131 ba\u015far\u0131yla y\u00f6neterek y\u00fcksek performansl\u0131 bir ekip ortam\u0131 olu\u015fturdu.  adidas T\u00fcrkiye’de bir di\u011fer atama da Tedarik Zinciri  y\u00f6netiminde ger\u00e7ekle\u015fti. T\u00fcrkiye Tedarik Zinciri Y\u00f6netiminden Sorumlu Direkt\u00f6rl\u00fck g\u00f6revine Emel \u00c7evik  atand\u0131. adidas T\u00fcrkiye Tedarik Zinciri Direkt\u00f6r\u00fc g\u00f6revini alan Emel \u00c7evik, t\u00fcm tedarik zinciri s\u00fcre\u00e7leriyle birlikte pazar ve finansal hedefleri desteklemek i\u00e7in strateji geli\u015ftirmekten; performans\u0131 art\u0131rmaya y\u00f6nelik olarak yetenekler, giri\u015fimler ile altyap\u0131 ve etkinle\u015ftiricilerden sorumlu olacak. Ayn\u0131 zamanda yerel y\u00f6netim ekibinin bir \u00fcyesi olarak, B\u00f6lge ve Global ekipler  ile yak\u0131n \u00e7al\u0131\u015farak pazar i\u015f plan\u0131 ve hedeflerinin ger\u00e7ekle\u015ftirilmesine katk\u0131da bulunacak. \u00c7evik, Avon, Crown Holdings, SC Jhonson  ve Roche  gibi global \u015firketlerde olmak \u00fczere 20 y\u0131ll\u0131k tedarik zinciri deneyimine sahip. ","protected":false},"author":1,"featured_media":0,"parent":509,"menu_order":0,"comment_status":"open","ping_status":"closed","template":"","meta":{"_links_to":"https:\/\/www.kadindostumarkalar.org\/yazilar\/kariyer-basamaklari\/adidas-turkiyede-ust-duzey-iki-atama","_links_to_target":"https:\/\/www.kadindostumarkalar.org\/yazilar\/kariyer-basamaklari\/adidas-turkiyede-ust-duzey-iki-atama"},"_links":{"self":[{"href":"https:\/\/www.kadindostumarkalar.org\/yazilar\/kariyer-basamaklari\/adidas-turkiyede-ust-duzey-iki-atama"}],"collection":[{"href":"urlver"}],"about":[{"href":""}],"author":[{"embeddable":true,"href":"https:\/\/www.kadindostumarkalar.org\/yazilar\/kariyer-basamaklari\/adidas-turkiyede-ust-duzey-iki-atama"}],"replies":[{"embeddable":true,"href":"https:\/\/www.kadindostumarkalar.org\/yazilar\/kariyer-basamaklari\/adidas-turkiyede-ust-duzey-iki-atama"}],"version-history":[{"count":1179,"href":"https:\/\/www.kadindostumarkalar.org\/yazilar\/kariyer-basamaklari\/adidas-turkiyede-ust-duzey-iki-atama"}],"predecessor-version":[{"id":509,"href":"https:\/\/www.kadindostumarkalar.org\/yazilar\/kariyer-basamaklari\/adidas-turkiyede-ust-duzey-iki-atama"}],"up":[{"embeddable":true,"href":"https:\/\/www.kadindostumarkalar.org\/yazilar\/kariyer-basamaklari\/adidas-turkiyede-ust-duzey-iki-atama"}],"wp:attachment":[{"href":"https:\/\/www.kadindostumarkalar.org\/img\/blog\/adidas-turkiyede-ust-duzey-iki-atama-0-24872.jpg"}],"curies":[{"name":".Net","href":"https:\/\/api.w.org\/{rel}","templated":true}]}}