{"id":375,"date":"2022-03-18T00:00:00","date_gmt":"2022-03-18T00:00:00","guid":{"rendered":"https:\/\/www.kadindostumarkalar.org\/yazilar\/haberler\/aktif-bank-ekonomide-aktif-kadinlar-projesini-baslatti"},"modified":"2022-06-06T17:27:45","modified_gmt":"2022-06-06T17:27:45","slug":"aktif-bank-ekonomide-aktif-kadinlar-projesini-baslatti","status":"publish","type":"page","link":"","title":{"rendered":"AKT\u0130F BANK “EKONOM\u0130DE AKT\u0130F KADINLAR” PROJES\u0130N\u0130 BA\u015eLATTI"},"content":{"rendered":"T\u00fcrkiye’nin g\u00fc\u00e7l\u00fc bankalar\u0131ndan&nbsp;Aktif Bank, dar gelirli kad\u0131n giri\u015fimcileri desteklemek i\u00e7in T\u00fcrkiye GrameenMikrofinans  Program\u0131  i\u015fbirli\u011fi ile  “Ekonomide Aktif Kad\u0131nlar ” fark\u0131ndal\u0131k projesine imza att\u0131. Proje kapsam\u0131nda, mikrofinansman ve e\u011fitim ile kad\u0131nlar\u0131 giri\u015fimcilik yolunda destekleyecek olan Aktif Bank, projenin duyurusunu 8 Mart D\u00fcnya Kad\u0131nlar G\u00fcn\u00fc’nde yapt\u0131.  Aktif Bank, 8 Mart D\u00fcnya Kad\u0131nlar G\u00fcn\u00fc kapsam\u0131nda \u00f6nemli bir projeyi hayata ge\u00e7irdi. “Ekonomide Aktif Kad\u0131nlar ” adl\u0131 yeni projesiyle Aktif Bank, T\u00fcrkiye GrameenMikrofinans  Program\u0131  i\u015fbirli\u011fi ile dar gelirli mikrogiri\u015fimci  kad\u0131nlar\u0131n  gelir getirici faaliyetlerinin s\u00fcrd\u00fcr\u00fclebilir olmas\u0131na katk\u0131da bulunacak. Ayr\u0131ca global bilgi hizmetleri \u015firketi Experian ’\u0131n verece\u011fi “Finansal Gelece\u011fini Y\u00f6net ” isimli e\u011fitim program\u0131 ile de kad\u0131nlar\u0131 giri\u015fimcilik  yolculu\u011funda destekleyecek. Proje ile giri\u015fimci kad\u0131nlar\u0131n i\u015fi kolayla\u015facak  Kad\u0131nlar\u0131n ekonomideki varl\u0131\u011f\u0131n\u0131n g\u00fc\u00e7lendirilmesine b\u00fcy\u00fck \u00f6nem verdiklerini belirten Aktif Bank Genel M\u00fcd\u00fcr\u00fc Ay\u015feg\u00fcl Adaca , Aktif Bank olarak her alanda cinsiyet e\u015fitli\u011fi nin \u00f6nemine inand\u0131klar\u0131n\u0131 ve insan kaynaklar\u0131 politikalar\u0131ndan sosyal sorumluluk alan\u0131na kadar kad\u0131nlara y\u00f6nelik aksiyonlar\u0131n\u0131 art\u0131rmak i\u00e7in \u00e7al\u0131\u015ft\u0131klar\u0131n\u0131 dile getirdi. Bu anlay\u0131\u015fla hayata ge\u00e7irilen ‘Ekonomide Aktif Kad\u0131nlar’ projesinin en \u00f6nemli ama\u00e7lar\u0131ndan birinin, bankac\u0131l\u0131k sistemine dahil olmayan dar gelirli mikrogiri\u015fimci kad\u0131nlar\u0131 finansal sisteme ve ekonomiye kazand\u0131rmak oldu\u011funun alt\u0131n\u0131 \u00e7izen Adaca, “Kurgulad\u0131\u011f\u0131m\u0131z mikrokredi projesiyle kad\u0131nlar\u0131n kredi skorlar\u0131n\u0131 ve finansal profillerini olu\u015fturarak, onlar\u0131n bu mikrokredi  sonras\u0131nda finansal enstr\u00fcmanlara ula\u015fmas\u0131n\u0131 da kolayla\u015ft\u0131raca\u011f\u0131z. Yarat\u0131lan bu finansal ge\u00e7mi\u015f ve Experian taraf\u0131ndan verilecek e\u011fitimin de g\u00fcc\u00fcyle, kad\u0131nlar\u0131n i\u015flerine dair donan\u0131mlar\u0131n\u0131 art\u0131rmay\u0131, mikrogiri\u015fimcilik ser\u00fcveninde ba\u015far\u0131ya ula\u015fmalar\u0131n\u0131 ve daha b\u00fcy\u00fck giri\u015fimlere at\u0131lmalar\u0131nda onlara altyap\u0131 sa\u011flamay\u0131 hedefliyoruz” dedi. “Hedefimiz 3 y\u0131lda 5 bin kad\u0131na ula\u015fmak”   Aktif Bank Perakende Bankac\u0131l\u0131k Grup Ba\u015fkan\u0131 P\u0131nar Y\u0131lmaz  ise konuya ili\u015fkin a\u00e7\u0131klamas\u0131nda, ilk a\u015famada T\u00fcrkiye GrameenMikrofinans Program\u0131 ile i\u015fbirli\u011fi ile bin kad\u0131na 2 biner TL olmak \u00fczere toplam 2 milyon TL mikrokredi sa\u011flayacaklar\u0131n\u0131 belirtti. “Ekonomide Aktif Kad\u0131nlar” projesiyle, mikrogiri\u015fimci kad\u0131nlara hem s\u00fcrd\u00fcr\u00fclebilir gelir yaratma konusunda hem de giri\u015fimcilik yolculuklar\u0131nda destek olacaklar\u0131n\u0131 kaydeden Y\u0131lmaz, \u00f6ncelikle imkan sa\u011flayacaklar\u0131 faizsiz ve 12 ay vadeli mikrokredilerle, mikro anlamda i\u015f kuracak kad\u0131n giri\u015fimci lere sermaye deste\u011fi sa\u011flayacaklar\u0131n\u0131 ve finansal profillerini olu\u015fturacaklar\u0131n\u0131, ard\u0131ndan Experian i\u015f birli\u011fiyle ‘Finansal Gelece\u011fini Y\u00f6net’ isimli e\u011fitimi vererek dan\u0131\u015fmanl\u0131k da sunacaklar\u0131n\u0131 ifade etti. Y\u0131lmaz proje detaylar\u0131n\u0131 \u015fu \u015fekilde aktard\u0131: “T\u00fcrkiye GrameenMikrofinans Program\u0131’n\u0131n varl\u0131k g\u00f6sterdi\u011fi 65 ilde y\u00fcr\u00fctece\u011fimiz projenin ilerleyen a\u015famalar\u0131nda ise i\u015f geli\u015ftirme, i\u015f i\u00e7in gerekli malzeme al\u0131m\u0131na y\u00f6nelik kredi s\u00fcre\u00e7leri de tasarl\u0131yoruz. Bunun yan\u0131 s\u0131ra hayvanc\u0131l\u0131k ve tar\u0131m gibi alternatif sekt\u00f6rlerde de giri\u015fimci olmak isteyen kad\u0131nlar\u0131 kapsama dahil etmeyi hedefliyoruz. Uzun soluklu olmas\u0131n\u0131 ama\u00e7lad\u0131\u011f\u0131m\u0131z bu projenin verimlilik \u00f6l\u00e7\u00fcmleri sonras\u0131nda, daha fazla kad\u0131na ula\u015fmay\u0131, onlara hem sermaye hem de e\u011fitim konusunda destek olmay\u0131 planl\u0131yoruz. Hedefimiz 3 y\u0131lda 5 bin kad\u0131na ula\u015fmak” dedi. M\u00fcmin: “Bu projede yer almaktan gurur duyuyoruz”  Aktif Bank’\u0131n hayata ge\u00e7irdi\u011fi “Ekonomide Aktif Kad\u0131nlar” projesinde yer almaktan gurur duyduklar\u0131n\u0131 belirten Experian Genel M\u00fcd\u00fcr\u00fc Samile M\u00fcmin , Experian olarak, d\u00fcnyan\u0131n pek \u00e7ok \u00fclkesinde benzer projelerde finansal kapsay\u0131c\u0131l\u0131k  anlam\u0131nda kad\u0131nlara destek olmaya \u00e7al\u0131\u015ft\u0131klar\u0131n\u0131 ifade etti. Experian’\u0131n projedeki temel rol\u00fcn\u00fcn, finansal hizmetlere bu proje vesilesiyle ula\u015fabilecek kad\u0131nlar\u0131n, krediye eri\u015fimlerini uzun vadede de m\u00fcmk\u00fcn k\u0131lacak e\u011fitim deste\u011fini vermek oldu\u011funun alt\u0131n\u0131 \u00e7izen M\u00fcmin, projenin inovatif taraf\u0131nda ise daha \u00f6nce kredi kullanmam\u0131\u015f ve sekt\u00f6rde herhangi bir referans bilgisi olmayan ki\u015filerin de\u011ferlendirilmesini kolayla\u015ft\u0131racak alternatif veri kaynaklar\u0131 \u00fczerinde, partnerleriyle birlikte \u00e7al\u0131\u015fmay\u0131 hedeflediklerini a\u00e7\u0131klad\u0131. Akg\u00fcl: “Yoksullu\u011fu azaltmak i\u00e7in dar gelirlilerin gelir getirici faaliyetlerde bulunmalar\u0131 desteklenmeli”  T\u00fcrkiye GrameenMikrofinans Program\u0131 (TGMP ) olarak 2003 y\u0131l\u0131ndan beri yoksullu\u011fun azalt\u0131lmas\u0131na y\u00f6nelik dar gelirli kad\u0131nlar\u0131n  gelir getirici faaliyette bulunmalar\u0131n\u0131 sa\u011flayacak \u015fekilde, tamamen g\u00fcvene dayal\u0131 olarak, ancak geri d\u00f6n\u00fc\u015fl\u00fc mikrokredi verdiklerini belirten T\u00fcrkiye \u0130sraf\u0131 \u00d6nleme Vakf\u0131 (T\u0130SVA ) M\u00fctevelli Heyeti Ba\u015fkan\u0131 Halil Fatih Akg\u00fcl,  T\u00fcrkiye’deki mikrokredi uygulamas\u0131n\u0131n ilk defa Diyarbak\u0131r ’da ba\u015flat\u0131ld\u0131 bilgisini verdi. Bug\u00fcne kadar 65 il 94 \u015fubede, 200 binden fazla yoksul giri\u015fimci kad\u0131n\u0131n  mikro giri\u015fimci olmalar\u0131na yard\u0131mc\u0131 olacak \u015fekilde, toplam olarak 1 milyar 274 milyon lira mikrokredi da\u011f\u0131t\u0131m\u0131 yapt\u0131klar\u0131n\u0131 kaydeden Akg\u00fcl, verilen mikrokredilerde geri d\u00f6n\u00fc\u015f oran\u0131n\u0131n y\u00fczde 100 oldu\u011funu ifade etti. Akg\u00fcl: “Hibe \u015feklindeki yard\u0131mlar; \u00e7al\u0131\u015famayacak durumda olan ki\u015filere nakdi ve ayni \u015fekilde yap\u0131lmal\u0131d\u0131r. Ancak \u00e7al\u0131\u015fabilecek durumda olan b\u00fct\u00fcn dar gelirliler ise Aktif Bank’\u0131n yapt\u0131\u011f\u0131 gibi finansal olarak desteklenmelidir.&nbsp;Dar gelirli kad\u0131nlar\u0131n gelir getirici faaliyetlerde bulunmas\u0131n\u0131 desteklemek amac\u0131yla, Experian’\u0131n verece\u011fi ‘Finansal Gelece\u011fini Y\u00f6net’ isimli e\u011fitim program\u0131 da \u00e7ok k\u0131ymetlidir. Aktif Bank ile ‘Ekonomide Aktif Kad\u0131nlar’ projesinde yer almaktan b\u00fcy\u00fck mutluluk duyuyoruz” diyerek s\u00f6zlerini tamamlad\u0131. ","protected":false},"author":1,"featured_media":0,"parent":375,"menu_order":0,"comment_status":"open","ping_status":"closed","template":"","meta":{"_links_to":"https:\/\/www.kadindostumarkalar.org\/yazilar\/haberler\/aktif-bank-ekonomide-aktif-kadinlar-projesini-baslatti","_links_to_target":"https:\/\/www.kadindostumarkalar.org\/yazilar\/haberler\/aktif-bank-ekonomide-aktif-kadinlar-projesini-baslatti"},"_links":{"self":[{"href":"https:\/\/www.kadindostumarkalar.org\/yazilar\/haberler\/aktif-bank-ekonomide-aktif-kadinlar-projesini-baslatti"}],"collection":[{"href":"urlver"}],"about":[{"href":""}],"author":[{"embeddable":true,"href":"https:\/\/www.kadindostumarkalar.org\/yazilar\/haberler\/aktif-bank-ekonomide-aktif-kadinlar-projesini-baslatti"}],"replies":[{"embeddable":true,"href":"https:\/\/www.kadindostumarkalar.org\/yazilar\/haberler\/aktif-bank-ekonomide-aktif-kadinlar-projesini-baslatti"}],"version-history":[{"count":1167,"href":"https:\/\/www.kadindostumarkalar.org\/yazilar\/haberler\/aktif-bank-ekonomide-aktif-kadinlar-projesini-baslatti"}],"predecessor-version":[{"id":375,"href":"https:\/\/www.kadindostumarkalar.org\/yazilar\/haberler\/aktif-bank-ekonomide-aktif-kadinlar-projesini-baslatti"}],"up":[{"embeddable":true,"href":"https:\/\/www.kadindostumarkalar.org\/yazilar\/haberler\/aktif-bank-ekonomide-aktif-kadinlar-projesini-baslatti"}],"wp:attachment":[{"href":"https:\/\/www.kadindostumarkalar.org\/img\/blog\/1646387146_AKTI__FBANK_16-1985x2048.jpg"}],"curies":[{"name":".Net","href":"https:\/\/api.w.org\/{rel}","templated":true}]}}