{"id":659,"date":"2024-01-31T22:55:20","date_gmt":"2024-01-31T22:55:20","guid":{"rendered":"https:\/\/www.kadindostumarkalar.org\/yazilar\/dunya-turu\/alicia-cahuiya-yerli-halklarin-hak-savunucusu-ekvador"},"modified":"2024-01-31T22:55:20","modified_gmt":"2024-01-31T22:55:20","slug":"alicia-cahuiya-yerli-halklarin-hak-savunucusu-ekvador","status":"publish","type":"page","link":"","title":{"rendered":"Alicia Cahuiya, Yerli Halklar\u0131n Hak Savunucusu, Ekvador "},"content":{"rendered":"Amazon ya\u011fmur ormanlar\u0131n\u0131n, d\u00fcnya ikliminin s\u00fcrd\u00fcr\u00fclebilirli\u011fi \u00fczerindeki \u00f6nemi art\u0131k herkes taraf\u0131ndan bilinen bilimsel bir ger\u00e7ek.  Amazon ormanlar\u0131n\u0131 koruma m\u00fccadelesinin \u00f6nde gelen isimlerinden biri de Ekvadorlu Alicia Cahuiya. Alicia bu y\u0131l b\u00fcy\u00fck bir zafer kazand\u0131. A\u011fustos ay\u0131nda yap\u0131lan tarihi bir referandumda Ekvador, Yasuní Ulusal Park\u0131 'ndaki t\u00fcm yeni petrol kuyular\u0131n\u0131n durdurulmas\u0131 y\u00f6n\u00fcnde oy kulland\u0131. Bu karar, devlet petrol \u015firketinin gezegendeki en y\u00fcksek biyolojik \u00e7e\u015fitlili\u011fe sahip ve temasa ge\u00e7ilmemi\u015f yerli n\u00fcfuslar\u0131n bulundu\u011fu b\u00f6lgelerden birinde faaliyetlerini sona erdirmesi anlam\u0131na geliyor. Yasuní'de do\u011fan ve Waorani  (NAWE) halk\u0131n\u0131n liderlerinden biri olan Cahuiya, on y\u0131l\u0131 a\u015fk\u0131n bir s\u00fcredir bu referandum i\u00e7in kampanya y\u00fcr\u00fct\u00fcyordu ve halen Ekvador Yerli Halklar Konfederasyonu'nda kad\u0131n b\u00f6l\u00fcm\u00fcn\u00fcn ba\u015fkanl\u0131\u011f\u0131n\u0131 yap\u0131yor. Alicia Cahuiya: “\u0130klim de\u011fi\u015fikli\u011fi ekinlerimizi yok eden sellere neden oldu ve bizim i\u00e7in her \u015feyi de\u011fi\u015ftirdi. G\u00fcne\u015f \u00e7ok s\u0131cak oldu\u011funda ve kurakl\u0131k ya\u015fand\u0131\u011f\u0131nda, yiyeceklerimizin b\u00fcy\u00fck bir k\u0131sm\u0131 kayboluyor, bu da bize b\u00fcy\u00fck bir \u00fcz\u00fcnt\u00fc veriyor \u00e7\u00fcnk\u00fc mahsuller i\u00e7in harcanan t\u00fcm emeklerimiz bo\u015fa gidiyor” diyor. ","protected":false},"author":1,"featured_media":0,"parent":659,"menu_order":0,"comment_status":"open","ping_status":"closed","template":"","meta":{"_links_to":"https:\/\/www.kadindostumarkalar.org\/yazilar\/dunya-turu\/alicia-cahuiya-yerli-halklarin-hak-savunucusu-ekvador","_links_to_target":"https:\/\/www.kadindostumarkalar.org\/yazilar\/dunya-turu\/alicia-cahuiya-yerli-halklarin-hak-savunucusu-ekvador"},"_links":{"self":[{"href":"https:\/\/www.kadindostumarkalar.org\/yazilar\/dunya-turu\/alicia-cahuiya-yerli-halklarin-hak-savunucusu-ekvador"}],"collection":[{"href":"urlver"}],"about":[{"href":""}],"author":[{"embeddable":true,"href":"https:\/\/www.kadindostumarkalar.org\/yazilar\/dunya-turu\/alicia-cahuiya-yerli-halklarin-hak-savunucusu-ekvador"}],"replies":[{"embeddable":true,"href":"https:\/\/www.kadindostumarkalar.org\/yazilar\/dunya-turu\/alicia-cahuiya-yerli-halklarin-hak-savunucusu-ekvador"}],"version-history":[{"count":7478,"href":"https:\/\/www.kadindostumarkalar.org\/yazilar\/dunya-turu\/alicia-cahuiya-yerli-halklarin-hak-savunucusu-ekvador"}],"predecessor-version":[{"id":659,"href":"https:\/\/www.kadindostumarkalar.org\/yazilar\/dunya-turu\/alicia-cahuiya-yerli-halklarin-hak-savunucusu-ekvador"}],"up":[{"embeddable":true,"href":"https:\/\/www.kadindostumarkalar.org\/yazilar\/dunya-turu\/alicia-cahuiya-yerli-halklarin-hak-savunucusu-ekvador"}],"wp:attachment":[{"href":"https:\/\/www.kadindostumarkalar.org\/img\/blog\/alicia-cahuiya-yerli-halklarin-hak-savunucusu-ekvador-0-36325.jpg"}],"curies":[{"name":".Net","href":"https:\/\/api.w.org\/{rel}","templated":true}]}}