{"id":648,"date":"2024-01-08T17:48:43","date_gmt":"2024-01-08T17:48:43","guid":{"rendered":"https:\/\/www.kadindostumarkalar.org\/yazilar\/sigorta\/allianz-turkiyeden-bir-kiz-gelecek-projesi"},"modified":"2024-01-09T14:15:08","modified_gmt":"2024-01-09T14:15:08","slug":"allianz-turkiyeden-bir-kiz-gelecek-projesi","status":"publish","type":"page","link":"","title":{"rendered":"ALL\u0130ANZ T\u00dcRK\u0130YE’DEN “B\u0130R KIZ GELECEK” PROJES\u0130"},"content":{"rendered":"Allianz T\u00fcrkiye, T\u00fcrkiye Korunmaya Muhta\u00e7 \u00c7ocuklar (Koruncuk) Vakf\u0131 ile birlikte, ya\u015fam ve e\u011fitim hakk\u0131 risk alt\u0131ndaki k\u0131z \u00e7ocuklar\u0131 koruncuklar i\u00e7in “Bir K\u0131z Gelecek” program\u0131n\u0131 ba\u015flatt\u0131.  Cumhuriyet’in 100. y\u0131l\u0131nda Allianz T\u00fcrkiye, Cumhuriyet ile ya\u015f\u0131t bir kurum olarak \u00e7ok katmanl\u0131 ve uzun soluklu bir kurumsal sosyal sorumluluk program\u0131na imza atan Allianz T\u00fcrkiye, T\u00fcrkiye Korunmaya Muhta\u00e7 \u00c7ocuklar (Koruncuk) Vakf\u0131 ile birlikte, ya\u015fam ve e\u011fitim hakk\u0131 risk alt\u0131ndaki k\u0131z \u00e7ocuklar\u0131 koruncuklar i\u00e7in “Bir K\u0131z Gelecek” program\u0131n\u0131 ba\u015flat\u0131yor.  “T\u00fcrkiye’nin Allianz’\u0131” olarak s\u00fcrd\u00fcr\u00fclebilir de\u011fer yaratma modeli kapsam\u0131nda, toplumun iyili\u011fi i\u00e7in gelecek nesilleri cesaretlendirmek amac\u0131yla \u00e7al\u0131\u015fan Allianz T\u00fcrkiye, gelecek nesillere yapt\u0131\u011f\u0131 t\u00fcm toplumsal yat\u0131r\u0131mlar\u0131n s\u00fcrd\u00fcr\u00fclebilir kalk\u0131nma  ama\u00e7lar\u0131na de\u011fer yaratmas\u0131 i\u00e7in de emek veriyor. “\u0130klim eylemi ”, “sa\u011fl\u0131k ve kaliteli ya\u015fam ”, “nitelikli e\u011fitim ”, “toplumsal cinsiyet e\u015fitli\u011fi ” ile “insana yak\u0131\u015f\u0131r i\u015f ve ekonomik b\u00fcy\u00fcme” ama\u00e7lar\u0131na destek veren pek \u00e7ok proje ve program y\u00fcr\u00fcten Allianz T\u00fcrkiye, 2016 y\u0131l\u0131ndan bu yana birlikte y\u00fcr\u00fcd\u00fc\u011f\u00fc Koruncuk Vakf\u0131 ile olan i\u015f birli\u011fini, 100. y\u0131l\u0131nda hayata ge\u00e7irdi\u011fi “Bir K\u0131z Gelecek” program\u0131yla bir ad\u0131m \u00f6teye ta\u015f\u0131yor. Allianz T\u00fcrkiye program\u0131n misyonu kapsam\u0131nda Allianz Grubu’nun da deste\u011fiyle depremzede k\u0131zlar\u0131n Koruncuk Vakf\u0131 b\u00fcnyesine kat\u0131lmalar\u0131n\u0131  ve yeni bir yurt binas\u0131 in\u015fa ederek vakf\u0131n mevcut kapasitesinin yakla\u015f\u0131k iki kat\u0131na \u00e7\u0131kar\u0131lmas\u0131n\u0131 sa\u011flayacak. Allianz T\u00fcrkiye ayr\u0131ca, 2030 y\u0131l\u0131na kadar devam etmesi planlanan uzun soluklu program kapsam\u0131nda koruncuklar\u0131n ya\u015fam boyu destek\u00e7isi olma vizyonuyla onlara \u00fcniversite bursu verecek, geli\u015fim ve istihdam imkânlar\u0131 yaratacak. Katmanl\u0131 ve uzun soluklu program\u0131n odak alanlar\u0131  Allianz T\u00fcrkiye’nin “Bir K\u0131z Gelecek” program\u0131n\u0131n “\u0130nsan Oda\u011f\u0131” katman\u0131nda, Allianz Grubu’nun da deste\u011fiyle, 6 \u015eubat depremlerinden etkilenen yirmi be\u015f k\u0131z \u00e7ocu\u011fu, d\u00f6rt y\u0131l boyunca Koruncuk Vakf\u0131 b\u00fcnyesine kat\u0131lacak. Bu \u00e7ocuklar\u0131n; haklar\u0131n\u0131n bilincinde, sa\u011fl\u0131kl\u0131, g\u00fc\u00e7l\u00fc, \u00f6zg\u00fcvenli, \u00fcreten, de\u011fer yaratan, sorumlu bireyler olarak toplumda yer almalar\u0131n\u0131 sa\u011flamak amac\u0131yla, onlara sosyo-ekonomik a\u00e7\u0131dan \u00f6nleyici, koruyucu ve iyile\u015ftirici \u00e7\u00f6z\u00fcmler sunulacak. Ayn\u0131 zamanda bar\u0131nma, e\u011fitime eri\u015fim ve dan\u0131\u015fmanl\u0131k hizmetleri de sa\u011flanacak. Program\u0131n “Kurum Oda\u011f\u0131” katman\u0131nda, Koruncuk Vakf\u0131’n\u0131n daha fazla k\u0131z \u00e7ocu\u011fu nu koruma alt\u0131na alabilmesi ve onlara yuva olabilmesi i\u00e7in harekete ge\u00e7ilecek. Allianz Grubu’nun ve Allianz T\u00fcrkiye’nin deste\u011fiyle in\u015fa edilecek yeni yurt binas\u0131yla birlikte, vakf\u0131n kapasitesi yakla\u015f\u0131k iki kat\u0131na \u00e7\u0131kar\u0131lacak. \u0130stanbul Bolluca’da yer alan Koruncukk\u00f6y’de yap\u0131lacak yurdun proje \u00e7al\u0131\u015fmalar\u0131 ba\u015flarken, temel atma a\u015famas\u0131na en k\u0131sa s\u00fcrede ge\u00e7ilmesi planlan\u0131yor. “\u00dcniversite Oda\u011f\u0131” katman\u0131nda, 10-18 ya\u015f aras\u0131na hizmet verebilen Koruncuk Vakf\u0131 b\u00fcnyesinden, lisenin sona ermesiyle ayr\u0131lmak zorunda kalan koruncuklar  destekleniyor. Allianz T\u00fcrkiye, herhangi bir ba\u015far\u0131 \u015fart\u0131 aramadan \u00fcniversitelerin iki y\u0131ll\u0131k veya d\u00f6rt y\u0131ll\u0131k b\u00f6l\u00fcmlerini kazanan t\u00fcm koruncuklara \u00fcniversite \u00f6\u011frenimleri boyunca destek vermeye ba\u015fl\u0131yor. Allianz T\u00fcrkiye, koruncuklar\u0131n ya\u015fam boyu destek\u00e7isi olma vizyonuyla geli\u015ftirdi\u011fi “Bir K\u0131z Gelecek” program\u0131n\u0131n “Geli\u015fim ve \u0130stihdam Oda\u011f\u0131” katman\u0131nda, koruncuklar\u0131n meslek sahibi olabilmelerine ve e\u011fitim hayat\u0131ndan sonra kendi ayaklar\u0131n\u0131n \u00fczerinde durabilmelerine destek olmay\u0131 ama\u00e7l\u0131yor. Odak kapsam\u0131nda liseli koruncuklar i\u00e7in mentorluk programlar\u0131 geli\u015ftirilerek liseden sonraki tercihlerini daha bilin\u00e7li \u015fekilde yapmalar\u0131 sa\u011flanacak. Sigortac\u0131 olmak isteyen koruncuklara liseden sonra mesleki e\u011fitimler verilecek. \u00d6zel sekt\u00f6rde \u00e7al\u0131\u015fmay\u0131 hedefleyen \u00fcniversiteli koruncuklara ise Allianz T\u00fcrkiye staj programlar\u0131nda kontenjan ayr\u0131l\u0131rken, Allianz T\u00fcrkiye ya da da\u011f\u0131t\u0131m kanallar\u0131n\u0131n b\u00fcnyesinde istihdam imkân\u0131 yarat\u0131lacak. “Gelecek nesillerimizin yar\u0131nlara umutla bakmas\u0131 i\u00e7in ya\u015fam boyu yanlar\u0131nday\u0131z”  ‘T\u00fcrkiye’nin Allianz’\u0131’ olarak toplumun iyili\u011fi i\u00e7in \u00f6nceliklerinin, gelecek nesilleri cesaretlendirmek ve onlar i\u00e7in de\u011fer yaratmak oldu\u011funun alt\u0131n\u0131 \u00e7izerek konu\u015fmas\u0131na ba\u015flayan Allianz T\u00fcrkiye CEO’su Tolga G\u00fcrkan ; “Y\u0131llard\u0131r her ad\u0131m\u0131m\u0131z\u0131, s\u00fcrd\u00fcr\u00fclebilir de\u011fer yaratma modelimizin \u0131\u015f\u0131\u011f\u0131nda bu do\u011frultuda at\u0131yor; gelecek nesillerimize yapt\u0131\u011f\u0131m\u0131z yat\u0131r\u0131mlar\u0131n k\u00fcresel ama\u00e7lara da hizmet etmesi i\u00e7in \u00e7al\u0131\u015f\u0131yoruz. Hem Cumhuriyetimizin hem de k\u00f6klerini \u015eark Sigorta’dan alan Allianz T\u00fcrkiye’nin bu topraklardaki 100. y\u0131l\u0131nda, cesur bir ad\u0131m daha at\u0131yoruz. Ya\u015fam ve e\u011fitim hakk\u0131 risk alt\u0131ndaki k\u0131z \u00e7ocuklar\u0131n\u0131n haklar\u0131n\u0131n bilincinde, sa\u011fl\u0131kl\u0131, g\u00fc\u00e7l\u00fc, \u00f6zg\u00fcvenli, \u00fcreten, de\u011fer yaratan sorumlu bireyler olarak toplumda yer almalar\u0131n\u0131 sa\u011flamak amac\u0131yla \u00e7al\u0131\u015fan Koruncuk Vakf\u0131 ile y\u0131llard\u0131r devam eden i\u015f birli\u011fimizi, katmanl\u0131 bir sosyal sorumluluk  program\u0131yla daha da ileriye ta\u015f\u0131man\u0131n mutlulu\u011funu ya\u015f\u0131yoruz. Program\u0131m\u0131z\u0131n misyonu kapsam\u0131nda depremzede k\u0131zlar\u0131n Koruncuk Vakf\u0131 b\u00fcnyesine kat\u0131lmalar\u0131n\u0131 ve yeni bir yurt binas\u0131 in\u015fa ederek vakf\u0131n mevcut kapasitesinin yakla\u015f\u0131k iki kat\u0131na \u00e7\u0131kar\u0131lmas\u0131n\u0131 sa\u011flayaca\u011f\u0131z. Ayr\u0131ca, 2030 y\u0131l\u0131na kadar devam etmesini hedefledi\u011fimiz program\u0131m\u0131z kapsam\u0131nda koruncuklar\u0131n ya\u015fam boyu destek\u00e7isi olma vizyonuyla onlara \u00fcniversite bursu verecek, geli\u015fim ve istihdam imkânlar\u0131 yarataca\u011f\u0131z. Gelecek nesillerimizin yar\u0131nlara umutla bakmas\u0131 i\u00e7in Allianz T\u00fcrkiye olarak yanlar\u0131ndaki g\u00fc\u00e7 olmaktan ve elimizden gelen katk\u0131y\u0131 sa\u011flamaktan mutluluk duyaca\u011f\u0131z” \u015feklinde devam etti. “Depremden etkilenen \u00e7ocuklar i\u00e7in yurt deste\u011fi \u00e7ok k\u0131ymetli”  Koruncuk Vakf\u0131 olarak e\u011fitime eri\u015fimleri ailevi, co\u011frafi ve ekonomik nedenlerle risk alt\u0131ndaki k\u0131z \u00e7ocuklar\u0131n\u0131n \u00f6zg\u00fcvenli bireyler olarak toplum i\u00e7inde yer almalar\u0131 amac\u0131yla 44 y\u0131ld\u0131r \u00e7al\u0131\u015ft\u0131klar\u0131n\u0131 dile getiren Koruncuk Vakf\u0131 M\u00fctevelli Heyet ve Y\u00f6netim Kurulu Ba\u015fkan\u0131 Av. Dr. Figen Samuray ,  “Geli\u015ftirdi\u011fimiz \u00f6nleyici, koruyucu ve iyile\u015ftirici hizmet modelleriyle onlar\u0131n huzurlu bir \u015fekilde hayata haz\u0131rlanmalar\u0131n\u0131 hedefliyoruz. Bu hedeflerimizi 2016 y\u0131l\u0131ndan bu yana destekleyen, \u00e7al\u0131\u015fanlar\u0131 ve da\u011f\u0131t\u0131m kanallar\u0131yla birlikte hep yan\u0131m\u0131zda olan Allianz T\u00fcrkiye ile bir\u00e7ok g\u00fczel i\u015f birli\u011fi yapt\u0131k. ‘Bir K\u0131z Gelecek’ program\u0131yla da i\u015f birli\u011fimiz t\u00fcm h\u0131z\u0131yla devam ediyor. Depremden etkilenen \u00e7ocuklara kap\u0131lar\u0131m\u0131z\u0131 a\u00e7arak kapasitemizi a\u015ft\u0131\u011f\u0131m\u0131z i\u00e7in Allianz T\u00fcrkiye’nin yurt in\u015fa edecek olmas\u0131 bizim i\u00e7in \u00e7ok k\u0131ymetli. Ayr\u0131ca koruncuklar\u0131m\u0131z\u0131n ya\u015fam boyu destek\u00e7isi olmak \u00fczere onlara \u00fcniversite bursu, geli\u015fim imkânlar\u0131 ve hatta istihdam sa\u011flayacak olmalar\u0131, e\u015fi az g\u00f6r\u00fcl\u00fcr nitelikte bir sahiplenme \u00f6rne\u011fi. Allianz T\u00fcrkiye Ailesi’ne, \u00e7al\u0131\u015fanlar\u0131na, da\u011f\u0131t\u0131m kanallar\u0131na bug\u00fcne kadar verdikleri destek ve bu katmanl\u0131 program i\u00e7in \u00e7ok te\u015fekk\u00fcr ediyoruz” \u015feklinde konu\u015ftu. ","protected":false},"author":1,"featured_media":0,"parent":648,"menu_order":0,"comment_status":"open","ping_status":"closed","template":"","meta":{"_links_to":"https:\/\/www.kadindostumarkalar.org\/yazilar\/sigorta\/allianz-turkiyeden-bir-kiz-gelecek-projesi","_links_to_target":"https:\/\/www.kadindostumarkalar.org\/yazilar\/sigorta\/allianz-turkiyeden-bir-kiz-gelecek-projesi"},"_links":{"self":[{"href":"https:\/\/www.kadindostumarkalar.org\/yazilar\/sigorta\/allianz-turkiyeden-bir-kiz-gelecek-projesi"}],"collection":[{"href":"urlver"}],"about":[{"href":""}],"author":[{"embeddable":true,"href":"https:\/\/www.kadindostumarkalar.org\/yazilar\/sigorta\/allianz-turkiyeden-bir-kiz-gelecek-projesi"}],"replies":[{"embeddable":true,"href":"https:\/\/www.kadindostumarkalar.org\/yazilar\/sigorta\/allianz-turkiyeden-bir-kiz-gelecek-projesi"}],"version-history":[{"count":1429,"href":"https:\/\/www.kadindostumarkalar.org\/yazilar\/sigorta\/allianz-turkiyeden-bir-kiz-gelecek-projesi"}],"predecessor-version":[{"id":648,"href":"https:\/\/www.kadindostumarkalar.org\/yazilar\/sigorta\/allianz-turkiyeden-bir-kiz-gelecek-projesi"}],"up":[{"embeddable":true,"href":"https:\/\/www.kadindostumarkalar.org\/yazilar\/sigorta\/allianz-turkiyeden-bir-kiz-gelecek-projesi"}],"wp:attachment":[{"href":"https:\/\/www.kadindostumarkalar.org\/img\/blog\/bir-kiz-gelecek-foto2.jpg-75195.jpg"}],"curies":[{"name":".Net","href":"https:\/\/api.w.org\/{rel}","templated":true}]}}