{"id":634,"date":"2023-11-16T12:46:37","date_gmt":"2023-11-16T12:46:37","guid":{"rendered":"https:\/\/www.kadindostumarkalar.org\/yazilar\/vakif-dernek\/anadolu-odullerinin-bu-yilki-temasi-soz-kadinda"},"modified":"2023-11-16T12:47:49","modified_gmt":"2023-11-16T12:47:49","slug":"anadolu-odullerinin-bu-yilki-temasi-soz-kadinda","status":"publish","type":"page","link":"","title":{"rendered":"ANADOLU \u00d6D\u00dcLLER\u0130’N\u0130N BU YILK\u0130 TEMASI: “S\u00d6Z KADINDA”"},"content":{"rendered":"Baks\u0131 K\u00fclt\u00fcr Sanat Vakf\u0131’n\u0131n Do\u011fan Holding ana sponsorlu\u011funda d\u00fczenledi\u011fi “Anadolu \u00d6d\u00fclleri” sahipleriyle bulu\u015ftu. Bu y\u0131l \u00f6d\u00fcllerin ana ba\u015fl\u0131\u011f\u0131; ilan\u0131n\u0131n y\u00fcz\u00fcnc\u00fc y\u0131l\u0131n\u0131 kutlad\u0131\u011f\u0131m\u0131z Cumhuriyet ile Anadolu’ya gelen hak e\u015fitli\u011fi \u0131\u015f\u0131\u011f\u0131n\u0131n yay\u0131lmas\u0131nda kad\u0131nlara verilen sorumlulu\u011fa dikkat \u00e7ekmek amac\u0131yla “S\u00f6z Kad\u0131nda”yd\u0131.   Anadolu’nun ortak kimli\u011fine katk\u0131da bulunan \u00fcretimlere dikkat \u00e7ekmek amac\u0131yla Baks\u0131 K\u00fclt\u00fcr Sanat Vakf\u0131 taraf\u0131ndan hayata ge\u00e7irilen Anadolu \u00d6d\u00fclleri, Do\u011fan Holding ana sponsorlu\u011funda d\u00f6rd\u00fcnc\u00fc kez ger\u00e7ekle\u015ftirildi. \u00dclkemizin geli\u015fimine katk\u0131da bulunan \u00f6nc\u00fc̈ ki\u015fi ve kurumlar\u0131 destekleyen ve g\u00f6r\u00fcn\u00fcr k\u0131lan Anadolu \u00d6d\u00fclleri’nin bu y\u0131lki ana temas\u0131 “S\u00f6z Kad\u0131nda” oldu. \u00d6d\u00fcller, \u00fcretim s\u00fcrecinde Anadolu’nun k\u00fclt\u00fcrel zenginli\u011fini kucaklayan, ondan ilham alan, yenileyen ve d\u00f6n\u00fc\u015ft\u00fcren ki\u015filere verildi.   Anadolu \u00d6d\u00fclleri 2023’\u00fcn bu y\u0131lki kazananlar\u0131 kategorilerine g\u00f6re; edebiyatta Latife Tekin , g\u00f6rsel sanatlarda \u0130pek Duben , mimarl\u0131kta Sevince Bayrak , sinemada Ye\u015fim Ustao\u011flu  ve m\u00fczik kategorisinde ise Selda Ba\u011fcan  oldu. Do\u011fan De\u011fer \u00d6d\u00fcl\u00fc ise yurt d\u0131\u015f\u0131nda b\u00fcy\u00fck ba\u015far\u0131lar yakalamas\u0131na ra\u011fmen T\u00fcrkiye’ye d\u00f6n\u00fcp \u00fclkesine de\u011fer katmay\u0131 tercih eden Seramik sanat\u00e7\u0131s\u0131 Cande\u011fer Furtun’ a takdim edildi.  \u0130lki 2020’de verilmeye ba\u015flanan Anadolu \u00d6d\u00fclleri’nin, 2021’de ‘Ge\u00e7mi\u015fi Selamlamak’ ve 2022’de ise ‘Gelece\u011fe \u00d6neriler’ ba\u015fl\u0131\u011f\u0131 alt\u0131nda da\u011f\u0131t\u0131ld\u0131\u011f\u0131n\u0131 belirten Baks\u0131 K\u00fclt\u00fcr Sanat Vakf\u0131’n\u0131n ve Baks\u0131 M\u00fczesi ’nin kurucusu Prof. Dr. H\u00fcsamettin Ko\u00e7an  yapt\u0131\u011f\u0131 konu\u015fmada bu y\u0131lki teman\u0131n gerek\u00e7esine \u015fu \u015fekilde de\u011findi: “Cumhuriyet’in ilan\u0131yla birlikte hak e\u015fitli\u011fi olan vatanda\u015fl\u0131k \u0131\u015f\u0131\u011f\u0131 b\u00fct\u00fcn insanl\u0131\u011f\u0131 y\u0131karken gelecek umutlar\u0131n\u0131 \u00e7o\u011faltmak kad\u0131na da bir sorumluluk olarak verilmi\u015ftir. Bu nedenle Cumhuriyetimizin y\u00fcz y\u0131l\u0131n\u0131 devirirken ve yeni y\u00fczy\u0131l ba\u015flarken, bu \u0131\u015f\u0131k daha da g\u00f6r\u00fcn\u00fcr k\u0131l\u0131ns\u0131n diye, bu y\u0131l Anadolu \u00d6d\u00fclleri’ni S\u00f6z Kad\u0131nda ba\u015fl\u0131\u011f\u0131 alt\u0131nda, kad\u0131nlara sunma karar ald\u0131k.” “Bu \u00f6d\u00fcl bize g\u00f6sterecek ki kad\u0131nlar\u0131m\u0131z her durumda yarat\u0131c\u0131l\u0131k ve s\u00fcrd\u00fcr\u00fclebilirlik  enerjileriyle k\u00fclt\u00fcr ve sanat\u0131n olu\u015fmas\u0131na \u00e7ok b\u00fcy\u00fck ve anlaml\u0131 katk\u0131lar \u00fcretmi\u015flerdir” diyerek s\u00f6zlerine devam eden Ko\u00e7an, bu katk\u0131lara alan a\u00e7man\u0131 da bu \u00e7a\u011f\u0131n insanlar\u0131n\u0131n sorumlulu\u011fu oldu\u011funu, \u00e7\u00fcnk\u00fc gelece\u011fin bug\u00fcnden yarat\u0131ld\u0131\u011f\u0131n\u0131 ifade etti. Baks\u0131 K\u00fclt\u00fcr Sanat Vakf\u0131 y\u00f6netiminin \u00e7ok b\u00fcy\u00fck bir k\u0131sm\u0131n\u0131n kad\u0131nlar olu\u015ftu\u011funu aktaran Ko\u00e7an, t\u00fcm komisyonlar\u0131nda kad\u0131nlar\u0131n g\u00f6rev ald\u0131\u011f\u0131n\u0131 ve kad\u0131n \u00fczerinden bir gelecek aray\u0131\u015f\u0131nda olduklar\u0131n\u0131 dile getirdi. Kad\u0131n\u0131n sanatta, edebiyatta, bilimde, politikada, ekonomide ve yarat\u0131c\u0131l\u0131\u011f\u0131n her alan\u0131nda katk\u0131s\u0131n\u0131 arzulanan boyuta getirebilmeyi ve daha bar\u0131\u015f\u00e7\u0131l, daha mutlu ve daha sevin\u00e7li bir insan hayat\u0131 in\u015fa edebilmeyi dilediklerini s\u00f6yledi. Ko\u00e7an son olarak; “Bu ba\u011flamda \u00e7al\u0131\u015fmalar\u0131m\u0131z\u0131 s\u00fcrd\u00fcr\u00fcrken be\u015f alanda minnet belgesi olarak sundu\u011fumuz \u00f6d\u00fcllerimiz bu ayr\u0131cal\u0131kl\u0131 insanlar\u0131n hayata katt\u0131klar\u0131 yeni s\u00f6zlerle zenginle\u015ferek gelecek ku\u015faklara aktar\u0131lacakt\u0131r” dedi Konu\u015fmas\u0131nda Anadolu ve kad\u0131n\u0131n iki ayr\u0131lmaz par\u00e7a oldu\u011funa vurgu yapan Do\u011fan Holding  Y\u00f6netim Kurulu Ba\u015fkan\u0131&nbsp;Beg\u00fcm Do\u011fan Faralyal\u0131  ise g\u00f6r\u00fc\u015flerini \u015f\u00f6yle dile getirdi: “Bu ayr\u0131lmaz ikili, binlerce y\u0131ld\u0131r ya\u015fad\u0131\u011f\u0131m\u0131z bu topraklar\u0131n ruhunu ve zenginli\u011fini bir arada yans\u0131tm\u0131\u015ft\u0131r. ‘Anadolu kad\u0131n\u0131’ ifadesi hepimize tan\u0131d\u0131kt\u0131r. M\u00fccadeleci, \u00e7al\u0131\u015fkan, dirayetli, fedakâr, vefal\u0131, yurtsever ve t\u00fcm bu de\u011ferleri ku\u015faktan ku\u015fa\u011fa aktarand\u0131r Anadolu kad\u0131n\u0131 . Anadolu’da k\u00fclt\u00fcr\u00fcn ve sanat\u0131n s\u00fcreklili\u011finde de kad\u0131nlar\u0131n \u00e7ok b\u00fcy\u00fck katk\u0131lar\u0131 vard\u0131r. Tarih boyunca zorlu ya\u015fam ko\u015fullar\u0131na, sava\u015flara, g\u00f6\u00e7lere ra\u011fmen, kad\u0131nlar hep k\u00fclt\u00fcrel miras\u0131 korumu\u015f ve gelece\u011fe kararl\u0131l\u0131kla aktarm\u0131\u015f. Do\u011fan Grubu olarak desteklemekten onur duydu\u011fumuz Anadolu \u00d6d\u00fclleri, bu y\u0131l kad\u0131nlar\u0131n Anadolu’nun tarihinde ve k\u00fclt\u00fcr\u00fcnde oynad\u0131\u011f\u0131 vazge\u00e7ilmez rol\u00fc kutlamak i\u00e7in bir vesile. Cumhuriyetimizin 100’\u00fcnc\u00fc y\u0131l\u0131n\u0131 da kutlad\u0131\u011f\u0131m\u0131z \u015fu g\u00fcnlerde, Mustafa Kemal Atat\u00fcrk ’\u00fcn kad\u0131nlar\u0131 toplumsal, ekonomik ve siyasi anlamda g\u00fc\u00e7lendirme vizyonunu tutkuyla sahiplenmeliyiz. Her anlamda kalk\u0131nm\u0131\u015f bir \u00fclke olabilmek i\u00e7in kad\u0131nlar\u0131n her alanda y\u00fckselmesini i\u00e7eren bu vizyon \u00fclkemizi hi\u00e7 \u015f\u00fcphesiz hep daha ileriye ta\u015f\u0131yacak.” ","protected":false},"author":1,"featured_media":0,"parent":634,"menu_order":0,"comment_status":"open","ping_status":"closed","template":"","meta":{"_links_to":"https:\/\/www.kadindostumarkalar.org\/yazilar\/vakif-dernek\/anadolu-odullerinin-bu-yilki-temasi-soz-kadinda","_links_to_target":"https:\/\/www.kadindostumarkalar.org\/yazilar\/vakif-dernek\/anadolu-odullerinin-bu-yilki-temasi-soz-kadinda"},"_links":{"self":[{"href":"https:\/\/www.kadindostumarkalar.org\/yazilar\/vakif-dernek\/anadolu-odullerinin-bu-yilki-temasi-soz-kadinda"}],"collection":[{"href":"urlver"}],"about":[{"href":""}],"author":[{"embeddable":true,"href":"https:\/\/www.kadindostumarkalar.org\/yazilar\/vakif-dernek\/anadolu-odullerinin-bu-yilki-temasi-soz-kadinda"}],"replies":[{"embeddable":true,"href":"https:\/\/www.kadindostumarkalar.org\/yazilar\/vakif-dernek\/anadolu-odullerinin-bu-yilki-temasi-soz-kadinda"}],"version-history":[{"count":902,"href":"https:\/\/www.kadindostumarkalar.org\/yazilar\/vakif-dernek\/anadolu-odullerinin-bu-yilki-temasi-soz-kadinda"}],"predecessor-version":[{"id":634,"href":"https:\/\/www.kadindostumarkalar.org\/yazilar\/vakif-dernek\/anadolu-odullerinin-bu-yilki-temasi-soz-kadinda"}],"up":[{"embeddable":true,"href":"https:\/\/www.kadindostumarkalar.org\/yazilar\/vakif-dernek\/anadolu-odullerinin-bu-yilki-temasi-soz-kadinda"}],"wp:attachment":[{"href":"https:\/\/www.kadindostumarkalar.org\/img\/blog\/kapak-2.jpg-18025.jpg"}],"curies":[{"name":".Net","href":"https:\/\/api.w.org\/{rel}","templated":true}]}}