{"id":262,"date":"2022-02-04T00:00:00","date_gmt":"2022-02-04T00:00:00","guid":{"rendered":"https:\/\/www.kadindostumarkalar.org\/yazilar\/stk\/anka-ureten-kadin-dernegi-esit-bir-dil-icin-calismalarina-basladi"},"modified":"2022-06-06T12:21:05","modified_gmt":"2022-06-06T12:21:05","slug":"anka-ureten-kadin-dernegi-esit-bir-dil-icin-calismalarina-basladi","status":"publish","type":"page","link":"","title":{"rendered":"ANKA \u00dcRETEN KADIN DERNE\u011e\u0130 “E\u015e\u0130T B\u0130R D\u0130L” \u0130\u00c7\u0130N \u00c7ALI\u015eMALARINA BA\u015eLADI"},"content":{"rendered":"Sabanc\u0131 Vakf\u0131’n\u0131n 15 y\u0131ldan bu yana y\u00fcr\u00fctt\u00fc\u011f\u00fc Hibe Programlar\u0131 kapsam\u0131nda destek almaya hak kazanan sivil toplum kurulu\u015flar\u0131ndan biri olan Anka \u00dcreten Kad\u0131n Derne\u011fi, ‘Cinsiyetsiz Meslek ve Meslek Odalar\u0131n\u0131n Toplumsal Cinsiyet Duyarl\u0131l\u0131\u011f\u0131’ projesi kapsam\u0131nda e\u011fitimlerine ba\u015flad\u0131.  Kad\u0131n , gen\u00e7 ve engellilerin e\u015fit f\u0131rsatlara  sahip olmalar\u0131n\u0131 ve topluma aktif kat\u0131l\u0131mlar\u0131n\u0131 desteklemek amac\u0131yla \u00f6nemli ve toplumsal faydaya katk\u0131 sa\u011flayan \u00e7al\u0131\u015fmalar y\u00fcr\u00fcten Sabanc\u0131 Vakf\u0131’n\u0131n destekleriyle projelerine devam eden Anka \u00dcreten Kad\u0131n Derne\u011fi,  bu proje ile Mersin’de bulunan meslek odalar\u0131 arac\u0131l\u0131\u011f\u0131yla, farkl\u0131 meslek gruplar\u0131ndaki ki\u015filerden ba\u015flayarak toplumsal cinsiyet e\u015fitli\u011fi  fark\u0131ndal\u0131\u011f\u0131n\u0131n  toplumun her kesimine yayg\u0131nla\u015ft\u0131r\u0131lmas\u0131n\u0131 ama\u00e7l\u0131yor. E\u015fit bir dil , e\u015fit hitap \u015fekilleri , e\u015fit bak\u0131\u015f a\u00e7\u0131s\u0131n\u0131n  \u00f6ncelikle meslek gruplar\u0131 aras\u0131nda yayg\u0131nla\u015ft\u0131r\u0131lmas\u0131 gerekti\u011fine inanan Dernek proje kapsam\u0131nda, konu\u015fma ve yaz\u0131 dilinin toplumsal cinsiyet e\u015fitli\u011fi s\u00fczgecinden ge\u00e7irilerek cinsiyetsiz  bir hale d\u00f6n\u00fc\u015ft\u00fcr\u00fclmesi ve \u00f6zellikle yeni neslin bu konuda daha bilgili ve e\u015fitlik\u00e7i bir bak\u0131\u015f a\u00e7\u0131s\u0131na sahip olmas\u0131 hedefiyle at\u00f6lye ve e\u011fitimler d\u00fczenliyor. \u0130lk olarak Ekim ay\u0131nda 10 meslek odas\u0131ndan sahada aktif olacak g\u00f6n\u00fcll\u00fc 20 temsilci ile e\u011fitici e\u011fitimlerinin tamamlanmas\u0131n\u0131n ard\u0131ndan, meslek odalar\u0131 ile at\u00f6lyeler de ba\u015flad\u0131. Bu kapsamda; Mersin Gazeteciler Cemiyeti, Mersin Barosu, Mersin \u015eof\u00f6rler ve Otomobilciler Odas\u0131, Mersin Esnaf ve Sanatkarlar Odas\u0131, Mersin Tabip Odas\u0131, Mersin Eczac\u0131 Odas\u0131, Mersin TMMOB (Makine M\u00fchendisleri Odas\u0131 ve Mimarlar Odas\u0131), Mersin Di\u015f Hekimleri Odas\u0131, Mersin Mali M\u00fc\u015favirler Odas\u0131 ve Mersin Ticaret ve Sanayi Odas\u0131  ile d\u00fczenlenecek at\u00f6lye \u00e7al\u0131\u015fmalar\u0131nda, meslek odalar\u0131  \u00fcyeleri kendi ihtiya\u00e7lar\u0131na g\u00f6re \u00f6zelle\u015ftirilmi\u015f i\u00e7erikteki e\u011fitimlerden yararlanabilecekler. Toplumsal Cinsiyet E\u015fitli\u011fine Duyarl\u0131 Meslek \u00d6rg\u00fct\u00fc Rehberi  Projenin etki alan\u0131n\u0131 geni\u015fletmek i\u00e7in ayn\u0131 zamanda t\u00fcm meslek odalar\u0131n\u0131n faydalanabilecekleri temel bilgilerin bulundu\u011fu “Toplumsal Cinsiyet E\u015fitli\u011fine Duyarl\u0131 Meslek \u00d6rg\u00fct\u00fc Rehberi ” haz\u0131rland\u0131. Meslek odalar\u0131 ile yap\u0131lacak \u00e7al\u0131\u015fmalar sonucunda ortaya \u00e7\u0131kan bilgi ve deneyim ile de ‘Toplumsal Cinsiyet E\u015fitsizli\u011fi’  ve ‘Cinsiyet\u00e7i S\u00f6ylem’  konular\u0131n\u0131 i\u00e7eren animasyon belgeselin haz\u0131rl\u0131klar\u0131na ba\u015flanacak. ","protected":false},"author":1,"featured_media":0,"parent":262,"menu_order":0,"comment_status":"open","ping_status":"closed","template":"","meta":{"_links_to":"https:\/\/www.kadindostumarkalar.org\/yazilar\/stk\/anka-ureten-kadin-dernegi-esit-bir-dil-icin-calismalarina-basladi","_links_to_target":"https:\/\/www.kadindostumarkalar.org\/yazilar\/stk\/anka-ureten-kadin-dernegi-esit-bir-dil-icin-calismalarina-basladi"},"_links":{"self":[{"href":"https:\/\/www.kadindostumarkalar.org\/yazilar\/stk\/anka-ureten-kadin-dernegi-esit-bir-dil-icin-calismalarina-basladi"}],"collection":[{"href":"urlver"}],"about":[{"href":""}],"author":[{"embeddable":true,"href":"https:\/\/www.kadindostumarkalar.org\/yazilar\/stk\/anka-ureten-kadin-dernegi-esit-bir-dil-icin-calismalarina-basladi"}],"replies":[{"embeddable":true,"href":"https:\/\/www.kadindostumarkalar.org\/yazilar\/stk\/anka-ureten-kadin-dernegi-esit-bir-dil-icin-calismalarina-basladi"}],"version-history":[{"count":1073,"href":"https:\/\/www.kadindostumarkalar.org\/yazilar\/stk\/anka-ureten-kadin-dernegi-esit-bir-dil-icin-calismalarina-basladi"}],"predecessor-version":[{"id":262,"href":"https:\/\/www.kadindostumarkalar.org\/yazilar\/stk\/anka-ureten-kadin-dernegi-esit-bir-dil-icin-calismalarina-basladi"}],"up":[{"embeddable":true,"href":"https:\/\/www.kadindostumarkalar.org\/yazilar\/stk\/anka-ureten-kadin-dernegi-esit-bir-dil-icin-calismalarina-basladi"}],"wp:attachment":[{"href":"https:\/\/www.kadindostumarkalar.org\/img\/blog\/anka-ureten-kadin-dernegi-egitim-scaled.jpg"}],"curies":[{"name":".Net","href":"https:\/\/api.w.org\/{rel}","templated":true}]}}