{"id":10,"date":"2020-11-23T00:00:00","date_gmt":"2020-11-23T00:00:00","guid":{"rendered":"https:\/\/www.kadindostumarkalar.org\/yazilar\/elektrikli-ev-esyalari\/arzum-ekonomide-ve-sporda-daha-fazla-kadin-diyor"},"modified":"2022-05-31T03:22:54","modified_gmt":"2022-05-31T03:22:54","slug":"arzum-ekonomide-ve-sporda-daha-fazla-kadin-diyor","status":"publish","type":"page","link":"","title":{"rendered":"ARZUM, “EKONOM\u0130DE VE SPORDA DAHA FAZLA KADIN” D\u0130YOR"},"content":{"rendered":"“Sen dokunursun de\u011fi\u015fir d\u00fcnya!” mottosuyla marka yolculu\u011funa 54 y\u0131ld\u0131r devam eden  k\u00fc\u00e7\u00fck ev aletleri sekt\u00f6r\u00fcn\u00fcn \u00f6nde gelen markalar\u0131ndan  Arzum, kad\u0131n istihdam\u0131 ve f\u0131rsat e\u015fitli\u011fi konular\u0131nda ve kad\u0131na duyarl\u0131 projeleri ile \u00f6n plana \u00e7\u0131k\u0131yor.  Arzum, T\u00fcrkiye Satran\u00e7 Federasyonu (TSF) taraf\u0131ndan ger\u00e7ekle\u015ftirilen T\u00fcrkiye Kad\u0131nlar Satran\u00e7 \u015eampiyonas\u0131’n\u0131n bu y\u0131l 12. kez sponsorlu\u011funu \u00fcstlendi.   Elektrikli k\u00fc\u00e7\u00fck ev aletleri sekt\u00f6r\u00fcn\u00fcn \u00f6nc\u00fc kurulu\u015flar\u0131ndan ARZUM,  sosyal sorumluluk projelerinin de parlayan y\u0131ld\u0131zlar\u0131 aras\u0131nda yer al\u0131yor. Satran\u00e7 sporuna g\u00f6n\u00fcl vermi\u015f kad\u0131nlar\u0131m\u0131za, gen\u00e7 k\u0131zlar\u0131m\u0131za 2009 y\u0131l\u0131ndan bu yana destek veriyor. T\u00fcrkiye Satran\u00e7 Federasyonu (TSF) taraf\u0131ndan ger\u00e7ekle\u015ftirilen T\u00fcrkiye Kad\u0131nlar Satran\u00e7 \u015eampiyonas\u0131’n\u0131n bu y\u0131l 12. kez  sponsorlu\u011funu \u00fcstlenen Arzum, satranc\u0131n desteklenmesi gerekti\u011fi ve k\u00fc\u00e7\u00fck ya\u015flardan itibaren \u00e7ocuklar\u0131n bu spora te\u015fvik edilmesinin \u00f6nemli oldu\u011fu bilinciyle, &#8216;Satran\u00e7ta da Arzum Var!&#8217;  diyerek, kad\u0131nlar\u0131 bu alanda da destekliyor.  Sponsor olduklar\u0131 ilk g\u00fcnden bug\u00fcne \u015fampiyonada yar\u0131\u015fan kad\u0131n sporcu say\u0131lar\u0131nda iki kattan fazla bir art\u0131\u015f olmas\u0131 Arzum’un heyecan\u0131n\u0131 da ikiye katl\u0131yor. 12 y\u0131ld\u0131r devam eden sosyal sorumluluk projesiyle alakal\u0131 konu\u015fan Arzum Y\u00f6netim Kurulu Ba\u015fkan\u0131 Murat KOLBA\u015eI; “Sporcu say\u0131lar\u0131m\u0131zdaki rekor art\u0131\u015fla g\u00f6r\u00fcyoruz ki; desteklerimizle her ge\u00e7en g\u00fcn satranca olan ilgi art\u0131yor ve biz de amac\u0131m\u0131za ula\u015f\u0131yoruz. Bu say\u0131lar\u0131n te\u015fvik ve fark\u0131ndal\u0131kla ilerleyen y\u0131llarda artaca\u011f\u0131n\u0131 ve erkek-kad\u0131n sporcu say\u0131s\u0131 aras\u0131ndaki fark\u0131n da azalaca\u011f\u0131n\u0131 d\u00fc\u015f\u00fcn\u00fcyorum ve umuyorum. Satran\u00e7, insanlar\u0131n b\u00fcy\u00fck resme bak\u0131p daha sonra kendi hayat yollar\u0131n\u0131 bulmakta stratejik d\u00fc\u015f\u00fcnmeyi geli\u015ftirdi\u011fi i\u00e7in \u00e7ok \u00f6nemli bir spor. Biz bu y\u00fczden gen\u00e7lerin satran\u00e7 oynamalar\u0131na \u00e7ok \u00f6nem veriyoruz ve 12 y\u0131ld\u0131r destekliyoruz.” diyerek markan\u0131n projeye bak\u0131\u015f\u0131n\u0131 \u00f6zetliyor. Arzum kad\u0131n istihdam\u0131 konusunda da aktif rol oynayan de\u011ferli markalar aras\u0131ndaki yerini al\u0131yor. Hayat\u0131n her alan\u0131nda oldu\u011fu gibi \u00e7al\u0131\u015fma hayat\u0131nda da kad\u0131n ve erkek e\u015fitli\u011fine inanan markada \u015fu anda y\u00fczde 39 oran\u0131nda kad\u0131n \u00e7al\u0131\u015fan var. Arzum’un bu konudaki en b\u00fcy\u00fck hedefinin bu oran\u0131 h\u0131zla yukar\u0131ya \u00e7ekip y\u00fczde 50&#8217;lere yakla\u015fmak oldu\u011funa vurgu yapan KOLBA\u015eI, “Kad\u0131n ve erkek \u00e7al\u0131\u015fan say\u0131s\u0131n\u0131n dengeli olmas\u0131n\u0131n i\u015f hayat\u0131nda verimli i\u015f ortam\u0131 olu\u015fturulmas\u0131, s\u00fcrd\u00fcr\u00fclebilir i\u015f sonu\u00e7lar\u0131na ula\u015f\u0131lmas\u0131 gibi sonu\u00e7lar\u0131 oldu\u011fu kan\u0131s\u0131nday\u0131m. Kad\u0131nlar\u0131n farkl\u0131 bak\u0131\u015f a\u00e7\u0131lar\u0131na, stratejik de\u011ferlendirmelerine olduk\u00e7a g\u00fcvenen bir \u015firketiz. Kad\u0131nlar\u0131m\u0131z\u0131n her konuda, her alanda de\u011ferinin fark\u0131ndal\u0131\u011f\u0131na varmas\u0131 bizim i\u00e7in \u00e7ok \u00f6nemli. \u015eirket i\u00e7inde de bu konuya y\u00f6nelik bir\u00e7ok \u00e7al\u0131\u015fma ger\u00e7ekle\u015ftiriyoruz.” dedi. Arzum olarak, gerek sosyal medyadaki yorumlardan ve \u00f6nerilerden, gerekse ailelerindeki kad\u0131nlardan duyduklar\u0131 ya da ihtiya\u00e7 olarak kaydettikleri her \u015feyi ilham olarak de\u011ferlendirdiklerini dile getiren Murat KOLBA\u015eI, Arzum’un, \u015firket i\u00e7inden veya d\u0131\u015f\u0131ndan herkesin fikirlerini iletebildi\u011fi ve bunlar\u0131n de\u011ferlendirildi\u011fi bir Fikir At\u00f6lyesi’nin oldu\u011funa dikkat \u00e7ekti. Kolba\u015f\u0131; “Patent al\u0131nabilir bir fikir \u00f6neriyorsan\u0131z  bir bonus alabildi\u011finiz gibi, fikriniz \u00fcr\u00fcnle\u015firse 5 y\u0131l boyunca o \u00fcr\u00fcn\u00fcn sat\u0131\u015f\u0131ndan elde edilen kardan pay alabildi\u011finiz bir modelimiz var.” diyerek kad\u0131nlar\u0131n hayat\u0131n\u0131 kolayla\u015ft\u0131ran \u00fcr\u00fcnler \u00fcretirken, kad\u0131n t\u00fcketicilerin tercihleri ve beklentilerini kendileriyle nas\u0131l ve hangi alanlarda payla\u015ft\u0131klar\u0131n\u0131 ve bu payla\u015f\u0131mlar\u0131 nas\u0131l de\u011ferlendirdiklerini anlatt\u0131. ARZUM HAKKINDA: 1930&#8217;lu y\u0131llarda Konya&#8217;da ba\u015flayan hikayesiyle, bug\u00fcn 40 \u00fclkede ihracat yapan, T\u00fcrkiye’nin \u00f6nde gelen k\u00fc\u00e7\u00fck ev aletleri markalar\u0131ndan Arzum; inovasyon ve tasar\u0131m\u0131 \u00f6nceli\u011fi olmu\u015f, samimi ve g\u00fcvenilir bir marka olman\u0131n hakl\u0131 gururunu ya\u015f\u0131yor. 54 y\u0131ll\u0131k tecr\u00fcbesiyle t\u00fcketicisine &#8220;sen dokunursun de\u011fi\u015fir d\u00fcnya&#8221; mottosuyla seslenerek, onlara sahip olduklar\u0131 de\u011fi\u015ftirme g\u00fcc\u00fcn\u00fc hissettirmeyi hedefliyor. T\u00fcketicilerine, onlar\u0131n ihtiya\u00e7lar\u0131 do\u011frultusunda \u00e7\u00f6z\u00fcmler sunarken, yeniliklerle hayatlar\u0131n\u0131 kolayla\u015ft\u0131rmaya ve onlar\u0131n yaratt\u0131\u011f\u0131 d\u00f6n\u00fc\u015f\u00fcme destek vermeye devam ediyor. Do\u011faya ve do\u011fadaki t\u00fcm canl\u0131lara kar\u015f\u0131 sorumlu bir marka misyonuyla faaliyet g\u00f6steren Arzum, s\u00fcrd\u00fcr\u00fclebilir i\u015f modelinde \u00fcretimde kaynak tasarrufu ve geri d\u00f6n\u00fc\u015f\u00fcm gibi temel iki konunun \u00fczerinde duruyor. E-at\u0131k konusuna b\u00fcy\u00fck \u00f6nem veren marka, e-at\u0131klar\u0131n at\u0131k toplama kutular\u0131na at\u0131lmas\u0131 i\u00e7in ‘Gelece\u011fini D\u00fc\u015f\u00fcn Geri D\u00f6n\u00fc\u015ft\u00fcr!’ diyerek, e-at\u0131k toplama merkezlerine at\u0131klar\u0131n\u0131 g\u00f6nderiyor. Tedarik\u00e7ileri konusunda olduk\u00e7a hassas olan Arzum, b\u00fct\u00fcn tedarik\u00e7ilerinin \u00e7evre y\u00f6netmeliklerinde tam uyumlu olmas\u0131na \u00e7ok \u00f6nem veriyor.  Arzum, \u00fcr\u00fcnlerinde de enerji reg\u00fclasyonlar\u0131n\u0131 \u00e7ok iyi takip ediyor ve daha az enerji t\u00fcketen, daha az karbon ayak izi olan \u00fcr\u00fcnler i\u00e7in efor harc\u0131yor.  ","protected":false},"author":1,"featured_media":0,"parent":10,"menu_order":0,"comment_status":"open","ping_status":"closed","template":"","meta":{"_links_to":"https:\/\/www.kadindostumarkalar.org\/yazilar\/elektrikli-ev-esyalari\/arzum-ekonomide-ve-sporda-daha-fazla-kadin-diyor","_links_to_target":"https:\/\/www.kadindostumarkalar.org\/yazilar\/elektrikli-ev-esyalari\/arzum-ekonomide-ve-sporda-daha-fazla-kadin-diyor"},"_links":{"self":[{"href":"https:\/\/www.kadindostumarkalar.org\/yazilar\/elektrikli-ev-esyalari\/arzum-ekonomide-ve-sporda-daha-fazla-kadin-diyor"}],"collection":[{"href":"urlver"}],"about":[{"href":""}],"author":[{"embeddable":true,"href":"https:\/\/www.kadindostumarkalar.org\/yazilar\/elektrikli-ev-esyalari\/arzum-ekonomide-ve-sporda-daha-fazla-kadin-diyor"}],"replies":[{"embeddable":true,"href":"https:\/\/www.kadindostumarkalar.org\/yazilar\/elektrikli-ev-esyalari\/arzum-ekonomide-ve-sporda-daha-fazla-kadin-diyor"}],"version-history":[{"count":1018,"href":"https:\/\/www.kadindostumarkalar.org\/yazilar\/elektrikli-ev-esyalari\/arzum-ekonomide-ve-sporda-daha-fazla-kadin-diyor"}],"predecessor-version":[{"id":10,"href":"https:\/\/www.kadindostumarkalar.org\/yazilar\/elektrikli-ev-esyalari\/arzum-ekonomide-ve-sporda-daha-fazla-kadin-diyor"}],"up":[{"embeddable":true,"href":"https:\/\/www.kadindostumarkalar.org\/yazilar\/elektrikli-ev-esyalari\/arzum-ekonomide-ve-sporda-daha-fazla-kadin-diyor"}],"wp:attachment":[{"href":"https:\/\/www.kadindostumarkalar.org\/img\/blog\/img-20200308-173548-1-scaled.jpg"}],"curies":[{"name":".Net","href":"https:\/\/api.w.org\/{rel}","templated":true}]}}