{"id":333,"date":"2021-06-26T00:00:00","date_gmt":"2021-06-26T00:00:00","guid":{"rendered":"https:\/\/www.kadindostumarkalar.org\/yazilar\/yesil-donusum\/audide-cevre-projeleri-hiz-kazaniyor"},"modified":"2022-06-06T13:18:53","modified_gmt":"2022-06-06T13:18:53","slug":"audide-cevre-projeleri-hiz-kazaniyor","status":"publish","type":"page","link":"","title":{"rendered":"AUDI'DE \u00c7EVRE PROJELER\u0130 HIZ KAZANIYOR"},"content":{"rendered":"Audi’nin \u00f6zellikle pandemi d\u00f6neminde b\u00fcy\u00fck ilgi g\u00f6ren ve bug\u00fcne kadar yenilik\u00e7i ve karma\u015f\u0131k bir\u00e7ok teknolojik konuyu ele ald\u0131\u011f\u0131 ve bilgi verdi\u011fi TechTalk etkinliklerinin sonuncusunda odak noktas\u0131 Ye\u015fil Teknoloji oldu.   \u00c7evrenin korunmas\u0131 y\u00f6n\u00fcnde, ak\u0131ll\u0131 tedarik zinciri takip sistemi, mikro\/makro plasti\u011fin imhas\u0131 ve kaynak verimlili\u011finin optimize edilmesi gibi bir\u00e7ok konuda ger\u00e7ekle\u015ftirdi\u011fi \u00e7al\u0131\u015fmalar\u0131yla \u00f6rnek olan Audi, TechTalk  bulu\u015fmalar\u0131n\u0131n sonuncusu olan Ye\u015fil Teknoloji ’de, bu alandaki geli\u015fmeleri t\u00fcm detaylar\u0131yla aktard\u0131. \u00c7evreyi korumak, karbon emisyonunu azaltmaktan \u00e7ok daha fazlas\u0131  Bug\u00fcne kadar Ye\u015fil Teknoloji ’de bir\u00e7ok farkl\u0131 projenin sunuldu\u011funu s\u00f6yleyen Audi ’nin t\u00fcm d\u00fcnyadaki tesis\/fabrikalar\u0131n\u0131n s\u00f6zc\u00fcs\u00fc Franziska Queling , bu projelerin t\u00fcm\u00fcn\u00fcn, s\u0131f\u0131r karbona y\u00f6nelik daha ileri ad\u0131mlar\u0131 temsil etti\u011fi tek bir ortak noktas\u0131 oldu\u011funa dikkat \u00e7ekti.  TechTalk: Ye\u015fil Teknoloji &#8216;ye ev sahipli\u011fi yapan Franziska Queling , “Ge\u00e7en y\u0131l d\u00fczenlenen TechTalk &#8216;ta, Audi  modellerinin karbon ayak izi ni olabildi\u011fince k\u00fc\u00e7\u00fcltmek i\u00e7in neler yapt\u0131\u011f\u0131n\u0131 g\u00f6rm\u00fc\u015ft\u00fck. Bu y\u0131l, gelece\u011fimizin ya\u015fanabilir kalmas\u0131n\u0131 sa\u011flamak i\u00e7in d\u00fc\u015f\u00fcnen ve bir ad\u0131m daha ileri giden \u00e7evre projelerinden bahsediyoruz. Kesin olan bir \u015fey var: \u00e7evreyi korumak , karbon emisyonlar\u0131n\u0131 azaltmaktan daha fazla bir anlama sahip.” diye konu\u015ftu. Audi  tesislerinden biri olan Kraftwerk Berlin &#8216;deki etkinlerin yan\u0131 s\u0131ra, dijital ortamda da ziyaret\u00e7ileriyle bir araya geleceklerini belirten Audi  yetkilileri, festival s\u00fcresince \u00fcr\u00fcnlerinin, s\u00fcre\u00e7lerinin ve malzemelerinin tamamen iklim de\u011fi\u015fikli\u011fi yle m\u00fccadele ve dijitalle\u015fme sayesinde s\u00fcrd\u00fcr\u00fclebilirli\u011fi te\u015fvik eden nitelikte oldu\u011funu aktarmay\u0131 hedefliyor.  S\u0131f\u0131r emisyonlu fabrika  Paneller, e\u011fitim kamplar\u0131n\u0131n yan\u0131nda, \u00e7evresel inisiyatifler ve projelerin sergilenece\u011fi festivalde Audi , 2025 y\u0131l\u0131na kadar \u00fcretim alanlar\u0131n\u0131n nas\u0131l s\u0131f\u0131r emisyon la i\u015fletilebilece\u011finin bir \u00f6rne\u011fini de g\u00f6sterecek. Bu ama\u00e7la haz\u0131rlanan ve Audi Denkwerkstatt  ad\u0131 verilen model tesis, ecomove  uygulamas\u0131n\u0131 sunacak. Festivalde ayr\u0131ca, Audi \u00c7evre Vakf\u0131  kullan\u0131c\u0131lar\u0131n kendi karbon ayak iz lerini azaltmalar\u0131 i\u00e7in neler yapabileceklerini \u00f6rneklerle aktaracak ve kentsel su y\u00f6netimi i\u00e7in yenilik\u00e7i bir mikroplastik filtrenin sunumu yap\u0131lacak. ","protected":false},"author":1,"featured_media":0,"parent":333,"menu_order":0,"comment_status":"open","ping_status":"closed","template":"","meta":{"_links_to":"https:\/\/www.kadindostumarkalar.org\/yazilar\/yesil-donusum\/audide-cevre-projeleri-hiz-kazaniyor","_links_to_target":"https:\/\/www.kadindostumarkalar.org\/yazilar\/yesil-donusum\/audide-cevre-projeleri-hiz-kazaniyor"},"_links":{"self":[{"href":"https:\/\/www.kadindostumarkalar.org\/yazilar\/yesil-donusum\/audide-cevre-projeleri-hiz-kazaniyor"}],"collection":[{"href":"urlver"}],"about":[{"href":""}],"author":[{"embeddable":true,"href":"https:\/\/www.kadindostumarkalar.org\/yazilar\/yesil-donusum\/audide-cevre-projeleri-hiz-kazaniyor"}],"replies":[{"embeddable":true,"href":"https:\/\/www.kadindostumarkalar.org\/yazilar\/yesil-donusum\/audide-cevre-projeleri-hiz-kazaniyor"}],"version-history":[{"count":1220,"href":"https:\/\/www.kadindostumarkalar.org\/yazilar\/yesil-donusum\/audide-cevre-projeleri-hiz-kazaniyor"}],"predecessor-version":[{"id":333,"href":"https:\/\/www.kadindostumarkalar.org\/yazilar\/yesil-donusum\/audide-cevre-projeleri-hiz-kazaniyor"}],"up":[{"embeddable":true,"href":"https:\/\/www.kadindostumarkalar.org\/yazilar\/yesil-donusum\/audide-cevre-projeleri-hiz-kazaniyor"}],"wp:attachment":[{"href":"https:\/\/www.kadindostumarkalar.org\/img\/blog\/a214239-blog.jpg"}],"curies":[{"name":".Net","href":"https:\/\/api.w.org\/{rel}","templated":true}]}}