{"id":511,"date":"2022-10-26T13:28:53","date_gmt":"2022-10-26T13:28:53","guid":{"rendered":"https:\/\/www.kadindostumarkalar.org\/yazilar\/ilham-veren-kadinlar\/avfiliz-sarac-istanbul-barosunda-bir-ilk"},"modified":"2022-10-26T13:39:10","modified_gmt":"2022-10-26T13:39:10","slug":"avfiliz-sarac-istanbul-barosunda-bir-ilk","status":"publish","type":"page","link":"","title":{"rendered":"AV.F\u0130L\u0130Z SARA\u00c7: \u0130STANBUL BAROSU'NDA B\u0130R \u0130LK"},"content":{"rendered":"\u0130stanbul Barosu 52. Genel Kurulunda \u00d6nce \u0130lke \u00c7a\u011fda\u015f Avukatlar Grubu’nun ba\u015fkan aday\u0131 olan Avukat Filiz Sara\u00e7, \u0130stanbul Barosu ba\u015fkanl\u0131k koltu\u011funa oturan yeni isim oldu. Sara\u00e7, b\u00f6ylece \u0130stanbul Barosu’na ba\u015fkanl\u0131k eden ilk kad\u0131n olarak da tarihe ge\u00e7ti.  1988 y\u0131l\u0131nda Marmara \u00dcniversitesi Hukuk Fak\u00fcltesinden mezun olan Filiz Sara\u00e7 , y\u00fcksek lisans\u0131n\u0131 “Ceza Hukukunda Bina \u00c7\u00f6kmeleri” konulu teziyle Kamu Hukuku Dal\u0131nda tamamlad\u0131. 1990 y\u0131l\u0131nda serbest avukatl\u0131k yapmaya ba\u015flayan Sara\u00e7, \u0130ngiltere’de MBA \u0130\u015fletme  haz\u0131rl\u0131k e\u011fitimini tamamlad\u0131ktan sonra 1996 y\u0131l\u0131nda \u0130stanbul Barosu Y\u00f6netim Kurulu’na se\u00e7ildi. Y\u00f6netim kurulu \u00fcyeli\u011finden istifa ederek \u00d6nce  \u0130lke \u00c7a\u011fda\u015f Avukatlar  Grubu’nun kurulu\u015funda g\u00f6rev alan Avukat Filiz Sara\u00e7 , genel sekreterlik g\u00f6revini \u00fcstlendi\u011fi 2002 y\u0131l\u0131nda \u0130lke \u00c7a\u011fda\u015f Avukatlar Grubu’nun aday\u0131 \u0130stanbul Barosu genel kurulu se\u00e7imlerini kazand\u0131.  Ayn\u0131 d\u00f6nem Sa\u011fl\u0131k \u00c7al\u0131\u015fma Grubu’nu kurarak “T\u00fcrkiye Barolar Birli\u011fi  Avukat Sa\u011fl\u0131k Yard\u0131m Sistemi”nin temelini olu\u015fturan \u00e7al\u0131\u015fmalar\u0131n da koordinat\u00f6rl\u00fc\u011f\u00fcn\u00fc y\u00fcr\u00fctt\u00fc. \u0130stanbul Barosu 125. Y\u0131l Belgeseli’ni haz\u0131rlayan ekibin ba\u015f\u0131nda yer alan Sara\u00e7, 2004-2006 d\u00f6neminde \u0130stanbul Barosu ba\u015fkan yard\u0131mc\u0131s\u0131 olarak g\u00f6rev yapt\u0131. Yeditepe \u00dcniversitesinde alt\u0131 y\u0131l “Avukatl\u0131k Hukuku  ve Meslek Kurallar\u0131” ve “Uygulamal\u0131 Hukuk , Kurgusal Dava, Hukuk Klini\u011fi” dersleri veren Sara\u00e7, 2006’dan itibaren T\u00fcrkiye Barolar Birli\u011fi delegesi ve TBB e\u011fitim dan\u0131\u015fma kurulu  \u00fcyesi olarak g\u00f6rev yapmaya ba\u015flad\u0131. Staj e\u011fitim merkezi y\u00fcr\u00fctme kurulu \u00fcyeli\u011fi yapt\u0131\u011f\u0131 2010-2012 d\u00f6neminde kurgusal dava derslerinin formata ba\u011flanmas\u0131 i\u00e7in \u00e7al\u0131\u015fmalar y\u00fcr\u00fctt\u00fc. \u0130stanbul Barosu  delegeleri \u00f6n se\u00e7imiyle 2017-2021 d\u00f6neminde T\u00fcrkiye Barolar Birli\u011fi Y\u00f6netim Kurulu \u00dcyesi olarak g\u00f6rev yapan Sara\u00e7, TBB y\u00f6netim kurulu \u00fcyesi olarak “Anayasa Mahkemesine  Bireysel Ba\u015fvuru Sisteminin Desteklenmesi” ortak projesine kat\u0131ld\u0131, T\u00fcrkiye Kad\u0131n Hukuk Komisyonu  Koordinat\u00f6rl\u00fc\u011f\u00fc ve T\u00fcrkiye Barolar Birli\u011fi CMK komisyon ba\u015fkanl\u0131\u011f\u0131 yapt\u0131. Kad\u0131n haklar\u0131  konusunda pek \u00e7ok panel ve konferansta g\u00f6rev alan Sara\u00e7, 2010 y\u0131l\u0131nda halka temel hukuk e\u011fitim amac\u0131yla ba\u015flat\u0131lan “Hukuk Okur Yazarl\u0131\u011f\u0131 ” \u00e7al\u0131\u015fmalar\u0131n\u0131 meslekta\u015flar\u0131yla birlikte kesintisiz 10 y\u0131l s\u00fcrd\u00fcrd\u00fc. Proje, Sara\u00e7’\u0131n ba\u015fkanl\u0131\u011f\u0131nda, 2017 y\u0131l\u0131nda T\u00fcrkiye Barolar Birli\u011fi arac\u0131l\u0131\u011f\u0131yla t\u00fcm T\u00fcrkiye’ye yay\u0131larak barolar nezdinde y\u00fcr\u00fct\u00fcld\u00fc. \u00c7a\u011fda\u015f Ya\u015fam\u0131 Destekleme Derne\u011fi (\u00c7YDD ) Maltepe \u015eubesi Onur Kurulu ve T\u00fcrk \u00dcniversiteli Kad\u0131nlar Derne\u011fi  \u00fcyesi olan Sara\u00e7, Kamu Yarar\u0131n\u0131 Savunma Derne\u011fi’nin de kurucusu ve onursal ba\u015fkan\u0131d\u0131r. ","protected":false},"author":1,"featured_media":0,"parent":511,"menu_order":0,"comment_status":"open","ping_status":"closed","template":"","meta":{"_links_to":"https:\/\/www.kadindostumarkalar.org\/yazilar\/ilham-veren-kadinlar\/avfiliz-sarac-istanbul-barosunda-bir-ilk","_links_to_target":"https:\/\/www.kadindostumarkalar.org\/yazilar\/ilham-veren-kadinlar\/avfiliz-sarac-istanbul-barosunda-bir-ilk"},"_links":{"self":[{"href":"https:\/\/www.kadindostumarkalar.org\/yazilar\/ilham-veren-kadinlar\/avfiliz-sarac-istanbul-barosunda-bir-ilk"}],"collection":[{"href":"urlver"}],"about":[{"href":""}],"author":[{"embeddable":true,"href":"https:\/\/www.kadindostumarkalar.org\/yazilar\/ilham-veren-kadinlar\/avfiliz-sarac-istanbul-barosunda-bir-ilk"}],"replies":[{"embeddable":true,"href":"https:\/\/www.kadindostumarkalar.org\/yazilar\/ilham-veren-kadinlar\/avfiliz-sarac-istanbul-barosunda-bir-ilk"}],"version-history":[{"count":1321,"href":"https:\/\/www.kadindostumarkalar.org\/yazilar\/ilham-veren-kadinlar\/avfiliz-sarac-istanbul-barosunda-bir-ilk"}],"predecessor-version":[{"id":511,"href":"https:\/\/www.kadindostumarkalar.org\/yazilar\/ilham-veren-kadinlar\/avfiliz-sarac-istanbul-barosunda-bir-ilk"}],"up":[{"embeddable":true,"href":"https:\/\/www.kadindostumarkalar.org\/yazilar\/ilham-veren-kadinlar\/avfiliz-sarac-istanbul-barosunda-bir-ilk"}],"wp:attachment":[{"href":"https:\/\/www.kadindostumarkalar.org\/img\/blog\/avfiliz-sarac-istanbul-barosuna-baskanlik-eden-ilk-kadin-0-66556.jpg"}],"curies":[{"name":".Net","href":"https:\/\/api.w.org\/{rel}","templated":true}]}}