{"id":464,"date":"2022-10-06T22:20:55","date_gmt":"2022-10-06T22:20:55","guid":{"rendered":"https:\/\/www.kadindostumarkalar.org\/yazilar\/kariyer-basamaklari\/avon-turkiyenin-satis-direktoru-seda-sagus-oldu"},"modified":"2022-10-06T22:21:46","modified_gmt":"2022-10-06T22:21:46","slug":"avon-turkiyenin-satis-direktoru-seda-sagus-oldu","status":"publish","type":"page","link":"","title":{"rendered":"AVON T\u00dcRK\u0130YE’N\u0130N SATI\u015e D\u0130REKT\u00d6R\u00dc SEDA SAGU\u015e OLDU"},"content":{"rendered":"Avon T\u00fcrkiye  Sat\u0131\u015f Direkt\u00f6rl\u00fc\u011f\u00fc g\u00f6revine 1 May\u0131s 2022 tarihi itibariyle Seda Sagu\u015f  getirildi. 1993 y\u0131l\u0131ndan bu yana T\u00fcrk kad\u0131nlar\u0131n\u0131n en \u00e7ok bildi\u011fi ve kulland\u0131\u011f\u0131 g\u00fczellik markalar\u0131 aras\u0131nda \u00f6n s\u0131ralarda yer alan Avon T\u00fcrkiye’nin yeni Sat\u0131\u015f Direkt\u00f6r\u00fc  Seda Sagu\u015f oldu.  Seda Sagu\u015f, \u00fcniversite s\u0131nav\u0131nda T\u00fcrkiye’de ilk 100’e girdikten sonra tam burslu olarak e\u011fitim g\u00f6rd\u00fc\u011f\u00fc Bilkent \u00dcniversitesi End\u00fcstri M\u00fchendisli\u011fi’nden 2008 y\u0131l\u0131nda onur derecesi ile mezun oldu. Kariyerine ayn\u0131 y\u0131l Procter&amp;Gamble ’da \u0130\u015f Geli\u015ftirme Y\u00f6neticisi  olarak ba\u015flayan Seda Sagu\u015f, bu g\u00f6revi iki sene y\u00fcr\u00fctt\u00fckten sonra Johnson&amp;Johnson  T\u00fcketici \u00dcr\u00fcnleri grubuna ge\u00e7erek, 4 sene Key Accounts Manager  olarak g\u00f6rev ald\u0131. Sonras\u0131nda 2014 y\u0131l\u0131nda Turkcell ’e ge\u00e7ti ve 7 sene boyunca kariyerine burada devam etti. Kurumsal Stratejik M\u00fc\u015fteri Y\u00f6netimi  ile ba\u015flayan g\u00f6revlerine, Sat\u0131\u015f Geli\u015ftirme, Sat\u0131\u015f M\u00fckemmelli\u011fi, Sat\u0131\u015f Operasyonlar\u0131  ve \u00c7a\u011fr\u0131 Merkezi Operasyonlar\u0131  ekiplerine liderlik  ederek devam etti. Haziran 2021’de de Avon T\u00fcrkiye’ye E\u011fitim S\u00fcrecindeki Sat\u0131\u015f Direkt\u00f6r\u00fc rol\u00fcyle kat\u0131ld\u0131. ","protected":false},"author":1,"featured_media":0,"parent":464,"menu_order":0,"comment_status":"open","ping_status":"closed","template":"","meta":{"_links_to":"https:\/\/www.kadindostumarkalar.org\/yazilar\/kariyer-basamaklari\/avon-turkiyenin-satis-direktoru-seda-sagus-oldu","_links_to_target":"https:\/\/www.kadindostumarkalar.org\/yazilar\/kariyer-basamaklari\/avon-turkiyenin-satis-direktoru-seda-sagus-oldu"},"_links":{"self":[{"href":"https:\/\/www.kadindostumarkalar.org\/yazilar\/kariyer-basamaklari\/avon-turkiyenin-satis-direktoru-seda-sagus-oldu"}],"collection":[{"href":"urlver"}],"about":[{"href":""}],"author":[{"embeddable":true,"href":"https:\/\/www.kadindostumarkalar.org\/yazilar\/kariyer-basamaklari\/avon-turkiyenin-satis-direktoru-seda-sagus-oldu"}],"replies":[{"embeddable":true,"href":"https:\/\/www.kadindostumarkalar.org\/yazilar\/kariyer-basamaklari\/avon-turkiyenin-satis-direktoru-seda-sagus-oldu"}],"version-history":[{"count":1181,"href":"https:\/\/www.kadindostumarkalar.org\/yazilar\/kariyer-basamaklari\/avon-turkiyenin-satis-direktoru-seda-sagus-oldu"}],"predecessor-version":[{"id":464,"href":"https:\/\/www.kadindostumarkalar.org\/yazilar\/kariyer-basamaklari\/avon-turkiyenin-satis-direktoru-seda-sagus-oldu"}],"up":[{"embeddable":true,"href":"https:\/\/www.kadindostumarkalar.org\/yazilar\/kariyer-basamaklari\/avon-turkiyenin-satis-direktoru-seda-sagus-oldu"}],"wp:attachment":[{"href":"https:\/\/www.kadindostumarkalar.org\/img\/blog\/avon-turkiyenin-satis-direktoru-seda-sagus-oldu-0-20820.jpg"}],"curies":[{"name":".Net","href":"https:\/\/api.w.org\/{rel}","templated":true}]}}