{"id":708,"date":"2024-05-12T09:45:55","date_gmt":"2024-05-12T09:45:55","guid":{"rendered":"https:\/\/www.kadindostumarkalar.org\/yazilar\/kariyer-basamaklari\/avon-un-apma-yapilanmasina-erhan-liderlik-yapacak"},"modified":"2024-05-12T09:45:55","modified_gmt":"2024-05-12T09:45:55","slug":"avon-un-apma-yapilanmasina-erhan-liderlik-yapacak","status":"publish","type":"page","link":"","title":{"rendered":"Avon’un APMA yap\u0131lanmas\u0131na Erhan liderlik yapacak"},"content":{"rendered":"Kozmetik ve g\u00fczellik markas\u0131 Avon’un yeni APMA&nbsp;b\u00f6lgesi yap\u0131lanmas\u0131nda  Nilay Birg\u00f6ren Erhan, Fas, M\u0131s\u0131r ve Distrib\u00fct\u00f6r Pazarlar\u0131n\u0131n \u0130nsan ve K\u00fclt\u00fcr Lideri oldu. 1 Nisan 2024 itibariyle bu g\u00f6revine ba\u015flayan Erhan, bundan b\u00f6yle T\u00fcrkiye’nin yan\u0131 s\u0131ra Fas, M\u0131s\u0131r ve Distrib\u00fct\u00f6r Pazarlar\u0131n\u0131 da (Head of People&amp;Culture, Turkey, NA, DM) i\u00e7erecek \u015fekilde \u00e7al\u0131\u015fmalar\u0131n\u0131 y\u00fcr\u00fctecek.  Avon, b\u00f6lgesel yap\u0131lanmas\u0131 ve lider pazar modeliyle daha iyi uyum sa\u011flamak amac\u0131yla bu zamana kadar TMEA b\u00f6lgesi olarak kurgulanm\u0131\u015f&nbsp;insan ve k\u00fclt\u00fcr&nbsp;ekibinde liderlik de\u011fi\u015fikli\u011fine gitti. Bu kapsamda markan\u0131n T\u00fcrkiye’deki ticari ve k\u00fclt\u00fcrel d\u00f6n\u00fc\u015f\u00fcm projelerine liderlik eden Nilay Birg\u00f6ren Erhan’\u0131n Avon’un uluslararas\u0131 yap\u0131lanmas\u0131ndaki sorumluluklar\u0131 artt\u0131. Temmuz 2021’den bu yana T\u00fcrkiye’nin ‘\u0130nsan ve K\u00fclt\u00fcr Lideri’ olarak g\u00f6rev yapan Erhan, 1 Nisan 2024 itibariyle T\u00fcrkiye’nin yan\u0131 s\u0131ra Fas, M\u0131s\u0131r ve Distrib\u00fct\u00f6r Pazarlar\u0131n\u0131n da (Head of People&amp;Culture, Turkey, NA, DM) liderli\u011fi g\u00f6revine getirildi.  Avon’a \u015eubat 2009'da K\u0131demli \u0130K \u0130\u015f Orta\u011f\u0131 olarak kat\u0131lan Erhan, buradaki kariyer basamaklar\u0131nda olduk\u00e7a ba\u015far\u0131l\u0131 i\u015flere imza att\u0131.&nbsp; Ticari ve k\u00fclt\u00fcrel d\u00f6n\u00fc\u015f\u00fcm projelerine liderlik eden Erhan, insan ve i\u015f oda\u011f\u0131n\u0131n hassas dengelerinin y\u00f6netiminde g\u00f6rev ald\u0131. Erhan bu s\u00fcre\u00e7te; de\u011fi\u015fim y\u00f6netimi konusundaki uzmanl\u0131\u011f\u0131, karma\u015f\u0131kl\u0131\u011f\u0131 ve de\u011fi\u015fken makro \u00e7evreyi y\u00f6netmede ve \u00e7oklu kanal modelinin T\u00fcrkiye'de uygulanmas\u0131nda ve organizasyonun yap\u0131lanmas\u0131nda \u00f6nc\u00fc rol oynad\u0131.  Erhan ayr\u0131ca, Avon genelinde yerel yetenekleri geli\u015ftirme ve global alanlara ta\u015f\u0131ma konusundaki vizyonu ve kararl\u0131l\u0131\u011f\u0131 ile t\u00fcm Avon geneli i\u00e7in \u00f6nemli katk\u0131lar sa\u011flad\u0131. Profesyonel ba\u015far\u0131lar\u0131n\u0131n yan\u0131 s\u0131ra Nilay Birg\u00f6ren Erhan, sertifikal\u0131 bir Gestalt ve ICF ko\u00e7udur (ACTP ve EMCC) ve deneyimli bir Avon mentorudur. ","protected":false},"author":1,"featured_media":0,"parent":708,"menu_order":0,"comment_status":"open","ping_status":"closed","template":"","meta":{"_links_to":"https:\/\/www.kadindostumarkalar.org\/yazilar\/kariyer-basamaklari\/avon-un-apma-yapilanmasina-erhan-liderlik-yapacak","_links_to_target":"https:\/\/www.kadindostumarkalar.org\/yazilar\/kariyer-basamaklari\/avon-un-apma-yapilanmasina-erhan-liderlik-yapacak"},"_links":{"self":[{"href":"https:\/\/www.kadindostumarkalar.org\/yazilar\/kariyer-basamaklari\/avon-un-apma-yapilanmasina-erhan-liderlik-yapacak"}],"collection":[{"href":"urlver"}],"about":[{"href":""}],"author":[{"embeddable":true,"href":"https:\/\/www.kadindostumarkalar.org\/yazilar\/kariyer-basamaklari\/avon-un-apma-yapilanmasina-erhan-liderlik-yapacak"}],"replies":[{"embeddable":true,"href":"https:\/\/www.kadindostumarkalar.org\/yazilar\/kariyer-basamaklari\/avon-un-apma-yapilanmasina-erhan-liderlik-yapacak"}],"version-history":[{"count":982,"href":"https:\/\/www.kadindostumarkalar.org\/yazilar\/kariyer-basamaklari\/avon-un-apma-yapilanmasina-erhan-liderlik-yapacak"}],"predecessor-version":[{"id":708,"href":"https:\/\/www.kadindostumarkalar.org\/yazilar\/kariyer-basamaklari\/avon-un-apma-yapilanmasina-erhan-liderlik-yapacak"}],"up":[{"embeddable":true,"href":"https:\/\/www.kadindostumarkalar.org\/yazilar\/kariyer-basamaklari\/avon-un-apma-yapilanmasina-erhan-liderlik-yapacak"}],"wp:attachment":[{"href":"https:\/\/www.kadindostumarkalar.org\/img\/blog\/avon-un-apma-yapilanmasina-erhan-liderlik-yapacak-0-72625.jpg"}],"curies":[{"name":".Net","href":"https:\/\/api.w.org\/{rel}","templated":true}]}}