{"id":563,"date":"2023-01-21T12:52:28","date_gmt":"2023-01-21T12:52:28","guid":{"rendered":"https:\/\/www.kadindostumarkalar.org\/yazilar\/dunya-turu\/avrupa-kadin-lobisi-baskani-réka-sáfrány-ile-roportaj"},"modified":"2023-01-21T12:53:38","modified_gmt":"2023-01-21T12:53:38","slug":"avrupa-kadin-lobisi-baskani-réka-sáfrány-ile-roportaj","status":"publish","type":"page","link":"","title":{"rendered":"AVRUPA KADIN LOB\u0130S\u0130 BA\u015eKANI RÉKA SÁFRÁNY \u0130LE R\u00d6PORTAJ"},"content":{"rendered":"Kad\u0131n \u00f6rg\u00fctlerinin Avrupa Birli\u011fi'ndeki en b\u00fcy\u00fck \u015femsiye kurulu\u015fu olan Avrupa Kad\u0131n Lobisi Ba\u015fkan\u0131 Réka Sáfrány,  ge\u00e7en y\u0131llarda kendisi ile yap\u0131lan bir r\u00f6portajda, kad\u0131nlar\u0131n i\u015fg\u00fcc\u00fcne kat\u0131l\u0131m\u0131n\u0131, pandeminin kad\u0131nlar\u0131 neden orant\u0131s\u0131z bir \u015fekilde etkiledi\u011fini anlat\u0131yor. 1. Demir perdenin d\u00fc\u015fmesinden \u00f6nce Orta ve Do\u011fu Avrupa'da kad\u0131nlar\u0131n i\u015fg\u00fcc\u00fcne kat\u0131l\u0131m\u0131 \u00e7ok y\u00fcksekti. Ancak ekonomik d\u00f6n\u00fc\u015f\u00fcm s\u0131ras\u0131nda e\u011filimler \u00f6nemli \u00f6l\u00e7\u00fcde farkl\u0131la\u015fmaya ba\u015flad\u0131 ve kad\u0131nlar\u0131n i\u015fg\u00fcc\u00fc piyasalar\u0131na kat\u0131l\u0131m\u0131 baz\u0131 \u00fclkelerde d\u00fc\u015ferken di\u011ferlerinde y\u00fcksek kald\u0131. Bu farkl\u0131l\u0131klar\u0131 nas\u0131l a\u00e7\u0131kl\u0131yorsunuz ve kad\u0131nlar\u0131n i\u015fg\u00fcc\u00fcne kat\u0131l\u0131m\u0131n\u0131n hala geri kald\u0131\u011f\u0131 \u00fclkelerde kad\u0131nlar\u0131n i\u015fg\u00fcc\u00fcne kat\u0131l\u0131m\u0131n\u0131 kolayla\u015ft\u0131rmak i\u00e7in neler yap\u0131labilir?  Ger\u00e7ekten de toplumsal cinsiyet kli\u015feleri bu neo-liberal modele derinlemesine yerle\u015fti\u011finden dolay\u0131 kâr ama\u00e7l\u0131 bir piyasa ekonomisine ge\u00e7i\u015fte en b\u00fcy\u00fck kaybeden, kad\u0131nlar oldu. Cinsiyete dayal\u0131 kat\u0131 rollere ili\u015fkin beklentiler, kad\u0131nlar\u0131n ev i\u015flerine ve \u00f6zellikle \u00e7ocuklar\u0131n ve bakmakla y\u00fck\u00fcml\u00fc olduklar\u0131 aile \u00fcyelerinin bak\u0131m\u0131na y\u00f6nlendirilmesine neden oldu. Bu, \u00f6zellikle devletin daha \u00f6nce bu rol\u00fc \u00fcstlendi\u011fi, ancak piyasa ekonomisi ortaya \u00e7\u0131kt\u0131k\u00e7a bu hizmetlerin \u00f6zelle\u015ftirilip maliyetli hale geldi\u011fi ve kad\u0131nlar\u0131n omuzlar\u0131na y\u00fcklendi\u011fi \u00fclkelerde ya\u015fand\u0131. Bu da kad\u0131nlar\u0131n i\u015fg\u00fcc\u00fc piyasas\u0131na girmesini ve kariyer yapmas\u0131n\u0131 engelledi ve ya\u015famlar\u0131 boyunca ekonomik ba\u011f\u0131ms\u0131zl\u0131klar\u0131n\u0131 tehlikeye att\u0131. \u00c7ocuk bak\u0131m\u0131 yard\u0131mlar\u0131 ve kurumlar\u0131, daha y\u00fcksek \u00fccretler ve kad\u0131nlara y\u00f6nelik olumlu tutumlar\u0131n\u0131n i\u015fg\u00fcc\u00fc piyasas\u0131na kat\u0131l\u0131m\u0131, ekonomik olarak daha geli\u015fmi\u015f \u00fclkelere \u00e7ok yak\u0131n olan ve daha modern bir i\u015fg\u00fcc\u00fc piyasas\u0131na sahip olan Balt\u0131k \u00fclkelerinin \u00e7o\u011funda i\u015fg\u00fcc\u00fc piyasas\u0131ndaki cinsiyet fark\u0131n\u0131n kapat\u0131lmas\u0131na yard\u0131mc\u0131 olmu\u015ftur. Ayn\u0131 zamanda, geleneksel toplumsal cinsiyet rollerine  \u00f6ncelik verilen \u00fclkelerde, \u00e7ocuk bak\u0131m\u0131 yard\u0131m sistemi demografik bir art\u0131\u015f\u0131 hedefliyor, bu bile yava\u015f yava\u015f annelerin i\u015fg\u00fcc\u00fcne kat\u0131l\u0131m\u0131n\u0131n yeniden canlanmas\u0131na katk\u0131da bulunmaya ba\u015flad\u0131. Bununla birlikte, i\u015fg\u00fcc\u00fc piyasas\u0131  ko\u015fullar\u0131n\u0131n \u00e7ocuk bak\u0131m\u0131  yard\u0131mlar\u0131 ve hizmetleri a\u00e7\u0131s\u0131ndan daha k\u00f6t\u00fc oldu\u011fu yerlerde, kad\u0131nlar kendilerini istikrars\u0131z bir durumda buldular, hatta ekonomik nedenlerle g\u00f6\u00e7 etmek zorunda kald\u0131lar. \u0130\u015fyerinde kad\u0131nlara y\u00f6nelik ayr\u0131mc\u0131l\u0131kla m\u00fccadele, k\u00fc\u00e7\u00fck \u00e7ocuklu kad\u0131nlar\u0131n esnek istihdam\u0131n\u0131n te\u015fvik edilmesi, kad\u0131nlar\u0131n y\u00f6netici rollerini \u00fcstlenmelerinin sa\u011flanmas\u0131, kad\u0131nlar\u0131n i\u015fg\u00fcc\u00fc piyasas\u0131na kat\u0131l\u0131m\u0131n\u0131n artmas\u0131n\u0131 kolayla\u015ft\u0131ran \u00f6nemli ve kan\u0131tlanm\u0131\u015f ad\u0131mlar aras\u0131nda yer ald\u0131. Bununla birlikte, genel olarak, ekonomik modelimizin merkezine yeniden \u00f6zen g\u00f6stermemiz gerekiyor. Bu sadece kad\u0131nlar\u0131n sorunu de\u011fil, toplumsal bir sorun. Avrupa i\u00e7in, gezegeni ve insanlar\u0131 \u00f6nemsedi\u011fimiz Ye\u015fil Anla\u015fmay\u0131 tamamlayan bir Bak\u0131m Anla\u015fmas\u0131na ihtiyac\u0131m\u0131z var. Avrupa ya\u015flanan bir k\u0131ta ve ya\u015fam d\u00f6ng\u00fcs\u00fc boyunca bak\u0131m ihtiya\u00e7lar\u0131 artmakta.  2. Avrupa \u00fclkelerinden al\u0131nan son veriler, Covid-19 salg\u0131n\u0131n\u0131n kad\u0131nlar i\u00e7in erkeklere k\u0131yasla daha y\u00fcksek istihdam kay\u0131plar\u0131na yol a\u00e7t\u0131\u011f\u0131n\u0131 g\u00f6steriyor. Ana nedenler neler ve bu orant\u0131s\u0131z etkiyi \u00f6nlemek i\u00e7in neyi farkl\u0131 yapabilirdik?  Pandemi,  toplumlar\u0131m\u0131z\u0131n kad\u0131nlara ne kadar ba\u011f\u0131ml\u0131 oldu\u011funu g\u00f6steren bir uyar\u0131 gibiydi. Sa\u011fl\u0131k, bak\u0131m ve sosyal hizmetlerde \u00e7al\u0131\u015fanlar\u0131n \u00e7o\u011funlu\u011funu kad\u0131nlar olu\u015fturdu\u011fundan, bu salg\u0131n, temel hizmetler olarak adland\u0131r\u0131lan hizmetlerde kad\u0131nlar\u0131n kritik rol\u00fcn\u00fc \u00f6n plana \u00e7\u0131kard\u0131. Avrupa Cinsiyet E\u015fitli\u011fi Enstit\u00fcs\u00fc  taraf\u0131ndan haz\u0131rlanan bir rapor, kad\u0131nlar\u0131n kasiyerlerin %82'sini, \u00e7ocuk bak\u0131m\u0131 \u00e7al\u0131\u015fanlar\u0131 ve \u00f6\u011fretmenlerin %93'\u00fcn\u00fc, ev temizlik\u00e7ileri ve yard\u0131mc\u0131lar\u0131n\u0131n %95'ini ve ki\u015fisel bak\u0131m \u00e7al\u0131\u015fanlar\u0131n\u0131n %86's\u0131n\u0131 temsil etti\u011fini g\u00f6steriyor. G\u00fcvencesiz \u00e7al\u0131\u015fma ko\u015fullar\u0131 ve maa\u015flar\u0131, ekonomiye katk\u0131lar\u0131 hafife al\u0131nd\u0131\u011f\u0131ndan ve g\u00f6r\u00fcnmez oldu\u011fundan, kad\u0131nlar\u0131n hafife al\u0131nd\u0131\u011f\u0131 da bu s\u00fcre\u00e7te belirgin \u015fekilde ortaya \u00e7\u0131kt\u0131. Evden \u00e7al\u0131\u015fabilen kad\u0131nlar, okullar ve kre\u015fler kapand\u0131\u011f\u0131 i\u00e7in bak\u0131m sorumluluklar\u0131yla u\u011fra\u015ft\u0131. Ayr\u0131ca kad\u0131nlara y\u00f6nelik erkek \u015fiddetinde BM Genel Sekreteri'nin 'g\u00f6lge salg\u0131n' olarak adland\u0131rd\u0131\u011f\u0131 \u00f6l\u00e7\u00fcde bir art\u0131\u015f oldu. AB, bir Dayan\u0131kl\u0131l\u0131k ve \u0130yile\u015ftirme Fonu ile devreye girerken, ye\u015fil ve dijital ge\u00e7i\u015fe odaklanan \u00f6ncelikli alanlar, ekonominin erkeklerin egemen oldu\u011fu alanlar\u0131, gerekli hedeflere sahip olacak g\u00fc\u00e7l\u00fc bir toplumsal cinsiyet ana ak\u0131mla\u015ft\u0131rma yakla\u015f\u0131m\u0131n\u0131 uygulamaya koyamad\u0131. \u00dcye Devletlerin kad\u0131nlar ve erkekler aras\u0131ndaki e\u015fitsizlikleri nas\u0131l ele alacaklar\u0131n\u0131 a\u00e7\u0131klamalar\u0131n\u0131 gerektiren ulusal iyile\u015ftirme planlar\u0131n\u0131n uygulanmas\u0131n\u0131 yak\u0131ndan izleyemeliyiz, ancak fonlar\u0131n sistematik bir \u015fekilde sa\u011flanmas\u0131 i\u00e7in tan\u0131mlay\u0131c\u0131 bir analizin \u00f6tesine ge\u00e7meliyiz. Bunun, kamu harcamalar\u0131m\u0131z\u0131n toplumsal ihtiya\u00e7lar\u0131 kar\u015f\u0131lamas\u0131n\u0131 sa\u011flayan ve ayn\u0131 zamanda AB'nin kad\u0131n erkek e\u015fitli\u011fine ili\u015fkin taahh\u00fctlerini kar\u015f\u0131layan bir metodoloji olan toplumsal cinsiyete dayal\u0131 b\u00fct\u00e7elemeyi uygulamaya koyman\u0131n zaman\u0131 ve f\u0131rsat\u0131 oldu\u011funa inan\u0131yoruz. 3. Orta ve Do\u011fu Avrupa'da verimli bir ekonomik toparlanma hakk\u0131nda d\u00fc\u015f\u00fcnd\u00fc\u011f\u00fcm\u00fczde, i\u015fg\u00fcc\u00fc piyasas\u0131ndaki en savunmas\u0131z kad\u0131nlar kimler ve onlar\u0131n bir kez daha geride kalmalar\u0131n\u0131 \u00f6nlemek i\u00e7in ne yap\u0131labilir?  Bu konuda en savunmas\u0131z olanlar; engelli kad\u0131nlar ve k\u0131z \u00e7ocuklar\u0131, ya\u015fl\u0131 kad\u0131nlar, ciddi sa\u011fl\u0131k sorunlar\u0131 olan kad\u0131nlar ve bedenlerini satarak ge\u00e7inmek zorunda kalan kad\u0131nlar, etnik az\u0131nl\u0131klardan kad\u0131nlar, \u00f6zellikle Romanlar ve g\u00f6\u00e7men stat\u00fcs\u00fcnde olanlar ile s\u0131kl\u0131kla toplumun marjinlerinde b\u0131rak\u0131lan kad\u0131n gruplar\u0131ndan baz\u0131lar\u0131. Salg\u0131n\u0131n uzun vadeli sonu\u00e7lar\u0131 gen\u00e7 kad\u0131nlar\u0131 da b\u00fcy\u00fck \u00f6l\u00e7\u00fcde etkileyecek g\u00f6r\u00fcn\u00fcyor. Avrupa Kad\u0131n Lobisi’nde feminist bir ekonomik modele  acilen ihtiya\u00e7 duyuldu\u011funa inan\u0131yoruz. Vizyonumuzu yay\u0131nlad\u0131k; bu kapsamdaki Mor Anla\u015fma , kad\u0131nlar\u0131n hayat\u0131n her alan\u0131na tam kat\u0131l\u0131m\u0131n\u0131 ve t\u00fcm \u00e7e\u015fitlilikleri i\u00e7inde, karar vermenin t\u00fcm d\u00fczeylerinde onlar\u0131n e\u015fit temsilini gerektiriyor. E\u015fit i\u015fe e\u015fit \u00fccret gibi emekli maa\u015flar\u0131n\u0131n da iyile\u015ftirilmesi \u00f6nemli. Herkesin katk\u0131s\u0131na ve m\u00fcteakiben dayan\u0131\u015fmaya ve toplumsal cinsiyete dayal\u0131 b\u00fct\u00e7eleme ile ana ak\u0131mla\u015ft\u0131rmaya dayal\u0131 kolektif mekanizmalar\u0131m\u0131z\u0131n e\u015fit da\u011f\u0131l\u0131m\u0131n\u0131 i\u00e7eren bir vergi adaleti sistemine ihtiyac\u0131m\u0131z var. Toplum, \u00e7evrimi\u00e7i \u015fiddet de dahil olmak \u00fczere kad\u0131nlara ve k\u0131z \u00e7ocuklar\u0131na y\u00f6nelik her t\u00fcrl\u00fc \u015fiddeti ciddi \u015fekilde ele almak zorunda. ","protected":false},"author":1,"featured_media":0,"parent":563,"menu_order":0,"comment_status":"open","ping_status":"closed","template":"","meta":{"_links_to":"https:\/\/www.kadindostumarkalar.org\/yazilar\/dunya-turu\/avrupa-kadin-lobisi-baskani-réka-sáfrány-ile-roportaj","_links_to_target":"https:\/\/www.kadindostumarkalar.org\/yazilar\/dunya-turu\/avrupa-kadin-lobisi-baskani-réka-sáfrány-ile-roportaj"},"_links":{"self":[{"href":"https:\/\/www.kadindostumarkalar.org\/yazilar\/dunya-turu\/avrupa-kadin-lobisi-baskani-réka-sáfrány-ile-roportaj"}],"collection":[{"href":"urlver"}],"about":[{"href":""}],"author":[{"embeddable":true,"href":"https:\/\/www.kadindostumarkalar.org\/yazilar\/dunya-turu\/avrupa-kadin-lobisi-baskani-réka-sáfrány-ile-roportaj"}],"replies":[{"embeddable":true,"href":"https:\/\/www.kadindostumarkalar.org\/yazilar\/dunya-turu\/avrupa-kadin-lobisi-baskani-réka-sáfrány-ile-roportaj"}],"version-history":[{"count":1537,"href":"https:\/\/www.kadindostumarkalar.org\/yazilar\/dunya-turu\/avrupa-kadin-lobisi-baskani-réka-sáfrány-ile-roportaj"}],"predecessor-version":[{"id":563,"href":"https:\/\/www.kadindostumarkalar.org\/yazilar\/dunya-turu\/avrupa-kadin-lobisi-baskani-réka-sáfrány-ile-roportaj"}],"up":[{"embeddable":true,"href":"https:\/\/www.kadindostumarkalar.org\/yazilar\/dunya-turu\/avrupa-kadin-lobisi-baskani-réka-sáfrány-ile-roportaj"}],"wp:attachment":[{"href":"https:\/\/www.kadindostumarkalar.org\/img\/blog\/avrupa-kadin-lobisi-baskani-réka-sáfrány-ile-roportaj-0-52155.jpg"}],"curies":[{"name":".Net","href":"https:\/\/api.w.org\/{rel}","templated":true}]}}