{"id":344,"date":"2021-09-17T00:00:00","date_gmt":"2021-09-17T00:00:00","guid":{"rendered":"https:\/\/www.kadindostumarkalar.org\/yazilar\/genel\/avrupada-esit-ucret-yasasi-hazirlaniyor"},"modified":"2022-06-06T13:25:59","modified_gmt":"2022-06-06T13:25:59","slug":"avrupada-esit-ucret-yasasi-hazirlaniyor","status":"publish","type":"page","link":"","title":{"rendered":"AVRUPA’DA E\u015e\u0130T \u00dcCRET YASASI HAZIRLANIYOR"},"content":{"rendered":"Avrupa Birli\u011fi (AB) \u00fclkeleri 250’den fazla \u00e7al\u0131\u015fan\u0131 olan \u015firketlerin, ayn\u0131 i\u015fi yapan kad\u0131n ve erkek i\u015f\u00e7iler aras\u0131ndaki kazan\u00e7 fark\u0131n\u0131 raporlamas\u0131n\u0131 zorunlu k\u0131lacak bir yasa haz\u0131rlan\u0131yor.  Avrupa Birli\u011fi’nin, i\u00e7erisinde, kad\u0131n ve erkek i\u015f\u00e7iler  aras\u0131ndaki kazan\u00e7 fark\u0131n\u0131 dengeleme maddesinin de oldu\u011fu toplumsal cinsiyet e\u015fitli\u011fi  konusuna y\u00f6nelik, \u00e7e\u015fitli uygulamalar\u0131 bulunuyor. Buna g\u00f6re 250’den fazla \u00e7al\u0131\u015fan\u0131 olan \u015firketlerin, ayn\u0131 i\u015fi yapan kad\u0131n ve erkek i\u015f\u00e7iler  aras\u0131ndaki kazan\u00e7 fark\u0131n\u0131 raporlamas\u0131n\u0131 zorunlu k\u0131lacak bir yasa haz\u0131rlan\u0131yor. B\u00f6ylece 27 farkl\u0131 \u00fclkeden olu\u015fan Avrupa Birli\u011fi ’nde, kad\u0131n ve erkek \u00e7al\u0131\u015fanlar\u0131n  \u00fccret fark\u0131n\u0131n giderilmesi hedefleniyor. Amerika’da ya\u015f ayr\u0131mc\u0131l\u0131\u011f\u0131na d\u00fczenleme  Renk, dil, din, \u0131rk kadar dile getirilmese de ya\u015f kriterinin de ayr\u0131mc\u0131l\u0131kta \u00f6nemli bir yere sahip oldu\u011fu \u00f6zellikle g\u00fcn\u00fcm\u00fcz i\u015f d\u00fcnyas\u0131nda, bir\u00e7ok \u00e7al\u0131\u015fan k\u0131demli de olsa, ya\u015f\u0131 y\u00fcksek oldu\u011fu i\u00e7in gen\u00e7 i\u015f arkada\u015flar\u0131 taraf\u0131ndan mobbing e maruz kal\u0131yor. 1967 y\u0131l\u0131nda federal ya\u015f ayr\u0131mc\u0131l\u0131\u011f\u0131 kanunu olan \u0130stihdamda Ya\u015f Ayr\u0131mc\u0131l\u0131\u011f\u0131 Kanunu  kabul eden Amerika, bu kanuna dayanarak, di\u011fer ayr\u0131mc\u0131l\u0131k nedenlerinde oldu\u011fu gibi ya\u015f nedeniyle ayr\u0131mc\u0131l\u0131\u011f\u0131n yap\u0131lmas\u0131n\u0131 da benzer \u015fekilde yasakl\u0131yor. Bu kanun ile 40 ya\u015f \u00fcst\u00fc bireylerin, ya\u015f ayr\u0131mc\u0131l\u0131\u011f\u0131na maruz kalmalar\u0131 yasa yoluyla engelleniyor. ","protected":false},"author":1,"featured_media":0,"parent":344,"menu_order":0,"comment_status":"open","ping_status":"closed","template":"","meta":{"_links_to":"https:\/\/www.kadindostumarkalar.org\/yazilar\/genel\/avrupada-esit-ucret-yasasi-hazirlaniyor","_links_to_target":"https:\/\/www.kadindostumarkalar.org\/yazilar\/genel\/avrupada-esit-ucret-yasasi-hazirlaniyor"},"_links":{"self":[{"href":"https:\/\/www.kadindostumarkalar.org\/yazilar\/genel\/avrupada-esit-ucret-yasasi-hazirlaniyor"}],"collection":[{"href":"urlver"}],"about":[{"href":""}],"author":[{"embeddable":true,"href":"https:\/\/www.kadindostumarkalar.org\/yazilar\/genel\/avrupada-esit-ucret-yasasi-hazirlaniyor"}],"replies":[{"embeddable":true,"href":"https:\/\/www.kadindostumarkalar.org\/yazilar\/genel\/avrupada-esit-ucret-yasasi-hazirlaniyor"}],"version-history":[{"count":1052,"href":"https:\/\/www.kadindostumarkalar.org\/yazilar\/genel\/avrupada-esit-ucret-yasasi-hazirlaniyor"}],"predecessor-version":[{"id":344,"href":"https:\/\/www.kadindostumarkalar.org\/yazilar\/genel\/avrupada-esit-ucret-yasasi-hazirlaniyor"}],"up":[{"embeddable":true,"href":"https:\/\/www.kadindostumarkalar.org\/yazilar\/genel\/avrupada-esit-ucret-yasasi-hazirlaniyor"}],"wp:attachment":[{"href":"https:\/\/www.kadindostumarkalar.org\/img\/blog\/36164196-303.jpg"}],"curies":[{"name":".Net","href":"https:\/\/api.w.org\/{rel}","templated":true}]}}