{"id":357,"date":"2021-04-15T00:00:00","date_gmt":"2021-04-15T00:00:00","guid":{"rendered":"https:\/\/www.kadindostumarkalar.org\/yazilar\/genel\/axis-kagithane-avmden-ureten-kadina-satis-destegi"},"modified":"2022-06-06T13:46:39","modified_gmt":"2022-06-06T13:46:39","slug":"axis-kagithane-avmden-ureten-kadina-satis-destegi","status":"publish","type":"page","link":"","title":{"rendered":"AXIS KA\u011eITHANE AVM’DEN \u00dcRETEN KADINA SATI\u015e DESTE\u011e\u0130"},"content":{"rendered":"Axis Ka\u011f\u0131thane Al\u0131\u015fveri\u015f Merkezi, Ka\u011f\u0131thane Halk E\u011fitim Merkezi i\u015fbirli\u011fi ile anlaml\u0131 bir duyarl\u0131l\u0131k projesini hayata ge\u00e7irdi. Projenin amac\u0131 pandemi nedeniyle evlerinde kalmak zorunda olan kursiyerlerin \u00fcr\u00fcnlerinin sat\u0131lmas\u0131 ve aile b\u00fct\u00e7esine katk\u0131 sa\u011flamalar\u0131na destek olunmas\u0131 olarak belirlendi.   Pek \u00e7ok yetkili ve vatanda\u015f\u0131n kat\u0131l\u0131m\u0131yla 12 Nisan Pazartesi g\u00fcn\u00fc, Axis Ka\u011f\u0131thane AVM ’nin 1. kat\u0131nda bulunan “Axis Ka\u011f\u0131thane Sanat Merkezi Sat\u0131\u015f Noktas\u0131 ”n\u0131n a\u00e7\u0131l\u0131\u015f\u0131 ger\u00e7ekle\u015ftirdi. Bu \u00f6zel ve anlaml\u0131 fak\u0131ndal\u0131k  yaratan projeyle \u00e7ok \u00e7e\u015fitli \u00fcr\u00fcnlerden olu\u015fan kad\u0131n  eme\u011finin sergilendi\u011fi sat\u0131\u015f noktas\u0131 nda, Halk E\u011fitim Merkezi kursiyerlerinin el yap\u0131m\u0131 \u00fcr\u00fcnler i sat\u0131\u015fa sunuldu. Geleneksel T\u00fcrk \u0130slam Sanat\u0131  alan\u0131ndan Enstr\u00fcman  alan\u0131na; Sanatsal Tablolar ve Objeler  alan\u0131ndan Ev Mefru\u015fat\u0131  alan\u0131na kadar uzanan geni\u015f yelpazede \u00fcr\u00fcnler sergilendi. Axis Ka\u011f\u0131thane Sanat Merkezi Sat\u0131\u015f Noktas\u0131  ma\u011fazas\u0131nda birbirinden renkli \u00fcr\u00fcnler sat\u0131\u015fa sunuluyor. Geleneksel T\u00fcrk \u0130slam Sanat\u0131  alan\u0131nda, Sedef Kakma- H\u00fcsn-i Hat, Tezhip, Minyat\u00fcr \u00e7al\u0131\u015fmalar\u0131na dair \u00e7er\u00e7eveli veya \u00e7er\u00e7evesiz \u00fcr\u00fcnler yer al\u0131yor. Enstr\u00fcman  alan\u0131nda, kabak kemane, kemen\u00e7e, keman, gitar,  ba\u011flama gibi tamam\u0131 el yap\u0131 m\u00fczik aletleri;  Sanatsal  Tablolar ve Objeler  alan\u0131nda, \u00fc\u00e7 boyutlu \u015fekillendirme, r\u00f6lyef \u00e7al\u0131\u015fmalar\u0131, sanatsal \u00fc\u00e7 boyutlu mozaik \u00e7al\u0131\u015fmalara dair \u00e7er\u00e7eveli veya \u00e7er\u00e7evesiz \u00fcr\u00fcnler; Ev Mefru\u015fat\u0131 nda ise el yap\u0131m\u0131 \u00e7i\u00e7ekler, yatak \u00f6rt\u00fcleri ve pike tak\u0131mlar\u0131, el ve makine nak\u0131\u015flar\u0131 vb. \u00fcr\u00fcnler yer al\u0131yor. ","protected":false},"author":1,"featured_media":0,"parent":357,"menu_order":0,"comment_status":"open","ping_status":"closed","template":"","meta":{"_links_to":"https:\/\/www.kadindostumarkalar.org\/yazilar\/genel\/axis-kagithane-avmden-ureten-kadina-satis-destegi","_links_to_target":"https:\/\/www.kadindostumarkalar.org\/yazilar\/genel\/axis-kagithane-avmden-ureten-kadina-satis-destegi"},"_links":{"self":[{"href":"https:\/\/www.kadindostumarkalar.org\/yazilar\/genel\/axis-kagithane-avmden-ureten-kadina-satis-destegi"}],"collection":[{"href":"urlver"}],"about":[{"href":""}],"author":[{"embeddable":true,"href":"https:\/\/www.kadindostumarkalar.org\/yazilar\/genel\/axis-kagithane-avmden-ureten-kadina-satis-destegi"}],"replies":[{"embeddable":true,"href":"https:\/\/www.kadindostumarkalar.org\/yazilar\/genel\/axis-kagithane-avmden-ureten-kadina-satis-destegi"}],"version-history":[{"count":1001,"href":"https:\/\/www.kadindostumarkalar.org\/yazilar\/genel\/axis-kagithane-avmden-ureten-kadina-satis-destegi"}],"predecessor-version":[{"id":357,"href":"https:\/\/www.kadindostumarkalar.org\/yazilar\/genel\/axis-kagithane-avmden-ureten-kadina-satis-destegi"}],"up":[{"embeddable":true,"href":"https:\/\/www.kadindostumarkalar.org\/yazilar\/genel\/axis-kagithane-avmden-ureten-kadina-satis-destegi"}],"wp:attachment":[{"href":"https:\/\/www.kadindostumarkalar.org\/img\/blog\/axis-avm-sanat-merkezi-2.jpeg"}],"curies":[{"name":".Net","href":"https:\/\/api.w.org\/{rel}","templated":true}]}}