{"id":27,"date":"2022-03-18T00:00:00","date_gmt":"2022-03-18T00:00:00","guid":{"rendered":"https:\/\/www.kadindostumarkalar.org\/yazilar\/enerji\/aydem-enerji-weps-imzacisi-oldu"},"modified":"2022-05-31T03:32:46","modified_gmt":"2022-05-31T03:32:46","slug":"aydem-enerji-weps-imzacisi-oldu","status":"publish","type":"page","link":"","title":{"rendered":"AYDEM ENERJ\u0130 WEPs \u0130MZACISI OLDU"},"content":{"rendered":"T\u00fcrkiye’nin \u00f6nc\u00fc entegre enerji \u015firketlerinden Aydem Enerji, kad\u0131nlar\u0131n t\u00fcm sekt\u00f6rlerde ve her d\u00fczeyde ekonomik ya\u015fam\u0131n i\u00e7inde yer alabilmelerini sa\u011flamak amac\u0131yla \u00e7al\u0131\u015fmalar y\u00fcr\u00fct\u00fclen Birle\u015fmi\u015f Milletler Kad\u0131n\u0131n G\u00fc\u00e7lenmesi Prensipleri’ni (WEPs) imzalad\u0131.  Elektrik enerjisi  \u00fcretim, da\u011f\u0131t\u0131m ve perakendecili\u011fi alanlar\u0131nda 40 y\u0131l\u0131 a\u015fk\u0131n s\u00fcredir faaliyetlerini s\u00fcrd\u00fcren Aydem Enerji , toplumsal cinsiyet e\u015fitli\u011fi nin g\u00fc\u00e7lenmesi konusunda att\u0131\u011f\u0131 ad\u0131mlara bir yenisini daha ekledi. \u015eirket, Birle\u015fmi\u015f Milletler Toplumsal Cinsiyet E\u015fitli\u011fi ve Kad\u0131n\u0131n G\u00fc\u00e7lenmesi Birimi  (UN Women ) ile Birle\u015fmi\u015f Milletler K\u00fcresel \u0130lkeler S\u00f6zle\u015fmesi (UN Global Compact ) ortakl\u0131\u011f\u0131yla olu\u015fturulan Kad\u0131n\u0131n G\u00fc\u00e7lenmesi Prensipleri’nin (Women’s Empowerment Principles-WEPs ) imzac\u0131lar\u0131 aras\u0131na girdi. Aydem Enerji ve grup \u015firketleri, at\u0131lan imza ile kad\u0131nlar\u0131n hayat\u0131n her alan\u0131nda ve her seviyesinde varl\u0131\u011f\u0131n\u0131 g\u00fc\u00e7lendirmek \u00fczere faaliyette bulunaca\u011f\u0131n\u0131 ve Kad\u0131n\u0131n G\u00fc\u00e7lenmesi Prensipleri’ne ba\u011fl\u0131 kalaca\u011f\u0131n\u0131 taahh\u00fct etti. Toplumsal cinsiyet e\u015fitli\u011fine, kad\u0131nlar\u0131n toplumda ve i\u015f hayat\u0131nda daha fazla rol almas\u0131na \u00f6nc\u00fcl\u00fck edecek \u015firket, projeleriyle enerji sekt\u00f6r\u00fcn\u00fcn d\u00f6n\u00fc\u015f\u00fcm\u00fcnde de \u00f6nemli rol oynayacak ve T\u00fcrkiye’nin s\u00fcrd\u00fcr\u00fclebilir kalk\u0131nmas\u0131na  katk\u0131 sa\u011flayacak. “Kad\u0131n g\u00fcc\u00fcn\u00fc ekonomimize kazand\u0131rmaya devam edece\u011fiz”   Aydem Enerji olarak, her alanda adalet ve e\u015fitlik yakla\u015f\u0131m\u0131n\u0131 benimserken; ticari faaliyetlerinin yan\u0131 s\u0131ra toplumun geli\u015fim alanlar\u0131na da yat\u0131r\u0131m yapt\u0131klar\u0131n\u0131 ifade eden Aydem Enerji CEO’su \u0130dris K\u00fcpeli , ayr\u0131mc\u0131l\u0131\u011f\u0131n her t\u00fcr\u00fcne oldu\u011fu gibi, cinsiyet temelli ayr\u0131mc\u0131l\u0131\u011f\u0131n da kar\u015f\u0131s\u0131nda yer ald\u0131klar\u0131n\u0131 belirtti.  Toplumsal refah ve kalk\u0131nman\u0131n \u00f6nemli kriterlerinden olan kad\u0131n ve erke\u011fin, sosyal ve i\u015f hayat\u0131ndaki yerlerinin dengelenmesi konusunda, “Aydem E\u015fit Hayat ” inisiyatifiyle \u00e7al\u0131\u015fmalar\u0131n\u0131 s\u00fcrd\u00fcrd\u00fcklerini kaydeden K\u00fcpeli, kad\u0131n\u0131n g\u00fc\u00e7lendirilmesi ve her alanda toplumsal cinsiyet e\u015fitli\u011finin sa\u011flanmas\u0131 ad\u0131na politikalar\u0131n\u0131, i\u015f yap\u0131\u015f bi\u00e7imlerini ve lokasyonlar\u0131n\u0131 d\u00f6n\u00fc\u015ft\u00fcrd\u00fcklerini ve f\u0131rsat e\u015fitli\u011fi ni, cinsiyet temelli ayr\u0131mc\u0131l\u0131\u011fa kar\u015f\u0131 temel bir duru\u015f olarak benimsediklerini dile getirdi. Aydem Enerji \u00e7at\u0131s\u0131 alt\u0131nda g\u00f6rev yapan kad\u0131n \u00e7al\u0131\u015fanlar\u0131n her kademede say\u0131s\u0131n\u0131 art\u0131rmaya ve kad\u0131n g\u00fcc\u00fc n\u00fc ekonomiye, toplumsal ya\u015fama ve kalk\u0131nmaya kazand\u0131rmak \u00fczere \u00e7al\u0131\u015fmaya devam edeceklerinin alt\u0131n\u0131 \u00e7izen K\u00fcpeli, “Eminim ki WEPs imzac\u0131l\u0131\u011f\u0131m\u0131z, bizi bu hedeflere ula\u015fma noktas\u0131nda motive ederek \u015firketimizin, sekt\u00f6r\u00fcm\u00fcz\u00fcn ve \u00fclkemizin d\u00f6n\u00fc\u015f\u00fcm\u00fc ad\u0131na \u00f6nemli bir ad\u0131m olacak” diyerek s\u00f6zlerini tamamlad\u0131. “Aydem E\u015fit Hayat” inisiyatifi  Aydem Enerji’nin toplumsal cinsiyet e\u015fitli\u011fine odaklanan inisiyatifi Aydem E\u015fit Hayat, her bireyin hak, kaynak, f\u0131rsatlardan tam ve e\u015fit bi\u00e7imde yararlanmas\u0131n\u0131, hayata dair sorumluluklar\u0131 e\u015fit b\u00f6l\u00fc\u015fmesini hedefleyen \u00e7al\u0131\u015fmalar y\u00fcr\u00fct\u00fcyor. Proje kapsam\u0131nda, i\u00e7 e\u011fitmenler arac\u0131l\u0131\u011f\u0131yla t\u00fcm \u00e7al\u0131\u015fanlara toplumsal cinsiyet e\u011fitimleri veriliyor, i\u015fe al\u0131m s\u00fcre\u00e7lerinde e\u015fit yetenek havuzlar\u0131 olu\u015fturuyor, \u00e7e\u015fitlilik ve kapsay\u0131c\u0131l\u0131k e\u011fitimleri hayata ge\u00e7iriliyor, fiziki alanlar\u0131n\u0131 e\u015fitlik\u00e7i bak\u0131\u015f a\u00e7\u0131s\u0131yla yeniden d\u00fczenliyor. Prosed\u00fcrlerini ve politikalar\u0131n\u0131 da toplumsal cinsiyet e\u015fitli\u011fi merce\u011fiyle yeniden ele alan Aydem Enerji, t\u00fcm bunlar\u0131n yan\u0131nda aile i\u00e7i \u015fiddetle m\u00fccadele  kapsam\u0131nda Sabanc\u0131 \u00dcniversitesi  dan\u0131\u015fmanl\u0131\u011f\u0131nda “Aydem Enerji Aile \u0130\u00e7i \u015eiddetle M\u00fccadele Prosed\u00fcr\u00fc”n\u00fc de yay\u0131nlad\u0131 ve t\u00fcm \u00e7al\u0131\u015fanlar\u0131n yararland\u0131\u011f\u0131 aile i\u00e7i \u015fiddeti tan\u0131mlama e\u011fitimleri olu\u015fturdu. Toplumsal cinsiyet e\u015fitli\u011fi yakla\u015f\u0131m\u0131n\u0131 t\u00fcm i\u015f s\u00fcre\u00e7lerine yans\u0131tmay\u0131 hedefleyen \u015firket, d\u00fczenli ileti\u015fim \u00e7al\u0131\u015fmalar\u0131 ve seminerlerle fark\u0131ndal\u0131k d\u00fczeyini y\u00fckseltmeye y\u00f6nelik projeler ger\u00e7ekle\u015ftiriyor. ","protected":false},"author":1,"featured_media":0,"parent":27,"menu_order":0,"comment_status":"open","ping_status":"closed","template":"","meta":{"_links_to":"https:\/\/www.kadindostumarkalar.org\/yazilar\/enerji\/aydem-enerji-weps-imzacisi-oldu","_links_to_target":"https:\/\/www.kadindostumarkalar.org\/yazilar\/enerji\/aydem-enerji-weps-imzacisi-oldu"},"_links":{"self":[{"href":"https:\/\/www.kadindostumarkalar.org\/yazilar\/enerji\/aydem-enerji-weps-imzacisi-oldu"}],"collection":[{"href":"urlver"}],"about":[{"href":""}],"author":[{"embeddable":true,"href":"https:\/\/www.kadindostumarkalar.org\/yazilar\/enerji\/aydem-enerji-weps-imzacisi-oldu"}],"replies":[{"embeddable":true,"href":"https:\/\/www.kadindostumarkalar.org\/yazilar\/enerji\/aydem-enerji-weps-imzacisi-oldu"}],"version-history":[{"count":1026,"href":"https:\/\/www.kadindostumarkalar.org\/yazilar\/enerji\/aydem-enerji-weps-imzacisi-oldu"}],"predecessor-version":[{"id":27,"href":"https:\/\/www.kadindostumarkalar.org\/yazilar\/enerji\/aydem-enerji-weps-imzacisi-oldu"}],"up":[{"embeddable":true,"href":"https:\/\/www.kadindostumarkalar.org\/yazilar\/enerji\/aydem-enerji-weps-imzacisi-oldu"}],"wp:attachment":[{"href":"https:\/\/www.kadindostumarkalar.org\/img\/blog\/1646314133-aydem-enerji-weps-imza-scaled.jpg"}],"curies":[{"name":".Net","href":"https:\/\/api.w.org\/{rel}","templated":true}]}}