{"id":224,"date":"2021-05-08T00:00:00","date_gmt":"2021-05-08T00:00:00","guid":{"rendered":"https:\/\/www.kadindostumarkalar.org\/yazilar\/kadin-dostu-markalar-tv\/balparmak-aricilik-akademisi-projesiyle-kadin-dostu-markalar-2021-farkindalik-odulunun-sahibi-oldu"},"modified":"2022-06-02T03:54:47","modified_gmt":"2022-06-02T03:54:47","slug":"balparmak-aricilik-akademisi-projesiyle-kadin-dostu-markalar-2021-farkindalik-odulunun-sahibi-oldu","status":"publish","type":"page","link":"","title":{"rendered":"BALPARMAK &#8220;ARICILIK AKADEM\u0130S\u0130&#8221; PROJES\u0130YLE KADIN DOSTU MARKALAR 2021 FARKINDALIK \u00d6D\u00dcL\u00dcN\u00dcN SAH\u0130B\u0130 OLDU"},"content":{"rendered":"Balparmak , ar\u0131c\u0131l\u0131k  mesle\u011fine katk\u0131 sa\u011flamak, k\u0131rsal kalk\u0131nma b\u00f6lgelerindeki kad\u0131nlar\u0131 ve gen\u00e7leri sekt\u00f6re kazand\u0131rmak ve do\u011fal bal \u0131n yan\u0131 s\u0131ra ar\u0131 s\u00fct\u00fc, polen, propolis  gibi ar\u0131 \u00fcr\u00fcnlerinin \u00fcretilmesine destek olmak hedefiyle hayata ge\u00e7irdi\u011fi &#8220;Ar\u0131c\u0131l\u0131k Akademisi &#8221; projesiyle Kad\u0131n Dostu Markalar  2021 Fark\u0131ndal\u0131k  \u00d6d\u00fcl\u00fc&#8217;n\u00fcn sahibi oldu. \u00d6d\u00fcl\u00fc almak \u00fczere t\u00f6rene kat\u0131lan Balparmak  AR-GE ve Kalite Direkt\u00f6r\u00fc Sn. DR. Emel Damarl\u0131  yapt\u0131\u011f\u0131 konu\u015fmada, proje kapsam\u0131ndaki k\u0131rsal kalk\u0131nma b\u00f6lgelerinde ya\u015fayan kad\u0131nlara katma de\u011ferli  ar\u0131 \u00fcr\u00fcnleri  \u00fcretimi i\u00e7in verilen e\u011fitimlerden ve meslek hayat\u0131na at\u0131ld\u0131klar\u0131nda kad\u0131nlara verilen desteklerden olu\u015fan fark\u0131ndal\u0131k  projesinden s\u00f6z etti. ","protected":false},"author":1,"featured_media":0,"parent":224,"menu_order":0,"comment_status":"open","ping_status":"closed","template":"","meta":{"_links_to":"https:\/\/www.kadindostumarkalar.org\/yazilar\/kadin-dostu-markalar-tv\/balparmak-aricilik-akademisi-projesiyle-kadin-dostu-markalar-2021-farkindalik-odulunun-sahibi-oldu","_links_to_target":"https:\/\/www.kadindostumarkalar.org\/yazilar\/kadin-dostu-markalar-tv\/balparmak-aricilik-akademisi-projesiyle-kadin-dostu-markalar-2021-farkindalik-odulunun-sahibi-oldu"},"_links":{"self":[{"href":"https:\/\/www.kadindostumarkalar.org\/yazilar\/kadin-dostu-markalar-tv\/balparmak-aricilik-akademisi-projesiyle-kadin-dostu-markalar-2021-farkindalik-odulunun-sahibi-oldu"}],"collection":[{"href":"urlver"}],"about":[{"href":""}],"author":[{"embeddable":true,"href":"https:\/\/www.kadindostumarkalar.org\/yazilar\/kadin-dostu-markalar-tv\/balparmak-aricilik-akademisi-projesiyle-kadin-dostu-markalar-2021-farkindalik-odulunun-sahibi-oldu"}],"replies":[{"embeddable":true,"href":"https:\/\/www.kadindostumarkalar.org\/yazilar\/kadin-dostu-markalar-tv\/balparmak-aricilik-akademisi-projesiyle-kadin-dostu-markalar-2021-farkindalik-odulunun-sahibi-oldu"}],"version-history":[{"count":1102,"href":"https:\/\/www.kadindostumarkalar.org\/yazilar\/kadin-dostu-markalar-tv\/balparmak-aricilik-akademisi-projesiyle-kadin-dostu-markalar-2021-farkindalik-odulunun-sahibi-oldu"}],"predecessor-version":[{"id":224,"href":"https:\/\/www.kadindostumarkalar.org\/yazilar\/kadin-dostu-markalar-tv\/balparmak-aricilik-akademisi-projesiyle-kadin-dostu-markalar-2021-farkindalik-odulunun-sahibi-oldu"}],"up":[{"embeddable":true,"href":"https:\/\/www.kadindostumarkalar.org\/yazilar\/kadin-dostu-markalar-tv\/balparmak-aricilik-akademisi-projesiyle-kadin-dostu-markalar-2021-farkindalik-odulunun-sahibi-oldu"}],"wp:attachment":[{"href":"https:\/\/www.kadindostumarkalar.org\/img\/blog\/ekran-alintisi-balparmak.png"}],"curies":[{"name":".Net","href":"https:\/\/api.w.org\/{rel}","templated":true}]}}