{"id":647,"date":"2024-01-07T17:40:40","date_gmt":"2024-01-07T17:40:40","guid":{"rendered":"https:\/\/www.kadindostumarkalar.org\/yazilar\/gida\/barilla-tedarik-zincirindeki-kadin-sayisini-arttiriyor"},"modified":"2024-01-07T17:41:08","modified_gmt":"2024-01-07T17:41:08","slug":"barilla-tedarik-zincirindeki-kadin-sayisini-arttiriyor","status":"publish","type":"page","link":"","title":{"rendered":"BAR\u0130LLA, TEDAR\u0130K Z\u0130NC\u0130R\u0130NDEK\u0130 KADIN SAYISINI ARTTIRIYOR"},"content":{"rendered":"\u00c7e\u015fitlilik ve kapsay\u0131c\u0131l\u0131k politikalar\u0131 \u00e7er\u00e7evesinde tedarik\u00e7i portf\u00f6y\u00fcndeki kad\u0131n giri\u015fimci say\u0131s\u0131n\u0131 art\u0131rmaya y\u00f6nelik \u00e7al\u0131\u015fmalar\u0131n\u0131 s\u00fcrd\u00fcren Barilla G\u0131da ,  bu do\u011frultuda yeni bir ad\u0131m daha att\u0131.  Kad\u0131n giri\u015fimcileri destekleyen bir kurulu\u015f olan WeConnect T\u00fcrkiye i\u015f birli\u011finde ger\u00e7ekle\u015ftirilen etkinlikte, 15 kad\u0131n giri\u015fimci ile Barilla G\u0131da y\u00f6neticileri \u015firketin Bolu fabrikas\u0131nda bir araya geldi.   Toplumsal cinsiyet fark\u0131ndal\u0131\u011f\u0131  programlar\u0131n\u0131 b\u00fct\u00fcnsel bir yakla\u015f\u0131mla y\u00fcr\u00fcten Barilla G\u0131da, \u00e7e\u015fitlilik  ve kapsay\u0131c\u0131l\u0131k  ilkeleri do\u011frultusunda i\u015f birlikleri ve etkinlikler ger\u00e7ekle\u015ftirmeye devam ediyor. Bu kapsamdaki faaliyetlerinin bir par\u00e7as\u0131 olarak Barilla G\u0131da, kad\u0131n giri\u015fimci leri destekleyen bir kurulu\u015f olan WeConnect T\u00fcrkiye  i\u015f birli\u011finde kad\u0131n tedarik\u00e7i lere y\u00f6nelik bir etkinlik ger\u00e7ekle\u015ftirdi.  WeConnect T\u00fcrkiye platformuna dahil olan 15 kad\u0131n giri\u015fimci, Barilla G\u0131da y\u00f6neticileri ile \u015firketin Bolu fabrikas\u0131nda t\u00fcm g\u00fcn s\u00fcren bir programda bulu\u015ftu. Etkinlik kapsam\u0131nda kad\u0131n giri\u015fimciler, Barilla Tedarik Zinciri Direkt\u00f6r\u00fc Murat Bozkurt , Barilla Sat\u0131n Alma M\u00fcd\u00fcr\u00fc Ayta\u00e7 K\u00f6ksal  ve Barilla Sat\u0131n Alma Y\u00f6neticisi Neriman G\u00fcn\u00fcll\u00fc  ile bir araya gelerek Barilla’n\u0131n \u00e7e\u015fitlilik ve kapsay\u0131c\u0131l\u0131k faaliyetleri ve Barilla’da tedarik\u00e7i olma kriterleri konusunda bilgilendiler. Yan\u0131 s\u0131ra, WeConnect T\u00fcrkiye \u00dclke Direkt\u00f6r\u00fc Nurdan G\u00fcndo\u011fdu  da platform ile ilgili geli\u015fmeleri ve yenilikleri kat\u0131l\u0131mc\u0131lar ile payla\u015ft\u0131. Fabrika turunu da i\u00e7eren program kapsam\u0131nda, birebir g\u00f6r\u00fc\u015fmeler ger\u00e7ekle\u015ftirilerek kad\u0131n giri\u015fimcilerin sorular\u0131 cevapland\u0131.  \u00c7e\u015fitlilik ve kapsay\u0131c\u0131l\u0131k politikalar\u0131 \u00e7er\u00e7evesinde tedarik\u00e7i portf\u00f6y\u00fcndeki kad\u0131n giri\u015fimci say\u0131s\u0131n\u0131 art\u0131rmaya y\u00f6nelik \u00e7al\u0131\u015fmalar hayata ge\u00e7iren Barilla G\u0131da, kad\u0131n giri\u015fimcilerle ili\u015fkileri g\u00fc\u00e7lendirerek, onlar\u0131 tedarik zinciri s\u00fcre\u00e7lerinin bir par\u00e7as\u0131 haline getirmeyi ama\u00e7l\u0131yor. Barilla G\u0131da, i\u015f d\u00fcnyas\u0131n\u0131n her kademesinde kad\u0131n\u0131n yerini g\u00fc\u00e7lendirme ad\u0131na \u00f6nc\u00fc ad\u0131mlar atmaya ve i\u015f birliklerine devam ediyor. ","protected":false},"author":1,"featured_media":0,"parent":647,"menu_order":0,"comment_status":"open","ping_status":"closed","template":"","meta":{"_links_to":"https:\/\/www.kadindostumarkalar.org\/yazilar\/gida\/barilla-tedarik-zincirindeki-kadin-sayisini-arttiriyor","_links_to_target":"https:\/\/www.kadindostumarkalar.org\/yazilar\/gida\/barilla-tedarik-zincirindeki-kadin-sayisini-arttiriyor"},"_links":{"self":[{"href":"https:\/\/www.kadindostumarkalar.org\/yazilar\/gida\/barilla-tedarik-zincirindeki-kadin-sayisini-arttiriyor"}],"collection":[{"href":"urlver"}],"about":[{"href":""}],"author":[{"embeddable":true,"href":"https:\/\/www.kadindostumarkalar.org\/yazilar\/gida\/barilla-tedarik-zincirindeki-kadin-sayisini-arttiriyor"}],"replies":[{"embeddable":true,"href":"https:\/\/www.kadindostumarkalar.org\/yazilar\/gida\/barilla-tedarik-zincirindeki-kadin-sayisini-arttiriyor"}],"version-history":[{"count":1289,"href":"https:\/\/www.kadindostumarkalar.org\/yazilar\/gida\/barilla-tedarik-zincirindeki-kadin-sayisini-arttiriyor"}],"predecessor-version":[{"id":647,"href":"https:\/\/www.kadindostumarkalar.org\/yazilar\/gida\/barilla-tedarik-zincirindeki-kadin-sayisini-arttiriyor"}],"up":[{"embeddable":true,"href":"https:\/\/www.kadindostumarkalar.org\/yazilar\/gida\/barilla-tedarik-zincirindeki-kadin-sayisini-arttiriyor"}],"wp:attachment":[{"href":"https:\/\/www.kadindostumarkalar.org\/img\/blog\/barilla-tedarik-zincirindeki-kadin-sayisini-arttiriyor-0-41717.jpg"}],"curies":[{"name":".Net","href":"https:\/\/api.w.org\/{rel}","templated":true}]}}