{"id":444,"date":"2022-10-06T16:27:07","date_gmt":"2022-10-06T16:27:07","guid":{"rendered":"https:\/\/www.kadindostumarkalar.org\/yazilar\/kariyer-basamaklari\/barilla-turkiyede-ust-duzey-atamalar-yapildi"},"modified":"2022-10-06T16:31:11","modified_gmt":"2022-10-06T16:31:11","slug":"barilla-turkiyede-ust-duzey-atamalar-yapildi","status":"publish","type":"page","link":"","title":{"rendered":"BAR\u0130LLA T\u00dcRK\u0130YE’DE \u00dcST D\u00dcZEY ATAMALAR YAPILDI"},"content":{"rendered":"Barilla  T\u00fcrkiye, \u0130nsan Kaynaklar\u0131ndan Sorumlu \u0130cra Kurulu \u00dcyesi  olarak \u0130rem Feyzio\u011flu’nun; Sat\u0131\u015ftan Sorumlu \u0130cra Kurulu \u00dcyesi  olarak atand\u0131\u011f\u0131n\u0131 duyurdu. D\u00fcnya \u00e7ap\u0131nda toplam 30 tesisinde \u00fcretti\u011fi \u00fcr\u00fcnleriyle, her g\u00fcn 100’\u00fc a\u015fk\u0131n \u00fclkede milyonlarca sofraya ula\u015fan g\u0131da lideri Barilla, T\u00fcrkiye operasyonunda yeni atamalar ger\u00e7ekle\u015ftirdi.  Kariyerine 2005 y\u0131l\u0131nda ba\u015flayan \u0130rem Feyzio\u011flu ; k\u00fclt\u00fcr, de\u011fi\u015fim y\u00f6netimi, uyum ve liderlik alanlar\u0131nda Stratejik \u0130K Dan\u0131\u015fman\u0131  olarak \u00f6nemli ba\u015far\u0131lara imza att\u0131. 2005 y\u0131l\u0131nda Ko\u00e7 \u00dcniversitesi  Psikoloji B\u00f6l\u00fcm\u00fc’nden, 2012 y\u0131l\u0131nda ise Bilgi \u00dcniversitesi \u0130\u015fletme Y\u00f6netimi  y\u00fcksek lisans program\u0131ndan mezun olan \u0130rem Feyzio\u011flu; kariyerine, 2005 y\u0131l\u0131nda Novartis ’te \u0130nsan Kaynaklar\u0131 ve Kurumsal \u0130leti\u015fim  Departmanlar\u0131nda ba\u015flad\u0131. \u0130K \u0130\u015f Orta\u011f\u0131  olarak \u00e7al\u0131\u015fan Feyzio\u011flu, 2011 y\u0131l\u0131nda Yetenek Y\u00f6neticisi ve K\u0131demli IK \u0130\u015f Orta\u011f\u0131  rol\u00fcn\u00fc \u00fcstlendi. 2018 y\u0131l\u0131nda Novartis&amp;Sandoz ’un T\u00fcrkiye \u00dcretim Tesisleri \u0130K Lideri  olarak g\u00f6rev ald\u0131 ve \u00fcretim tesislerinin stratejik \u0130K liderli\u011fini \u00fcstlendi. ","protected":false},"author":1,"featured_media":0,"parent":444,"menu_order":0,"comment_status":"open","ping_status":"closed","template":"","meta":{"_links_to":"https:\/\/www.kadindostumarkalar.org\/yazilar\/kariyer-basamaklari\/barilla-turkiyede-ust-duzey-atamalar-yapildi","_links_to_target":"https:\/\/www.kadindostumarkalar.org\/yazilar\/kariyer-basamaklari\/barilla-turkiyede-ust-duzey-atamalar-yapildi"},"_links":{"self":[{"href":"https:\/\/www.kadindostumarkalar.org\/yazilar\/kariyer-basamaklari\/barilla-turkiyede-ust-duzey-atamalar-yapildi"}],"collection":[{"href":"urlver"}],"about":[{"href":""}],"author":[{"embeddable":true,"href":"https:\/\/www.kadindostumarkalar.org\/yazilar\/kariyer-basamaklari\/barilla-turkiyede-ust-duzey-atamalar-yapildi"}],"replies":[{"embeddable":true,"href":"https:\/\/www.kadindostumarkalar.org\/yazilar\/kariyer-basamaklari\/barilla-turkiyede-ust-duzey-atamalar-yapildi"}],"version-history":[{"count":1150,"href":"https:\/\/www.kadindostumarkalar.org\/yazilar\/kariyer-basamaklari\/barilla-turkiyede-ust-duzey-atamalar-yapildi"}],"predecessor-version":[{"id":444,"href":"https:\/\/www.kadindostumarkalar.org\/yazilar\/kariyer-basamaklari\/barilla-turkiyede-ust-duzey-atamalar-yapildi"}],"up":[{"embeddable":true,"href":"https:\/\/www.kadindostumarkalar.org\/yazilar\/kariyer-basamaklari\/barilla-turkiyede-ust-duzey-atamalar-yapildi"}],"wp:attachment":[{"href":"https:\/\/www.kadindostumarkalar.org\/img\/blog\/httpswwwkadindostumarkalarorgblogkariyer-basamaklari-0-93443.jpg"}],"curies":[{"name":".Net","href":"https:\/\/api.w.org\/{rel}","templated":true}]}}