{"id":733,"date":"2024-05-29T13:16:57","date_gmt":"2024-05-29T13:16:57","guid":{"rendered":"https:\/\/www.kadindostumarkalar.org\/yazilar\/kariyer-basamaklari\/baymak-a-kadin-eli-degecek"},"modified":"2024-05-29T13:18:03","modified_gmt":"2024-05-29T13:18:03","slug":"baymak-a-kadin-eli-degecek","status":"publish","type":"page","link":"","title":{"rendered":"Baymak’a Kad\u0131n Eli De\u011fecek"},"content":{"rendered":"Baymak’ta Genel M\u00fcd\u00fcrl\u00fck g\u00f6revine i\u015f hayat\u0131nda \u00e7eyrek as\u0131rl\u0131k deneyime sahip \u00dclk\u00fc \u00d6zcan getirildi. \u015eirketin \u00fcretimdeki d\u00f6n\u00fc\u015f\u00fcm\u00fcne \u00f6nc\u00fcl\u00fck edecek \u00d6zcan, kurumun hedeflerini ileriye ta\u015f\u0131yacak.  \u0130klimlendirme sekt\u00f6r\u00fcn\u00fcn g\u00fc\u00e7l\u00fc oyuncular\u0131ndan Baymak’\u0131n \u00fcretimine kad\u0131n eli de\u011fecek. K\u00fcresel rekabetin h\u0131zla de\u011fi\u015fti\u011fi iklimlendirme sekt\u00f6r\u00fcnde \u0130stanbul’daki tesisinde \u00e7evre dostu klimalar \u00fcreten Baymak’\u0131n Genel M\u00fcd\u00fcrl\u00fck g\u00f6revine \u00dclk\u00fc \u00d6zcan getirildi. 25 y\u0131ll\u0131k kariyerinde operasyonlar ve ticari faaliyetler de dahil olmak \u00fczere pek \u00e7ok alanda \u00fcst d\u00fczey g\u00f6revlerde bulunan \u00d6zcan, \u015firketin \u00fcretimdeki d\u00f6n\u00fc\u015f\u00fcm\u00fcne liderlik edecek. Galatasaray Lisesi’nin ard\u0131ndan Marmara \u00dcniversitesi \u0130ngilizce \u0130\u015fletme mezunu olan \u00d6zcan, uluslararas\u0131 ve ulusal bir\u00e7ok \u015firkette \u00fcst d\u00fczey pozisyonlarda y\u00f6neticilik yapt\u0131. Kariyerine \u00f6nce yap\u0131 malzemeleri sekt\u00f6r\u00fcnde Lafarge ile ba\u015flayan \u00d6zcan, daha sonra \u00c7imsa’da \u00e7al\u0131\u015fmalar\u0131n\u0131 s\u00fcrd\u00fcrd\u00fc. \u00c7imsa’da CEO’luk g\u00f6revine terfi eden \u00d6zcan, T\u00fcrkiye’deki alt\u0131 \u00e7imento fabrikas\u0131 ve d\u00fcnyan\u0131n \u00e7e\u015fitli yerlerinde bulunan i\u015ftiraklerinin organik ve inorganik b\u00fcy\u00fcmelerine liderlik etti. \u00d6zcan son \u00fc\u00e7 y\u0131ld\u0131r, enerji ve telekom\u00fcnikasyon kablolar\u0131 \u00fcretimi ve sat\u0131\u015f\u0131 alan\u0131nda faaliyet g\u00f6steren \u00e7ok uluslu bir \u015firket olan Prysmian’da T\u00fcrk Prysmian Kablo’nun CEO’su olarak g\u00f6rev yap\u0131yordu. ","protected":false},"author":1,"featured_media":0,"parent":733,"menu_order":0,"comment_status":"open","ping_status":"closed","template":"","meta":{"_links_to":"https:\/\/www.kadindostumarkalar.org\/yazilar\/kariyer-basamaklari\/baymak-a-kadin-eli-degecek","_links_to_target":"https:\/\/www.kadindostumarkalar.org\/yazilar\/kariyer-basamaklari\/baymak-a-kadin-eli-degecek"},"_links":{"self":[{"href":"https:\/\/www.kadindostumarkalar.org\/yazilar\/kariyer-basamaklari\/baymak-a-kadin-eli-degecek"}],"collection":[{"href":"urlver"}],"about":[{"href":""}],"author":[{"embeddable":true,"href":"https:\/\/www.kadindostumarkalar.org\/yazilar\/kariyer-basamaklari\/baymak-a-kadin-eli-degecek"}],"replies":[{"embeddable":true,"href":"https:\/\/www.kadindostumarkalar.org\/yazilar\/kariyer-basamaklari\/baymak-a-kadin-eli-degecek"}],"version-history":[{"count":843,"href":"https:\/\/www.kadindostumarkalar.org\/yazilar\/kariyer-basamaklari\/baymak-a-kadin-eli-degecek"}],"predecessor-version":[{"id":733,"href":"https:\/\/www.kadindostumarkalar.org\/yazilar\/kariyer-basamaklari\/baymak-a-kadin-eli-degecek"}],"up":[{"embeddable":true,"href":"https:\/\/www.kadindostumarkalar.org\/yazilar\/kariyer-basamaklari\/baymak-a-kadin-eli-degecek"}],"wp:attachment":[{"href":"https:\/\/www.kadindostumarkalar.org\/img\/blog\/baymak-a-kadin-eli-degecek-0-34801.jpg"}],"curies":[{"name":".Net","href":"https:\/\/api.w.org\/{rel}","templated":true}]}}