{"id":225,"date":"2021-05-08T00:00:00","date_gmt":"2021-05-08T00:00:00","guid":{"rendered":"https:\/\/www.kadindostumarkalar.org\/yazilar\/kadin-dostu-markalar-tv\/beko-100-kadin-bayi-projesiyle-kadin-dostu-markalar-2021-farkindalik-odulunun-sahibi-oldu"},"modified":"2022-06-02T03:55:04","modified_gmt":"2022-06-02T03:55:04","slug":"beko-100-kadin-bayi-projesiyle-kadin-dostu-markalar-2021-farkindalik-odulunun-sahibi-oldu","status":"publish","type":"page","link":"","title":{"rendered":"BEKO “100 KADIN BAY\u0130” PROJES\u0130YLE KADIN DOSTU MARKALAR 2021 FARKINDALIK \u00d6D\u00dcL\u00dcN\u00dcN SAH\u0130B\u0130 OLDU"},"content":{"rendered":"BEKO  , giri\u015fimci ekosistemde kad\u0131nlar\u0131n temsiliyetini art\u0131rmak amac\u0131yla hayata ge\u00e7irdi\u011fi &#8220;100 Kad\u0131n Bayi ” projesiyle Kad\u0131n Dostu Markalar  2021 Fark\u0131ndal\u0131k  \u00d6d\u00fcl\u00fc&#8217;n\u00fcn sahibi oldu. T\u00f6rene videolu konu\u015fma ile  kat\u0131lan BEKO  T\u00fcrkiye Sat\u0131\u015f Direkt\u00f6r\u00fc Sn. Arel Atakol  konu\u015fmas\u0131nda, projeyi BM Kad\u0131n Birimi&#8217;nin d\u00fcnya \u00e7ap\u0131nda y\u00fcr\u00fctt\u00fc\u011f\u00fc ve Ko\u00e7  toplulu\u011funun ana destek\u00e7isi oldu\u011fu HeForShe  kapsam\u0131nda ba\u015flatt\u0131klar\u0131n\u0131, bu sayede kad\u0131n\u0131n toplumsal ve ekonomik hayatta g\u00fc\u00e7lenmesi hedefiyle y\u00fcr\u00fct\u00fckleri bir\u00e7ok \u00e7al\u0131\u015fmaya bir yenisini daha eklediklerini anlatt\u0131. \u00d6d\u00fcl i\u00e7i Kad\u0131n Dostu Markalar  platformuna te\u015fekk\u00fcr eden Atakol , kad\u0131n  bayi say\u0131lar\u0131n\u0131n erkek bayi say\u0131lar\u0131yla e\u015fitleninceye kadar projenin devam edece\u011fi haberini de verdi. ","protected":false},"author":1,"featured_media":0,"parent":225,"menu_order":0,"comment_status":"open","ping_status":"closed","template":"","meta":{"_links_to":"https:\/\/www.kadindostumarkalar.org\/yazilar\/kadin-dostu-markalar-tv\/beko-100-kadin-bayi-projesiyle-kadin-dostu-markalar-2021-farkindalik-odulunun-sahibi-oldu","_links_to_target":"https:\/\/www.kadindostumarkalar.org\/yazilar\/kadin-dostu-markalar-tv\/beko-100-kadin-bayi-projesiyle-kadin-dostu-markalar-2021-farkindalik-odulunun-sahibi-oldu"},"_links":{"self":[{"href":"https:\/\/www.kadindostumarkalar.org\/yazilar\/kadin-dostu-markalar-tv\/beko-100-kadin-bayi-projesiyle-kadin-dostu-markalar-2021-farkindalik-odulunun-sahibi-oldu"}],"collection":[{"href":"urlver"}],"about":[{"href":""}],"author":[{"embeddable":true,"href":"https:\/\/www.kadindostumarkalar.org\/yazilar\/kadin-dostu-markalar-tv\/beko-100-kadin-bayi-projesiyle-kadin-dostu-markalar-2021-farkindalik-odulunun-sahibi-oldu"}],"replies":[{"embeddable":true,"href":"https:\/\/www.kadindostumarkalar.org\/yazilar\/kadin-dostu-markalar-tv\/beko-100-kadin-bayi-projesiyle-kadin-dostu-markalar-2021-farkindalik-odulunun-sahibi-oldu"}],"version-history":[{"count":1223,"href":"https:\/\/www.kadindostumarkalar.org\/yazilar\/kadin-dostu-markalar-tv\/beko-100-kadin-bayi-projesiyle-kadin-dostu-markalar-2021-farkindalik-odulunun-sahibi-oldu"}],"predecessor-version":[{"id":225,"href":"https:\/\/www.kadindostumarkalar.org\/yazilar\/kadin-dostu-markalar-tv\/beko-100-kadin-bayi-projesiyle-kadin-dostu-markalar-2021-farkindalik-odulunun-sahibi-oldu"}],"up":[{"embeddable":true,"href":"https:\/\/www.kadindostumarkalar.org\/yazilar\/kadin-dostu-markalar-tv\/beko-100-kadin-bayi-projesiyle-kadin-dostu-markalar-2021-farkindalik-odulunun-sahibi-oldu"}],"wp:attachment":[{"href":"https:\/\/www.kadindostumarkalar.org\/img\/blog\/ekran-alintisi-beko.png"}],"curies":[{"name":".Net","href":"https:\/\/api.w.org\/{rel}","templated":true}]}}