{"id":961,"date":"2025-01-17T18:14:25","date_gmt":"2025-01-17T18:14:25","guid":{"rendered":"https:\/\/www.kadindostumarkalar.org\/yazilar\/kariyer-basamaklari\/berna-belkis-ono-da-yonetici-ortak-oldu"},"modified":"2025-01-17T18:14:25","modified_gmt":"2025-01-17T18:14:25","slug":"berna-belkis-ono-da-yonetici-ortak-oldu","status":"publish","type":"page","link":"","title":{"rendered":"Berna Belk\u0131s, Ono’da Y\u00f6netici Ortak Oldu"},"content":{"rendered":"Yapay zekâ tabanl\u0131 i\u015fe al\u0131m platformu Ono, ger\u00e7ekle\u015ftirdi\u011fi \u00fcst d\u00fczey atamalar sonucunda y\u00f6netim kadrosuna Berna Belk\u0131s’\u0131 dahil etti.   Yapay zekâ tabanl\u0131 i\u015fe al\u0131m platformu Ono , \u00fcst d\u00fczey atamalarla y\u00f6netim kadrosuna yeni bir ismi dahil etti. 25 y\u0131l\u0131 a\u015fk\u0131n kurumsal deneyimi bulunan Berna Belk\u0131s , 1 Ocak itibariyle Ono’nun Stratejik \u0130\u015f Geli\u015ftirme, B\u00fcy\u00fcme, M\u00fc\u015fteri Deneyimi faaliyetleriyle birlikte \u0130nsan Kaynaklar\u0131 s\u00fcre\u00e7lerinden sorumlu Managing Partner (Y\u00f6netici Ortak) olarak g\u00f6rev almaya ba\u015flad\u0131. Berna Belk\u0131s, \u0130stanbul \u00dcniversitesi  \u0130\u015fletme B\u00f6l\u00fcm\u00fc'nden mezun olduktan sonra, \u0130stanbul \u00dcniversitesi \u00d6rg\u00fctsel Davran\u0131\u015f Bilimleri ve ard\u0131ndan Ni\u015fanta\u015f\u0131 \u00dcniversitesi  \u0130nsan Kaynaklar\u0131 alan\u0131nda Lisans\u00fcst\u00fc e\u011fitimlerini bitirmi\u015ftir. Kariyerine T\u00fcrk Ekonomi Bankas\u0131 'nda Management Trainee olarak ba\u015flam\u0131\u015f, ard\u0131ndan Finansbank 'ta \u00e7e\u015fitli g\u00f6revlerde bulunduktan sonra 2002 y\u0131l\u0131nda \u0130nsan Kaynaklar\u0131 B\u00f6l\u00fcm\u00fc'ne ge\u00e7i\u015f yaparak farkl\u0131 fonksiyonlarda y\u00f6neticilik deneyimi kazanm\u0131\u015ft\u0131r. Bankac\u0131l\u0131k deneyiminin ard\u0131ndan AvivaSA, \u015eekerbank , Kahve D\u00fcnyas\u0131  ve \u015ei\u015fli Belediyesi  i\u015ftiraki Kentyol  gibi farkl\u0131 sekt\u00f6rlerde \u0130nsan Kaynaklar\u0131 y\u00f6neticili\u011fini \u00fcstlenen Berna Belk\u0131s, Ono’ dan \u00f6nce son olarak Param Grup 'ta CHRO ve \u0130cra Kurulu \u00dcyesi olarak g\u00f6revini s\u00fcrd\u00fcrm\u00fc\u015ft\u00fcr. ","protected":false},"author":1,"featured_media":0,"parent":961,"menu_order":0,"comment_status":"open","ping_status":"closed","template":"","meta":{"_links_to":"https:\/\/www.kadindostumarkalar.org\/yazilar\/kariyer-basamaklari\/berna-belkis-ono-da-yonetici-ortak-oldu","_links_to_target":"https:\/\/www.kadindostumarkalar.org\/yazilar\/kariyer-basamaklari\/berna-belkis-ono-da-yonetici-ortak-oldu"},"_links":{"self":[{"href":"https:\/\/www.kadindostumarkalar.org\/yazilar\/kariyer-basamaklari\/berna-belkis-ono-da-yonetici-ortak-oldu"}],"collection":[{"href":"urlver"}],"about":[{"href":""}],"author":[{"embeddable":true,"href":"https:\/\/www.kadindostumarkalar.org\/yazilar\/kariyer-basamaklari\/berna-belkis-ono-da-yonetici-ortak-oldu"}],"replies":[{"embeddable":true,"href":"https:\/\/www.kadindostumarkalar.org\/yazilar\/kariyer-basamaklari\/berna-belkis-ono-da-yonetici-ortak-oldu"}],"version-history":[{"count":892,"href":"https:\/\/www.kadindostumarkalar.org\/yazilar\/kariyer-basamaklari\/berna-belkis-ono-da-yonetici-ortak-oldu"}],"predecessor-version":[{"id":961,"href":"https:\/\/www.kadindostumarkalar.org\/yazilar\/kariyer-basamaklari\/berna-belkis-ono-da-yonetici-ortak-oldu"}],"up":[{"embeddable":true,"href":"https:\/\/www.kadindostumarkalar.org\/yazilar\/kariyer-basamaklari\/berna-belkis-ono-da-yonetici-ortak-oldu"}],"wp:attachment":[{"href":"https:\/\/www.kadindostumarkalar.org\/img\/blog\/berna-belkis-ono-da-yonetici-ortak-oldu-0-15078.jpg"}],"curies":[{"name":".Net","href":"https:\/\/api.w.org\/{rel}","templated":true}]}}