{"id":63,"date":"2022-03-19T00:00:00","date_gmt":"2022-03-19T00:00:00","guid":{"rendered":"https:\/\/www.kadindostumarkalar.org\/yazilar\/hazir-giyim\/beymen-ve-togdan-ilham-veren-podcast-serisi"},"modified":"2022-05-31T03:48:38","modified_gmt":"2022-05-31T03:48:38","slug":"beymen-ve-togdan-ilham-veren-podcast-serisi","status":"publish","type":"page","link":"","title":{"rendered":"BEYMEN VE TOG’DAN \u0130LHAM VEREN PODCAST SER\u0130S\u0130"},"content":{"rendered":"2021 y\u0131l\u0131nda, Beymen ve Toplum G\u00f6n\u00fcll\u00fcleri Vakf\u0131 (TOG) i\u015fbirli\u011finde, gen\u00e7 kad\u0131nlara, ya\u015famlar\u0131na ve kariyerlerine y\u00f6n \u00e7izerken her \u015feyin hayal etmekle ba\u015flad\u0131\u011f\u0131n\u0131 hat\u0131rlatmak, hayallerinin pe\u015finden gitmeleri i\u00e7in cesaret vermek amac\u0131yla hayata ge\u00e7irilen “Hayallerim Kadar G\u00fc\u00e7l\u00fcy\u00fcm” projesi bu y\u0131l da ilham vermeye devam ediyor. Projenin ikinci etab\u0131 i\u00e7in gazeteci Elif Ergu moderat\u00f6rl\u00fc\u011f\u00fcnde bir podcast serisi haz\u0131rland\u0131.  Mart ay\u0131 boyunca, bilimden spora, i\u015f hayat\u0131ndan sanata ba\u015far\u0131lar\u0131 ile alanlar\u0131nda fark yaratm\u0131\u015f kad\u0131nlar\u0131n ilham veren hikayelerini anlatacaklar\u0131 “Hayallerim Kadar G\u00fc\u00e7l\u00fcy\u00fcmPodcast Serisi”ne ilk olarak 8 Mart Sal\u0131 g\u00fcn\u00fc Beymen Group  Kurumsal \u0130leti\u015fim Direkt\u00f6r\u00fc Sevil Wittmann  ve Toplum G\u00f6n\u00fcll\u00fcleri Vakf\u0131 Genel M\u00fcd\u00fcr\u00fc Ay\u015fe K\u0131r\u0131ml\u0131  konuk oldu. Spotify, Apple Podcast  ve Google Podcast ’teki BEYMEN X TOG kanal\u0131nda “ Hayallerim Kadar G\u00fc\u00e7l\u00fcy\u00fcm”  ad\u0131yla yay\u0131nlanan seride ayr\u0131ca milli tenis\u00e7i \u0130pek Soylu, Biolive Biyolojik ve Kimyasal Teknolojileri  Kurucusu ve CEO’su Duygu Y\u0131lmaz, heykeltra\u015f Ebru D\u00f6\u015fek\u00e7i  de ilham veren hikayelerini Mart ay\u0131 boyunca dinleyenlerle payla\u015facak. Beymen, ge\u00e7en y\u0131l oldu\u011fu gibi bu y\u0131l da projeye g\u00f6n\u00fcll\u00fc destek veren ba\u015far\u0131l\u0131 kad\u0131nlar ad\u0131na, TOG’un gen\u00e7 kad\u0131nlar\u0131n hayat\u0131n her alan\u0131nda daha aktif ve g\u00fc\u00e7l\u00fc olmas\u0131 i\u00e7in ger\u00e7ekle\u015ftirilen toplumsal cinsiyet e\u015fitli\u011fi  e\u011fitimlerini ba\u011f\u0131\u015f ve projeler ile destekliyor. Beymen Group \u00fcst y\u00f6netim kad\u0131n \u00e7al\u0131\u015fan oran\u0131 %49   Beymen Group’ta y\u00f6netimden tasar\u0131ma, inovasyondan pazarlamaya kadar her alanda kad\u0131n bak\u0131\u015f a\u00e7\u0131s\u0131 ve dokunu\u015fu \u00f6ne \u00e7\u0131kt\u0131\u011f\u0131n\u0131 belirten Beymen Group CEO’su Elif \u00c7ap\u00e7\u0131,  kad\u0131nlar\u0131n d\u00fc\u015f\u00fcnce g\u00fcc\u00fc, fikirleri ve hayallerini katt\u0131klar\u0131 her i\u015fin grup \u00e7at\u0131s\u0131 alt\u0131nda hayat buldu\u011funu dile getirdi. Kad\u0131n \u00e7al\u0131\u015fan oranlar\u0131n\u0131n \u00fcst y\u00f6netimde %49, t\u00fcm \u00e7al\u0131\u015fanlar aras\u0131nda ise %44 oldu\u011funu aktaran \u00c7ap\u00e7\u0131, de\u011fi\u015fim ve h\u0131z\u0131n artt\u0131\u011f\u0131 bu d\u00f6nemde e\u015fitlik\u00e7i yakla\u015f\u0131m\u0131 benimseyerek \u00fclkemizdeki kad\u0131n potansiyelini g\u00f6rd\u00fcklerini ve her zaman \u00f6nceliklendirdiklerini ifade etti. E\u015fitlik  anlay\u0131\u015f\u0131yla kad\u0131n \u00e7al\u0131\u015fanlar\u0131n\u0131n i\u015f hayat\u0131nda daha aktif yer almas\u0131n\u0131 desteklemeye devam edeceklerinin alt\u0131n\u0131 \u00e7izen \u00c7ap\u00e7\u0131, bu ama\u00e7la D\u00fcnya Kad\u0131nlar G\u00fcn\u00fc vesilesiyle Toplum G\u00f6n\u00fcll\u00fcleri Vakf\u0131 (TOG) i\u015f birli\u011fiyle ge\u00e7en y\u0131l hayata ge\u00e7irdikleri, kad\u0131nlara hayallerine inanarak cesaretle hareket ettiklerinde, her \u015feyi ba\u015farma g\u00fcc\u00fcn\u00fcn i\u00e7lerinde sakl\u0131 oldu\u011funu g\u00f6stermeyi hedefleyen Hayallerim Kadar G\u00fc\u00e7l\u00fcy\u00fcm projesinin bu y\u0131l da podcast serisi olarak devam etti\u011fini kaydetti. Projeye g\u00f6n\u00fcll\u00fc destek veren, alanlar\u0131nda fark yaratm\u0131\u015f kad\u0131nlar\u0131n \u00f6zg\u00fcvenleri, ba\u015far\u0131lar\u0131 ve cesaretleri ile gen\u00e7lere ilham verece\u011fine ve rol model olaca\u011f\u0131na inand\u0131klar\u0131n\u0131 da s\u00f6zlerine ekledi.  20 y\u0131ld\u0131r gen\u00e7leri g\u00fc\u00e7lendirmek ve&nbsp; daha e\u015fit f\u0131rsatlara sahip olabilmeleri i\u00e7in \u00e7al\u0131\u015ft\u0131klar\u0131n\u0131 belirtenToplum G\u00f6n\u00fcll\u00fcleri Vakf\u0131 (TOG) Genel M\u00fcd\u00fcr\u00fc Ay\u015fe K\u0131r\u0131ml\u0131 , yak\u0131n zamanda yapt\u0131klar\u0131 bir ara\u015ft\u0131rmaya g\u00f6re; gen\u00e7lerin ekonomik hayata kat\u0131l\u0131m\u0131n\u0131n Avrupa’ya g\u00f6re daha az, kad\u0131nlar\u0131n ise bu konuda da daha dezavantajl\u0131 oldu\u011funun ortaya \u00e7\u0131kt\u0131\u011f\u0131 bilgisini verdi. K\u0131r\u0131ml\u0131: “\u00d6rne\u011fin, T\u00fcrkiye’de ger\u00e7ekle\u015ftirdi\u011fimiz Gen\u00e7lik Kat\u0131l\u0131m Endeksi ara\u015ft\u0131rmas\u0131n\u0131n sonucunda yay\u0131nlad\u0131\u011f\u0131m\u0131z Gen\u00e7lerin Politik, Sosyal ve Ekonomik Kat\u0131l\u0131m\u0131 \u0130zleme Raporu’na g\u00f6re T\u00fcrkiye’de NEET (Ne istihdamda, ne e\u011fitim\/\u00f6\u011fretimde) gen\u00e7 erkeklerin oran\u0131 %21 iken, NEET  gen\u00e7 kad\u0131nlar\u0131n oran\u0131 %43. Tam da bu sebeplerden toplumsal cinsiyet e\u015fitsizliklerinin giderilerek kad\u0131nlar\u0131n hayat\u0131n her alan\u0131nda daha aktif rol almas\u0131 gerekti\u011fine inan\u0131yoruz. Bu ama\u00e7la 2011 y\u0131l\u0131nda ba\u015flatt\u0131\u011f\u0131m\u0131z Toplumsal Cinsiyet E\u015fitli\u011fi Program\u0131 kapsam\u0131nda hem gen\u00e7lere hem de yeti\u015fkinlere; fl\u00f6rt \u015fiddeti, toplumsal cinsiyet e\u015fitsizli\u011fi, toplumsal cinsiyete dayal\u0131 \u015fiddet ve ataerkillikle  m\u00fccadele  gibi pek \u00e7ok konuda e\u011fitimler vererek fark\u0131ndal\u0131k  yaratmaya \u00e7al\u0131\u015f\u0131yor, mentorluk programlar\u0131m\u0131z ile sosyal ve ekonomik hayata daha haz\u0131rl\u0131kl\u0131 ba\u015flamalar\u0131 i\u00e7in destek oluyoruz. Gen\u00e7lere daha fazla destek olma f\u0131rsat\u0131 yakalad\u0131\u011f\u0131m\u0131z ve kad\u0131nlar\u0131n potansiyellerinin fark\u0131na vararak hayallerini ger\u00e7ekle\u015ftirebilmeleri i\u00e7in ilham vermeyi ama\u00e7lad\u0131\u011f\u0131m\u0131z b\u00f6yle de\u011ferli bir projenin payda\u015f\u0131 olmaktan mutluluk duyuyoruz” dedi. ","protected":false},"author":1,"featured_media":0,"parent":63,"menu_order":0,"comment_status":"open","ping_status":"closed","template":"","meta":{"_links_to":"https:\/\/www.kadindostumarkalar.org\/yazilar\/hazir-giyim\/beymen-ve-togdan-ilham-veren-podcast-serisi","_links_to_target":"https:\/\/www.kadindostumarkalar.org\/yazilar\/hazir-giyim\/beymen-ve-togdan-ilham-veren-podcast-serisi"},"_links":{"self":[{"href":"https:\/\/www.kadindostumarkalar.org\/yazilar\/hazir-giyim\/beymen-ve-togdan-ilham-veren-podcast-serisi"}],"collection":[{"href":"urlver"}],"about":[{"href":""}],"author":[{"embeddable":true,"href":"https:\/\/www.kadindostumarkalar.org\/yazilar\/hazir-giyim\/beymen-ve-togdan-ilham-veren-podcast-serisi"}],"replies":[{"embeddable":true,"href":"https:\/\/www.kadindostumarkalar.org\/yazilar\/hazir-giyim\/beymen-ve-togdan-ilham-veren-podcast-serisi"}],"version-history":[{"count":1049,"href":"https:\/\/www.kadindostumarkalar.org\/yazilar\/hazir-giyim\/beymen-ve-togdan-ilham-veren-podcast-serisi"}],"predecessor-version":[{"id":63,"href":"https:\/\/www.kadindostumarkalar.org\/yazilar\/hazir-giyim\/beymen-ve-togdan-ilham-veren-podcast-serisi"}],"up":[{"embeddable":true,"href":"https:\/\/www.kadindostumarkalar.org\/yazilar\/hazir-giyim\/beymen-ve-togdan-ilham-veren-podcast-serisi"}],"wp:attachment":[{"href":"https:\/\/www.kadindostumarkalar.org\/img\/blog\/kirpikk-1.jpg"}],"curies":[{"name":".Net","href":"https:\/\/api.w.org\/{rel}","templated":true}]}}