{"id":416,"date":"2022-10-04T11:54:32","date_gmt":"2022-10-04T11:54:32","guid":{"rendered":"https:\/\/www.kadindostumarkalar.org\/yazilar\/vakif-dernek\/bir-adim-var-vakfinin-destekledigi-10-kadin-sanatci-base-istanbulda"},"modified":"2022-10-04T11:59:07","modified_gmt":"2022-10-04T11:59:07","slug":"bir-adim-var-vakfinin-destekledigi-10-kadin-sanatci-base-istanbulda","status":"publish","type":"page","link":"","title":{"rendered":"B\u0130R ADIM VAR VAKFI’NIN DESTEKLED\u0130\u011e\u0130 10 KADIN SANAT\u00c7I, BASE \u0130STANBUL’DA"},"content":{"rendered":" Bir Ad\u0131m Var Vakf\u0131'n\u0131n (BAV) destekledi\u011fi 10 gen\u00e7 kad\u0131n sanat\u00e7\u0131n\u0131n eserleri, yeni mezun sanat\u00e7\u0131lar\u0131 sanatseverlerle bulu\u015fturan ‘T\u00fcrkiye'nin Ortak Mezuniyet Sergisi BASE’de sergilenecek.  BASE, T.C. K\u00fclt\u00fcr ve Turizm Bakanl\u0131\u011f\u0131 ’n\u0131n deste\u011fiyle, Bilgili  Sanat  i\u015fbirli\u011fi ve Akaretler S\u0131raevler ev sahipli\u011finde bu y\u0131l alt\u0131nc\u0131s\u0131 ger\u00e7ekle\u015fti. 27 \u00fcniversiteden yeni mezun 73 sanat\u00e7\u0131n\u0131n kat\u0131ld\u0131\u011f\u0131 sergide, &nbsp;Bir Ad\u0131m Var Vakf\u0131'n\u0131n destekledi\u011fi 10 gen\u00e7 kad\u0131n sanat\u00e7\u0131n\u0131n eserleri de sanatseverlerle bulu\u015ftu. BASE, G\u00fczel Sanatlar  Fak\u00fclteleri’nin resim, heykel, foto\u011fraf  ve video, grafik tasar\u0131m, g\u00f6rsel ileti\u015fim tasar\u0131m\u0131, bask\u0131 sanatlar\u0131, cam ve seramik, tekstil  b\u00f6l\u00fcmlerinden yeni mezun \u00f6\u011frencilerinin, se\u00e7ici kurul taraf\u0131ndan se\u00e7ilen \u00e7al\u0131\u015fmalar\u0131n\u0131 ayn\u0131 \u00e7at\u0131 alt\u0131nda bir araya getiriyor. Yeni mezun sanat\u00e7\u0131 adaylar\u0131n\u0131n \u00e7al\u0131\u015fmalar\u0131n\u0131 geni\u015f kitlelerle bulu\u015fturan BASE, mezuniyetten profesyonel sanat hayat\u0131na ge\u00e7i\u015flerinde onlara destek olmay\u0131, kariyerlerine bir ivme ve y\u00f6n kazand\u0131rmay\u0131 ama\u00e7l\u0131yor.  Bir Ad\u0131m Var Vakf\u0131’ndan gen\u00e7 kad\u0131nlara destek  2020 y\u0131l\u0131nda ba\u015far\u0131l\u0131 gen\u00e7 kad\u0131n \u00f6\u011frencileri  e\u011fitim hayatlar\u0131 s\u0131ras\u0131nda burslarla desteklemek, hayal ettikleri gelecek i\u00e7in do\u011fru ad\u0131mlar\u0131 atmalar\u0131 konusunda onlar\u0131 te\u015fvik etmek, do\u011fru y\u00f6nlendirmeler yapmak, &nbsp;meslek ve kariyer se\u00e7imlerinde rehberlik etmek amac\u0131yla kurulan Bir Ad\u0131m Var Vakf\u0131,&nbsp;2021-2022&nbsp;e\u011fitim d\u00f6neminde 47 \u00f6\u011frencinin e\u011fitim ve ki\u015fisel geli\u015fim ine destek oldu.&nbsp;\u00d6\u011frencileri&nbsp;12 ay kesintisiz burs deste\u011fi sa\u011flayarak da destekleyen Vak\u0131f, bu y\u0131l da 15 Ekim 2022 tarihine kadar burs ba\u015fvurular\u0131n\u0131 kabul edecek.  \u0130lk kez ge\u00e7en sene “kad\u0131n” temas\u0131yla 4 gen\u00e7 kad\u0131n sanat\u00e7\u0131n\u0131n eserlerinin kat\u0131ld\u0131\u011f\u0131 BASE sergisine bu y\u0131l ba\u011f\u0131ms\u0131z temada, \u0130stanbul  ba\u015fta olmak \u00fczere, \u0130zmir’ den Batman ’a farkl\u0131 \u015fehirlerdeki \u00f6\u011frencilerin kat\u0131l\u0131m\u0131 desteklendi.&nbsp;  ","protected":false},"author":1,"featured_media":0,"parent":416,"menu_order":0,"comment_status":"open","ping_status":"closed","template":"","meta":{"_links_to":"https:\/\/www.kadindostumarkalar.org\/yazilar\/vakif-dernek\/bir-adim-var-vakfinin-destekledigi-10-kadin-sanatci-base-istanbulda","_links_to_target":"https:\/\/www.kadindostumarkalar.org\/yazilar\/vakif-dernek\/bir-adim-var-vakfinin-destekledigi-10-kadin-sanatci-base-istanbulda"},"_links":{"self":[{"href":"https:\/\/www.kadindostumarkalar.org\/yazilar\/vakif-dernek\/bir-adim-var-vakfinin-destekledigi-10-kadin-sanatci-base-istanbulda"}],"collection":[{"href":"urlver"}],"about":[{"href":""}],"author":[{"embeddable":true,"href":"https:\/\/www.kadindostumarkalar.org\/yazilar\/vakif-dernek\/bir-adim-var-vakfinin-destekledigi-10-kadin-sanatci-base-istanbulda"}],"replies":[{"embeddable":true,"href":"https:\/\/www.kadindostumarkalar.org\/yazilar\/vakif-dernek\/bir-adim-var-vakfinin-destekledigi-10-kadin-sanatci-base-istanbulda"}],"version-history":[{"count":1316,"href":"https:\/\/www.kadindostumarkalar.org\/yazilar\/vakif-dernek\/bir-adim-var-vakfinin-destekledigi-10-kadin-sanatci-base-istanbulda"}],"predecessor-version":[{"id":416,"href":"https:\/\/www.kadindostumarkalar.org\/yazilar\/vakif-dernek\/bir-adim-var-vakfinin-destekledigi-10-kadin-sanatci-base-istanbulda"}],"up":[{"embeddable":true,"href":"https:\/\/www.kadindostumarkalar.org\/yazilar\/vakif-dernek\/bir-adim-var-vakfinin-destekledigi-10-kadin-sanatci-base-istanbulda"}],"wp:attachment":[{"href":"https:\/\/www.kadindostumarkalar.org\/img\/blog\/bir-adim-var-vakfinin-destekledigi-10-kadin-sanatci-base-istanbulda-0-26279.jpg"}],"curies":[{"name":".Net","href":"https:\/\/api.w.org\/{rel}","templated":true}]}}