{"id":283,"date":"2020-12-28T00:00:00","date_gmt":"2020-12-28T00:00:00","guid":{"rendered":"https:\/\/www.kadindostumarkalar.org\/yazilar\/dost-kalemler\/birakin-kadinlar-da-degissin"},"modified":"2022-06-06T12:34:43","modified_gmt":"2022-06-06T12:34:43","slug":"birakin-kadinlar-da-degissin","status":"publish","type":"page","link":"","title":{"rendered":"“B\u0131rak\u0131n kad\u0131nlar da de\u011fi\u015fsin”"},"content":{"rendered":"Eser Y\u0131ld\u0131z’\u0131n Kaleminden   Onca yaz\u0131lan yaz\u0131ya, s\u00f6ylenen s\u00f6ze, sokaklardaki eyleme, kurulan derne\u011fe ra\u011fmen olmuyor ve yine olmuyor. T\u00fcrkiye’deki kad\u0131n cinayetlerinin ard\u0131 arkas\u0131 bu kadar \u00e7aba kar\u015f\u0131s\u0131nda bile kesilmiyor. T\u00fcrkiye’de kad\u0131nlar\u0131n elinden ya\u015fam haklar\u0131 al\u0131n\u0131yor ve kad\u0131nlar herkesin g\u00f6z\u00fc \u00f6n\u00fcnde tan\u0131d\u0131\u011f\u0131 ya da hi\u00e7 tan\u0131mad\u0131\u011f\u0131 bir erkek taraf\u0131ndan \u00f6ld\u00fcr\u00fclmeye devam ediliyor. Peki neden? Tabi ki bunun bir\u00e7ok nedeni var. Ancak en kuvvetli nedenlerinden biri kad\u0131ndaki de\u011fi\u015fimin hala toplumun baz\u0131 kesimlerince kabul edilmemesi… D\u00fcnya ciddi bir de\u011fi\u015fim i\u00e7inde. Teknolojiler, ekonomiler, i\u015f yap\u0131\u015f bi\u00e7imleri, insan ili\u015fkileri, ya\u015fam tarzlar\u0131 hepsi d\u00fcnden farkl\u0131. Son 1 y\u0131lda bile COVID-19 nedeniyle hayat\u0131m\u0131zdan ne \u00e7ok \u015fey de\u011fi\u015fti. Bu de\u011fi\u015fim bug\u00fcn oldu\u011fu gibi yar\u0131n da devam edecek. D\u00fcnyadaki de\u011fi\u015fmeyen tek \u015fey ‘de\u011fi\u015fim’ iken kad\u0131nlar\u0131n isteklerinde ve ya\u015fant\u0131lar\u0131nda farkl\u0131l\u0131k olmamas\u0131 m\u00fcmk\u00fcn m\u00fc? Tabi ki de\u011fil. Toplumdaki her konu gibi kad\u0131nlar\u0131n da hayata bak\u0131\u015f a\u00e7\u0131lar\u0131nda de\u011fi\u015fim var. Art\u0131k kad\u0131nlar nas\u0131l ya\u015famak istedi\u011fini biliyor. Her \u00f6zg\u00fcr insan gibi nerede, kiminle ve nas\u0131l isterse \u00f6yle ya\u015famay\u0131 tercih ediyor. Ve bu iste\u011fini elde etmek i\u00e7in de art\u0131k m\u00fccadele veriyor, ge\u00e7mi\u015fe g\u00f6re haklar\u0131na daha \u00e7ok sahip \u00e7\u0131k\u0131yor. \u0130\u015fte kad\u0131ndaki bu de\u011fi\u015fim iste\u011fine k\u00f6r kalanlar, kad\u0131na \u015fiddetin de ba\u015frol\u00fcndeler. \u0130ste\u011fi ve m\u00fccadelesi hakl\u0131 g\u00f6r\u00fclmeyen kad\u0131nlar\u0131n sonu, ya\u015fama haklar\u0131n\u0131n elinden al\u0131nmas\u0131 oluyor. Topluma kar\u0131\u015fmak isteyen kad\u0131nlar, erkek \u015fiddetine maruz kal\u0131yor.  Bu nedenle de her ak\u015fam birden \u00e7ok kad\u0131n cinayeti haberlere konu oluyor ne yaz\u0131k ki. Bu daha ne kadar s\u00fcrecek? Kad\u0131nlardaki de\u011fi\u015fimi toplumun her kesimi ne zaman kabul edecek? \u0130\u015fte bu soruyu kad\u0131n haklar\u0131 savunucusu olan giri\u015fimci i\u015f kad\u0131n\u0131 Nur Ger’in yorumuyla cevaplayal\u0131m. “YANINDAYIZ” Derne\u011fi Ba\u015fkan\u0131, Kad\u0131n Haklar\u0131 Savunucusu, Giri\u015fimci \u0130\u015f Kad\u0131n\u0131 NUR GER’in yorumuyla “De\u011fi\u015fim”  T\u00fcrkiye’de bir ilk, Yan\u0131nday\u0131z Derne\u011fi  \u0130\u015f d\u00fcnyas\u0131, Suteks’in Y\u00f6netim Kurulu Ba\u015fkan\u0131 Nur Ger’i i\u015f hayat\u0131ndaki ba\u015farlar\u0131\u0131n\u0131n yan\u0131 s\u0131ra kad\u0131n haklar\u0131 konusundaki hassasiyeti ve \u00e7al\u0131\u015fmalar\u0131yla da tan\u0131r. KA-DER ve KAG\u0130DER derneklerinin kurucular\u0131 aras\u0131nda yer alan Nur Ger, bir d\u00f6nem T\u00dcS\u0130AD Toplumsal Cinsiyet E\u015fitli\u011fi \u00c7al\u0131\u015fma Grubu’nun ba\u015fkanl\u0131\u011f\u0131n\u0131 y\u00fcr\u00fctt\u00fc. Kad\u0131nlar\u0131n g\u00fc\u00e7lenmesi i\u00e7in yapt\u0131\u011f\u0131 aktif \u00e7al\u0131\u015fmalar sebebiyle aralar\u0131nda Birle\u015fmi\u015f Milletler’in de bulundu\u011fu uluslararas\u0131 ve ulusal bir\u00e7ok kurumdan \u00f6d\u00fcl\u00fc olan Ger, son olarak T\u00fcrkiye’de bu alanda daha \u00f6nce hi\u00e7 yap\u0131lmayan\u0131 yapt\u0131 ve kad\u0131n haklar\u0131 savunucusu erkeklerden olu\u015fan Yan\u0131nday\u0131z Derne\u011fi’nin kurulmas\u0131na \u00f6n ayak oldu. Toplumsal cinsiyet e\u015fitsizli\u011fine yol a\u00e7an her t\u00fcrl\u00fc etken ve \u00f6n yarg\u0131yla m\u00fccadele etmek i\u00e7in kurulan Yan\u0131nday\u0131z Derne\u011fi, T\u00fcrkiye’de bir ilk. \u00c7\u00fcnk\u00fc, \u00fcyelerinin tamam\u0131 erkek olan bu alanda kurulmu\u015f ilk dernek… May\u0131s 2018’de 40 erke\u011fin \u00f6nc\u00fcl\u00fc\u011f\u00fcnde \u00e7al\u0131\u015fmalar\u0131na ba\u015flayan derne\u011fin ilk d\u00f6nem Y\u00f6netim Kurulu Ba\u015fkanl\u0131\u011f\u0131 g\u00f6revini y\u00fcr\u00fcten Nur Han\u0131m, neden ve nas\u0131l b\u00f6yle bir \u00f6rg\u00fctsel yap\u0131 kurduklar\u0131n\u0131, “Erkeklerle birlikte erkekleri hedef ald\u0131k ve amac\u0131m\u0131z kad\u0131na y\u00f6nelik \u015fiddetin sonland\u0131r\u0131lmas\u0131 i\u00e7in fark\u0131ndal\u0131k olu\u015fturmak” \u015feklinde a\u00e7\u0131kl\u0131yor. Kad\u0131nlar\u0131n ne zaman e\u015fit haklar\u0131 olaca\u011f\u0131 sorusuna gelirsek, Nur Ger’in verdi\u011fi cevap, toplumsal d\u00f6n\u00fc\u015f\u00fcm\u00fcn tamamlanmas\u0131 i\u00e7in belli bir zamana ihtiya\u00e7 oldu\u011fu y\u00f6n\u00fcnde… Nur Ger’e g\u00f6re T\u00fcrkiye’de toplumsal d\u00f6n\u00fc\u015f\u00fcm ba\u015flad\u0131. D\u00fcnyada geli\u015fmi\u015f \u00fclkelerin bile 30 y\u0131lda bu d\u00f6n\u00fc\u015f\u00fcm\u00fc ger\u00e7ekle\u015ftirdi\u011fini hat\u0131rlatan Nur Han\u0131m, her alanda toplumsal cinsiyet e\u015fitli\u011finin sa\u011flanmas\u0131 i\u00e7in T\u00fcrkiye’nin de belli bir yol kat etmesi ve baz\u0131 ad\u0131mlar\u0131 atmas\u0131 gerekti\u011fini s\u00f6yl\u00fcyor. Bu s\u00fcre\u00e7 i\u00e7inde Dernek olarak faaliyetlerini s\u00fcrd\u00fcreceklerini ve kad\u0131na y\u00f6nelik \u015fiddet tamamen ortadan kalkana kadar seslerini y\u00fckselteceklerini vurgulayan Nur Ger, “Hayat\u0131n her alan\u0131nda erkeklere tan\u0131nan f\u0131rsatlar\u0131n tamam\u0131n\u0131n kad\u0131nlara da tan\u0131nmas\u0131 i\u00e7in ‘Yan\u0131nday\u0131z’ diye hayk\u0131rmaya devam edece\u011fiz” mesaj\u0131n\u0131 veriyor. Pes etmek yok  Kad\u0131nlar\u0131n m\u00fccadelesi sadece bizim \u00fclkemizde de\u011fil d\u00fcnyan\u0131n bir\u00e7ok \u00fclkesinde s\u00fcrmekte. D\u00fcnyada kad\u0131n; ya\u015fama hakk\u0131n\u0131n ve \u015fiddetin sonlanmas\u0131n\u0131n yan\u0131 s\u0131ra ev eme\u011finde erkekle ortakl\u0131k sa\u011flanmas\u0131, e\u011fitimde f\u0131rsat e\u015fitli\u011fi, i\u015f hayat\u0131nda yer alabilme, erkeklerle ayn\u0131 mesle\u011fi yapabilme, ayn\u0131 i\u015fi yap\u0131p ayn\u0131 \u00fccreti alabilme gibi pek \u00e7ok alanda m\u00fccadele veriyor. T\u00fcrkiye’de de bu m\u00fccadeleyi veren kad\u0131nlar, kad\u0131n hakk\u0131 savunucular\u0131 dernekler, vak\u0131flar, \u00f6zel sekt\u00f6r \u015firketleri var. Son 10-15 y\u0131ld\u0131r girilen bu m\u00fccadeleye hi\u00e7 ara vermeden, yorulmadan ve korkmadan devam etmeli T\u00fcrkiye. \u0130zlanda’daki kad\u0131nlar\u0131n ‘e\u015fit i\u015fe e\u015fit \u00fccret’ i\u00e7in yapt\u0131\u011f\u0131 eylemlerin sonu\u00e7lanmas\u0131 ve erkeklerle kuru\u015fu kuru\u015funa ayn\u0131 \u00fccreti alma hakk\u0131na sahip olmas\u0131 gibi T\u00fcrk kad\u0131nlar\u0131 da verdi\u011fi \u00e7aban\u0131n kar\u015f\u0131l\u0131\u011f\u0131n\u0131 almay\u0131 hedef olarak koymal\u0131 \u00f6n\u00fcne. Bunun i\u00e7in de pes etmek yok, \u00f6zetle ‘bu daha ba\u015flang\u0131\u00e7 m\u00fccadeleye devam’… \u0130stanbul S\u00f6zle\u015fmesi hayata ge\u00e7meli  Peki kad\u0131n haklar\u0131 savunucusu Nur Ger’in vurgulad\u0131\u011f\u0131 toplumsal d\u00f6n\u00fc\u015f\u00fcm s\u00fcrecini T\u00fcrkiye’de h\u0131zland\u0131racak ad\u0131mlar neler olabilir? Bu ad\u0131mlar\u0131n ba\u015f\u0131nda son d\u00f6nemde ad\u0131 s\u0131k\u00e7a telaffuz edilen ve hayata ge\u00e7mesi son derece \u00f6nemli olan \u0130stanbul S\u00f6zle\u015fmesi geliyor. \u0130stanbul S\u00f6zle\u015fmesi, toplumsal cinsiyet e\u015fitli\u011finin nas\u0131l uygulanaca\u011f\u0131n\u0131 anlatan, kad\u0131nlar\u0131 \u015fiddetten kurtuldu\u011fu bir hayata g\u00f6t\u00fcrecek \u00e7ok \u00f6nemli bir k\u0131lavuz niteli\u011finde. En \u00f6nemli \u00f6zelli\u011fi de sadece \u015fiddetten korunmay\u0131 de\u011fil, \u015fiddetin kendisini ortadan kald\u0131rmaya y\u00f6nelik olmas\u0131. \u0130\u015fte bu y\u00fczden her kad\u0131n haklar\u0131 savunucu gibi ben de bir kad\u0131n olarak \u0130stanbul S\u00f6zle\u015fmesi’nin \u00fclkemizde harfiyen uygulanmas\u0131n\u0131 istiyorum. Bu konuda devletin ve siyasi iradenin harekete ge\u00e7mesini ve bir an \u00f6nce 6284 say\u0131l\u0131 Koruma Kanunu ile birlikte \u0130stanbul S\u00f6zle\u015fmesi’ni uygulamaya almas\u0131n\u0131 bekliyorum. \u0130stanbul S\u00f6zle\u015fmesinin uyguland\u0131\u011f\u0131, cinsiyet e\u015fitli\u011finin ve \u00f6zg\u00fcrl\u00fc\u011f\u00fcn\u00fcn oldu\u011fu bir topluma d\u00f6n\u00fc\u015ft\u00fc\u011f\u00fcm\u00fcz g\u00fcnler art\u0131k gelsin. Kad\u0131nlar topluma kar\u0131\u015fs\u0131n ve art\u0131k bunun kar\u015f\u0131l\u0131\u011f\u0131 \u015fiddet olmas\u0131n. \u0130\u00e7 huzurunu sa\u011flam\u0131\u015f, toplumsal cinsiyet e\u015fitli\u011fini yakalam\u0131\u015f bir T\u00fcrkiye sizce de \u00e7ok g\u00fczel olmaz m\u0131? ","protected":false},"author":1,"featured_media":0,"parent":283,"menu_order":0,"comment_status":"open","ping_status":"closed","template":"","meta":{"_links_to":"https:\/\/www.kadindostumarkalar.org\/yazilar\/dost-kalemler\/birakin-kadinlar-da-degissin","_links_to_target":"https:\/\/www.kadindostumarkalar.org\/yazilar\/dost-kalemler\/birakin-kadinlar-da-degissin"},"_links":{"self":[{"href":"https:\/\/www.kadindostumarkalar.org\/yazilar\/dost-kalemler\/birakin-kadinlar-da-degissin"}],"collection":[{"href":"urlver"}],"about":[{"href":""}],"author":[{"embeddable":true,"href":"https:\/\/www.kadindostumarkalar.org\/yazilar\/dost-kalemler\/birakin-kadinlar-da-degissin"}],"replies":[{"embeddable":true,"href":"https:\/\/www.kadindostumarkalar.org\/yazilar\/dost-kalemler\/birakin-kadinlar-da-degissin"}],"version-history":[{"count":1202,"href":"https:\/\/www.kadindostumarkalar.org\/yazilar\/dost-kalemler\/birakin-kadinlar-da-degissin"}],"predecessor-version":[{"id":283,"href":"https:\/\/www.kadindostumarkalar.org\/yazilar\/dost-kalemler\/birakin-kadinlar-da-degissin"}],"up":[{"embeddable":true,"href":"https:\/\/www.kadindostumarkalar.org\/yazilar\/dost-kalemler\/birakin-kadinlar-da-degissin"}],"wp:attachment":[{"href":"https:\/\/www.kadindostumarkalar.org\/img\/blog\/shutterstock-652946449-scaled-e1621203020961.jpg"}],"curies":[{"name":".Net","href":"https:\/\/api.w.org\/{rel}","templated":true}]}}