{"id":347,"date":"2021-08-11T00:00:00","date_gmt":"2021-08-11T00:00:00","guid":{"rendered":"https:\/\/www.kadindostumarkalar.org\/yazilar\/genel\/bmden-kadin-liderlere-destek"},"modified":"2022-06-06T13:30:09","modified_gmt":"2022-06-06T13:30:09","slug":"bmden-kadin-liderlere-destek","status":"publish","type":"page","link":"","title":{"rendered":"BM’DEN KADIN L\u0130DERLERE DESTEK"},"content":{"rendered":"Birle\u015fmi\u015f Milletler Kad\u0131n Birimi T\u00fcrkiye’de kad\u0131nlar\u0131n siyaset ve \u00f6zel sekt\u00f6rde karar alma mekanizmalar\u0131na kat\u0131l\u0131m\u0131n\u0131 ve liderli\u011fini geli\u015ftirmek \u00fczere \u00fc\u00e7 y\u0131l s\u00fcrecek yeni bir projeye ba\u015fl\u0131yor.   Birle\u015fmi\u015f Milletler Kad\u0131n Birimi (UN Women – BM Kad\u0131n Birimi ) ge\u00e7mi\u015f programlar\u0131n ve ortakl\u0131klar\u0131n \u00fczerine in\u015fa etti\u011fi yeni ‘Siyasette ve \u0130\u015f Hayat\u0131nda Kad\u0131nlar\u0131n Liderli\u011finin ve Toplumsal Cinsiyet E\u015fitli\u011fi nin Geli\u015ftirilmesi’ projesine May\u0131s 2021 itibar\u0131yla ba\u015flad\u0131. \u0130sve\u00e7’in \u0130sve\u00e7 Uluslararas\u0131 Kalk\u0131nma ve \u0130\u015fbirli\u011fi Ajans\u0131  arac\u0131l\u0131\u011f\u0131 ile 3 milyon Dolar finansal destek sa\u011flad\u0131\u011f\u0131 proje \u00fc\u00e7 y\u0131l s\u00fcrecek. Kad\u0131nlar deneyimlerini payla\u015facak  Projenin ba\u015fl\u0131ca payda\u015flar\u0131 aras\u0131nda T\u00fcrkiye B\u00fcy\u00fck Millet Meclisi Kad\u0131n Erkek F\u0131rsat E\u015fitli\u011fi  Komisyonu, aktif siyaset \u00e7i kad\u0131nlar, kad\u0131n  adaylar, sivil toplum kurulu\u015fu temsilcileri, toplumsal cinsiyet e\u015fitli\u011fi  savunucular\u0131, medya kurulu\u015flar\u0131 ve \u00f6zel sekt\u00f6r kurumlar\u0131 bulunuyor. Proje kapsam\u0131nda, yerel d\u00fczeyde aday olmaya istekli, yetenekli kad\u0131nlardan olu\u015fan kapsay\u0131c\u0131 bir dayan\u0131\u015fma a\u011f\u0131 olu\u015fturulacak, farkl\u0131 siyasi g\u00f6r\u00fc\u015fe, farkl\u0131 alanlara sahip kad\u0131nlar bir araya gelerek deneyimlerini payla\u015facak ve kad\u0131nlar\u0131n toplumsal cinsiyet e\u015fitli\u011fi konusundaki fark\u0131ndal\u0131klar\u0131  art\u0131r\u0131lacak. \u00d6zel sekt\u00f6rle i\u015f birli\u011fi art\u0131r\u0131lacak  Birle\u015fmi\u015f Milletler Kad\u0131n Birimi, kad\u0131nlar\u0131n ihtiya\u00e7 ve \u00f6nceliklerini belirlemek \u00fczere toplumsal cinsiyete duyarl\u0131 hizmetlerin sunumunu g\u00fc\u00e7lendirmek hedefiyle yeni ara\u00e7lar\u0131 ve modelleri uygulamak i\u00e7in yerel y\u00f6netimleri destekleyecek. Kad\u0131nlar\u0131n i\u015f hayat\u0131ndaki liderli\u011fini desteklemek i\u00e7in \u00f6zel sekt\u00f6r ile i\u015f birli\u011fini art\u0131racak. Toplumsal cinsiyet e\u015fitli\u011fi ne katk\u0131 sa\u011flamak isteyen \u015firketlerin Kad\u0131n\u0131n G\u00fc\u00e7lenmesi  Prensipleri’nin (WEPs ) uygulanmas\u0131 ve imzalanmas\u0131 i\u00e7in \u00e7al\u0131\u015facak. Birle\u015fmi\u015f Milletler Kad\u0131n Birimi , zararl\u0131 kal\u0131p yarg\u0131lar\u0131 ve e\u015fitsizli\u011fi derinle\u015ftiren sosyal normlar\u0131 d\u00f6n\u00fc\u015ft\u00fcrmek hedefiyle HeForShe  k\u00fcresel dayan\u0131\u015fma hareketi \u00e7er\u00e7evesinde erkeklerin toplumsal cinsiyet e\u015fitli\u011fi savunucusu olmalar\u0131 i\u00e7in \u00e7al\u0131\u015facak. Proje kapsam\u0131nda ayn\u0131 zamanda medya ve gelece\u011fin medya profesyonellerine y\u00f6nelik toplumsal cinsiyete duyarl\u0131 habercilik konusunda kapasite geli\u015ftirme aktiviteleri d\u00fczenlenecek. ","protected":false},"author":1,"featured_media":0,"parent":347,"menu_order":0,"comment_status":"open","ping_status":"closed","template":"","meta":{"_links_to":"https:\/\/www.kadindostumarkalar.org\/yazilar\/genel\/bmden-kadin-liderlere-destek","_links_to_target":"https:\/\/www.kadindostumarkalar.org\/yazilar\/genel\/bmden-kadin-liderlere-destek"},"_links":{"self":[{"href":"https:\/\/www.kadindostumarkalar.org\/yazilar\/genel\/bmden-kadin-liderlere-destek"}],"collection":[{"href":"urlver"}],"about":[{"href":""}],"author":[{"embeddable":true,"href":"https:\/\/www.kadindostumarkalar.org\/yazilar\/genel\/bmden-kadin-liderlere-destek"}],"replies":[{"embeddable":true,"href":"https:\/\/www.kadindostumarkalar.org\/yazilar\/genel\/bmden-kadin-liderlere-destek"}],"version-history":[{"count":1091,"href":"https:\/\/www.kadindostumarkalar.org\/yazilar\/genel\/bmden-kadin-liderlere-destek"}],"predecessor-version":[{"id":347,"href":"https:\/\/www.kadindostumarkalar.org\/yazilar\/genel\/bmden-kadin-liderlere-destek"}],"up":[{"embeddable":true,"href":"https:\/\/www.kadindostumarkalar.org\/yazilar\/genel\/bmden-kadin-liderlere-destek"}],"wp:attachment":[{"href":"https:\/\/www.kadindostumarkalar.org\/img\/blog\/unwomen-kadinliderligi.jpg"}],"curies":[{"name":".Net","href":"https:\/\/api.w.org\/{rel}","templated":true}]}}