{"id":407,"date":"2022-10-03T12:34:09","date_gmt":"2022-10-03T12:34:09","guid":{"rendered":"https:\/\/www.kadindostumarkalar.org\/yazilar\/iklimlendirme\/bosch-yesil-yasam-kahramanlari-icin-calisiyor"},"modified":"2022-10-03T12:35:43","modified_gmt":"2022-10-03T12:35:43","slug":"bosch-yesil-yasam-kahramanlari-icin-calisiyor","status":"publish","type":"page","link":"","title":{"rendered":"BOSCH ‘YE\u015e\u0130L YA\u015eAM KAHRAMANLARI’ \u0130\u00c7\u0130N \u00c7ALI\u015eIYOR"},"content":{"rendered":" Toplumsal cinsiyet e\u015fitli\u011fine verdi\u011fi \u00f6nemi, kad\u0131n teknisyen say\u0131s\u0131n\u0131 art\u0131rmay\u0131 hedefledi\u011fi ‘Ye\u015fil Ya\u015fam Kahramanlar\u0131’ fark\u0131ndal\u0131k projesi ile yeniden tescilleyen Bosch Termoteknoloji, bu proje kapsam\u0131nda \u0130\u015eKUR ile i\u015f birli\u011fi ba\u015flatt\u0131.&nbsp;     \u0130klimlendirme  sekt\u00f6r\u00fcn\u00fcn \u00f6nemli akt\u00f6rlerinden Bosch Termoteknoloji, kad\u0131n teknisyen say\u0131s\u0131n\u0131 art\u0131rmay\u0131 hedefledi\u011fi Ye\u015fil Ya\u015fam Kahramanlar\u0131 projesi kapsam\u0131nda T\u00fcrkiye \u0130\u015f Kurumu (\u0130\u015eKUR) ile \u00f6zel bir i\u015f birli\u011fi anla\u015fmas\u0131 imzalad\u0131. Anla\u015fma, \u0130\u015eKUR  Genel M\u00fcd\u00fcr\u00fc O\u011fuz  Ka\u011fan G\u00fcldo\u011fan,  Bosch Termoteknoloji T\u00fcrkiye, Ortado\u011fu ve Kafkasya Sat\u0131\u015f Genel M\u00fcd\u00fcr\u00fc K\u0131van\u00e7 Arman  ve Bosch Termoteknik So\u011futma \u00dcr\u00fcn Grubu M\u00fcd\u00fcr\u00fc Kemal G\u00f6kay  taraf\u0131ndan imzaland\u0131.   Kad\u0131nlar\u0131n e\u015fit ko\u015fullarda \u00fcretim s\u00fcre\u00e7lerine kat\u0131lmalar\u0131n\u0131n ekonomik ve sosyal ya\u015fam\u0131n s\u00fcrd\u00fcr\u00fclebilirli\u011fi a\u00e7\u0131s\u0131ndan \u00f6nemine de\u011finen Bosch Termoteknoloji T\u00fcrkiye, Ortado\u011fu ve Kafkasya Sat\u0131\u015f Genel M\u00fcd\u00fcr\u00fc K\u0131van\u00e7 Arman, kullan\u0131c\u0131lar\u0131na verdikleri servis hizmet kalitesini daha da art\u0131racaklar\u0131n\u0131 vurgularken kad\u0131n teknisyen say\u0131s\u0131n\u0131 art\u0131rmay\u0131 hedefledikleri Ye\u015fil Ya\u015fam Kahramanlar\u0131 projesi kapsam\u0131nda \u0130\u015eKUR ile yapt\u0131klar\u0131 i\u015f birli\u011fi sayesinde de \u00e7ok daha g\u00fc\u00e7l\u00fc olduklar\u0131n\u0131 ifade etti. Arman s\u00f6zlerini, “Bu projede eme\u011fi ge\u00e7en t\u00fcm \u00e7al\u0131\u015fma arkada\u015flar\u0131ma ve bu projeye bizim kadar inanan ve destekleyen \u0130\u015eKUR’a te\u015fekk\u00fcr ederiz” \u015feklinde tamamlad\u0131. Ye\u015fil Ya\u015fam Kahramanlar\u0131 Projesi:   Bosch Termoteknik, 8 Mart D\u00fcnya Kad\u0131nlar G\u00fcn\u00fc ’nde ba\u015flatt\u0131\u011f\u0131 ‘Ye\u015fil Ya\u015fam Kahramanlar\u0131’ projesiyle iklimlendirme sekt\u00f6r\u00fcnde ‘erkek i\u015fi’ olarak bilinen servis teknisyenlik mesle\u011fine, kendi e\u011fitim s\u00fcre\u00e7lerinden ge\u00e7irece\u011fi kad\u0131n i\u015f g\u00fcc\u00fcn\u00fc kazand\u0131rmay\u0131 hedefliyor.      &nbsp;  &nbsp;  ","protected":false},"author":1,"featured_media":0,"parent":407,"menu_order":0,"comment_status":"open","ping_status":"closed","template":"","meta":{"_links_to":"https:\/\/www.kadindostumarkalar.org\/yazilar\/iklimlendirme\/bosch-yesil-yasam-kahramanlari-icin-calisiyor","_links_to_target":"https:\/\/www.kadindostumarkalar.org\/yazilar\/iklimlendirme\/bosch-yesil-yasam-kahramanlari-icin-calisiyor"},"_links":{"self":[{"href":"https:\/\/www.kadindostumarkalar.org\/yazilar\/iklimlendirme\/bosch-yesil-yasam-kahramanlari-icin-calisiyor"}],"collection":[{"href":"urlver"}],"about":[{"href":""}],"author":[{"embeddable":true,"href":"https:\/\/www.kadindostumarkalar.org\/yazilar\/iklimlendirme\/bosch-yesil-yasam-kahramanlari-icin-calisiyor"}],"replies":[{"embeddable":true,"href":"https:\/\/www.kadindostumarkalar.org\/yazilar\/iklimlendirme\/bosch-yesil-yasam-kahramanlari-icin-calisiyor"}],"version-history":[{"count":1079,"href":"https:\/\/www.kadindostumarkalar.org\/yazilar\/iklimlendirme\/bosch-yesil-yasam-kahramanlari-icin-calisiyor"}],"predecessor-version":[{"id":407,"href":"https:\/\/www.kadindostumarkalar.org\/yazilar\/iklimlendirme\/bosch-yesil-yasam-kahramanlari-icin-calisiyor"}],"up":[{"embeddable":true,"href":"https:\/\/www.kadindostumarkalar.org\/yazilar\/iklimlendirme\/bosch-yesil-yasam-kahramanlari-icin-calisiyor"}],"wp:attachment":[{"href":"https:\/\/www.kadindostumarkalar.org\/img\/blog\/bosch-yesil-yasam-kahramanlari-icin-calisiyor-0-68741.jpg"}],"curies":[{"name":".Net","href":"https:\/\/api.w.org\/{rel}","templated":true}]}}