{"id":77,"date":"2022-01-19T00:00:00","date_gmt":"2022-01-19T00:00:00","guid":{"rendered":"https:\/\/www.kadindostumarkalar.org\/yazilar\/holding\/boyner-grup-ve-kagider-iyi-islere-devam-ediyor"},"modified":"2022-05-31T03:54:05","modified_gmt":"2022-05-31T03:54:05","slug":"boyner-grup-ve-kagider-iyi-islere-devam-ediyor","status":"publish","type":"page","link":"","title":{"rendered":"BOYNER GRUP VE KAG\u0130DER “\u0130Y\u0130 \u0130\u015eLER”E DEVAM ED\u0130YOR"},"content":{"rendered":"Boyner Grup ve T\u00fcrkiye Kad\u0131n Giri\u015fimciler Derne\u011fi (KAG\u0130DER) ortakl\u0131\u011f\u0131yla ger\u00e7ekle\u015ftirilen“\u0130yi \u0130\u015fler: G\u0131da ve Elektronik D\u0131\u015f\u0131 Perakendede Kad\u0131n Giri\u015fimcileri G\u00fc\u00e7lendirme Program\u0131”n\u0131n yeni d\u00f6nemi ba\u015flad\u0131.   Boyner Grup ’un 2015 y\u0131l\u0131nda hayata ge\u00e7irdi\u011fi ve 2018 y\u0131l\u0131ndan bu yana T\u00fcrkiye Kad\u0131n Giri\u015fimciler Derne\u011fi (KAG\u0130DER)  i\u015f birli\u011fiyle ger\u00e7ekle\u015ftirdi\u011fi “\u0130yi \u0130\u015fler : G\u0131da ve Elektronik D\u0131\u015f\u0131 Perakendede Kad\u0131n Giri\u015fimcileri G\u00fc\u00e7lendirme Program\u0131”2022 e\u011fitimleri ba\u015flad\u0131. Tekstil, haz\u0131r giyim, ayakkab\u0131, \u00e7anta  ve aksesuar  sekt\u00f6rlerinde faaliyet g\u00f6steren kad\u0131n giri\u015fimci lerin ve tedarik\u00e7ilerin s\u00fcrd\u00fcr\u00fclebilir  i\u015f modelleri ile i\u015fletme kapasitelerini art\u0131rmalar\u0131n\u0131 desteklemek amac\u0131yla hayata ge\u00e7irilen “\u0130yi \u0130\u015fler” projesinin bu d\u00f6neminde de 21 kad\u0131n  e\u011fitim alacak. Boyner Grup Y\u00f6netim Kurulu \u00dcyesi \u00dcmit Boyner  ve KAG\u0130DER Y\u00f6netim Kurulu Ba\u015fkan\u0131 Emine Erdem , 9 hafta s\u00fcrecek program\u0131n a\u00e7\u0131l\u0131\u015f\u0131nda kad\u0131n giri\u015fimciler ile bir araya geldi. Kad\u0131n giri\u015fimcilerin uzun vadede \u00e7evresel, sosyal ve ekonomik de\u011fer yaratmaya devam etmeleri, i\u015fin s\u00fcreklili\u011fini sa\u011flamalar\u0131, etkin kaynak-i\u015fletme maliyetlerinin y\u00f6netimi ile rekabetlerinin artt\u0131r\u0131lmas\u0131na destek olunmas\u0131n\u0131n ama\u00e7land\u0131\u011f\u0131 projede bug\u00fcne kadar toplamda y\u00fcze yak\u0131n kad\u0131n i\u015fletme sahibi ne ve onlar\u0131n istihdam  etti\u011fi binlerce kad\u0131na fayda sunma \u015fans\u0131 elde edildi. Kad\u0131n giri\u015fimcilere 9 haftal\u0131k e\u011fitim verilecek  Bu y\u0131lki programda yer alan, a\u011f\u0131rl\u0131kl\u0131 olarak bebek, kad\u0131n ve ev tekstili sekt\u00f6r lerinde faaliyet g\u00f6steren kad\u0131n giri\u015fimciler 9 hafta boyunca; \u0130leti\u015fim &amp; D\u00f6n\u00fc\u015f\u00fcmsel Liderlik, Strateji ve Organizasyonel Y\u00f6netim, \u0130\u015fi B\u00fcy\u00fctmek, Pazarlama ve Sat\u0131\u015f, Sosyal Hukuk &amp; Fikri Sinai M\u00fclkiyet Haklar\u0131, Finans Y\u00f6netimi, Yeni Pazarlara A\u00e7\u0131l\u0131m, Hukuk ve Dijitalle\u015fme ve Gelece\u011fi Tasarla, E-ticaret  konular\u0131nda e\u011fitimler alacak. E\u011fitimleri ba\u015far\u0131yla tamamlayan kad\u0131n giri\u015fimciler ise “\u0130yi \u0130\u015fler” sertifikalar\u0131n\u0131 almaya hak kazanacak. “\u0130yi \u0130\u015fler” sadece giri\u015fimcilik kaslar\u0131n\u0131 g\u00fc\u00e7lendiren bir e\u011fitim program\u0131 de\u011fil, bir s\u00fcrd\u00fcr\u00fclebilirlik ve dayan\u0131\u015fma projesi  T\u00fcrkiye’de cinsiyet e\u015fitsizlikleri ni azaltmak, bu alanda yap\u0131lan iyi \u00f6rneklerin yayg\u0131nla\u015ft\u0131r\u0131lmas\u0131 i\u00e7in i\u015f birlikleri i\u00e7erisinde \u00e7al\u0131\u015f\u0131lmas\u0131 gerekti\u011fine inand\u0131\u011f\u0131n\u0131 belirten Boyner Grup Y\u00f6netim Kurulu \u00dcyesi \u00dcmit Boyner,  temelini 2015 y\u0131l\u0131nda att\u0131klar\u0131 projenin, KAG\u0130DER ile g\u00fc\u00e7lenerek ilerledi\u011fini ve kad\u0131n giri\u015fimcilere destek olmay\u0131 hedeflediklerini ifade etti. \u0130yi \u0130\u015fler: G\u0131da ve Elektronik D\u0131\u015f\u0131 Perakendede Kad\u0131n Giri\u015fimcileri G\u00fc\u00e7lendirme Program\u0131” ile bug\u00fcne kadar toplamda y\u00fcze yak\u0131n kad\u0131n i\u015fletme sahibine ve onlar\u0131n istihdam etti\u011fi binlerce kad\u0131na dokunarak toplumsal cinsiyet e\u015fitli\u011fi nin sa\u011flanmas\u0131 i\u00e7in \u00e7aba sarf ettiklerini vurgulayan Boyner, “Bu motivasyonla “\u0130yi \u0130\u015fler” program\u0131 yeni giri\u015fimci kad\u0131nlar\u0131m\u0131zla yeni d\u00f6nemine ba\u015fl\u0131yor. Sadece giri\u015fimcilik kaslar\u0131n\u0131 g\u00fc\u00e7lendiren bir e\u011fitim program\u0131 de\u011fil, ayn\u0131 zamanda bir s\u00fcrd\u00fcr\u00fclebilirlik  ve dayan\u0131\u015fma projesi olan “\u0130yi \u0130\u015fler”in her sene geli\u015ferek devam etmesinden b\u00fcy\u00fck mutluluk duyuyorum” dedi. “Kad\u0131n giri\u015fimcilerin i\u015flerini b\u00fcy\u00fctmelerine destek oluyoruz”  Konuya ili\u015fkin yapt\u0131\u011f\u0131 a\u00e7\u0131klamada, yedi y\u0131ld\u0131r s\u00fcrd\u00fcrd\u00fckleri ‘\u0130yi \u0130\u015fler’ program\u0131n\u0131n \u00f6zel sekt\u00f6r ve sivil toplum i\u015f birli\u011fine \u00e7ok iyi bir \u00f6rnek oldu\u011funa de\u011finen KAG\u0130DER Y\u00f6netim Kurulu Ba\u015fkan\u0131 Emine Erdem, bu program ile bug\u00fcne kadar T\u00fcrkiye’nin farkl\u0131 b\u00f6lgelerinden onlarca kad\u0131n giri\u015fimciye e\u011fitim ve mentorluk deste\u011fi verdiklerini, yeni pazarlara eri\u015fimlerini desteklediklerini ve rekabet g\u00fc\u00e7lerini art\u0131rmalar\u0131n\u0131 sa\u011flad\u0131klar\u0131n\u0131 dile getirdi. B\u00f6ylece \u00f6nlerinde toplumsal \u00f6nyarg\u0131lar\u0131n yan\u0131 s\u0131ra finansmana eri\u015fim, pazara eri\u015fim, mentorluk ve rol model eksikli\u011fi gibi pek \u00e7ok zorluk bulunan kad\u0131n giri\u015fimcilerin i\u015flerini b\u00fcy\u00fctmelerine destek olduklar\u0131n\u0131 da s\u00f6zlerine ekleyen Erdem, bu s\u00fcre\u00e7te ayn\u0131 zamanda ba\u015fka kad\u0131nlara ilham ve cesaret verecek pek \u00e7ok ba\u015far\u0131l\u0131 kad\u0131n hikâyesine tan\u0131kl\u0131k ettiklerini de ifade etti. Erdem son olarak, “Bu program gibi ‘\u0130yi \u0130\u015fler’in artmas\u0131n\u0131 arzu ediyor, Boyner Grup’a ve ayn\u0131 zamanda derne\u011fimizin kurucu \u00fcyesi olan Boyner Grup Y\u00f6netim Kurulu \u00dcyesi \u00dcmit Boyner’e d\u00fc\u015f ortakl\u0131\u011f\u0131 i\u00e7in te\u015fekk\u00fcr ediyoruz” \u015feklinde konu\u015ftu. Kad\u0131n giri\u015fimciler \u0130yi \u0130\u015fler D\u00fckkan’da \u00fcr\u00fcnlerini satabiliyor   Morhipo ’da yer alan \u0130yi \u0130\u015fler D\u00fckkan  ile programa kat\u0131lan kad\u0131n giri\u015fimcilerin pazara eri\u015fimine de katk\u0131 sa\u011flan\u0131yor. E\u011fitimlerini tamamlayan giri\u015fimciler \u00fcr\u00fcnlerini Morhipo \u00fcst\u00fcnden milyonlarca m\u00fc\u015fteriye sunma f\u0131rsat\u0131 buluyor. ","protected":false},"author":1,"featured_media":0,"parent":77,"menu_order":0,"comment_status":"open","ping_status":"closed","template":"","meta":{"_links_to":"https:\/\/www.kadindostumarkalar.org\/yazilar\/holding\/boyner-grup-ve-kagider-iyi-islere-devam-ediyor","_links_to_target":"https:\/\/www.kadindostumarkalar.org\/yazilar\/holding\/boyner-grup-ve-kagider-iyi-islere-devam-ediyor"},"_links":{"self":[{"href":"https:\/\/www.kadindostumarkalar.org\/yazilar\/holding\/boyner-grup-ve-kagider-iyi-islere-devam-ediyor"}],"collection":[{"href":"urlver"}],"about":[{"href":""}],"author":[{"embeddable":true,"href":"https:\/\/www.kadindostumarkalar.org\/yazilar\/holding\/boyner-grup-ve-kagider-iyi-islere-devam-ediyor"}],"replies":[{"embeddable":true,"href":"https:\/\/www.kadindostumarkalar.org\/yazilar\/holding\/boyner-grup-ve-kagider-iyi-islere-devam-ediyor"}],"version-history":[{"count":1075,"href":"https:\/\/www.kadindostumarkalar.org\/yazilar\/holding\/boyner-grup-ve-kagider-iyi-islere-devam-ediyor"}],"predecessor-version":[{"id":77,"href":"https:\/\/www.kadindostumarkalar.org\/yazilar\/holding\/boyner-grup-ve-kagider-iyi-islere-devam-ediyor"}],"up":[{"embeddable":true,"href":"https:\/\/www.kadindostumarkalar.org\/yazilar\/holding\/boyner-grup-ve-kagider-iyi-islere-devam-ediyor"}],"wp:attachment":[{"href":"https:\/\/www.kadindostumarkalar.org\/img\/blog\/1642576947-iyi-i--ler-logo.jpg"}],"curies":[{"name":".Net","href":"https:\/\/api.w.org\/{rel}","templated":true}]}}