{"id":64,"date":"2022-03-28T00:00:00","date_gmt":"2022-03-28T00:00:00","guid":{"rendered":"https:\/\/www.kadindostumarkalar.org\/yazilar\/hazir-giyim\/boyner-seninle-tamam-projesiyle-kadinlara-istihdam-yaratiyor"},"modified":"2022-05-31T03:48:46","modified_gmt":"2022-05-31T03:48:46","slug":"boyner-seninle-tamam-projesiyle-kadinlara-istihdam-yaratiyor","status":"publish","type":"page","link":"","title":{"rendered":"BOYNER “SEN\u0130NLE TAMAM” PROJES\u0130YLE KADINLARA \u0130ST\u0130HDAM YARATIYOR"},"content":{"rendered":"T\u00fcrkiye’nin perakende sekt\u00f6r\u00fcn\u00fcn \u00f6nc\u00fc markalar\u0131ndan Boyner B\u00fcy\u00fck Ma\u011fazac\u0131l\u0131k, kad\u0131nlar\u0131 istihdam etmeye y\u00f6nelik “Seninle Tamam” fak\u0131ndal\u0131k projesini hayata ge\u00e7irdi. Boyner, bu projesiyle \u00e7e\u015fitli nedenlerden dolay\u0131 \u00e7al\u0131\u015fma hayat\u0131na ara vermek durumunda kalm\u0131\u015f kad\u0131nlara i\u015f imkân\u0131 sunuyor.   Perakende sekt\u00f6r\u00fcnde en \u00e7ok istihdam sa\u011flayan markalar\u0131n ilk s\u0131ralar\u0131nda yerini alan Boyner, 2022 y\u0131l\u0131nda yeni ma\u011fazalar a\u00e7maya devam ederken insan kayna\u011f\u0131n\u0131 da g\u00fc\u00e7lendirmek i\u00e7in yeni istihdam modelleri i\u00e7in projeler yarat\u0131yor. Bu projeler aras\u0131nda fark\u0131ndal\u0131kla \u00f6ne \u00e7\u0131kan “Seninle Tamam”projesii\u015fe al\u0131mlar\u0131 toplumun \u00f6nemli bir ihtiyac\u0131n\u0131 da \u00e7\u00f6zmek \u00fczere tasarlad\u0131. Proje, hi\u00e7 \u00e7al\u0131\u015fmam\u0131\u015f ya da \u00e7e\u015fitli nedenlerle \u00e7al\u0131\u015fma hayat\u0131na ara vermi\u015f ve sonras\u0131nda da i\u015f hayat\u0131na d\u00f6nememi\u015f kad\u0131nlar\u0131 Boyner ailesinin bir par\u00e7as\u0131 olmaya davet ederken kad\u0131nlara kendi belirleyecekleri \u00e7al\u0131\u015fma saati opsiyonlar\u0131yla i\u015fe ba\u015flama \u00f6zg\u00fcrl\u00fc\u011f\u00fc de sunuyor. Ma\u011fazalarda“Sat\u0131\u015f”, “Depo”, “Operasyon”, “M\u00fc\u015fteri \u0130li\u015fkileri” gibi farkl\u0131 pozisyonlarda i\u015fe al\u0131nan adaylar Boyner’in sundu\u011fu e\u011fitim olanaklar\u0131ndan faydalanabiliyor. Verilen e\u011fitimlerle ma\u011fazac\u0131l\u0131k mesle\u011fini \u00f6\u011frenen adaylar, \u00e7al\u0131\u015fmaya, kazanmaya ve fark yaratmaya haz\u0131rlan\u0131yor. “Yeter ki Sen \u0130ste. Boyner Seninle Tamam”  Boyner olarak, yeni ma\u011fazalar ve mevcut ma\u011fazalardaki b\u00fcy\u00fcmeye ba\u011fl\u0131 olarak her y\u0131l d\u00fczenli bir \u015fekilde yeni i\u015fe al\u0131mlar ger\u00e7ekle\u015ftirdiklerini belirten Boyner B\u00fcy\u00fck Ma\u011fazac\u0131l\u0131k Saha \u0130nsan Kaynaklar\u0131 Direkt\u00f6r\u00fc Ba\u015fak Bilgin,  37 ilde yakla\u015f\u0131k 6.000 \u00e7al\u0131\u015fanla T\u00fcrkiye&#8217;nin en \u00f6nemli i\u015fverenleri aras\u0131nda yer ald\u0131klar\u0131n\u0131 da ifade etti. Bu y\u0131l insan kayna\u011f\u0131m\u0131z\u0131 g\u00fc\u00e7lendirme hedeflerini, sosyal sorumluluk bak\u0131\u015f a\u00e7\u0131s\u0131yla birle\u015ftirerek ‘Seninle Tamam’ projesini ba\u015flatt\u0131klar\u0131n\u0131 kaydeden Bilgin, bu proje ile kad\u0131nlar i\u00e7in istihdam yaratt\u0131klar\u0131n\u0131, kad\u0131nlara ge\u00e7 kalm\u0131\u015f hissetmeden \u00e7al\u0131\u015fma, kazanma ve meslek sahibi olma f\u0131rsat\u0131 sunduklar\u0131n\u0131 dile getirdi.  Proje kapsam\u0131nda, kad\u0131nlar\u0131n, \u0130\u015fe geli\u015f-gidi\u015f saatlerini kendi \u015fartlar\u0131na g\u00f6re ayarlayarak &#8216;\u00c7ocu\u011fumu kim okula b\u0131rakacak&#8217; diye d\u00fc\u015f\u00fcnmeyecekleri daha rahat bir \u00e7al\u0131\u015fma hayat\u0131 yaratt\u0131klar\u0131na da de\u011finen Bilgin, deneyimlerinin olmamas\u0131na endi\u015fe etmeden, i\u015fi \u00f6\u011frenebilecekleri e\u011fitimler vererek meslek sahibi olmalar\u0131na yard\u0131mc\u0131 olacaklar\u0131n\u0131 anlatt\u0131. K\u0131sa s\u00fcre \u00f6nce ba\u015flatt\u0131klar\u0131 bu projenin, hi\u00e7 \u00e7al\u0131\u015fmam\u0131\u015f ya da \u00e7e\u015fitli nedenlerden \u00e7al\u0131\u015fmaya ara vermi\u015f kad\u0131nlar\u0131 \u00e7ok sevindirdi\u011fini g\u00f6rd\u00fcklerini ve buna ba\u011fl\u0131 olarak da do\u011fru bir projeyi hayata ge\u00e7irdiklerinin kan\u0131tland\u0131\u011f\u0131n\u0131 belirten Bilgin, kad\u0131nlar\u0131n yo\u011fun ilgisinden memnun ve mutlu olduklar\u0131n\u0131 da s\u00f6zlerine ekledi. Bilgin son olarak, “Boyner olarak, \u00e7al\u0131\u015fmak isteyen t\u00fcm kad\u0131nlar\u0131n yan\u0131nday\u0131z. Elde edece\u011fimiz yeni ba\u015far\u0131larda onlar\u0131n \u00f6nemli katk\u0131lar\u0131 olaca\u011f\u0131na inanc\u0131m\u0131z tam. Bu nedenle kad\u0131nlara ‘Yeter ki Sen \u0130ste. Boyner Seninle Tamam’ diyoruz” dedi. ","protected":false},"author":1,"featured_media":0,"parent":64,"menu_order":0,"comment_status":"open","ping_status":"closed","template":"","meta":{"_links_to":"https:\/\/www.kadindostumarkalar.org\/yazilar\/hazir-giyim\/boyner-seninle-tamam-projesiyle-kadinlara-istihdam-yaratiyor","_links_to_target":"https:\/\/www.kadindostumarkalar.org\/yazilar\/hazir-giyim\/boyner-seninle-tamam-projesiyle-kadinlara-istihdam-yaratiyor"},"_links":{"self":[{"href":"https:\/\/www.kadindostumarkalar.org\/yazilar\/hazir-giyim\/boyner-seninle-tamam-projesiyle-kadinlara-istihdam-yaratiyor"}],"collection":[{"href":"urlver"}],"about":[{"href":""}],"author":[{"embeddable":true,"href":"https:\/\/www.kadindostumarkalar.org\/yazilar\/hazir-giyim\/boyner-seninle-tamam-projesiyle-kadinlara-istihdam-yaratiyor"}],"replies":[{"embeddable":true,"href":"https:\/\/www.kadindostumarkalar.org\/yazilar\/hazir-giyim\/boyner-seninle-tamam-projesiyle-kadinlara-istihdam-yaratiyor"}],"version-history":[{"count":1306,"href":"https:\/\/www.kadindostumarkalar.org\/yazilar\/hazir-giyim\/boyner-seninle-tamam-projesiyle-kadinlara-istihdam-yaratiyor"}],"predecessor-version":[{"id":64,"href":"https:\/\/www.kadindostumarkalar.org\/yazilar\/hazir-giyim\/boyner-seninle-tamam-projesiyle-kadinlara-istihdam-yaratiyor"}],"up":[{"embeddable":true,"href":"https:\/\/www.kadindostumarkalar.org\/yazilar\/hazir-giyim\/boyner-seninle-tamam-projesiyle-kadinlara-istihdam-yaratiyor"}],"wp:attachment":[{"href":"https:\/\/www.kadindostumarkalar.org\/img\/blog\/1647250140-boyner-seninle-tamamlogo.jpg"}],"curies":[{"name":".Net","href":"https:\/\/api.w.org\/{rel}","templated":true}]}}