{"id":271,"date":"2021-10-12T00:00:00","date_gmt":"2021-10-12T00:00:00","guid":{"rendered":"https:\/\/www.kadindostumarkalar.org\/yazilar\/akaryakit-petrol\/cargill-turkiye-dusuk-karbon-kahramani-odulu-kazandi"},"modified":"2022-06-06T12:26:45","modified_gmt":"2022-06-06T12:26:45","slug":"cargill-turkiye-dusuk-karbon-kahramani-odulu-kazandi","status":"publish","type":"page","link":"","title":{"rendered":"CARGILL T\u00dcRK\u0130YE “D\u00dc\u015e\u00dcK KARBON KAHRAMANI” \u00d6D\u00dcL\u00dc KAZANDI"},"content":{"rendered":"Cargill T\u00fcrkiye, ilk ve tek yerli bitkisel FR3® trafo ya\u011f\u0131yla 7. \u0130stanbul Karbon E-Zirvesi’nde ‘D\u00fc\u015f\u00fck Karbon Kahraman\u0131’ \u00f6d\u00fcl\u00fcn\u00fc ald\u0131.  Y\u00fczde 98 yenilenebilir bitkisel ya\u011flardan \u00fcretilen FR3® trafo \u00fcretiminde yayg\u0131n olarak kullan\u0131lan petrol bazl\u0131 mineral ya\u011flara k\u0131yasla \u00e7evre dostu bir alternatif olarak \u00f6ne \u00e7\u0131k\u0131yor.  Cargill T\u00fcrkiye , bitkisel trafo ya\u011f\u0131 yla 7. \u0130stanbul Karbon E-Zirvesi’nde ‘D\u00fc\u015f\u00fck Karbon Kahraman\u0131’  \u00f6d\u00fcl\u00fcne lay\u0131k g\u00f6r\u00fcld\u00fc. \u00c7evre ve \u015eehircilik Bakanl\u0131\u011f\u0131, \u0130stanbul Teknik \u00dcniversitesi ve S\u00fcrd\u00fcr\u00fclebilir \u00dcretim ve T\u00fcketim Derne\u011fi (S\u00dcT-D)  taraf\u0131ndan d\u00fczenlenen E-Zirve , ‘\u0130klim Diren\u00e7li T\u00fcrkiye i\u00e7in Ye\u015fil Toparlanma: At\u0131k ve Enerji Y\u00f6netiminin Rol\u00fc’ temas\u0131yla ger\u00e7ekle\u015fti. \u00dcst d\u00fczey devlet g\u00f6revlileri, akademisyenler ve \u00f6zel sekt\u00f6rden kat\u0131l\u0131mc\u0131lar\u0131 bulu\u015fturan E-Zirve kapsam\u0131nda, karbon ayak izi ne duyarl\u0131 ekonomiyi destekleyen \u00fcr\u00fcn ve programlara ‘D\u00fc\u015f\u00fck Karbon Kahraman\u0131 \u00d6d\u00fclleri’ verildi. Global \u00f6l\u00e7ekteki mutlak operasyonel emisyonlar\u0131n\u0131 2025 y\u0131l\u0131na kadar y\u00fczde 10 azaltmay\u0131 taahh\u00fct ettiklerini dile getiren Cargill G\u0131da  Orta Do\u011fu, T\u00fcrkiye ve Afrika Y\u00f6netim Kurulu Ba\u015fkan\u0131 ve CEO’su Murat Tarak\u00e7\u0131o\u011flu , “Ald\u0131\u011f\u0131m\u0131z bu \u00f6d\u00fcl bizim i\u00e7in iklim taahh\u00fcd\u00fcm\u00fcz\u00fc ger\u00e7ekle\u015ftirmek \u00fczere att\u0131\u011f\u0131m\u0131z ad\u0131mlar\u0131n takdir edilmesi anlam\u0131n\u0131 ta\u015f\u0131yor. T\u00fcrkiye’deki yat\u0131r\u0131mlar\u0131m\u0131za devam ederek poli\u00fcretan k\u00f6p\u00fck, boya, in\u015faat ve asfalt gibi pek \u00e7ok alanda kullan\u0131lan petrol t\u00fcrevi ara \u00fcr\u00fcnlere, bitkisel bazl\u0131 alternatifler geli\u015ftirip portf\u00f6y\u00fcm\u00fcz\u00fc geni\u015fletece\u011fiz.” diye konu\u015ftu. T\u00fcrkiye’nin, d\u00fcnyan\u0131n en b\u00fcy\u00fck trafo \u00fcreticilerinden biri konumunda oldu\u011funa dikkat \u00e7eken Tarak\u00e7\u0131o\u011flu,  s\u00f6zlerine \u015f\u00f6yle devam etti: “Bu nedenle trafolar i\u00e7in kritik bir bile\u015fenin T\u00fcrkiye’de yerli kaynaklarla \u00fcretilmesi, trafo \u00fcreticilerinin yurt d\u0131\u015f\u0131nda daha g\u00fc\u00e7l\u00fc rekabet edebilmesine destek oluyor. \u00d6te yandan, iklim krizi ye\u015fil \u00e7\u00f6z\u00fcmlere olan ilgiyi art\u0131r\u0131yor. Bitkisel bazl\u0131 trafo ya\u011f\u0131m\u0131z, yenilenebilir kaynaklarla elde edilen, s\u00fcrd\u00fcr\u00fclebilir ve d\u00fc\u015f\u00fck karbonlu \u00fcr\u00fcnlerin kullan\u0131ld\u0131\u011f\u0131 yeni bir d\u00f6neme \u00f6nc\u00fcl\u00fck edebilece\u011fimizi kan\u0131tl\u0131yor.” FR3® trafo ya\u011f\u0131 hakk\u0131nda;  Petrol bazl\u0131 ya\u011f lara k\u0131yasla %98 daha az karbon ayak izine  sahip olan FR3® trafo ya\u011f\u0131 , s\u00fcrd\u00fcr\u00fclebilir  bir gelecek i\u00e7in \u00f6nemli bir \u00f6rnek te\u015fkil ediyor. Ayn\u0131 zamanda 360ºC‘lik tutu\u015fma s\u0131cakl\u0131\u011f\u0131, mineral ya\u011flar\u0131n iki kat\u0131ndan daha fazla oldu\u011fu i\u00e7in yang\u0131n riskini ortadan kald\u0131r\u0131yor. FR3® trafo ya\u011f\u0131n\u0131n performans\u0131 ve g\u00fcvenilirli\u011fi, 30 y\u0131l\u0131 a\u015fk\u0131n bir s\u00fcredir d\u00fcnya \u00e7ap\u0131nda 2,5 milyondan fazla trafoda kullan\u0131larak test edildi ve onayland\u0131. Ayr\u0131ca yenilenebilir bitkilerden elde edildi\u011fi i\u00e7in do\u011fada kolayca \u00e7\u00f6z\u00fcnebiliyor.   ","protected":false},"author":1,"featured_media":0,"parent":271,"menu_order":0,"comment_status":"open","ping_status":"closed","template":"","meta":{"_links_to":"https:\/\/www.kadindostumarkalar.org\/yazilar\/akaryakit-petrol\/cargill-turkiye-dusuk-karbon-kahramani-odulu-kazandi","_links_to_target":"https:\/\/www.kadindostumarkalar.org\/yazilar\/akaryakit-petrol\/cargill-turkiye-dusuk-karbon-kahramani-odulu-kazandi"},"_links":{"self":[{"href":"https:\/\/www.kadindostumarkalar.org\/yazilar\/akaryakit-petrol\/cargill-turkiye-dusuk-karbon-kahramani-odulu-kazandi"}],"collection":[{"href":"urlver"}],"about":[{"href":""}],"author":[{"embeddable":true,"href":"https:\/\/www.kadindostumarkalar.org\/yazilar\/akaryakit-petrol\/cargill-turkiye-dusuk-karbon-kahramani-odulu-kazandi"}],"replies":[{"embeddable":true,"href":"https:\/\/www.kadindostumarkalar.org\/yazilar\/akaryakit-petrol\/cargill-turkiye-dusuk-karbon-kahramani-odulu-kazandi"}],"version-history":[{"count":1058,"href":"https:\/\/www.kadindostumarkalar.org\/yazilar\/akaryakit-petrol\/cargill-turkiye-dusuk-karbon-kahramani-odulu-kazandi"}],"predecessor-version":[{"id":271,"href":"https:\/\/www.kadindostumarkalar.org\/yazilar\/akaryakit-petrol\/cargill-turkiye-dusuk-karbon-kahramani-odulu-kazandi"}],"up":[{"embeddable":true,"href":"https:\/\/www.kadindostumarkalar.org\/yazilar\/akaryakit-petrol\/cargill-turkiye-dusuk-karbon-kahramani-odulu-kazandi"}],"wp:attachment":[{"href":"https:\/\/www.kadindostumarkalar.org\/img\/blog\/turkiye-nin-ilk-dusuk-karbon-kahramanlari-7161881-x-amp.jpg"}],"curies":[{"name":".Net","href":"https:\/\/api.w.org\/{rel}","templated":true}]}}