{"id":447,"date":"2022-10-06T17:00:54","date_gmt":"2022-10-06T17:00:54","guid":{"rendered":"https:\/\/www.kadindostumarkalar.org\/yazilar\/kariyer-basamaklari\/caribou-coffee-turkiyede-yeni-atama"},"modified":"2022-10-06T17:02:59","modified_gmt":"2022-10-06T17:02:59","slug":"caribou-coffee-turkiyede-yeni-atama","status":"publish","type":"page","link":"","title":{"rendered":"CAR\u0130BOU COFFEE T\u00dcRK\u0130YE’DE YEN\u0130 ATAMA"},"content":{"rendered":"D\u00fcnyan\u0131n en b\u00fcy\u00fck kahve zincirlerinin ba\u015f\u0131nda gelen Caribou Coffee ’nin Orta Do\u011fu’da \u00f6nde gelen pazarlar\u0131ndan biri olan T\u00fcrkiye’nin yeni Genel M\u00fcd\u00fcr\u00fc Esin Akt\u00fcrk Tosya  oldu. Lisans e\u011fitimini Bilkent \u00dcniversitesi  Amerikan K\u00fclt\u00fcr\u00fc ve Edebiyat\u0131 b\u00f6l\u00fcm\u00fcnde 2001 y\u0131l\u0131nda tamamlayan Esin Akt\u00fcrk Tosya, profesyonel i\u015f hayat\u0131na 2001 y\u0131l\u0131nda Inditex  Grubu, Zara  Ma\u011fazalar\u0131nda Ma\u011faza B\u00f6l\u00fcm M\u00fcd\u00fcr\u00fc  olarak ba\u015flad\u0131. 2007 y\u0131l\u0131nda, Alman \u015firketi Tchibo ’nun T\u00fcrkiye’ye gelmesi ile B\u00f6lge Sat\u0131\u015f M\u00fcd\u00fcr\u00fc  olarak yeni g\u00f6revine ba\u015flad\u0131. S\u0131ras\u0131yla Tchibo  T\u00fcrkiye Ma\u011fazalardan sorumlu Y\u00f6netici, Do\u011fu Avrupa \u00fclkelerinden sorumlu Tchibo Uluslararas\u0131 Perakende Y\u00f6neticisi ve ard\u0131ndan Tchibo T\u00fcrkiye \u0130\u015f Geli\u015ftirme ve Uluslararas\u0131 Koordinasyon Direkt\u00f6r\u00fc olarak g\u00f6rev ald\u0131. 15 y\u0131l s\u00fcresince Tchibo’da \u00fcst d\u00fczey y\u00f6netici olarak \u00f6nemli bir\u00e7ok g\u00f6revde bulunan Esin Akt\u00fcrk Tosya, 1 Haziran 2022 itibariyle Caribou Coffee T\u00fcrkiye’de Genel M\u00fcd\u00fcr  olarak g\u00f6revine ba\u015flad\u0131.  ","protected":false},"author":1,"featured_media":0,"parent":447,"menu_order":0,"comment_status":"open","ping_status":"closed","template":"","meta":{"_links_to":"https:\/\/www.kadindostumarkalar.org\/yazilar\/kariyer-basamaklari\/caribou-coffee-turkiyede-yeni-atama","_links_to_target":"https:\/\/www.kadindostumarkalar.org\/yazilar\/kariyer-basamaklari\/caribou-coffee-turkiyede-yeni-atama"},"_links":{"self":[{"href":"https:\/\/www.kadindostumarkalar.org\/yazilar\/kariyer-basamaklari\/caribou-coffee-turkiyede-yeni-atama"}],"collection":[{"href":"urlver"}],"about":[{"href":""}],"author":[{"embeddable":true,"href":"https:\/\/www.kadindostumarkalar.org\/yazilar\/kariyer-basamaklari\/caribou-coffee-turkiyede-yeni-atama"}],"replies":[{"embeddable":true,"href":"https:\/\/www.kadindostumarkalar.org\/yazilar\/kariyer-basamaklari\/caribou-coffee-turkiyede-yeni-atama"}],"version-history":[{"count":1190,"href":"https:\/\/www.kadindostumarkalar.org\/yazilar\/kariyer-basamaklari\/caribou-coffee-turkiyede-yeni-atama"}],"predecessor-version":[{"id":447,"href":"https:\/\/www.kadindostumarkalar.org\/yazilar\/kariyer-basamaklari\/caribou-coffee-turkiyede-yeni-atama"}],"up":[{"embeddable":true,"href":"https:\/\/www.kadindostumarkalar.org\/yazilar\/kariyer-basamaklari\/caribou-coffee-turkiyede-yeni-atama"}],"wp:attachment":[{"href":"https:\/\/www.kadindostumarkalar.org\/img\/blog\/httpswwwkadindostumarkalarorgblogkariyer-basamaklari-0-74177.jpg"}],"curies":[{"name":".Net","href":"https:\/\/api.w.org\/{rel}","templated":true}]}}