{"id":547,"date":"2022-11-30T12:27:57","date_gmt":"2022-11-30T12:27:57","guid":{"rendered":"https:\/\/www.kadindostumarkalar.org\/yazilar\/perakende\/carrefoursadan--yerli-uretici-ve-kadin-girisimcilere-destek"},"modified":"2022-11-30T12:28:50","modified_gmt":"2022-11-30T12:28:50","slug":"carrefoursadan--yerli-uretici-ve-kadin-girisimcilere-destek","status":"publish","type":"page","link":"","title":{"rendered":"CarrefourSA’DAN  YERL\u0130 \u00dcRET\u0130C\u0130 VE KADIN G\u0130R\u0130\u015e\u0130MC\u0130LERE DESTEK"},"content":{"rendered":"CarrefourSA, T\u00fcrkiye’nin d\u00f6rt bir yan\u0131ndan kad\u0131n \u00fcreticileri ve giri\u015fimcileri bir araya getiren Shopsa ile i\u015fbirli\u011fine imza att\u0131. Bu kapsamda y\u00fczlerce kad\u0131n giri\u015fimcinin \u00fcr\u00fcnleri CarrefourSA Anadolu Hisar\u0131 Gurme ma\u011fazas\u0131nda m\u00fc\u015fterileriyle bulu\u015fuyor.   Organize perakende sekt\u00f6r\u00fcn\u00fcn \u00f6nc\u00fc markas\u0131 CarrefourSA , 'Do\u011frusu CarrefourSA'da ' mottosuyla yerli \u00fcretimden kad\u0131n giri\u015fimcili\u011fine kadar t\u00fcm \u00e7al\u0131\u015fma alanlar\u0131nda en&nbsp;do\u011frusunu hayata ge\u00e7irmeye devam ediyor. 44 ilde 850’den fazla ma\u011fazas\u0131 ve 11 binden fazla \u00e7al\u0131\u015fandan olu\u015fan bir ekosistemle faaliyetlerini y\u00fcr\u00fcten, bayilik sistemiyle giri\u015fimcili\u011fe, \u00f6z marka \u00fcr\u00fcnleriyle de yerli \u00fcreticiye g\u00fc\u00e7 veren CarrefourSA, son olarak “Kad\u0131na Destek \u00dclkeye Destek ” mottosu ile yola \u00e7\u0131kan, yerel \u00fcretici ve global \u00f6l\u00e7ekte marka olma ba\u015far\u0131s\u0131 yakalayan kad\u0131nlar\u0131n \u00fcr\u00fcnlerinin yer ald\u0131\u011f\u0131 &nbsp;Shopsa  ile anlaml\u0131 bir i\u015fbirli\u011fine imza att\u0131. CarrefourSA bu i\u015fbirli\u011fi kapsam\u0131nda, yerel \u00fcretici ve giri\u015fimci kad\u0131nlar\u0131 desteklemek amac\u0131yla Shopsa \u00fcr\u00fcnlerini CarrefourSA Anadolu Hisar\u0131 Gurme ’de, Shopsa Y\u00f6netim Kurulu Ba\u015fkan\u0131 Demet Sabanc\u0131 \u00c7etindo\u011fan ’\u0131n da kat\u0131l\u0131m\u0131 ile ger\u00e7ekle\u015fen etkinlikte m\u00fc\u015fterileriyle bulu\u015fturdu. Yerli \u00fcreticileri ve kad\u0131n giri\u015fimcileri desteklemenin CarrefourSA i\u00e7in \u00e7ok \u00f6nemli oldu\u011funu s\u00f6yleyen &nbsp;&nbsp;CarrefourSA \u0130nsan Kaynaklar\u0131 ve S\u00fcrd\u00fcr\u00fclebilirlik Genel M\u00fcd\u00fcr Yard\u0131mc\u0131s\u0131 Bahar Tura, &nbsp;”T\u00fcrkiye’nin \u00f6nde gelen g\u0131da perakendecilerinden  biri olarak s\u00fcrd\u00fcr\u00fclebilirlik  ve toplumsal cinsiyet e\u015fitli\u011fi  alanlar\u0131ndaki \u00e7al\u0131\u015fmalar bizim i\u00e7in \u00e7ok de\u011ferli. Bug\u00fcn CarrefourSA \u00e7al\u0131\u015fanlar\u0131n\u0131n y\u00fczde 40’\u0131n\u0131 kad\u0131nlar olu\u015fturuyor. Giri\u015fimcilik ekosisteminde de ayn\u0131 felsefeyle yola devam ediyoruz. Bug\u00fcn 170 bayimizin 25’i kad\u0131n giri\u015fimci. Kad\u0131n \u00fcreticileri desteklemeye y\u00f6nelik pek \u00e7ok \u00e7al\u0131\u015fmam\u0131z var. \u00d6n\u00fcm\u00fczdeki d\u00f6nemde de kad\u0131n \u00e7al\u0131\u015fan, giri\u015fimci ve \u00fcreticilerin say\u0131s\u0131n\u0131n artmas\u0131 i\u00e7in \u00e7al\u0131\u015fmalar\u0131m\u0131za devam edece\u011fiz” dedi. Kad\u0131n \u00fcretici  ve giri\u015fimcileri  desteklemek y\u00f6n\u00fcnde yap\u0131lan \u00e7al\u0131\u015fmalar kapsam\u0131nda Shopsa ile yak\u0131n zamanda yap\u0131lan i\u015fbirli\u011fiyle ilgili de konu\u015fan Tura, s\u00f6zlerine \u015f\u00f6yle devam etti: “Kad\u0131n \u00fcreticilerin \u00fcr\u00fcnlerini T\u00fcrkiye’nin d\u00f6rt bir yan\u0131na ula\u015ft\u0131rmak ve yerel \u00fcreticiyi desteklemek hedefiyle Shopsa ile yak\u0131n zamanda bir i\u015fbirli\u011fine imza att\u0131k. \u00d6n\u00fcm\u00fczdeki d\u00f6nemde farkl\u0131 ma\u011faza noktalar\u0131m\u0131zda da m\u00fc\u015fterilerimizle kad\u0131n giri\u015fimcilerin \u00fcr\u00fcnlerini bulu\u015fturmaya devam edece\u011fiz.“  ","protected":false},"author":1,"featured_media":0,"parent":547,"menu_order":0,"comment_status":"open","ping_status":"closed","template":"","meta":{"_links_to":"https:\/\/www.kadindostumarkalar.org\/yazilar\/perakende\/carrefoursadan--yerli-uretici-ve-kadin-girisimcilere-destek","_links_to_target":"https:\/\/www.kadindostumarkalar.org\/yazilar\/perakende\/carrefoursadan--yerli-uretici-ve-kadin-girisimcilere-destek"},"_links":{"self":[{"href":"https:\/\/www.kadindostumarkalar.org\/yazilar\/perakende\/carrefoursadan--yerli-uretici-ve-kadin-girisimcilere-destek"}],"collection":[{"href":"urlver"}],"about":[{"href":""}],"author":[{"embeddable":true,"href":"https:\/\/www.kadindostumarkalar.org\/yazilar\/perakende\/carrefoursadan--yerli-uretici-ve-kadin-girisimcilere-destek"}],"replies":[{"embeddable":true,"href":"https:\/\/www.kadindostumarkalar.org\/yazilar\/perakende\/carrefoursadan--yerli-uretici-ve-kadin-girisimcilere-destek"}],"version-history":[{"count":1353,"href":"https:\/\/www.kadindostumarkalar.org\/yazilar\/perakende\/carrefoursadan--yerli-uretici-ve-kadin-girisimcilere-destek"}],"predecessor-version":[{"id":547,"href":"https:\/\/www.kadindostumarkalar.org\/yazilar\/perakende\/carrefoursadan--yerli-uretici-ve-kadin-girisimcilere-destek"}],"up":[{"embeddable":true,"href":"https:\/\/www.kadindostumarkalar.org\/yazilar\/perakende\/carrefoursadan--yerli-uretici-ve-kadin-girisimcilere-destek"}],"wp:attachment":[{"href":"https:\/\/www.kadindostumarkalar.org\/img\/blog\/carrefoursadan--yerli-uretici-ve-kadin-girisimcilere-destek-0-49590.jpg"}],"curies":[{"name":".Net","href":"https:\/\/api.w.org\/{rel}","templated":true}]}}