{"id":632,"date":"2023-11-09T12:54:58","date_gmt":"2023-11-09T12:54:58","guid":{"rendered":"https:\/\/www.kadindostumarkalar.org\/yazilar\/demir-celik\/celik-sektoru-cumhuriyetin-celik-kadinlari-ile-guclenecek"},"modified":"2023-11-09T12:57:04","modified_gmt":"2023-11-09T12:57:04","slug":"celik-sektoru-cumhuriyetin-celik-kadinlari-ile-guclenecek","status":"publish","type":"page","link":"","title":{"rendered":"\u00c7elik Sekt\u00f6r\u00fc “Cumhuriyet’in \u00c7elik Kad\u0131nlar\u0131” ile G\u00fc\u00e7lenecek"},"content":{"rendered":" T\u00fcrkiye’nin \u00f6nde gelen yass\u0131 \u00e7elik \u00fcreticisi \u00c7olako\u011flu Metalurji,&nbsp;  sekt\u00f6r\u00fcne \u00f6rnek bir fark\u0131ndal\u0131k yaratarak Cumhuriyetimizin 100. y\u0131l\u0131nda \u00e7elik sekt\u00f6r\u00fcnde kad\u0131n konusunun ele al\u0131nd\u0131\u011f\u0131 “Cumhuriyet’in \u00c7elik Kad\u0131nlar\u0131” etkinli\u011fini ger\u00e7ekle\u015ftirdi.&nbsp;   Toplumsal cinsiyet e\u015fitli\u011fi bak\u0131\u015f a\u00e7\u0131s\u0131n\u0131 t\u00fcm organizasyonda ve sekt\u00f6rde yayg\u0131nla\u015ft\u0131rmay\u0131, bu konuda fark\u0131ndal\u0131\u011f\u0131 art\u0131rmay\u0131 hedefleyen \u00c7olako\u011flu Metalurji , Cumhuriyetimizin 100. y\u0131l\u0131nda “Cumhuriyet’in \u00c7elik Kad\u0131nlar\u0131 ” temas\u0131yla \u00f6nemli bir etkinli\u011fe imza att\u0131.&nbsp; Etkinlik, i\u015f d\u00fcnyas\u0131 ve \u00e7elik sekt\u00f6r\u00fcnden kad\u0131n\/erkek \u00fcst d\u00fczey y\u00f6neticiler, kad\u0131n dernekleri , bas\u0131n mensuplar\u0131n\u0131n kat\u0131l\u0131m\u0131 ve \u00e7elik sekt\u00f6r\u00fcne hizmet veren tek e-Pazar yeri ve i\u00e7erik sa\u011flay\u0131c\u0131s\u0131 SteelOrbis  i\u015f birli\u011fiyle, 18 Ekim 2023 \u00c7ar\u015famba g\u00fcn\u00fc Divan Kuru\u00e7e\u015fme’de ger\u00e7ekle\u015ftirildi. Etkinlikte konu\u015fan&nbsp;\u00c7olako\u011flu Metalurji Genel M\u00fcd\u00fcr\u00fc U\u011fur Dalbeler  konu\u015fmas\u0131na, kad\u0131n istihdam\u0131n\u0131n istenilen seviyede olmad\u0131\u011f\u0131na dikkat \u00e7ekerek ba\u015flad\u0131 ve \u015fu \u015fekilde devam etti: “Sekt\u00f6r\u00fcm\u00fcz erkek egemen ama biz \u015firket olarak, d\u00fczenledi\u011fimiz bu etkinlik ile elimizi ta\u015f\u0131n alt\u0131na koydu\u011fumuzu belirtmek istiyoruz. Kad\u0131nlar\u0131n \u00e7al\u0131\u015fma hayat\u0131na giri\u015flerinde zorluklar oldu\u011funu g\u00f6r\u00fcyoruz. Ekonomik ve sosyal ya\u015fam\u0131n s\u00fcrd\u00fcr\u00fclebilirli\u011fi i\u00e7in kad\u0131n\u0131n i\u015f g\u00fcc\u00fcne kat\u0131labiliyor olmas\u0131 \u00e7ok de\u011ferli. Kad\u0131n, elinin de\u011fdi\u011fi her yerde fark yarat\u0131r. Biz bu bilin\u00e7le \u00e7eli\u011fe de daha \u00e7ok kad\u0131n eli de\u011fmesi gerekti\u011fini d\u00fc\u015f\u00fcn\u00fcyoruz.”&nbsp; \u00c7olako\u011flu Metalurji olarak toplumsal cinsiyet e\u015fitli\u011fi bak\u0131\u015f a\u00e7\u0131s\u0131n\u0131 sekt\u00f6r\u00fcm\u00fczde ve t\u00fcm organizasyonumuzda yayg\u0131nla\u015ft\u0131rmak, bu konuda fark\u0131ndal\u0131\u011f\u0131 art\u0131rmak en \u00f6nemli hedeflerimizden biri diyen&nbsp;Dalbeler, Cumhuriyetimizin yeni y\u00fczy\u0131l\u0131nda, bu alandaki destekleyici uygulamalarla ba\u015fta sanayi kurumlar\u0131na di\u011fer t\u00fcm sekt\u00f6rlere de \u00f6rnek olmay\u0131 arzu ettiklerini dile getirdi. “Cumhuriyetin kurulmas\u0131nda Halide Edip ’in, Sabiha G\u00f6k\u00e7en ’in, kalk\u0131nmas\u0131nda \u0130lmiye \u00c7\u0131\u011f ’\u0131n, T\u00fcrkan Saylan ’\u0131n, bug\u00fcnlerde ise T\u00fcrkiye Kad\u0131n Milli Voleybol Tak\u0131m\u0131 m\u0131z ba\u015fta olmak \u00fczere t\u00fcm ba\u015far\u0131l\u0131 kad\u0131nlar\u0131m\u0131zdan ald\u0131\u011f\u0131m\u0131z ilham ile sekt\u00f6r\u00fcm\u00fczde de kad\u0131n varl\u0131\u011f\u0131n\u0131n \u00e7\u0131\u011f\u0131r a\u00e7aca\u011f\u0131na inan\u0131yoruz” diyen Dalbeler, kad\u0131n-erkek e\u015fitlili\u011fini \u015firketlerde ve toplumda ba\u015farman\u0131n \u015fart\u0131n\u0131n, kurumlar\u0131n ve bireylerin bu konuda bilin\u00e7li ve sorumluluk sahibi olmas\u0131ndan ge\u00e7ti\u011fini de s\u00f6zlerine ekledi.&nbsp;  Etkinli\u011fin a\u00e7\u0131l\u0131\u015f konu\u015fmas\u0131n\u0131 yapan&nbsp;ING Bank  Ba\u011f\u0131ms\u0131z Y\u00f6netim Kurulu \u00dcyesi ve Ba\u015fkan Vekili Canan Edibo\u011flu,&nbsp; kad\u0131nlar\u0131n hala potansiyellerini tam olarak ger\u00e7ekle\u015ftirmediklerini, hak ettikleri yere gelmeleri i\u00e7in daha yap\u0131lacak \u00e7ok i\u015f oldu\u011funu vurgulayarak s\u00f6zlerine ba\u015flad\u0131. Sosyal medya platformu olan Linkedin  taraf\u0131ndan sa\u011flanan k\u00fcresel verilerin, kad\u0131nlar\u0131n y\u00f6netici pozisyonlar\u0131nda ilgin\u00e7 sonu\u00e7lar ortaya koydu\u011funu belirten Edibo\u011flu, “Linkedin’in 163 \u00fclkeyi kapsayan \u00f6rne\u011finde, 2023 y\u0131l\u0131nda i\u015f g\u00fcc\u00fcn\u00fcn y\u00fczde 41,9’unu kad\u0131nlar olu\u015ftururken, ancak direkt\u00f6r, ba\u015fkan yard\u0131mc\u0131s\u0131 veya C-Level, \u00fcst d\u00fczey  liderlik pozisyonlar\u0131ndaki kad\u0131nlar\u0131n pay\u0131 2023’te y\u00fczde 32,2 seviyesinde kalm\u0131\u015f g\u00f6r\u00fcn\u00fcyor. Ayn\u0131 bulgulardaki bir ba\u015fka dikkat \u00e7ekici konu, STEM olarak adland\u0131rd\u0131\u011f\u0131m\u0131z bilim, teknoloji, m\u00fchendislik ve matematik gibi meslekler ki, biz bu meslekleri \u00fccreti iyi olan ve gelecekte \u00f6neminin artmas\u0131 beklenen meslekler olarak tan\u0131ml\u0131yoruz. \u0130\u015fte Linkedin verileri, \u00f6nemli bir resmi, kar\u015f\u0131m\u0131za \u00e7\u0131kar\u0131yor. Bulgular, kad\u0131nlar\u0131n STEM i\u015f g\u00fcc\u00fcnde \u00f6nemli \u00f6l\u00e7\u00fcde yetersiz temsil edildi\u011fini g\u00f6steriyor.&nbsp;Kad\u0131nlar, STEM d\u0131\u015f\u0131 mesleklerde toplam istihdam\u0131n neredeyse yar\u0131s\u0131n\u0131 (y\u00fczde 49,3), ancak t\u00fcm STEM  \u00e7al\u0131\u015fanlar\u0131n\u0131n yaln\u0131zca y\u00fczde 29,2’sini olu\u015fturuyor” dedi. Etkinlikte&nbsp;“\u00c7elik Sekt\u00f6r\u00fcnde Kad\u0131n Olmak ”&nbsp;ba\u015fl\u0131\u011f\u0131n\u0131 ta\u015f\u0131yan bir panel ger\u00e7ekle\u015fti.&nbsp; Panel,&nbsp; \u00c7olako\u011flu Metalurji Mali \u0130\u015fler Direkt\u00f6r\u00fc&nbsp;Sevin\u00e7 \u00d6z\u015fen&nbsp; moderat\u00f6rl\u00fc\u011f\u00fcnde ba\u015flay\u0131p, Y\u00fccel Grup  Sat\u0131n Alma ve Pazarlama Koordinat\u00f6r\u00fc&nbsp;\u015eevkinaz Alemdar,&nbsp; Kardemir  \u015eirketler Grubu  Y\u00f6netim Kurulu Ba\u015fkan Yard\u0131mc\u0131s\u0131&nbsp;\u00d6zlem Bak\u0131rel,&nbsp; Tezcan Galvaniz  Ticari Direkt\u00f6r\u00fc&nbsp;Asiye Ay \u00c7elik,&nbsp; T\u00fcrk Ekonomi Bankas\u0131 (TEB)  Y\u00f6netim Kurulu \u00dcyesi&nbsp;\u00d6zden Ba\u015faran Odaba\u015f\u0131 ’n\u0131n de\u011ferli katk\u0131lar\u0131 ile tamamland\u0131.&nbsp; \u00c7olako\u011flu Metalurji etkinlik kapsam\u0131nda 8 kad\u0131n giri\u015fimciyi de destekledi. Etkinlik alan\u0131nda bu giri\u015fimciler, kendi stantlar\u0131n\u0131 a\u00e7arak markalar\u0131n\u0131 tan\u0131tma ve \u00fcr\u00fcnlerinin sat\u0131\u015f\u0131n\u0131 yapma imkân\u0131 buldu.  ","protected":false},"author":1,"featured_media":0,"parent":632,"menu_order":0,"comment_status":"open","ping_status":"closed","template":"","meta":{"_links_to":"https:\/\/www.kadindostumarkalar.org\/yazilar\/demir-celik\/celik-sektoru-cumhuriyetin-celik-kadinlari-ile-guclenecek","_links_to_target":"https:\/\/www.kadindostumarkalar.org\/yazilar\/demir-celik\/celik-sektoru-cumhuriyetin-celik-kadinlari-ile-guclenecek"},"_links":{"self":[{"href":"https:\/\/www.kadindostumarkalar.org\/yazilar\/demir-celik\/celik-sektoru-cumhuriyetin-celik-kadinlari-ile-guclenecek"}],"collection":[{"href":"urlver"}],"about":[{"href":""}],"author":[{"embeddable":true,"href":"https:\/\/www.kadindostumarkalar.org\/yazilar\/demir-celik\/celik-sektoru-cumhuriyetin-celik-kadinlari-ile-guclenecek"}],"replies":[{"embeddable":true,"href":"https:\/\/www.kadindostumarkalar.org\/yazilar\/demir-celik\/celik-sektoru-cumhuriyetin-celik-kadinlari-ile-guclenecek"}],"version-history":[{"count":1069,"href":"https:\/\/www.kadindostumarkalar.org\/yazilar\/demir-celik\/celik-sektoru-cumhuriyetin-celik-kadinlari-ile-guclenecek"}],"predecessor-version":[{"id":632,"href":"https:\/\/www.kadindostumarkalar.org\/yazilar\/demir-celik\/celik-sektoru-cumhuriyetin-celik-kadinlari-ile-guclenecek"}],"up":[{"embeddable":true,"href":"https:\/\/www.kadindostumarkalar.org\/yazilar\/demir-celik\/celik-sektoru-cumhuriyetin-celik-kadinlari-ile-guclenecek"}],"wp:attachment":[{"href":"https:\/\/www.kadindostumarkalar.org\/img\/blog\/kirpik-2.jpg-62531.jpg"}],"curies":[{"name":".Net","href":"https:\/\/api.w.org\/{rel}","templated":true}]}}