{"id":327,"date":"2021-06-26T00:00:00","date_gmt":"2021-06-26T00:00:00","guid":{"rendered":"https:\/\/www.kadindostumarkalar.org\/yazilar\/yesil-donusum\/cevre-koruma-dergisi-ile-luleburgaz-belediyesinden-cevreye-duyarli-adim"},"modified":"2022-06-06T13:17:24","modified_gmt":"2022-06-06T13:17:24","slug":"cevre-koruma-dergisi-ile-luleburgaz-belediyesinden-cevreye-duyarli-adim","status":"publish","type":"page","link":"","title":{"rendered":"\u00c7EVRE KORUMA DERG\u0130S\u0130 \u0130LE L\u00dcLEBURGAZ BELED\u0130YES\u0130’NDEN \u00c7EVREYE DUYARLI ADIM"},"content":{"rendered":"\u00c7evre Koruma Dergisi ile L\u00fcleburgaz Belediyesi i\u015f birli\u011finde 750 adet Toros Sediri dikimi ger\u00e7ekle\u015ftirdi.     L\u00fcleburgaz Belediyesi  Park ve Bah\u00e7eler M\u00fcd\u00fcrl\u00fc\u011f\u00fc ekiplerinin kat\u0131ld\u0131\u011f\u0131 fidan dikimi etkinli\u011finde fidanlar orman olmak i\u00e7in toprakla bulu\u015ftu. “A\u011fa\u00e7 b\u0131rakabilece\u011fimiz en g\u00fczel mirast\u0131r” d\u00fc\u015f\u00fcncesiyle hareket eden \u00c7evre Koruma Dergisi , L\u00fcleburgaz Belediyesi  ile birlikte fidan  dikim etkinli\u011fi ger\u00e7ekle\u015ftirdi. TOK\u0130 mevkiinde ger\u00e7ekle\u015ftirilen fidan dikimi  etkinli\u011finde 750 adet Toros Sediri  toprakla bulu\u015ftu. TOK\u0130’deki a\u011fa\u00e7s\u0131z alana dikilen fidanlar, ileride L\u00fcleburgazl\u0131lar\u0131n g\u00f6lgesinde dinlenebilece\u011fi k\u00fc\u00e7\u00fck bir orman haline gelecek. \u00d6te yandan etkinlik sonunda \u00c7evre Koruma Dergisi  taraf\u0131ndan L\u00fcleburgaz Belediye  Ba\u015fkan\u0131 Dr. Murat Gerenli  ad\u0131na ve Park ve Bah\u00e7eler M\u00fcd\u00fcr\u00fc H\u00fcseyin Becerenel ’e plaket verildi. ","protected":false},"author":1,"featured_media":0,"parent":327,"menu_order":0,"comment_status":"open","ping_status":"closed","template":"","meta":{"_links_to":"https:\/\/www.kadindostumarkalar.org\/yazilar\/yesil-donusum\/cevre-koruma-dergisi-ile-luleburgaz-belediyesinden-cevreye-duyarli-adim","_links_to_target":"https:\/\/www.kadindostumarkalar.org\/yazilar\/yesil-donusum\/cevre-koruma-dergisi-ile-luleburgaz-belediyesinden-cevreye-duyarli-adim"},"_links":{"self":[{"href":"https:\/\/www.kadindostumarkalar.org\/yazilar\/yesil-donusum\/cevre-koruma-dergisi-ile-luleburgaz-belediyesinden-cevreye-duyarli-adim"}],"collection":[{"href":"urlver"}],"about":[{"href":""}],"author":[{"embeddable":true,"href":"https:\/\/www.kadindostumarkalar.org\/yazilar\/yesil-donusum\/cevre-koruma-dergisi-ile-luleburgaz-belediyesinden-cevreye-duyarli-adim"}],"replies":[{"embeddable":true,"href":"https:\/\/www.kadindostumarkalar.org\/yazilar\/yesil-donusum\/cevre-koruma-dergisi-ile-luleburgaz-belediyesinden-cevreye-duyarli-adim"}],"version-history":[{"count":940,"href":"https:\/\/www.kadindostumarkalar.org\/yazilar\/yesil-donusum\/cevre-koruma-dergisi-ile-luleburgaz-belediyesinden-cevreye-duyarli-adim"}],"predecessor-version":[{"id":327,"href":"https:\/\/www.kadindostumarkalar.org\/yazilar\/yesil-donusum\/cevre-koruma-dergisi-ile-luleburgaz-belediyesinden-cevreye-duyarli-adim"}],"up":[{"embeddable":true,"href":"https:\/\/www.kadindostumarkalar.org\/yazilar\/yesil-donusum\/cevre-koruma-dergisi-ile-luleburgaz-belediyesinden-cevreye-duyarli-adim"}],"wp:attachment":[{"href":"https:\/\/www.kadindostumarkalar.org\/img\/blog\/1623748207-whatsapp-image-2021-06-15-at-11.05.34.jpeg"}],"curies":[{"name":".Net","href":"https:\/\/api.w.org\/{rel}","templated":true}]}}