{"id":130,"date":"2021-04-15T00:00:00","date_gmt":"2021-04-15T00:00:00","guid":{"rendered":"https:\/\/www.kadindostumarkalar.org\/yazilar\/mobilya\/cilek-mobilyadan-dunya-emekci-kadinlar-gununde-farkindalik-etkinligi"},"modified":"2022-05-31T10:05:40","modified_gmt":"2022-05-31T10:05:40","slug":"cilek-mobilyadan-dunya-emekci-kadinlar-gununde-farkindalik-etkinligi","status":"publish","type":"page","link":"","title":{"rendered":"\u00c7\u0130LEK MOB\u0130LYA’DAN D\u00dcNYA EMEK\u00c7\u0130 KADINLAR G\u00dcN\u00dc’NDE FARKINDALIK ETK\u0130NL\u0130\u011e\u0130"},"content":{"rendered":"T\u00fcrkiye’nin \u00f6nde gelen mobilya markalar\u0131ndan olan \u00c7ilek Mobilya, kad\u0131n \u00e7al\u0131\u015fanlar\u0131 i\u00e7in “8 Mart D\u00fcnya Emek\u00e7i Kad\u0131nlar G\u00fcn\u00fc”nde \u00f6zel bir fark\u0131ndal\u0131k etkinli\u011fi d\u00fczenleyerek kad\u0131n\u0131n toplumdaki yerine de dikkat \u00e7ekti.   \u00c7ilek Mobilya, s on zamanlarda h\u0131zlanan yo\u011fun ya\u015fam temposunda stresi azaltmak i\u00e7in nefes egzersizleri ile do\u011fru nefes alman\u0131n ve zihni rahatlatacak hobi \u00e7al\u0131\u015fmalar\u0131na \u00f6nem vermek gerekti\u011finin \u00fczerinde duran uzamalar\u0131n yolunu izleyerek, kad\u0131n  \u00e7al\u0131\u015fanlar\u0131yla Sosyal Medya \u0130\u00e7erik \u00dcreticisi ve Nefes Ko\u00e7u Zeynep G\u00f6z\u00fcb\u00fcy\u00fck  moderat\u00f6rl\u00fc\u011f\u00fcnde online at\u00f6lye etkinli\u011fi d\u00fczenledi. Hobi at\u00f6lyesiyle ba\u015flayan etkinlikte yap\u0131lan nefes teknikleri ile ilgili de \u00e7e\u015fitli egzersizler kat\u0131l\u0131mc\u0131lar taraf\u0131ndan b\u00fcy\u00fck be\u011feniyle kar\u015f\u0131land\u0131. Ayr\u0131ca, Zeynep G\u00f6z\u00fcb\u00fcy\u00fck ’\u00fcn s\u00f6yle\u015fisine kahveleriyle online platformda e\u015flik eden \u00c7ilek Mobilya  \u00e7al\u0131\u015fanlar\u0131 8 Mart D\u00fcnya Emek\u00e7i Kad\u0131nlar G\u00fcn\u00fc ’n\u00fc de hep birlikte kutlad\u0131.   \u00c7ilek Mobilya  Bas\u0131n S\u00f6zc\u00fcs\u00fc Vasfiye \u00c7ilek, e tkinli\u011fe kat\u0131lan personelin yo\u011fun ilgisinden ve memnuniyetinden dolay\u0131 \u00e7ok mutlu oldu\u011funu belirterek, \u00c7ilek Mobilya  olarak personeliyle birlikte yapacaklar\u0131 bu tarz etkinliklerin sadece belirli g\u00fcnlerde de\u011fil, s\u0131kl\u0131kla devam ettireceklerini de vurgulad\u0131. \u00c7ilek Mobilya  olarak, hayat\u0131n her alan\u0131nda \u00fcretkenli\u011fi ve duyarl\u0131l\u0131\u011f\u0131 temsil eden t\u00fcm kad\u0131n lar\u0131n, verdikleri emeklerin kar\u015f\u0131l\u0131k bulmas\u0131 i\u00e7in var g\u00fc\u00e7leriyle \u00e7al\u0131\u015fmaya devam edeceklerinin alt\u0131n\u0131 \u00e7izen \u00c7ilek ; “Hayat\u0131m\u0131za g\u00fc\u00e7 katan, ilham veren ve \u00c7ilek  Ailesinin bir par\u00e7as\u0131 olan t\u00fcm \u00e7al\u0131\u015fma arkada\u015flar\u0131m\u0131za te\u015fekk\u00fcr ediyor ve onlarla \u00e7al\u0131\u015fmaktan gurur duydu\u011fumuzu bilmelerini istiyoruz. D\u00fc\u015fleri ile d\u00fcnyam\u0131z\u0131 g\u00fczelle\u015ftiren t\u00fcm kad\u0131nl ar\u0131n 8 Mart D\u00fcnya Emek\u00e7i Kad\u0131nlar G\u00fcn\u00fc’ n\u00fc kutluyorum.” diyerek s\u00f6zlerini tamamlad\u0131. ","protected":false},"author":1,"featured_media":0,"parent":130,"menu_order":0,"comment_status":"open","ping_status":"closed","template":"","meta":{"_links_to":"https:\/\/www.kadindostumarkalar.org\/yazilar\/mobilya\/cilek-mobilyadan-dunya-emekci-kadinlar-gununde-farkindalik-etkinligi","_links_to_target":"https:\/\/www.kadindostumarkalar.org\/yazilar\/mobilya\/cilek-mobilyadan-dunya-emekci-kadinlar-gununde-farkindalik-etkinligi"},"_links":{"self":[{"href":"https:\/\/www.kadindostumarkalar.org\/yazilar\/mobilya\/cilek-mobilyadan-dunya-emekci-kadinlar-gununde-farkindalik-etkinligi"}],"collection":[{"href":"urlver"}],"about":[{"href":""}],"author":[{"embeddable":true,"href":"https:\/\/www.kadindostumarkalar.org\/yazilar\/mobilya\/cilek-mobilyadan-dunya-emekci-kadinlar-gununde-farkindalik-etkinligi"}],"replies":[{"embeddable":true,"href":"https:\/\/www.kadindostumarkalar.org\/yazilar\/mobilya\/cilek-mobilyadan-dunya-emekci-kadinlar-gununde-farkindalik-etkinligi"}],"version-history":[{"count":949,"href":"https:\/\/www.kadindostumarkalar.org\/yazilar\/mobilya\/cilek-mobilyadan-dunya-emekci-kadinlar-gununde-farkindalik-etkinligi"}],"predecessor-version":[{"id":130,"href":"https:\/\/www.kadindostumarkalar.org\/yazilar\/mobilya\/cilek-mobilyadan-dunya-emekci-kadinlar-gununde-farkindalik-etkinligi"}],"up":[{"embeddable":true,"href":"https:\/\/www.kadindostumarkalar.org\/yazilar\/mobilya\/cilek-mobilyadan-dunya-emekci-kadinlar-gununde-farkindalik-etkinligi"}],"wp:attachment":[{"href":"https:\/\/www.kadindostumarkalar.org\/img\/blog\/cilek-mobilya-8-mart-2021-2-scaled.jpg"}],"curies":[{"name":".Net","href":"https:\/\/api.w.org\/{rel}","templated":true}]}}