{"id":145,"date":"2022-02-15T00:00:00","date_gmt":"2022-02-15T00:00:00","guid":{"rendered":"https:\/\/www.kadindostumarkalar.org\/yazilar\/teknoloji\/continental-sektorde-kadinlarin-gucune-guc-katiyor"},"modified":"2022-05-31T10:15:41","modified_gmt":"2022-05-31T10:15:41","slug":"continental-sektorde-kadinlarin-gucune-guc-katiyor","status":"publish","type":"page","link":"","title":{"rendered":"CONTINENTAL, SEKT\u00d6RDE KADINLARIN G\u00dcC\u00dcNE G\u00dc\u00c7 KATIYOR"},"content":{"rendered":"Premium lastik \u00fcreticisi ve teknoloji \u015firketi Continental, kad\u0131nlar\u0131n lastik sekt\u00f6r\u00fcndeki etkinli\u011fini art\u0131rmak ve kariyerlerinde ilerlemelerini sa\u011flamak i\u00e7in tasarlad\u0131\u011f\u0131 \u00f6nemli projeleri hayata ge\u00e7iriyor.  Kad\u0131nlar\u0131n lastik sekt\u00f6r\u00fc nde kariyer geli\u015fimini desteklemek i\u00e7in \u00e7e\u015fitli proje ve programlar hayata ge\u00e7iren Continental , bu uygulamalar\u0131yla lastik sekt\u00f6r\u00fc nde \u00f6nemli bir yerde. Sekt\u00f6rde kariyer yapmak isteyen kad\u0131nlara g\u00fc\u00e7 veren, toplam kad\u0131n istihdam\u0131 n\u0131 y\u00fcze 30’a \u00e7\u0131karan marka, 2025 y\u0131l\u0131na kadar \u00fcst ve orta seviye y\u00f6netim kademesinde kad\u0131nlar\u0131n oran\u0131n\u0131 d\u00fcnya genelinde y\u00fczde 25&#8217;e \u00e7\u0131karmay\u0131 hedefliyor. S\u00fcrd\u00fcr\u00fclebilirlik Continental’in oda\u011f\u0131nda   Continental’in kurucu orta\u011f\u0131 ve Premium sponsorlar\u0131ndan oldu\u011fu Extreme E yar\u0131\u015f serisi nde kullan\u0131lan CrossContact Extreme E lasti\u011fi ni geli\u015ftiren ekibin de lideri olan Continental \u00dcr\u00fcn Y\u00f6netimi M\u00fcd\u00fcr\u00fc Catarina I. Matos Silva , erkek egemen gibi g\u00f6r\u00fcnen lastik sekt\u00f6r\u00fcn\u00fcn merakl\u0131 ve zorluklara meydan okumay\u0131 seven kad\u0131nlar i\u00e7in f\u0131rsatlarla dolu oldu\u011funa dikkat \u00e7ekiyor. \u0130\u015fine tutkuyla ba\u011fl\u0131, uluslararas\u0131 bir ekiple \u00e7al\u0131\u015fmaktan mutlu oldu\u011funu belirten Silva, Continental’in s\u00fcrd\u00fcr\u00fclebilirlik anlay\u0131\u015f\u0131n\u0131 \u015f\u00f6yle \u00f6zetliyor: “Ekibim ve ben \u00fcr\u00fcn geli\u015ftirmeden sorumluyuz. Continental‘in s\u00fcrd\u00fcr\u00fclebilirlikle ilgili \u00e7ok net ve iddial\u0131 hedeflerine ula\u015fmak i\u00e7in gerekli olan yol haritas\u0131n\u0131 \u00e7\u0131kar\u0131yoruz. S\u00fcrd\u00fcr\u00fclebilirlik  i\u00e7i bo\u015f bir kelime ya da gelip ge\u00e7ici bir kavram de\u011fil, Continental a\u00e7\u0131s\u0131ndan son derece \u00f6nemli bir konu. AR-GE ve Malzeme Geli\u015ftirme Departmanlar\u0131 ile birlikte yeni yakla\u015f\u0131mlar\u0131 ve olas\u0131l\u0131klar\u0131 tan\u0131mlayarak geri d\u00f6n\u00fc\u015f\u00fcm \u00e7\u00f6z\u00fcmlerimizi s\u00fcrekli olarak iyile\u015ftirmeye \u00e7al\u0131\u015f\u0131yoruz.” ‘Aile arabas\u0131 i\u00e7in babalar\u0131n lastik ald\u0131\u011f\u0131 g\u00fcnler geride kald\u0131’   Sekt\u00f6r\u00fcndeki kariyerine 15 y\u0131l \u00f6nce Continental’de ba\u015flad\u0131\u011f\u0131n\u0131 s\u00f6yleyen Silva, Continental‘de ger\u00e7ekten ayr\u0131cal\u0131kl\u0131 oldu\u011funu d\u00fc\u015f\u00fcnd\u00fc\u011f\u00fcn\u00fc dile getirdi. Silva, “Continental’de \u00e7e\u015fitlili\u011fin ve \u00e7ok y\u00f6nl\u00fcl\u00fc\u011f\u00fcn her zaman geli\u015fmemize yard\u0131mc\u0131 olaca\u011f\u0131na inan\u0131yoruz. G\u00fcn\u00fcm\u00fczde m\u00fc\u015fteri portf\u00f6y\u00fc \u00e7e\u015fitlendi, art\u0131k aile arabas\u0131 i\u00e7in sadece babalar\u0131n lastik sat\u0131n ald\u0131\u011f\u0131 g\u00fcnler geride kald\u0131. Bu sekt\u00f6r merakl\u0131 ve zorluklara meydan okumay\u0131 seven kad\u0131nlar i\u00e7in asl\u0131nda bulunmaz bir sekt\u00f6r” diyerek g\u00f6r\u00fc\u015flerini payla\u015ft\u0131. ‘Extreme E yar\u0131\u015flar\u0131nda pilotlar\u0131n yar\u0131s\u0131 kad\u0131n’  20 y\u0131l \u00f6nce zorlu Dakar Rallisi &#8216;ni kazanan ilk ve tek kad\u0131n  yar\u0131\u015f pilotu  Jutta Kleinschmidt  ise 2021 y\u0131l\u0131nda Continental Extreme E yar\u0131\u015f serisine kat\u0131ld\u0131. Extreme E yar\u0131\u015f serisinde pilotlar\u0131n yar\u0131s\u0131n\u0131n kad\u0131n olmas\u0131ndan b\u00fcy\u00fck mutluluk duydu\u011funu s\u00f6yleyen Kleinschmidt s\u00f6zlerine, “Motor sporlar\u0131  bir\u00e7ok \u015fampiyonun oldu\u011fu bir aland\u0131r ve bu alanda \u015fimdiden harika \u015feyler ba\u015farm\u0131\u015f bir\u00e7ok kad\u0131n var. \u015eimdi, Extreme E gibi yar\u0131\u015f serileri sayesinde daha da \u00e7ok odaklan\u0131yorlar ve \u00f6zellikle gen\u00e7 kad\u0131nlar \u0131n kariyerlerini geli\u015ftirmelerine yard\u0131mc\u0131 olacak d\u00fcnya \u00e7ap\u0131nda bir tan\u0131n\u0131rl\u0131\u011fa sahipler. Son on y\u0131ld\u0131r elektrikli arabalara ilgi duyuyorum \u00e7\u00fcnk\u00fc end\u00fcstrinin \u00e7evre dostu  teknolojilere y\u00f6nelmesinin \u00e7ok \u00f6nemli oldu\u011funu d\u00fc\u015f\u00fcn\u00fcyorum. Extreme E yar\u0131\u015flar\u0131na dâhil olmak istememin ana nedenlerinden biri de buydu” \u015feklinde devam etti. Ba\u015far\u0131n\u0131n ancak iyi bir ekiple m\u00fcmk\u00fcn oldu\u011funu s\u00f6yleyen Kleinschmidt, “\u00d6rne\u011fin lastikleri ele alal\u0131m. Sizi yere ba\u011flayan tek y\u00fczey onlar. Harika bir araban\u0131z olabilir ama do\u011fru lastiklere sahip de\u011filseniz hi\u00e7bir \u015fey elde edemezsiniz” diyor. ","protected":false},"author":1,"featured_media":0,"parent":145,"menu_order":0,"comment_status":"open","ping_status":"closed","template":"","meta":{"_links_to":"https:\/\/www.kadindostumarkalar.org\/yazilar\/teknoloji\/continental-sektorde-kadinlarin-gucune-guc-katiyor","_links_to_target":"https:\/\/www.kadindostumarkalar.org\/yazilar\/teknoloji\/continental-sektorde-kadinlarin-gucune-guc-katiyor"},"_links":{"self":[{"href":"https:\/\/www.kadindostumarkalar.org\/yazilar\/teknoloji\/continental-sektorde-kadinlarin-gucune-guc-katiyor"}],"collection":[{"href":"urlver"}],"about":[{"href":""}],"author":[{"embeddable":true,"href":"https:\/\/www.kadindostumarkalar.org\/yazilar\/teknoloji\/continental-sektorde-kadinlarin-gucune-guc-katiyor"}],"replies":[{"embeddable":true,"href":"https:\/\/www.kadindostumarkalar.org\/yazilar\/teknoloji\/continental-sektorde-kadinlarin-gucune-guc-katiyor"}],"version-history":[{"count":1065,"href":"https:\/\/www.kadindostumarkalar.org\/yazilar\/teknoloji\/continental-sektorde-kadinlarin-gucune-guc-katiyor"}],"predecessor-version":[{"id":145,"href":"https:\/\/www.kadindostumarkalar.org\/yazilar\/teknoloji\/continental-sektorde-kadinlarin-gucune-guc-katiyor"}],"up":[{"embeddable":true,"href":"https:\/\/www.kadindostumarkalar.org\/yazilar\/teknoloji\/continental-sektorde-kadinlarin-gucune-guc-katiyor"}],"wp:attachment":[{"href":"https:\/\/www.kadindostumarkalar.org\/img\/blog\/1644573538-catarina-i.-matos-silva-continental-2-scaled.jpg"}],"curies":[{"name":".Net","href":"https:\/\/api.w.org\/{rel}","templated":true}]}}