{"id":671,"date":"2024-02-28T16:11:40","date_gmt":"2024-02-28T16:11:40","guid":{"rendered":"https:\/\/www.kadindostumarkalar.org\/yazilar\/haberler\/cumhuriyetin-oncu-kadinlari-sergisi-ankaralilarla-bulusuyor"},"modified":"2024-02-28T16:11:40","modified_gmt":"2024-02-28T16:11:40","slug":"cumhuriyetin-oncu-kadinlari-sergisi-ankaralilarla-bulusuyor","status":"publish","type":"page","link":"","title":{"rendered":"“Cumhuriyet’in \u00d6nc\u00fc Kad\u0131nlar\u0131 Sergisi” Ankaral\u0131larla Bulu\u015fuyor"},"content":{"rendered":"A\u00e7\u0131k Holding’in Cumhuriyet’in 100. y\u0131l \u0131na arma\u011fan olarak haz\u0131rlad\u0131\u011f\u0131, k\u00fcrat\u00f6rl\u00fc\u011f\u00fcn\u00fc \u00d6zlem \u00d6zdemir’in \u00fcstlendi\u011fi “Cumhuriyet’in \u00d6nc\u00fc Kad\u0131nlar\u0131 Sergisi”, 5-18 Mart 2024 tarihleri aras\u0131nda Ankaral\u0131larla bulu\u015facak.   Cumhuriyet ile y\u00fckselen kad\u0131nlar\u0131n ya\u015fam \u00f6yk\u00fclerinin anlat\u0131ld\u0131\u011f\u0131 ve a\u00e7\u0131l\u0131\u015f\u0131n\u0131n 27 Ekim 2023’te \u0130stanbul’da yap\u0131lan serginin hayata ge\u00e7mesini sa\u011flayan ve ilerleyen y\u0131llarda da herkese ula\u015fmas\u0131 misyonunu s\u00fcrd\u00fcren A\u00e7\u0131k Holding , serginin Ankaral\u0131larla bulu\u015fmas\u0131nda da ayn\u0131 heyecanla sergiyi sahiplenmeye devam ediyor. Sergi, \u00c7ankaya Belediyesi  ve KASA\u0130D  i\u015f birli\u011fi ile Do\u011fan Ta\u015fdelen \u00c7a\u011fda\u015f Sanatlar Merkez i’nde F\u00fcreya Koral  Sergi Salonu’nda 5-18 Mart tarihleri aras\u0131nda herkese a\u00e7\u0131k ve \u00fccretsiz olarak g\u00f6r\u00fclebilecek. Cumhuriyetin kad\u0131nlar i\u00e7in a\u00e7t\u0131\u011f\u0131 \u00f6zg\u00fcrl\u00fck kap\u0131s\u0131ndan cesurca ilerleyen kad\u0131nlar\u0131n \u00f6yk\u00fcleriyle tarihi bir sergi niteli\u011fi ta\u015f\u0131yan “Cumhuriyet’in \u00d6nc\u00fc Kad\u0131nlar\u0131 Sergisi”ni ba\u015fkent Ankara’ya ta\u015f\u0131man\u0131n mutlulu\u011funu ya\u015fad\u0131\u011f\u0131n\u0131 s\u00f6yleyen K\u00fcrat\u00f6r \u00d6zlem \u00d6zdemir, “Ge\u00e7ti\u011fimiz y\u0131l A\u00e7\u0131k Holding ile birlikte hayata ge\u00e7irdi\u011fimiz Cumhuriyet’in \u00d6nc\u00fc Kad\u0131nlar\u0131 Sergisi’ni \u0130stanbul’dan sonra Atat\u00fcrk’\u00fcn evim dedi\u011fi Ankara’ya g\u00f6t\u00fcrerek Cumhuriyetin biz kad\u0131nlar i\u00e7in neden \u00f6nemli oldu\u011funu ger\u00e7ek \u00f6rneklerle ortaya koymaya devam ediyoruz. Bu projeyi i\u00e7tenlikle sahiplenmeye devam A\u00e7\u0131k Holding’e ve Ankara’ya gelmemize vesile olan KASA\u0130D ile desteklerinden \u00f6t\u00fcr\u00fc \u00c7ankaya Belediyesi’ne te\u015fekk\u00fcr\u00fc bor\u00e7 bilirim” \u015feklinde konu\u015ftu. Kad\u0131nlar\u0131n g\u00fcc\u00fcn\u00fc Cumhuriyet’in de\u011ferleriyle bir araya getiren bu kapsamda tarihi bir serginin ilk defa yap\u0131ld\u0131\u011f\u0131na dikkat \u00e7eken \u00d6zdemir, sergi hakk\u0131nda bilgi verdi: “\u00dc\u00e7 b\u00f6l\u00fcmden olu\u015fan serginin ilk b\u00f6l\u00fcm\u00fcnde, Atat\u00fcrk'\u00fcn kad\u0131na bak\u0131\u015f\u0131n\u0131 kronolojik olarak ortaya koyuyor ve T\u00fcrk kad\u0131nlar\u0131 n\u0131n haklar\u0131n\u0131 kazanma s\u00fcrecini d\u00fcnyayla k\u0131yaslayarak anlat\u0131yoruz. \u0130kinci b\u00f6l\u00fcmde, foto\u011fraflar\u0131n biyografilerle b\u00fct\u00fcnle\u015fti\u011fi 20 \u00f6nc\u00fc kad\u0131n\u0131n hayat\u0131n\u0131 sergiliyoruz. Son b\u00f6l\u00fcm\u00fcnde ise d\u00fcnden bug\u00fcne, baz\u0131lar\u0131 bug\u00fcn aram\u0131zda olan, adlar\u0131 bilinmeyen 100 kad\u0131n\u0131n adlar\u0131n\u0131 anarak, onlara da bir sayg\u0131 duru\u015funda bulunuyoruz. \u0130stanbul’da beklenenin de \u00fczerinde ilgi g\u00f6ren serginin, Ankaral\u0131lar taraf\u0131ndan da be\u011fenilmesini dilerim.” “Cumhuriyet’in \u00d6nc\u00fc Kad\u0131nlar\u0131 Sergisi” Umut Vaat Ediyor  Ge\u00e7mi\u015fte iz b\u0131rakm\u0131\u015f kad\u0131nlar\u0131n hikayelerinin, bug\u00fcn\u00fcn ba\u015far\u0131l\u0131 kad\u0131nlar\u0131n\u0131n emek ve \u00e7abalar\u0131yla ortaya \u00e7\u0131kt\u0131\u011f\u0131 “Cumhuriyet’in \u00d6nc\u00fc Kad\u0131nlar\u0131 Sergisi”, hayata ge\u00e7me s\u00fcreciyle bile ilham oluyor. K\u00fcrat\u00f6r \u00d6zlem \u00d6zdemir’in hayaliyle ba\u015flayan proje, A\u00e7\u0131k Holding Pazarlama Ba\u015fkan Yard\u0131mc\u0131s\u0131 \u015eehrinaz Kartal’\u0131n sahiplenmesiyle hayata ge\u00e7ti. Bug\u00fcn\u00fcn iki ayd\u0131n kad\u0131n\u0131n\u0131n \u00f6zverisiyle bir ilk ad\u0131m olan proje, 8 Mart D\u00fcnya Kad\u0131nlar G\u00fcn\u00fc haftas\u0131na \u00f6zel, KASA\u0130D ve \u00c7ankaya Belediye i\u015f birli\u011fi ile ikinci dura\u011f\u0131 Ankara’da ziyaret\u00e7ileri umuda ve vazge\u00e7memeye davet ediyor. Tarih: 5-18 Mart 2024 Adres:  \u00c7ankaya Belediyesi Do\u011fan Ta\u015fdelen \u00c7a\u011fda\u015f Sanatlar Merkezi F\u00fcreya Koral Sergi Salonu John F. Kennedy Caddesi No:4 Kavakl\u0131dere-\u00c7ankaya \/ ANKARA ","protected":false},"author":1,"featured_media":0,"parent":671,"menu_order":0,"comment_status":"open","ping_status":"closed","template":"","meta":{"_links_to":"https:\/\/www.kadindostumarkalar.org\/yazilar\/haberler\/cumhuriyetin-oncu-kadinlari-sergisi-ankaralilarla-bulusuyor","_links_to_target":"https:\/\/www.kadindostumarkalar.org\/yazilar\/haberler\/cumhuriyetin-oncu-kadinlari-sergisi-ankaralilarla-bulusuyor"},"_links":{"self":[{"href":"https:\/\/www.kadindostumarkalar.org\/yazilar\/haberler\/cumhuriyetin-oncu-kadinlari-sergisi-ankaralilarla-bulusuyor"}],"collection":[{"href":"urlver"}],"about":[{"href":""}],"author":[{"embeddable":true,"href":"https:\/\/www.kadindostumarkalar.org\/yazilar\/haberler\/cumhuriyetin-oncu-kadinlari-sergisi-ankaralilarla-bulusuyor"}],"replies":[{"embeddable":true,"href":"https:\/\/www.kadindostumarkalar.org\/yazilar\/haberler\/cumhuriyetin-oncu-kadinlari-sergisi-ankaralilarla-bulusuyor"}],"version-history":[{"count":1113,"href":"https:\/\/www.kadindostumarkalar.org\/yazilar\/haberler\/cumhuriyetin-oncu-kadinlari-sergisi-ankaralilarla-bulusuyor"}],"predecessor-version":[{"id":671,"href":"https:\/\/www.kadindostumarkalar.org\/yazilar\/haberler\/cumhuriyetin-oncu-kadinlari-sergisi-ankaralilarla-bulusuyor"}],"up":[{"embeddable":true,"href":"https:\/\/www.kadindostumarkalar.org\/yazilar\/haberler\/cumhuriyetin-oncu-kadinlari-sergisi-ankaralilarla-bulusuyor"}],"wp:attachment":[{"href":"https:\/\/www.kadindostumarkalar.org\/img\/blog\/cumhuriyetin-oncu-kadinlari-sergisi-ankaralilarla-bulusuyor-0-30206.jpg"}],"curies":[{"name":".Net","href":"https:\/\/api.w.org\/{rel}","templated":true}]}}