{"id":667,"date":"2024-02-28T00:33:54","date_gmt":"2024-02-28T00:33:54","guid":{"rendered":"https:\/\/www.kadindostumarkalar.org\/yazilar\/etkinlik-takvimi\/daha-iyi-bir-dunya-oturumu"},"modified":"2024-02-28T00:34:27","modified_gmt":"2024-02-28T00:34:27","slug":"daha-iyi-bir-dunya-oturumu","status":"publish","type":"page","link":"","title":{"rendered":"“Daha \u0130yi Bir D\u00fcnya” Oturumu"},"content":{"rendered":"    6 Mart 2024’te d\u00fczenleyece\u011fimiz Kad\u0131n Dostu Markalar Platformu 2024 Fark\u0131ndal\u0131k \u00d6d\u00fclleri T\u00f6reni’nin bir par\u00e7as\u0131 olan “Daha \u0130yi Bir D\u00fcnya” \u00f6zel oturumunun moderat\u00f6rl\u00fc\u011f\u00fcn\u00fc SEDEFED Y\u00f6netim Kurulu Ba\u015fkan\u0131 Emine Erdem  yapacak. Oturumun kat\u0131l\u0131mc\u0131lar\u0131 ise Akademisyen-Yazar Asil \u00d6zbay , Venn Group Kurucusu Vennas Akyol Haznedar  ile Sisters Music Chain Kurucusu Funda Lena  olacak. ","protected":false},"author":1,"featured_media":0,"parent":667,"menu_order":0,"comment_status":"open","ping_status":"closed","template":"","meta":{"_links_to":"https:\/\/www.kadindostumarkalar.org\/yazilar\/etkinlik-takvimi\/daha-iyi-bir-dunya-oturumu","_links_to_target":"https:\/\/www.kadindostumarkalar.org\/yazilar\/etkinlik-takvimi\/daha-iyi-bir-dunya-oturumu"},"_links":{"self":[{"href":"https:\/\/www.kadindostumarkalar.org\/yazilar\/etkinlik-takvimi\/daha-iyi-bir-dunya-oturumu"}],"collection":[{"href":"urlver"}],"about":[{"href":""}],"author":[{"embeddable":true,"href":"https:\/\/www.kadindostumarkalar.org\/yazilar\/etkinlik-takvimi\/daha-iyi-bir-dunya-oturumu"}],"replies":[{"embeddable":true,"href":"https:\/\/www.kadindostumarkalar.org\/yazilar\/etkinlik-takvimi\/daha-iyi-bir-dunya-oturumu"}],"version-history":[{"count":1547,"href":"https:\/\/www.kadindostumarkalar.org\/yazilar\/etkinlik-takvimi\/daha-iyi-bir-dunya-oturumu"}],"predecessor-version":[{"id":667,"href":"https:\/\/www.kadindostumarkalar.org\/yazilar\/etkinlik-takvimi\/daha-iyi-bir-dunya-oturumu"}],"up":[{"embeddable":true,"href":"https:\/\/www.kadindostumarkalar.org\/yazilar\/etkinlik-takvimi\/daha-iyi-bir-dunya-oturumu"}],"wp:attachment":[{"href":"https:\/\/www.kadindostumarkalar.org\/img\/blog\/daha-iyi-bir-dunya-oturumu-0-45781.jpg"}],"curies":[{"name":".Net","href":"https:\/\/api.w.org\/{rel}","templated":true}]}}